{"id":1017,"date":"2023-04-11T14:43:28","date_gmt":"2023-04-11T12:43:28","guid":{"rendered":"https:\/\/vittra.se\/telefonplan\/?page_id=1017"},"modified":"2024-04-02T11:41:34","modified_gmt":"2024-04-02T09:41:34","slug":"vittraboken","status":"publish","type":"page","link":"https:\/\/vittra.se\/telefonplan\/pedagogiska-verktyg\/vittraboken\/","title":{"rendered":"Vittraboken"},"content":{"rendered":"\n\t<div class=\"module_wrapper ams_remote_pages_module \">\n\t\t\n\t\n\t\n\t\n\n\t\n\t\n\t\t\n<section  class=\"c-block l-stacked  \" data-color-scheme=\"transparent\">\n\t<div class=\"ams-fifty ams-fifty--container ams-fifty--right ams-fifty--bottom l-container u-pt-fluid-3xl-6xl u-pb-fluid-3xl-6xl\">\n\t\t<div class=\"ams-fifty__content l-stack l-stack-xl is-left is-left@lg\">\n\t\t\t<div class=\"ams-fifty__text l-stack l-stack-lg\">\n\t\t\t\t\t\n\t<h1\n\tclass=\"c-heading u-font-title-1 \"\n\tstyle=\"\">\n\t\t\n\t\t\t\t\tVittraboken\n\t\t\t\t\n\t<\/h1>\n\n\t\t\t\t\t\t\t\t\t<div class=\"text l-stack u-font-body\">\n\t\t\t\t\t\t<p>Vittraboken \u00e4r ett verktyg f\u00f6r planering och utv\u00e4rdering samt f\u00f6r reflektion \u00f6ver det egna l\u00e4randet. Det \u00e4r barnets och elevens bok. Syftet med boken \u00e4r att m\u00f6jligg\u00f6ra att eleven sj\u00e4lv kan l\u00e4ra sig se och f\u00f6lja sin egen l\u00e4rprocess och att vara en hj\u00e4lpande hand f\u00f6r struktur vardagsarbetet. Den underl\u00e4ttar f\u00f6r eleven att vara delaktig i, samt tr\u00e4na p\u00e5 att ta ansvar f\u00f6r, sina studier.<\/p>\n<p>Vittraboken \u00e4r b\u00e5de en fysisk bok och digital. Oavsett form, inleds boken med elevens nul\u00e4ge utifr\u00e5n Vittraf\u00f6rm\u00e5gorna. D\u00e4refter f\u00f6ljer en kalender med m\u00f6jlighet f\u00f6r eleven att, tillsammans med sina pedagoger, kontinuerligt planera och utv\u00e4rdera hur arbetet g\u00e5r.<\/p>\n\n\t\t\t\t\t<\/div>\n\t\t\t\t\t\t\t<\/div>\n\n\t\t\t\t\t<\/div>\n\n\t\t <div class=\"ams-fifty__media u-ratio-widescreen\">\n\t\t \t\n\t\t\t\n\t\t\t\t\t\t\t<lite-youtube videoid=\"TUs58xZWE1w\" style=\"background-image: url('https:\/\/i.ytimg.com\/vi\/TUs58xZWE1w\/hqdefault.jpg');\">\n\t\t\t\t\t\t<button href=\"https:\/\/youtube.com\/watch?v=TUs58xZWE1w\" class=\"lty-playbtn\" title=\"Play Video\">\n\t\t\t\t\t\t\t<span class=\"lyt-visually-hidden\">Play Video<\/span>\n\t\t\t\t\t\t<\/button>\n\t\t\t\t\t<\/lite-youtube>\n\t\t\t\t\t<\/div>\n\t<\/div>\n\n\t\t\n\n<\/section>\n\n\n<section  class=\"ams-usp c-block l-stacked\" data-color-scheme=\"nyans1_av_p2\">\n\t<div class=\"l-container l-stack l-stack-fluid-2xl u-pt-fluid-3xl-6xl u-pb-fluid-3xl-6xl is-center is-center@md\">\n\t\t\t\t\t<div class=\"ams-usp__intro l-stack l-stack-lg\">\n\t\t\t\t\t\n\t<h2\n\tclass=\"c-heading u-font-title-1 \"\n\tstyle=\"\">\n\t\t\n\t\t\t\t\tVittraboken i olika \u00e5ldrar\n\t\t\t\t\n\t<\/h2>\n\n\t\t\t\t\t\t\t<\/div>\n\t\t\n\t\t\t<ul class=\"ams-usp__list l-grid u-justify-center u-gap-fluid-2xl-4xl\">\n\t\t\t\t\t<li class=\"l-col-6@md l-col-4@lg\">\n\t\t\t\t<article\n\t\t\t\t\tclass=\"\n\t\t\t\t\tc-card\n\t\t\t\t\thas-media-zoom\n\t\t\t\t\t\n\t\t\t\t\t\n\t\t\t\t\t\"\n\t\t\t\t\tdata-variant=\"neutral\"\n\t\t\t\t\tdata-style=\"square\"\n\t\t\t\t\t\n\t\t\t\t\t>\n\t\t\t\t\t\t\t\t\t\t\t<div class=\"c-card__content l-stack l-stack-sm u-text-center\">\n\t\t\t\t\t\t\t\t\t\t\t\t\t\t\t<h3 class=\"c-card__title u-font-title-3\">\n\t\t\t\t\t\t\t\t\t\t\t\t\t\t\t\t\t\t\t\t\t\t\t\t\t\t\t\t\t\tF\u00f6rskoleklass\n\t\t\t\t\t\t\t\t\t\t\t\t\t\t\t\t\t\t\t\t\t\t\t\t\t\t\t<\/h3>\n\t\t\t\t\t\t\t\n\t\t\t\t\t\t\t\t\t\t\t\t\t\t\t<div class=\"c-card__text l-stack-xs u-font-body\">\n\t\t\t\t\t\t\t\t\t<p>I f\u00f6rskoleklass anv\u00e4nds Vittraboken f\u00f6r att tr\u00e4na f\u00f6rm\u00e5gorna reflektion och planering, och arbetet med boken m\u00f6jligg\u00f6r ocks\u00e5 f\u00f6r eleven att utveckla sin f\u00f6rm\u00e5ga att p\u00e5verka och ta ansvar f\u00f6r sina studier.<\/p>\n\n\t\t\t\t\t\t\t\t<\/div>\n\t\t\t\t\t\t\t\t\t\t\t\t\t<\/div>\n\t\t\t\t\t\n\t\t\t\t\t<div class=\"c-card__media\">\n\t\t\t\t\t\t\t\t\t\t\t\t\t<img decoding=\"async\" width=\"400\" height=\"400\" src=\"https:\/\/vittra.se\/wp-content\/uploads\/2023\/04\/vittraikon500x500vittraboken2-400x400.png\" class=\" u-ratio-landscape  ams_icon_size_usp-big\" alt=\"\" srcset=\"https:\/\/vittra.se\/wp-content\/uploads\/2023\/04\/vittraikon500x500vittraboken2-400x400.png 400w, https:\/\/vittra.se\/wp-content\/uploads\/2023\/04\/vittraikon500x500vittraboken2-150x150.png 150w, https:\/\/vittra.se\/wp-content\/uploads\/2023\/04\/vittraikon500x500vittraboken2-300x300.png 300w, https:\/\/vittra.se\/wp-content\/uploads\/2023\/04\/vittraikon500x500vittraboken2.png 500w\" sizes=\"(max-width: 400px) 100vw, 400px\" \/>\n\t\t\t\t\t\t\t\t\t\t\t<\/div>\n\t\t\t\t<\/article>\n\t\t\t<\/li>\n\n\t\t\t\t\t<li class=\"l-col-6@md l-col-4@lg\">\n\t\t\t\t<article\n\t\t\t\t\tclass=\"\n\t\t\t\t\tc-card\n\t\t\t\t\thas-media-zoom\n\t\t\t\t\t\n\t\t\t\t\t\n\t\t\t\t\t\"\n\t\t\t\t\tdata-variant=\"neutral\"\n\t\t\t\t\tdata-style=\"square\"\n\t\t\t\t\t\n\t\t\t\t\t>\n\t\t\t\t\t\t\t\t\t\t\t<div class=\"c-card__content l-stack l-stack-sm u-text-center\">\n\t\t\t\t\t\t\t\t\t\t\t\t\t\t\t<h3 class=\"c-card__title u-font-title-3\">\n\t\t\t\t\t\t\t\t\t\t\t\t\t\t\t\t\t\t\t\t\t\t\t\t\t\t\t\t\t\tGrundskolan\n\t\t\t\t\t\t\t\t\t\t\t\t\t\t\t\t\t\t\t\t\t\t\t\t\t\t\t<\/h3>\n\t\t\t\t\t\t\t\n\t\t\t\t\t\t\t\t\t\t\t\t\t\t\t<div class=\"c-card__text l-stack-xs u-font-body\">\n\t\t\t\t\t\t\t\t\t<p>Eleverna i de yngre \u00e5ldrarna arbetar till exempel med dagliga och veckovisa planeringar. I de \u00e4ldre \u00e5ldrarna kan eleven \u00e4ven bryta ner sina m\u00e5l till delm\u00e5l. Varje vecka kan eleven planera vad som ska g\u00f6ras f\u00f6r att man ska n\u00e5 sina delm\u00e5l.<\/p>\n\n\t\t\t\t\t\t\t\t<\/div>\n\t\t\t\t\t\t\t\t\t\t\t\t\t<\/div>\n\t\t\t\t\t\n\t\t\t\t\t<div class=\"c-card__media\">\n\t\t\t\t\t\t\t\t\t\t\t\t\t<img decoding=\"async\" width=\"400\" height=\"400\" src=\"https:\/\/vittra.se\/wp-content\/uploads\/2023\/04\/vittraikon500x500vittraboken3-400x400.png\" class=\" u-ratio-landscape  ams_icon_size_usp-big\" alt=\"\" srcset=\"https:\/\/vittra.se\/wp-content\/uploads\/2023\/04\/vittraikon500x500vittraboken3-400x400.png 400w, https:\/\/vittra.se\/wp-content\/uploads\/2023\/04\/vittraikon500x500vittraboken3-150x150.png 150w, https:\/\/vittra.se\/wp-content\/uploads\/2023\/04\/vittraikon500x500vittraboken3-300x300.png 300w, https:\/\/vittra.se\/wp-content\/uploads\/2023\/04\/vittraikon500x500vittraboken3.png 500w\" sizes=\"(max-width: 400px) 100vw, 400px\" \/>\n\t\t\t\t\t\t\t\t\t\t\t<\/div>\n\t\t\t\t<\/article>\n\t\t\t<\/li>\n\n\t\t\t<\/ul>\n\n\t\t\t<\/div>\n\n\t\t\n\n<\/section>\n\t<\/div>\n\n\t\n\n\n\t<div class=\"module_wrapper ams_remote_pages_module \">\n\t\t\n\n<section  class=\"ams-cta ams-cta--stacked c-block l-stacked\" data-color-scheme=\"nyans1_av_cta\">\n\t<div class=\"l-container l-stack l-stack-fluid-2xl u-pt-fluid-3xl-6xl u-pb-fluid-3xl-6xl is-center is-center@md\">\n\t\t\t\t\t<div class=\"ams-cta__intro l-stack l-stack-lg\">\n\t\t\t\t\t\n\t<h2\n\tclass=\"c-heading u-font-title-1 \"\n\tstyle=\"\">\n\t\t\n\t\t\t\t\tVill du l\u00e4sa om v\u00e5ra andra verktyg?\n\t\t\t\t\n\t<\/h2>\n\n\t\t\t\t\t\t\t\t\t<div class=\"c-text l-stack u-cs-xl u-font-body\">\n\t\t\t\t\t\t<p>Med hj\u00e4lp av v\u00e5ra pedagogiska verktyg skapar vi en tydlig struktur, en modig kultur och ett medvetet l\u00e4rande.<\/p>\n\n\t\t\t\t\t<\/div>\n\t\t\t\t\t\t\t<\/div>\n\t\t\n\t\t\n\t\t\t<div class=\"ams-cta__action u-inline-items\">\n\t\t\t\t\t\t\t\n\n\n<a href=\"https:\/\/vittra.se\/telefonplan\/pedagogiska-verktyg\/\"\n\t\n\tclass=\"c-btn \"\n\tdata-style=\"round\"\n\tdata-size=\"md\"\n\tdata-width=\"full-mobile\"\n\tdata-variant=\"default\"\n\ttarget=\"_self\">\n\t\t\t<span class=\"label\"> Till alla verktyg<\/span>\n\t\t\t<\/a>\n\t\t\t<\/div>\n\t<\/div>\n\n\t\t\n\n<\/section>\n\t<\/div>\n\n\t","protected":false},"excerpt":{"rendered":"","protected":false},"author":58,"featured_media":0,"parent":1012,"menu_order":0,"comment_status":"closed","ping_status":"closed","template":"","meta":{"footnotes":""},"yoast_head":"<!-- This site is optimized with the Yoast SEO plugin v22.0 - https:\/\/yoast.com\/wordpress\/plugins\/seo\/ -->\n<title>Telefonplan<\/title>\n<meta name=\"robots\" content=\"index, follow, max-snippet:-1, max-image-preview:large, max-video-preview:-1\" \/>\n<link rel=\"canonical\" href=\"https:\/\/vittra.se\/telefonplan\/pedagogiska-verktyg\/vittraboken\/\" \/>\n<meta property=\"og:locale\" content=\"sv_SE\" \/>\n<meta property=\"og:type\" content=\"article\" \/>\n<meta property=\"og:url\" content=\"https:\/\/vittra.se\/telefonplan\/pedagogiska-verktyg\/vittraboken\/\" \/>\n<meta property=\"og:site_name\" content=\"Telefonplan\" \/>\n<meta property=\"article:modified_time\" content=\"2024-04-02T09:41:34+00:00\" \/>\n<meta name=\"twitter:card\" content=\"summary_large_image\" \/>\n<script type=\"application\/ld+json\" class=\"yoast-schema-graph\">{\"@context\":\"https:\/\/schema.org\",\"@graph\":[{\"@type\":\"WebPage\",\"@id\":\"https:\/\/vittra.se\/telefonplan\/pedagogiska-verktyg\/vittraboken\/\",\"url\":\"https:\/\/vittra.se\/telefonplan\/pedagogiska-verktyg\/vittraboken\/\",\"name\":\"Vittraboken - Telefonplan\",\"isPartOf\":{\"@id\":\"https:\/\/vittra.se\/telefonplan\/#website\"},\"datePublished\":\"2023-04-11T12:43:28+00:00\",\"dateModified\":\"2024-04-02T09:41:34+00:00\",\"breadcrumb\":{\"@id\":\"https:\/\/vittra.se\/telefonplan\/pedagogiska-verktyg\/vittraboken\/#breadcrumb\"},\"inLanguage\":\"sv-SE\",\"potentialAction\":[{\"@type\":\"ReadAction\",\"target\":[\"https:\/\/vittra.se\/telefonplan\/pedagogiska-verktyg\/vittraboken\/\"]}]},{\"@type\":\"BreadcrumbList\",\"@id\":\"https:\/\/vittra.se\/telefonplan\/pedagogiska-verktyg\/vittraboken\/#breadcrumb\",\"itemListElement\":[{\"@type\":\"ListItem\",\"position\":1,\"name\":\"Start\",\"item\":\"https:\/\/vittra.se\/telefonplan\/\"},{\"@type\":\"ListItem\",\"position\":2,\"name\":\"Pedagogiska verktyg\",\"item\":\"https:\/\/vittra.se\/telefonplan\/pedagogiska-verktyg\/\"},{\"@type\":\"ListItem\",\"position\":3,\"name\":\"Vittraboken\"}]},{\"@type\":\"WebSite\",\"@id\":\"https:\/\/vittra.se\/telefonplan\/#website\",\"url\":\"https:\/\/vittra.se\/telefonplan\/\",\"name\":\"Telefonplan\",\"description\":\"Kunskap att f\u00f6r\u00e4ndra. Mod att p\u00e5verka.\",\"potentialAction\":[{\"@type\":\"SearchAction\",\"target\":{\"@type\":\"EntryPoint\",\"urlTemplate\":\"https:\/\/vittra.se\/telefonplan\/?s={search_term_string}\"},\"query-input\":\"required name=search_term_string\"}],\"inLanguage\":\"sv-SE\"}]}<\/script>\n<!-- \/ Yoast SEO plugin. -->","yoast_head_json":{"title":"Telefonplan","robots":{"index":"index","follow":"follow","max-snippet":"max-snippet:-1","max-image-preview":"max-image-preview:large","max-video-preview":"max-video-preview:-1"},"canonical":"https:\/\/vittra.se\/telefonplan\/pedagogiska-verktyg\/vittraboken\/","og_locale":"sv_SE","og_type":"article","og_url":"https:\/\/vittra.se\/telefonplan\/pedagogiska-verktyg\/vittraboken\/","og_site_name":"Telefonplan","article_modified_time":"2024-04-02T09:41:34+00:00","twitter_card":"summary_large_image","schema":{"@context":"https:\/\/schema.org","@graph":[{"@type":"WebPage","@id":"https:\/\/vittra.se\/telefonplan\/pedagogiska-verktyg\/vittraboken\/","url":"https:\/\/vittra.se\/telefonplan\/pedagogiska-verktyg\/vittraboken\/","name":"Vittraboken - Telefonplan","isPartOf":{"@id":"https:\/\/vittra.se\/telefonplan\/#website"},"datePublished":"2023-04-11T12:43:28+00:00","dateModified":"2024-04-02T09:41:34+00:00","breadcrumb":{"@id":"https:\/\/vittra.se\/telefonplan\/pedagogiska-verktyg\/vittraboken\/#breadcrumb"},"inLanguage":"sv-SE","potentialAction":[{"@type":"ReadAction","target":["https:\/\/vittra.se\/telefonplan\/pedagogiska-verktyg\/vittraboken\/"]}]},{"@type":"BreadcrumbList","@id":"https:\/\/vittra.se\/telefonplan\/pedagogiska-verktyg\/vittraboken\/#breadcrumb","itemListElement":[{"@type":"ListItem","position":1,"name":"Start","item":"https:\/\/vittra.se\/telefonplan\/"},{"@type":"ListItem","position":2,"name":"Pedagogiska verktyg","item":"https:\/\/vittra.se\/telefonplan\/pedagogiska-verktyg\/"},{"@type":"ListItem","position":3,"name":"Vittraboken"}]},{"@type":"WebSite","@id":"https:\/\/vittra.se\/telefonplan\/#website","url":"https:\/\/vittra.se\/telefonplan\/","name":"Telefonplan","description":"Kunskap att f\u00f6r\u00e4ndra. Mod att p\u00e5verka.","potentialAction":[{"@type":"SearchAction","target":{"@type":"EntryPoint","urlTemplate":"https:\/\/vittra.se\/telefonplan\/?s={search_term_string}"},"query-input":"required name=search_term_string"}],"inLanguage":"sv-SE"}]}},"_links":{"self":[{"href":"https:\/\/vittra.se\/telefonplan\/wp-json\/wp\/v2\/pages\/1017"}],"collection":[{"href":"https:\/\/vittra.se\/telefonplan\/wp-json\/wp\/v2\/pages"}],"about":[{"href":"https:\/\/vittra.se\/telefonplan\/wp-json\/wp\/v2\/types\/page"}],"author":[{"embeddable":true,"href":"https:\/\/vittra.se\/telefonplan\/wp-json\/wp\/v2\/users\/58"}],"replies":[{"embeddable":true,"href":"https:\/\/vittra.se\/telefonplan\/wp-json\/wp\/v2\/comments?post=1017"}],"version-history":[{"count":2,"href":"https:\/\/vittra.se\/telefonplan\/wp-json\/wp\/v2\/pages\/1017\/revisions"}],"predecessor-version":[{"id":1238,"href":"https:\/\/vittra.se\/telefonplan\/wp-json\/wp\/v2\/pages\/1017\/revisions\/1238"}],"up":[{"embeddable":true,"href":"https:\/\/vittra.se\/telefonplan\/wp-json\/wp\/v2\/pages\/1012"}],"wp:attachment":[{"href":"https:\/\/vittra.se\/telefonplan\/wp-json\/wp\/v2\/media?parent=1017"}],"curies":[{"name":"wp","href":"https:\/\/api.w.org\/{rel}","templated":true}]}}