{"id":23,"date":"2020-09-01T22:06:54","date_gmt":"2020-09-01T20:06:54","guid":{"rendered":"https:\/\/vittra.se\/kopieringsunderlag\/?page_id=23"},"modified":"2026-03-18T10:10:59","modified_gmt":"2026-03-18T09:10:59","slug":"forskola","status":"publish","type":"page","link":"https:\/\/vittra.se\/rosjotorp\/om\/forskola\/","title":{"rendered":"F\u00f6rskola"},"content":{"rendered":"\n\n<section  class=\"ams-cta ams-cta--stacked c-block l-stacked\" data-color-scheme=\"transparent\">\n\t<div class=\"l-container l-stack l-stack-fluid-2xl u-pt-fluid-md-xl u-pb-fluid-None is-right is-right@md\">\n\t\t\t\t\t<div class=\"ams-cta__intro l-stack l-stack-lg\">\n\t\t\t\t\n\t\t\t\t\t\t\t\t\t<div class=\"c-text l-stack u-cs-xl u-font-small\">\n\t\t\t\t\t\t<p><a href=\"https:\/\/vittra.se\/rosjotorp-international\/about\/preschool\/\">Read this page in English.<\/a><\/p>\n\n\t\t\t\t\t<\/div>\n\t\t\t\t\t\t\t<\/div>\n\t\t\n\t\t\n\t\t\t<\/div>\n\n\t\t\n\n<\/section>\n\n\n\n\t\n\t\n\t\n\n\t\n\t\n\t\t\n<section  class=\"c-block l-stacked  \" data-color-scheme=\"transparent\">\n\t<div class=\"ams-fifty ams-fifty--container ams-fifty--right ams-fifty--bottom l-container u-pt-fluid-2xl-4xl u-pb-fluid-md-xl\">\n\t\t<div class=\"ams-fifty__content l-stack l-stack-xl is-left is-left@lg\">\n\t\t\t<div class=\"ams-fifty__text l-stack l-stack-lg\">\n\t\t\t\t\t\n\t<h1\n\tclass=\"c-heading u-font-title-1 \"\n\tstyle=\"\">\n\t\t\n\t\t\t\t\tVittra R\u00f6sj\u00f6torps f\u00f6rskola i Sollentuna\n\t\t\t\t\n\t<\/h1>\n\n\t\t\t\t\t\t\t\t\t<div class=\"text l-stack u-font-body\">\n\t\t\t\t\t\t<p data-start=\"62\" data-end=\"285\">Vittra R\u00f6sj\u00f6torp ligger naturn\u00e4ra i Sollentuna med en stor f\u00f6rskoleg\u00e5rd som bjuder in till r\u00f6relse, lek och utforskande. F\u00f6rskolan har tre avdelningar: Bl\u00e5klockan f\u00f6r barn 1\u20133 \u00e5r samt Solrosen och Gullvivan f\u00f6r barn 3\u20135 \u00e5r. Vi \u00e4r certifierade med Gr\u00f6n Flagg och l\u00e5ter h\u00e5llbar utveckling genomsyra utbildningen. Barnen f\u00e5r utveckla sin medvetenhet om v\u00e4rlden, m\u00e4nniskorna i den och hur vi tillsammans tar hand om den. I v\u00e5rt skolk\u00f6k lagas n\u00e4ringsrik och varierad mat varje dag. Alla barn erbjuds vila \u2013 de yngsta sover inomhus och de \u00e4ldre har lugna stunder med h\u00f6gl\u00e4sning eller musik.<\/p>\n<p data-start=\"650\" data-end=\"859\">Vi arbetar spr\u00e5kutvecklande i meningsfulla sammanhang d\u00e4r barnen f\u00e5r rikligt med m\u00f6jligheter till kommunikation och samspel. F\u00f6rskolan har en tv\u00e5spr\u00e5kig inriktning med aktiviteter p\u00e5 b\u00e5de svenska och engelska. Varje avdelning g\u00f6r regelbundet utflykter till n\u00e4rliggande lekparker och naturomr\u00e5den. Genom det digitala verktyget Tyra h\u00e5ller vi en n\u00e4ra dialog med hemmet och synligg\u00f6r barnens l\u00e4rande.<\/p>\n\n\t\t\t\t\t<\/div>\n\t\t\t\t\t\t\t<\/div>\n\n\t\t\t\t\t<\/div>\n\n\t\t <div class=\"ams-fifty__media u-ratio-landscape\">\n\t\t \t\t\t\t\t<img decoding=\"async\" width=\"600\" height=\"400\" src=\"https:\/\/vittra.se\/wp-content\/uploads\/sites\/19\/2025\/11\/vittraadolfsberg202404forskola4-600x400.jpg\" class=\"attachment-md size-md\" alt=\"Barn och pedagog som l\u00e4ser.\" sizes=\"(min-width: 64em) 600px, calc(100vw - 160px)\" srcset=\"https:\/\/vittra.se\/wp-content\/uploads\/sites\/19\/2025\/11\/vittraadolfsberg202404forskola4-600x400.jpg 600w, https:\/\/vittra.se\/wp-content\/uploads\/sites\/19\/2025\/11\/vittraadolfsberg202404forskola4-300x200.jpg 300w, https:\/\/vittra.se\/wp-content\/uploads\/sites\/19\/2025\/11\/vittraadolfsberg202404forskola4-400x267.jpg 400w, https:\/\/vittra.se\/wp-content\/uploads\/sites\/19\/2025\/11\/vittraadolfsberg202404forskola4-800x533.jpg 800w, https:\/\/vittra.se\/wp-content\/uploads\/sites\/19\/2025\/11\/vittraadolfsberg202404forskola4-1024x682.jpg 1024w, https:\/\/vittra.se\/wp-content\/uploads\/sites\/19\/2025\/11\/vittraadolfsberg202404forskola4-1200x800.jpg 1200w, https:\/\/vittra.se\/wp-content\/uploads\/sites\/19\/2025\/11\/vittraadolfsberg202404forskola4.jpg 2000w\" \/>\n\t\t\t\n\t\t\t\n\t\t\t\t\t<\/div>\n\t<\/div>\n\n\t\t\n\n<\/section>\n\n\n\n\t\n\t\n\t\n\n\t\n\t\n\t\t\n<section  class=\"c-block l-stacked  \" data-color-scheme=\"primar2\">\n\t<div class=\"ams-fifty ams-fifty--container ams-fifty--right ams-fifty--bottom l-container u-pt-fluid-2xl-4xl u-pb-fluid-2xl-4xl\">\n\t\t<div class=\"ams-fifty__content l-stack l-stack-xl is-left is-left@lg\">\n\t\t\t<div class=\"ams-fifty__text l-stack l-stack-lg\">\n\t\t\t\t\t\n\t<h1\n\tclass=\"c-heading u-font-title-1 \"\n\tstyle=\"\">\n\t\t\n\t\t\t\t\t\t\t\t\tEn vanlig dag \n\t\t\t\t<span class=\"c-heading__sub is-below u-font-title-3\">\n\t\t\t\t\tp\u00e5 Vittra R\u00f6sj\u00f6torps f\u00f6rskola\n\t\t\t\t<\/span>\n\t\t\t\t\t\t\t\n\t<\/h1>\n\n\t\t\t\t\t\t\t\t\t<div class=\"text l-stack u-font-body\">\n\t\t\t\t\t\t<p><strong>Dagen b\u00f6rjar utomhus<br \/>\n<\/strong><span style=\"font-weight: 400;\">P\u00e5 v\u00e5r f\u00f6rskola tar vi emot barnen utomhus varje morgon. D\u00e4r b\u00f6rjar dagen med lek, utforskande och gemenskap.\u00a0<\/span><\/p>\n<p><strong>Varierande och bred undervisning<br \/>\n<\/strong><span style=\"font-weight: 400;\">Klockan 9.00 delar avdelningarna upp sig och den planerade undervisningen startar. Det \u00e4r allt fr\u00e5n temaarbeten och spr\u00e5kutveckling till naturupplevelser, r\u00f6relse, matematik och skapande.\u00a0<\/span><\/p>\n<p><strong>Utflykter g\u00f6r dagarna sp\u00e4nnande<br \/>\n<\/strong><span style=\"font-weight: 400;\">Vi g\u00f6r regelbundet utflykter i det vackra naturreservatet som omger f\u00f6rskolan. Med tydlig struktur och \u00e5terkommande rutiner skapar vi trygghet i barnens vardag. Efter lunch ordnas olika former av vila och p\u00e5 eftermiddagen forts\u00e4tter vi med lek och lustfyllt l\u00e4rande b\u00e5de inne och utomhus.<\/span><\/p>\n\n\t\t\t\t\t<\/div>\n\t\t\t\t\t\t\t<\/div>\n\n\t\t\t\t\t<\/div>\n\n\t\t <div class=\"ams-fifty__media u-ratio-square\">\n\t\t \t\t\t\t\t<img decoding=\"async\" width=\"600\" height=\"800\" src=\"https:\/\/vittra.se\/wp-content\/uploads\/sites\/19\/2025\/12\/img3603-600x800.jpeg\" class=\"attachment-md size-md\" alt=\"vittra r\u00f6sj\u00f6torp\" sizes=\"(min-width: 64em) 600px, calc(100vw - 160px)\" srcset=\"https:\/\/vittra.se\/wp-content\/uploads\/sites\/19\/2025\/12\/img3603-600x800.jpeg 600w, https:\/\/vittra.se\/wp-content\/uploads\/sites\/19\/2025\/12\/img3603-300x400.jpeg 300w, https:\/\/vittra.se\/wp-content\/uploads\/sites\/19\/2025\/12\/img3603-400x533.jpeg 400w, https:\/\/vittra.se\/wp-content\/uploads\/sites\/19\/2025\/12\/img3603-800x1067.jpeg 800w, https:\/\/vittra.se\/wp-content\/uploads\/sites\/19\/2025\/12\/img3603-1024x1365.jpeg 1024w, https:\/\/vittra.se\/wp-content\/uploads\/sites\/19\/2025\/12\/img3603-1200x1600.jpeg 1200w, https:\/\/vittra.se\/wp-content\/uploads\/sites\/19\/2025\/12\/img3603-scaled.jpeg 1920w\" \/>\n\t\t\t\n\t\t\t\n\t\t\t\t\t<\/div>\n\t<\/div>\n\n\t\t\n\n<\/section>\n\n\n\n<h2 class=\"wp-block-heading has-text-align-center\">Barnens h\u00f6jdpunkter<\/h2>\n\n\n\n<h3 class=\"wp-block-heading has-text-align-center\">Gemenskap och tillh\u00f6righet<\/h3>\n\n\n\n<p class=\"has-text-align-center\">H\u00f6jdpunkten \u00e4r att barnen kommer till f\u00f6rskolan, att de f\u00e5r tr\u00e4ffa sina v\u00e4nner och tillitsfulla och trygga pedagoger och f\u00e5 k\u00e4nna det starka bandet av gemenskap och tillh\u00f6righet. H\u00e4r f\u00e5r barnen p\u00e5verka en stor del av det pedagogiska inneh\u00e5llet och leken tar en central plats varje dag. Vi vill att barnen ska l\u00e4ngta till f\u00f6rskolan, vara nyfikna p\u00e5 l\u00e4randet som sker h\u00e4r och att de alltid f\u00e5r k\u00e4nna sig viktiga och v\u00e4rdefulla.<\/p>\n\n\n\n<p><\/p>\n\n\n\n\n<section  class=\"ams-cta ams-cta--stacked c-block l-stacked\" data-color-scheme=\"primar2\">\n\t<div class=\"l-container l-stack l-stack-fluid-2xl u-pt-fluid-3xl-6xl u-pb-fluid-3xl-6xl is-center is-center@md\">\n\t\t\t\t\t<div class=\"ams-cta__intro l-stack l-stack-lg\">\n\t\t\t\t\t\n\t<h2\n\tclass=\"c-heading u-font-title-1 \"\n\tstyle=\"\">\n\t\t\n\t\t\t\t\tVill du l\u00e4sa mer om hur vi jobbar?\n\t\t\t\t\n\t<\/h2>\n\n\t\t\t\t\t\t\t<\/div>\n\t\t\n\t\t\n\t\t\t<div class=\"ams-cta__action u-inline-items\">\n\t\t\t\t\t\t\t\n\n\n<a href=\"https:\/\/vittra.se\/rosjotorp\/om\/\"\n\t\n\tclass=\"c-btn \"\n\tdata-style=\"round\"\n\tdata-size=\"md\"\n\tdata-width=\"full-mobile\"\n\tdata-variant=\"default\"\n\ttarget=\"_self\">\n\t\t\t<span class=\"label\"> L\u00e4s mer om oss och v\u00e5r pedagogik<\/span>\n\t\t\t<\/a>\n\t\t\t<\/div>\n\t<\/div>\n\n\t\t\n\n<\/section>\n","protected":false},"excerpt":{"rendered":"<p>Barnens h\u00f6jdpunkter Gemenskap och tillh\u00f6righet H\u00f6jdpunkten \u00e4r att barnen kommer till f\u00f6rskolan, att de f\u00e5r tr\u00e4ffa sina v\u00e4nner och tillitsfulla och trygga pedagoger och f\u00e5 k\u00e4nna det starka bandet av gemenskap och tillh\u00f6righet. H\u00e4r f\u00e5r barnen p\u00e5verka en stor del av det pedagogiska inneh\u00e5llet och leken tar en central plats varje dag. Vi vill att&#8230;<\/p>\n","protected":false},"author":1,"featured_media":0,"parent":20,"menu_order":0,"comment_status":"closed","ping_status":"closed","template":"","meta":{"footnotes":""},"yoast_head":"<!-- This site is optimized with the Yoast SEO plugin v22.0 - https:\/\/yoast.com\/wordpress\/plugins\/seo\/ -->\n<title>Vittra R\u00f6sj\u00f6torp | F\u00f6rskola i Sollentuna<\/title>\n<meta name=\"description\" content=\"Vittra R\u00f6sj\u00f6torp \u00e4r en f\u00f6rskola i Sollentuna. Vi har en samh\u00e4llsf\u00f6rankrad pedagogik som ger trygga och modiga individer med f\u00f6rm\u00e5ga att samarbeta.\" \/>\n<meta name=\"robots\" content=\"index, follow, max-snippet:-1, max-image-preview:large, max-video-preview:-1\" \/>\n<link rel=\"canonical\" href=\"https:\/\/vittra.se\/rosjotorp\/om\/forskola\/\" \/>\n<meta property=\"og:locale\" content=\"sv_SE\" \/>\n<meta property=\"og:type\" content=\"article\" \/>\n<meta property=\"og:title\" content=\"Vittra R\u00f6sj\u00f6torp | F\u00f6rskola i Sollentuna\" \/>\n<meta property=\"og:description\" content=\"Vittra R\u00f6sj\u00f6torp \u00e4r en f\u00f6rskola i Sollentuna. Vi har en samh\u00e4llsf\u00f6rankrad pedagogik som ger trygga och modiga individer med f\u00f6rm\u00e5ga att samarbeta.\" \/>\n<meta property=\"og:url\" content=\"https:\/\/vittra.se\/rosjotorp\/om\/forskola\/\" \/>\n<meta property=\"og:site_name\" content=\"R\u00f6sj\u00f6torp\" \/>\n<meta property=\"article:modified_time\" content=\"2026-03-18T09:10:59+00:00\" \/>\n<meta name=\"twitter:card\" content=\"summary_large_image\" \/>\n<meta name=\"twitter:title\" content=\"Vittra R\u00f6sj\u00f6torp | F\u00f6rskola i Sollentuna\" \/>\n<meta name=\"twitter:description\" content=\"Vittra R\u00f6sj\u00f6torp \u00e4r en f\u00f6rskola i Sollentuna. Vi har en samh\u00e4llsf\u00f6rankrad pedagogik som ger trygga och modiga individer med f\u00f6rm\u00e5ga att samarbeta.\" \/>\n<meta name=\"twitter:label1\" content=\"Ber\u00e4knad l\u00e4stid\" \/>\n\t<meta name=\"twitter:data1\" content=\"1 minut\" \/>\n<script type=\"application\/ld+json\" class=\"yoast-schema-graph\">{\"@context\":\"https:\/\/schema.org\",\"@graph\":[{\"@type\":\"WebPage\",\"@id\":\"https:\/\/vittra.se\/rosjotorp\/om\/forskola\/\",\"url\":\"https:\/\/vittra.se\/rosjotorp\/om\/forskola\/\",\"name\":\"Vittra R\u00f6sj\u00f6torp | F\u00f6rskola i Sollentuna\",\"isPartOf\":{\"@id\":\"https:\/\/vittra.se\/rosjotorp\/#website\"},\"datePublished\":\"2020-09-01T20:06:54+00:00\",\"dateModified\":\"2026-03-18T09:10:59+00:00\",\"description\":\"Vittra R\u00f6sj\u00f6torp \u00e4r en f\u00f6rskola i Sollentuna. Vi har en samh\u00e4llsf\u00f6rankrad pedagogik som ger trygga och modiga individer med f\u00f6rm\u00e5ga att samarbeta.\",\"breadcrumb\":{\"@id\":\"https:\/\/vittra.se\/rosjotorp\/om\/forskola\/#breadcrumb\"},\"inLanguage\":\"sv-SE\",\"potentialAction\":[{\"@type\":\"ReadAction\",\"target\":[\"https:\/\/vittra.se\/rosjotorp\/om\/forskola\/\"]}]},{\"@type\":\"BreadcrumbList\",\"@id\":\"https:\/\/vittra.se\/rosjotorp\/om\/forskola\/#breadcrumb\",\"itemListElement\":[{\"@type\":\"ListItem\",\"position\":1,\"name\":\"Start\",\"item\":\"https:\/\/vittra.se\/rosjotorp\/\"},{\"@type\":\"ListItem\",\"position\":2,\"name\":\"Om skolan\",\"item\":\"https:\/\/vittra.se\/rosjotorp\/om\/\"},{\"@type\":\"ListItem\",\"position\":3,\"name\":\"F\u00f6rskola\"}]},{\"@type\":\"WebSite\",\"@id\":\"https:\/\/vittra.se\/rosjotorp\/#website\",\"url\":\"https:\/\/vittra.se\/rosjotorp\/\",\"name\":\"R\u00f6sj\u00f6torp\",\"description\":\"Kunskap att f\u00f6r\u00e4ndra. Mod att p\u00e5verka.\",\"potentialAction\":[{\"@type\":\"SearchAction\",\"target\":{\"@type\":\"EntryPoint\",\"urlTemplate\":\"https:\/\/vittra.se\/rosjotorp\/?s={search_term_string}\"},\"query-input\":\"required name=search_term_string\"}],\"inLanguage\":\"sv-SE\"}]}<\/script>\n<!-- \/ Yoast SEO plugin. -->","yoast_head_json":{"title":"Vittra R\u00f6sj\u00f6torp | F\u00f6rskola i Sollentuna","description":"Vittra R\u00f6sj\u00f6torp \u00e4r en f\u00f6rskola i Sollentuna. Vi har en samh\u00e4llsf\u00f6rankrad pedagogik som ger trygga och modiga individer med f\u00f6rm\u00e5ga att samarbeta.","robots":{"index":"index","follow":"follow","max-snippet":"max-snippet:-1","max-image-preview":"max-image-preview:large","max-video-preview":"max-video-preview:-1"},"canonical":"https:\/\/vittra.se\/rosjotorp\/om\/forskola\/","og_locale":"sv_SE","og_type":"article","og_title":"Vittra R\u00f6sj\u00f6torp | F\u00f6rskola i Sollentuna","og_description":"Vittra R\u00f6sj\u00f6torp \u00e4r en f\u00f6rskola i Sollentuna. Vi har en samh\u00e4llsf\u00f6rankrad pedagogik som ger trygga och modiga individer med f\u00f6rm\u00e5ga att samarbeta.","og_url":"https:\/\/vittra.se\/rosjotorp\/om\/forskola\/","og_site_name":"R\u00f6sj\u00f6torp","article_modified_time":"2026-03-18T09:10:59+00:00","twitter_card":"summary_large_image","twitter_title":"Vittra R\u00f6sj\u00f6torp | F\u00f6rskola i Sollentuna","twitter_description":"Vittra R\u00f6sj\u00f6torp \u00e4r en f\u00f6rskola i Sollentuna. Vi har en samh\u00e4llsf\u00f6rankrad pedagogik som ger trygga och modiga individer med f\u00f6rm\u00e5ga att samarbeta.","twitter_misc":{"Ber\u00e4knad l\u00e4stid":"1 minut"},"schema":{"@context":"https:\/\/schema.org","@graph":[{"@type":"WebPage","@id":"https:\/\/vittra.se\/rosjotorp\/om\/forskola\/","url":"https:\/\/vittra.se\/rosjotorp\/om\/forskola\/","name":"Vittra R\u00f6sj\u00f6torp | F\u00f6rskola i Sollentuna","isPartOf":{"@id":"https:\/\/vittra.se\/rosjotorp\/#website"},"datePublished":"2020-09-01T20:06:54+00:00","dateModified":"2026-03-18T09:10:59+00:00","description":"Vittra R\u00f6sj\u00f6torp \u00e4r en f\u00f6rskola i Sollentuna. Vi har en samh\u00e4llsf\u00f6rankrad pedagogik som ger trygga och modiga individer med f\u00f6rm\u00e5ga att samarbeta.","breadcrumb":{"@id":"https:\/\/vittra.se\/rosjotorp\/om\/forskola\/#breadcrumb"},"inLanguage":"sv-SE","potentialAction":[{"@type":"ReadAction","target":["https:\/\/vittra.se\/rosjotorp\/om\/forskola\/"]}]},{"@type":"BreadcrumbList","@id":"https:\/\/vittra.se\/rosjotorp\/om\/forskola\/#breadcrumb","itemListElement":[{"@type":"ListItem","position":1,"name":"Start","item":"https:\/\/vittra.se\/rosjotorp\/"},{"@type":"ListItem","position":2,"name":"Om skolan","item":"https:\/\/vittra.se\/rosjotorp\/om\/"},{"@type":"ListItem","position":3,"name":"F\u00f6rskola"}]},{"@type":"WebSite","@id":"https:\/\/vittra.se\/rosjotorp\/#website","url":"https:\/\/vittra.se\/rosjotorp\/","name":"R\u00f6sj\u00f6torp","description":"Kunskap att f\u00f6r\u00e4ndra. Mod att p\u00e5verka.","potentialAction":[{"@type":"SearchAction","target":{"@type":"EntryPoint","urlTemplate":"https:\/\/vittra.se\/rosjotorp\/?s={search_term_string}"},"query-input":"required name=search_term_string"}],"inLanguage":"sv-SE"}]}},"_links":{"self":[{"href":"https:\/\/vittra.se\/rosjotorp\/wp-json\/wp\/v2\/pages\/23"}],"collection":[{"href":"https:\/\/vittra.se\/rosjotorp\/wp-json\/wp\/v2\/pages"}],"about":[{"href":"https:\/\/vittra.se\/rosjotorp\/wp-json\/wp\/v2\/types\/page"}],"author":[{"embeddable":true,"href":"https:\/\/vittra.se\/rosjotorp\/wp-json\/wp\/v2\/users\/1"}],"replies":[{"embeddable":true,"href":"https:\/\/vittra.se\/rosjotorp\/wp-json\/wp\/v2\/comments?post=23"}],"version-history":[{"count":9,"href":"https:\/\/vittra.se\/rosjotorp\/wp-json\/wp\/v2\/pages\/23\/revisions"}],"predecessor-version":[{"id":2272,"href":"https:\/\/vittra.se\/rosjotorp\/wp-json\/wp\/v2\/pages\/23\/revisions\/2272"}],"up":[{"embeddable":true,"href":"https:\/\/vittra.se\/rosjotorp\/wp-json\/wp\/v2\/pages\/20"}],"wp:attachment":[{"href":"https:\/\/vittra.se\/rosjotorp\/wp-json\/wp\/v2\/media?parent=23"}],"curies":[{"name":"wp","href":"https:\/\/api.w.org\/{rel}","templated":true}]}}