{"id":41,"date":"2020-09-01T22:10:17","date_gmt":"2020-09-01T20:10:17","guid":{"rendered":"https:\/\/vittra.se\/kopieringsunderlag\/?page_id=41"},"modified":"2025-10-23T11:32:30","modified_gmt":"2025-10-23T09:32:30","slug":"antagning","status":"publish","type":"page","link":"https:\/\/vittra.se\/orebro\/antagning\/","title":{"rendered":"Antagningsprocess"},"content":{"rendered":"\n\t\n\t\n\t\n\n\t\n\t\n\t\t\n<section  class=\"c-block l-stacked  \" data-color-scheme=\"transparent\">\n\t<div class=\"ams-fifty ams-fifty--container ams-fifty--right ams-fifty--bottom l-container u-pt-fluid-3xl-6xl u-pb-fluid-None\">\n\t\t<div class=\"ams-fifty__content l-stack l-stack-xl is-left is-left@lg\">\n\t\t\t<div class=\"ams-fifty__text l-stack l-stack-lg\">\n\t\t\t\t\t\n\t<h1\n\tclass=\"c-heading u-font-title-1 \"\n\tstyle=\"\">\n\t\t\n\t\t\t\t\tAntagningsprocessen p\u00e5 Vittra \u00d6rebro\n\t\t\t\t\n\t<\/h1>\n\n\t\t\t\t\t\t\t\t\t<div class=\"text l-stack u-font-body\">\n\t\t\t\t\t\t<p>F\u00f6r att s\u00e4kerst\u00e4lla att alla barn och elever behandlas lika har vi tagit fram riktlinjer f\u00f6r k\u00f6hanteringen och antagningen till v\u00e5ra skolor. V\u00e5ra grundskolor tar fr\u00e4mst emot nya elever till augusti eller i samband med skolloven.<\/p>\n<h2>Om platserbjudande<\/h2>\n<p>N\u00e4r du st\u00e4ller ditt barn i k\u00f6 och inte f\u00e5r plats till \u00f6nskad \u00e5rskurs flyttas k\u00f6platsen \u00e5rligen upp till aktuell \u00e5rskurs, tills du sj\u00e4lv v\u00e4ljer att kliva ur k\u00f6n. Vid platserbjudande f\u00e5r du alternativen tacka ja, tacka nej samt l\u00e4s\u00e5rsuppflyttning. V\u00e4ljer du alternativet l\u00e4s\u00e5rsuppflyttning flyttas din k\u00f6plats till kommande l\u00e4s\u00e5r och \u00e5rskurs med bibeh\u00e5llet k\u00f6datum.<\/p>\n\n\t\t\t\t\t<\/div>\n\t\t\t\t\t\t\t<\/div>\n\n\t\t\t\t<div class=\"ams-fifty__action u-inline-items\">\n\t\t\t\t\t\t\t\n\n\n<a href=\"https:\/\/vittra.se\/orebro\/koanmalan\/\"\n\t\n\tclass=\"c-btn \"\n\tdata-style=\"round\"\n\tdata-size=\"md\"\n\tdata-width=\"full-mobile\"\n\tdata-variant=\"default\"\n\ttarget=\"_self\">\n\t\t\t<span class=\"label\"> Till k\u00f6anm\u00e4lan<\/span>\n\t\t\t<\/a>\n\t\t\t<\/div>\n\t\t<\/div>\n\n\t\t <div class=\"ams-fifty__media u-ratio-square\">\n\t\t \t\t\t\t\t<img decoding=\"async\" width=\"600\" height=\"600\" src=\"https:\/\/vittra.se\/wp-content\/uploads\/sites\/29\/2020\/10\/vittrafoto1080x1080allman1.jpg\" class=\"attachment-md size-md\" alt=\"Ett st\u00e4ngsel vid Vittra med dekorativa siffror i olika f\u00e4rger\" sizes=\"(min-width: 64em) 600px, calc(100vw - 160px)\" srcset=\"https:\/\/vittra.se\/wp-content\/uploads\/sites\/29\/2020\/10\/vittrafoto1080x1080allman1.jpg 1080w, https:\/\/vittra.se\/wp-content\/uploads\/sites\/29\/2020\/10\/vittrafoto1080x1080allman1-300x300.jpg 300w, https:\/\/vittra.se\/wp-content\/uploads\/sites\/29\/2020\/10\/vittrafoto1080x1080allman1-1024x1024.jpg 1024w, https:\/\/vittra.se\/wp-content\/uploads\/sites\/29\/2020\/10\/vittrafoto1080x1080allman1-150x150.jpg 150w, https:\/\/vittra.se\/wp-content\/uploads\/sites\/29\/2020\/10\/vittrafoto1080x1080allman1-768x768.jpg 768w, https:\/\/vittra.se\/wp-content\/uploads\/sites\/29\/2020\/10\/vittrafoto1080x1080allman1-670x670.jpg 670w, https:\/\/vittra.se\/wp-content\/uploads\/sites\/29\/2020\/10\/vittrafoto1080x1080allman1-100x100.jpg 100w\" \/>\n\t\t\t\n\t\t\t\n\t\t\t\t\t<\/div>\n\t<\/div>\n\n\t\t\n\n<\/section>\n\n\n\n<div class=\"wp-block-group is-style-narrow is-layout-constrained wp-block-group-is-layout-constrained\">\n<h2 class=\"wp-block-heading\">Vi g\u00e5r efter f\u00f6ljande urvalskriterier i antagningen till v\u00e5r grundskola:<\/h2>\n\n\n\n<h3 class=\"wp-block-heading\">1. Syskonf\u00f6rtur&nbsp;<\/h3>\n\n\n\n<p>Barn med syskon som redan g\u00e5r p\u00e5 v\u00e5r grundskola erbjuds f\u00f6rtur. F\u00f6rtur till \u00e5rskurs 6\u20139&nbsp;f\u00e5r elev under f\u00f6ruts\u00e4ttning att eleven har ett syskon som g\u00e5r p\u00e5 v\u00e5r grundskola det kommande l\u00e4s\u00e5ret.<\/p>\n\n\n\n<p>F\u00f6r att syskonf\u00f6rtur ska g\u00e4lla m\u00e5ste syskonen vara folkbokf\u00f6rda p\u00e5 samma adress. Som syskon r\u00e4knas helsyskon, halvsyskon och bonussyskon. Elever med syskonf\u00f6rtur antas i inb\u00f6rdes ordning efter anm\u00e4lningsdatum. Detta inneb\u00e4r att bland&nbsp;alla som s\u00f6ker och har syskonf\u00f6rtur f\u00e5r de med l\u00e4ngst k\u00f6tid plats f\u00f6rst.<\/p>\n\n\n\n<h3 class=\"wp-block-heading\">2. Anm\u00e4lningsdatum (k\u00f6datum)<\/h3>\n\n\n\n<p>V\u00e5rdnadshavare kan st\u00e4lla sina barn i k\u00f6 l\u00f6pande under \u00e5ret. Skolan till\u00e4mpar anm\u00e4lningsdatum som k\u00f6plats. Om v\u00e5rdnadshavare tackar nej till erbjuden plats f\u00f6rloras k\u00f6platsen.&nbsp;Om v\u00e5rdnadshavare v\u00e4ljer l\u00e4s\u00e5rsuppflyttning flyttas k\u00f6platsen till n\u00e4stkommande l\u00e4s\u00e5r och \u00e5rskurs med bibeh\u00e5llet datum.<\/p>\n<\/div>\n\n\n\n\n<section  class=\"ams-timeline c-block l-stacked\" data-color-scheme=\"nyans1_av_cta-card-vit-hover-standard_standard\">\n\t<div class=\"l-container l-stack l-stack-fluid-2xl u-pt-fluid-3xl-6xl u-pb-fluid-3xl-6xl is-center is-center@md\">\n\t\t\t\t\t<div class=\"ams-timeline__intro l-stack l-stack-lg\">\n\t\t\t\t\t\n\t<h2\n\tclass=\"c-heading u-font-title-1 \"\n\tstyle=\"\">\n\t\t\n\t\t\t\t\tS\u00e5 h\u00e4r enkelt ans\u00f6ker du\n\t\t\t\t\n\t<\/h2>\n\n\t\t\t\t\t\t\t<\/div>\n\t\t\n\t\t\t\t\t\n<ol class=\"c-steps\" data-variant=\"vertical\" data-size=\"md\" data-columns=\"2\">\n\t\t\t<li class=\"c-steps__item\"\n\t\t\t\n\t\t>\n\t\t\t<div class=\"c-steps__circle u-radius-round\">\n\t\t\t\t\t\t\t\t\t<img decoding=\"async\" src=\"https:\/\/vittra.se\/wp-content\/uploads\/2020\/10\/vittraikon105pxlaspaomoss.svg\" class=\"\" alt=\"\" height=\"83\" width=\"105\" \/>\n\t\t\t\t\t\t\t<\/div>\n\n\t\t\t\t\t\t\t<div class=\"c-steps__content l-stack-xs\">\n\t\t\t\t\t\t\t\t\t\t\t<h3 class=\"c-steps__title u-font-title-3\">\n\t\t\t\t\t\t\t\t\t\t\t\t\t\t\tL\u00e4s p\u00e5 om skolan\n\t\t\t\t\t\t\t\t\t\t\t\t\t<\/h3>\n\t\t\t\t\t\n\t\t\t\t\t\t\t\t\t\t\t<div class=\"c-steps__text l-stack-sm u-font-body\">\n\t\t\t\t\t\t\t<p>\u00c4r Vittra r\u00e4tt skola f\u00f6r dig? Det kan vara sv\u00e5rt att svara p\u00e5, men genom att l\u00e4sa p\u00e5 <a href=\"https:\/\/vittra.se\/orebro\/om\/\">om Vittra \u00d6rebro<\/a> f\u00e5r du en bra bild av hur det \u00e4r att g\u00e5 h\u00e4r.<\/p>\n\n\t\t\t\t\t\t<\/div>\n\t\t\t\t\t\t\t\t\t<\/div>\n\t\t\t\t\t<\/li>\n\t\t\t<li class=\"c-steps__item\"\n\t\t\t\n\t\t>\n\t\t\t<div class=\"c-steps__circle u-radius-round\">\n\t\t\t\t\t\t\t\t\t<img decoding=\"async\" src=\"https:\/\/vittra.se\/wp-content\/uploads\/2020\/10\/vittraikon105pxbesokoss.svg\" class=\"\" alt=\"\" height=\"89\" width=\"105\" \/>\n\t\t\t\t\t\t\t<\/div>\n\n\t\t\t\t\t\t\t<div class=\"c-steps__content l-stack-xs\">\n\t\t\t\t\t\t\t\t\t\t\t<h3 class=\"c-steps__title u-font-title-3\">\n\t\t\t\t\t\t\t\t\t\t\t\t\t\t\tBes\u00f6k oss\n\t\t\t\t\t\t\t\t\t\t\t\t\t<\/h3>\n\t\t\t\t\t\n\t\t\t\t\t\t\t\t\t\t\t<div class=\"c-steps__text l-stack-sm u-font-body\">\n\t\t\t\t\t\t\t<p>F\u00f6r att f\u00e5 en uppfattning om hur skolan verkar,\u00a0<a href=\"https:\/\/vittra.se\/orebro\/besok\/\">kom p\u00e5 bes\u00f6k<\/a>! Antingen p\u00e5 \u00f6ppet hus eller p\u00e5 en personlig visning.<\/p>\n\n\t\t\t\t\t\t<\/div>\n\t\t\t\t\t\t\t\t\t<\/div>\n\t\t\t\t\t<\/li>\n\t\t\t<li class=\"c-steps__item\"\n\t\t\t\n\t\t>\n\t\t\t<div class=\"c-steps__circle u-radius-round\">\n\t\t\t\t\t\t\t\t\t<img decoding=\"async\" src=\"https:\/\/vittra.se\/wp-content\/uploads\/2020\/10\/vittraikon105pxstalldigiko.svg\" class=\"\" alt=\"\" height=\"78\" width=\"105\" \/>\n\t\t\t\t\t\t\t<\/div>\n\n\t\t\t\t\t\t\t<div class=\"c-steps__content l-stack-xs\">\n\t\t\t\t\t\t\t\t\t\t\t<h3 class=\"c-steps__title u-font-title-3\">\n\t\t\t\t\t\t\t\t\t\t\t\t\t\t\tSt\u00e4ll dig i k\u00f6\n\t\t\t\t\t\t\t\t\t\t\t\t\t<\/h3>\n\t\t\t\t\t\n\t\t\t\t\t\t\t\t\t\t\t<div class=\"c-steps__text l-stack-sm u-font-body\">\n\t\t\t\t\t\t\t<p>N\u00e4r du best\u00e4mt dig f\u00f6r Vittra fyller du, tillsammans med din f\u00f6r\u00e4lder, i v\u00e5rt <a href=\"https:\/\/vittra.se\/orebro\/koanmalan\/\" rel=\"noopener\">ans\u00f6kningsformul\u00e4r<\/a> och skickar in. Kul, nu samlar du k\u00f6dagar!<\/p>\n\n\t\t\t\t\t\t<\/div>\n\t\t\t\t\t\t\t\t\t<\/div>\n\t\t\t\t\t<\/li>\n\t\t\t<li class=\"c-steps__item\"\n\t\t\t\n\t\t>\n\t\t\t<div class=\"c-steps__circle u-radius-round\">\n\t\t\t\t\t\t\t\t\t<img decoding=\"async\" src=\"https:\/\/vittra.se\/wp-content\/uploads\/2020\/10\/vittraikon105pxantagningsbesked.svg\" class=\"\" alt=\"\" height=\"99\" width=\"105\" \/>\n\t\t\t\t\t\t\t<\/div>\n\n\t\t\t\t\t\t\t<div class=\"c-steps__content l-stack-xs\">\n\t\t\t\t\t\t\t\t\t\t\t<h3 class=\"c-steps__title u-font-title-3\">\n\t\t\t\t\t\t\t\t\t\t\t\t\t\t\tAntagningsbesked\n\t\t\t\t\t\t\t\t\t\t\t\t\t<\/h3>\n\t\t\t\t\t\n\t\t\t\t\t\t\t\t\t\t\t<div class=\"c-steps__text l-stack-sm u-font-body\">\n\t\t\t\t\t\t\t<p>N\u00e4r det \u00e4r din tur i k\u00f6n erbjuder vi dig en plats. Du har d\u00e5 en viss tid p\u00e5 dig att tacka ja. Har du fler funderingar? L\u00e4s under <a href=\"https:\/\/vittra.se\/orebro\/om\/vanliga-fragor\/\">vanliga fr\u00e5gor<\/a>.<\/p>\n\n\t\t\t\t\t\t<\/div>\n\t\t\t\t\t\t\t\t\t<\/div>\n\t\t\t\t\t<\/li>\n\t<\/ol>\n\t\n\t\t\t<\/div>\n\n\t\t\n\n<\/section>\n\n\n\n\n\n<section  class=\"ams-faq ams_event_module c-block l-stacked js-load-more\" data-color-scheme=\"faq-transparent\" data-count=\"3\" data-count-mobile=\"2\">\n\t<div class=\"l-container-narrow l-stack l-stack-fluid-2xl u-pt-fluid-3xl-6xl u-pb-fluid-3xl-6xl is-center is-center@md\">\n\t\t\t\t\t<div class=\"ams-faq__intro l-stack l-stack-lg\">\n\t\t\t\t\t\n\t<h2\n\tclass=\"c-heading u-font-title-1 \"\n\tstyle=\"\">\n\t\t\n\t\t\t\t\tVanliga fr\u00e5gor om v\u00e5ra antagningsrutiner\n\t\t\t\t\n\t<\/h2>\n\n\t\t\t\t\t\t\t<\/div>\n\t\t\n\t\t\n\t\n\t    \n\t\n\t<ul\n\t\tid=\"ams-faq-list-69f24b1f0d2d6\"\n\t\tclass=\"ams-faq__ac ams-accordion_module c-accordion js-results \"\n\t\taria-label=\"Vanliga fr\u00e5gor\"\n\t\tdata-variant=\"border-between\"\n\t\tdata-ajax-action=\"log_faq_view\"\n\t\tdata-ajax-url=\"https:\/\/vittra.se\/orebro\/wp-admin\/admin-ajax.php\"\n\t\tdata-ajax-nonce=\"7fb8473033\"\n\t\tdata-filter-animation=\"off\">\n\n\t\t\n\t\t\t\t\t\t\t\t\t\t\t\t\t\t\t\n\t\t\t\n\t\t\t<li data-ajax-id=\"1111\" class=\"c-accordion__item \"\n\t\t\tdata-filter=\"antagningsrutiner kosystem maj-2021\"\n\t\t\t>\n\t\t\t\t<h3 class=\"c-accordion__header\">\n\t\t\t\t\t\t\t\t\t\t<button class=\"c-accordion__trigger u-py-sm u-px-fluid-md-xl u-font-title-4\">\n\t\t\t\t\t\t<span>Vilken plats har vi i k\u00f6n?<\/span>\n\t\t\t\t\t\t<svg class=\"ams-icon ams-icon__arrow-down\" width=\"24\" height=\"24\" viewbox=\"0 0 24 24\" fill=\"currentColor\" aria-hidden=\"true\" xmlns=\"http:\/\/www.w3.org\/2000\/svg\">\n\t\t\t\t\t\t\t\t\t\t\t\t\t<path d=\"m11.2033 18.4294-10.872894-10.67584c-.440539-.42594-.440539-1.1147 0-1.54065l.665495-.64345c.440539-.42595 1.152899-.42595 1.593439 0l9.41066 9.27114 9.4107-9.26207c.4405-.42595 1.1529-.42595 1.5934 0l.6655.64345c.4405.42594.4405 1.1147 0 1.54065l-10.8729 10.67587c-.4405.4168-1.1529.4168-1.5934-.0091z\"\/>\n\t\t\t\t\t\n\t\t\t\t\t\t<\/svg>\n\t\t\t\t\t<\/button>\n\t\t\t\t<\/h3>\n\t\t\t\t<div class=\"c-accordion__body l-stack u-font-body\">\n\t\t\t\t\t<div class=\"c-accordion__body__inner u-p-fluid-md-xl l-stack\">\n\t\t\t\t\t\t<p>Tyv\u00e4rr kan vi inte svara i specifika fall d\u00e5 det beror p\u00e5 hur m\u00e5nga som tackar ja till sin erbjudna plats och hur m\u00e5nga barn som tas in i varje klass. Kontakta oss f\u00f6r mer information. Du hittar v\u00e5ra kontaktuppgifter <a href=\"https:\/\/vittra.se\/orebro\/kontakt\/\">h\u00e4r<\/a>.<\/p>\n\n\t\t\t\t\t<\/div>\n\t\t\t\t<\/div>\n\t\t\t<\/li>\n\t\t\n\t\t\t\t\t\t\t\t\t\t\t\t\t\t\t\n\t\t\t\n\t\t\t<li data-ajax-id=\"903\" class=\"c-accordion__item \"\n\t\t\tdata-filter=\"antagningsrutiner kosystem april-2021\"\n\t\t\t>\n\t\t\t\t<h3 class=\"c-accordion__header\">\n\t\t\t\t\t\t\t\t\t\t<button class=\"c-accordion__trigger u-py-sm u-px-fluid-md-xl u-font-title-4\">\n\t\t\t\t\t\t<span>Vad har ni f\u00f6r k\u00f6system?<\/span>\n\t\t\t\t\t\t<svg class=\"ams-icon ams-icon__arrow-down\" width=\"24\" height=\"24\" viewbox=\"0 0 24 24\" fill=\"currentColor\" aria-hidden=\"true\" xmlns=\"http:\/\/www.w3.org\/2000\/svg\">\n\t\t\t\t\t\t\t\t\t\t\t\t\t<path d=\"m11.2033 18.4294-10.872894-10.67584c-.440539-.42594-.440539-1.1147 0-1.54065l.665495-.64345c.440539-.42595 1.152899-.42595 1.593439 0l9.41066 9.27114 9.4107-9.26207c.4405-.42595 1.1529-.42595 1.5934 0l.6655.64345c.4405.42594.4405 1.1147 0 1.54065l-10.8729 10.67587c-.4405.4168-1.1529.4168-1.5934-.0091z\"\/>\n\t\t\t\t\t\n\t\t\t\t\t\t<\/svg>\n\t\t\t\t\t<\/button>\n\t\t\t\t<\/h3>\n\t\t\t\t<div class=\"c-accordion__body l-stack u-font-body\">\n\t\t\t\t\t<div class=\"c-accordion__body__inner u-p-fluid-md-xl l-stack\">\n\t\t\t\t\t\t<p>Vi anv\u00e4nder urvalsgrunden\u00a0Anm\u00e4lningsdatum.<\/p>\n<p>Det inneb\u00e4r att den person som st\u00e5tt i k\u00f6 l\u00e4ngst erbjuds plats f\u00f6rst.<\/p>\n\n\t\t\t\t\t<\/div>\n\t\t\t\t<\/div>\n\t\t\t<\/li>\n\t\t\n\t\t\t\t\t\t\t\t\t\t\t\t\t\t\t\n\t\t\t\n\t\t\t<li data-ajax-id=\"902\" class=\"c-accordion__item \"\n\t\t\tdata-filter=\"antagningsrutiner kosystem april-2021\"\n\t\t\t>\n\t\t\t\t<h3 class=\"c-accordion__header\">\n\t\t\t\t\t\t\t\t\t\t<button class=\"c-accordion__trigger u-py-sm u-px-fluid-md-xl u-font-title-4\">\n\t\t\t\t\t\t<span>N\u00e4r f\u00e5r jag veta om jag f\u00e5tt en plats?<\/span>\n\t\t\t\t\t\t<svg class=\"ams-icon ams-icon__arrow-down\" width=\"24\" height=\"24\" viewbox=\"0 0 24 24\" fill=\"currentColor\" aria-hidden=\"true\" xmlns=\"http:\/\/www.w3.org\/2000\/svg\">\n\t\t\t\t\t\t\t\t\t\t\t\t\t<path d=\"m11.2033 18.4294-10.872894-10.67584c-.440539-.42594-.440539-1.1147 0-1.54065l.665495-.64345c.440539-.42595 1.152899-.42595 1.593439 0l9.41066 9.27114 9.4107-9.26207c.4405-.42595 1.1529-.42595 1.5934 0l.6655.64345c.4405.42594.4405 1.1147 0 1.54065l-10.8729 10.67587c-.4405.4168-1.1529.4168-1.5934-.0091z\"\/>\n\t\t\t\t\t\n\t\t\t\t\t\t<\/svg>\n\t\t\t\t\t<\/button>\n\t\t\t\t<\/h3>\n\t\t\t\t<div class=\"c-accordion__body l-stack u-font-body\">\n\t\t\t\t\t<div class=\"c-accordion__body__inner u-p-fluid-md-xl l-stack\">\n\t\t\t\t\t\t<p>Har du gjort en ans\u00f6kan till skolan har du f\u00e5tt en plats i k\u00f6n. Blir du erbjuden en plats kommer din v\u00e5rdnadshavare att bli kontaktad och m\u00e5ste tacka ja inom en viss tid.<\/p>\n\n\t\t\t\t\t<\/div>\n\t\t\t\t<\/div>\n\t\t\t<\/li>\n\t\t\n\t\t\t\t\t\t\t\t\t\t\t\t\t\t\t\n\t\t\t\n\t\t\t<li data-ajax-id=\"901\" class=\"c-accordion__item \"\n\t\t\tdata-filter=\"antagningsrutiner kosystem april-2021\"\n\t\t\t>\n\t\t\t\t<h3 class=\"c-accordion__header\">\n\t\t\t\t\t\t\t\t\t\t<button class=\"c-accordion__trigger u-py-sm u-px-fluid-md-xl u-font-title-4\">\n\t\t\t\t\t\t<span>St\u00e5r jag i k\u00f6?<\/span>\n\t\t\t\t\t\t<svg class=\"ams-icon ams-icon__arrow-down\" width=\"24\" height=\"24\" viewbox=\"0 0 24 24\" fill=\"currentColor\" aria-hidden=\"true\" xmlns=\"http:\/\/www.w3.org\/2000\/svg\">\n\t\t\t\t\t\t\t\t\t\t\t\t\t<path d=\"m11.2033 18.4294-10.872894-10.67584c-.440539-.42594-.440539-1.1147 0-1.54065l.665495-.64345c.440539-.42595 1.152899-.42595 1.593439 0l9.41066 9.27114 9.4107-9.26207c.4405-.42595 1.1529-.42595 1.5934 0l.6655.64345c.4405.42594.4405 1.1147 0 1.54065l-10.8729 10.67587c-.4405.4168-1.1529.4168-1.5934-.0091z\"\/>\n\t\t\t\t\t\n\t\t\t\t\t\t<\/svg>\n\t\t\t\t\t<\/button>\n\t\t\t\t<\/h3>\n\t\t\t\t<div class=\"c-accordion__body l-stack u-font-body\">\n\t\t\t\t\t<div class=\"c-accordion__body__inner u-p-fluid-md-xl l-stack\">\n\t\t\t\t\t\t<p>Har du gjort en ans\u00f6kan till skolan har ditt barn f\u00e5tt en plats i k\u00f6n. <span style=\"font-weight: 400;\">Du kan alltid maila oss p\u00e5 orebro@vittra.se f\u00f6r att f\u00e5 en snabb bekr\u00e4ftelse p\u00e5 din ans\u00f6kan. <\/span><\/p>\n\n\t\t\t\t\t<\/div>\n\t\t\t\t<\/div>\n\t\t\t<\/li>\n\t\t\n\t\t\t\t\t\t\t\t\t\t\t\t\t\t\t\n\t\t\t\n\t\t\t<li data-ajax-id=\"803\" class=\"c-accordion__item \"\n\t\t\tdata-filter=\"antagningsrutiner kosystem oktober-2020\"\n\t\t\t>\n\t\t\t\t<h3 class=\"c-accordion__header\">\n\t\t\t\t\t\t\t\t\t\t<button class=\"c-accordion__trigger u-py-sm u-px-fluid-md-xl u-font-title-4\">\n\t\t\t\t\t\t<span>Vilken plats har vi i k\u00f6n?<\/span>\n\t\t\t\t\t\t<svg class=\"ams-icon ams-icon__arrow-down\" width=\"24\" height=\"24\" viewbox=\"0 0 24 24\" fill=\"currentColor\" aria-hidden=\"true\" xmlns=\"http:\/\/www.w3.org\/2000\/svg\">\n\t\t\t\t\t\t\t\t\t\t\t\t\t<path d=\"m11.2033 18.4294-10.872894-10.67584c-.440539-.42594-.440539-1.1147 0-1.54065l.665495-.64345c.440539-.42595 1.152899-.42595 1.593439 0l9.41066 9.27114 9.4107-9.26207c.4405-.42595 1.1529-.42595 1.5934 0l.6655.64345c.4405.42594.4405 1.1147 0 1.54065l-10.8729 10.67587c-.4405.4168-1.1529.4168-1.5934-.0091z\"\/>\n\t\t\t\t\t\n\t\t\t\t\t\t<\/svg>\n\t\t\t\t\t<\/button>\n\t\t\t\t<\/h3>\n\t\t\t\t<div class=\"c-accordion__body l-stack u-font-body\">\n\t\t\t\t\t<div class=\"c-accordion__body__inner u-p-fluid-md-xl l-stack\">\n\t\t\t\t\t\t<p>Tyv\u00e4rr kan vi inte svara p\u00e5 specifika fall d\u00e5 det beror p\u00e5 hur m\u00e5nga som tackar ja till sin erbjudna plats och hur m\u00e5nga barn som tas in i varje klass. Kontakta administrat\u00f6ren p\u00e5 skolan f\u00f6r mer information.<\/p>\n\n\t\t\t\t\t<\/div>\n\t\t\t\t<\/div>\n\t\t\t<\/li>\n\t\t\t<\/ul>\n\n\t<div class=\"no-results u-mt-0 u-hide\" data-filter-fallback-id=\"ams-faq-list-69f24b1f0d2d6\">\n\t<p>Det finns inga resultat som matchar din filtrering.<\/p>\n<\/div>\n\n\t\n\n\t\t\n\t\t\t<\/div>\n\n\t\t\n\n<\/section>\n\n\n\n<section \n\t\t class=\"\n\t\t ams-contact\n\t\t \n\t\t c-block l-stacked\n\t\t \n\t\t \n\t\t js-load-more\n\t\t \"\n\t\t data-color-scheme=\"nyans1_av_cta\"\n\t\t\t\t\tdata-count=\"3\"\n\t\t\t\t\t\t\tdata-count-mobile=\"2\"\n\t\t\t\t>\n\t<div\n\t\t class=\"\n\t\t l-container\n\t\t l-stack l-stack-fluid-2xl\n\t\t u-pt-fluid-3xl-6xl\n\t\t u-pb-fluid-3xl-6xl\n\t\t is-center\n\t\t is-center@md\n\t\t \">\n\t\t\t\t\t<div class=\"ams-contact__intro l-stack l-stack-lg\">\n\t\t\t\t\t\n\t<h2\n\tclass=\"c-heading u-font-title-1 \"\n\tstyle=\"\">\n\t\t\n\t\t\t\t\tHar du fr\u00e5gor om v\u00e5ra antagningsrutiner?\n\t\t\t\t\n\t<\/h2>\n\n\t\t\t\t\t\t\t\t\t<div class=\"c-text l-stack u-cs-xl u-font-body\">\n\t\t\t\t\t\t<p>Kontakta oss s\u00e5 f\u00e5r du personlig hj\u00e4lp och svar p\u00e5 dina fr\u00e5gor.<\/p>\n\n\t\t\t\t\t<\/div>\n\t\t\t\t\t\t\t<\/div>\n\t\t\n\t\t\n\t\t    \t\n\t\t\n\t\t<ul\n\t\t\tid=\"contact-grid-69f24b1f291ea\"\n\t\t\tclass=\"ams-contact__list l-grid u-gap-fluid-2xl-4xl u-justify-center js-results \"\n\t\t\taria-label=\"Kontakter\"\n\t\t\tdata-filter-animation=\"off\"\n\t\t\t>\n\t\t\t\t\t\t\t\t\t\t\t\n\t\t\t\t\n\t\t\t\t<li class=\"l-col-12 \" data-filter=\"administration\">\n\t\t\t\t\t<article class=\"c-card u-justify-center\" data-variant=\"inline\">\n\t\t\t\t\t\t<div class=\"c-card__content u-flex-basis-auto u-flex-grow-0 u-text-center@mobile\">\n\t\t\t\t\t\t\t\t\t\t\t\t\t\t\t<h3 class=\"c-card__title u-font-title-3\">\n\t\t\t\t\t\t\t\t\tSofi B\u00e4ckelin\n\t\t\t\t\t\t\t\t<\/h3>\n\t\t\t\t\t\t\t\n\t\t\t\t\t\t\t\t\t\t\t\t\t\t\t<p class=\"position u-font-body\">Administrat\u00f6r<\/p>\n\t\t\t\t\t\t\t\n\t\t\t\t\t\t\t\t\t\t\t\t\t\t\t<div class=\"contact-info u-font-body\">\n\t\t\t\t\t\t\t\t\t\t\t\t\t\t\t\t\t\t\t\t\t\t\t\t\t\t\t\t\t\t<p class=\"phone\"><a\n\t\t\t\t\t\t\t\t\t\t\t\t\thref=\"tel:0761191854\"\n\t\t\t\t\t\t\t\t\t\t\t\t\tclass=\"u-text-link\">076-119 18 54<\/a>\n\t\t\t\t\t\t\t\t\t\t\t<\/p>\n\t\t\t\t\t\t\t\t\t\t\t\t\t\t\t\t\t\t\t\n\t\t\t\t\t\t\t\t\t\t\t\t\t\t\t\t\t\t\t\t\t\t\t\t\t\t\t\t\t\t<p class=\"email\"><a\n\t\t\t\t\t\t\t\t\t\t\t\t\thref=\"m&#097;i&#108;t&#111;:o&#114;e&#098;r&#111;&#064;&#118;&#105;tt&#114;&#097;.s&#101;\"\n\t\t\t\t\t\t\t\t\t\t\t\t\tclass=\"u-text-link\">&#111;&#114;&#101;&#098;r&#111;&#064;&#118;i&#116;&#116;r&#097;.s&#101;<\/a>\n\t\t\t\t\t\t\t\t\t\t\t<\/p>\n\t\t\t\t\t\t\t\t\t\t\t\t\t\t\t\t\t\t\t\t\t\t\t\t\t\t\t<\/div>\n\t\t\t\t\t\t\t\n\t\t\t\t\t\t\t\t\t\t\t\t\t<\/div>\n\t\t\t\t\t\t<div class=\"c-card__media\">\n\t\t\t\t\t\t\t\t\t\t\t\t\t\t\t\t\t\t\t\t\t\t\t\t\t\t\t\t\t\t\t\t\t\t\t\t\t\t\t\t\t\t\t\t\t\t\t\t\t<img decoding=\"async\" width=\"400\" height=\"457\" src=\"https:\/\/vittra.se\/wp-content\/uploads\/sites\/29\/2024\/07\/sofi-backelin-2024-e1724306464477.jpg\" class=\"u-radius-round u-ratio-landscape  \" alt=\"\" sizes=\"(max-width: 300px) 100vw, 300px\" srcset=\"https:\/\/vittra.se\/wp-content\/uploads\/sites\/29\/2024\/07\/sofi-backelin-2024-e1724306464477.jpg 400w, https:\/\/vittra.se\/wp-content\/uploads\/sites\/29\/2024\/07\/sofi-backelin-2024-e1724306464477-300x343.jpg 300w\" \/>\n\t\t\t\t\t\t<\/div>\n\t\t\t\t\t<\/article>\n\t\t\t\t<\/li>\n\t\t\t\t\t<\/ul>\n\n\t\t\n\t\t    <div class=\"ams-contact__more u-inline-items js-load-more-btn\">\n        <button href=\"#\"\n                class=\"c-btn\"\n                data-style=\"round\"\n                data-size=\"md\"\n                data-width=\"full-mobile\"\n                data-variant=\"outline\">\n        \tVisa mer\n        <\/button>\n    <\/div>\n\n\t\t\t<\/div>\n\n\t\t\n\n<\/section>\n","protected":false},"excerpt":{"rendered":"<p>Vi g\u00e5r efter f\u00f6ljande urvalskriterier i antagningen till v\u00e5r grundskola: 1. Syskonf\u00f6rtur&nbsp; Barn med syskon som redan g\u00e5r p\u00e5 v\u00e5r grundskola erbjuds f\u00f6rtur. F\u00f6rtur till \u00e5rskurs 6\u20139&nbsp;f\u00e5r elev under f\u00f6ruts\u00e4ttning att eleven har ett syskon som g\u00e5r p\u00e5 v\u00e5r grundskola det kommande l\u00e4s\u00e5ret. F\u00f6r att syskonf\u00f6rtur ska g\u00e4lla m\u00e5ste syskonen vara folkbokf\u00f6rda p\u00e5 samma adress&#8230;.<\/p>\n","protected":false},"author":1,"featured_media":0,"parent":0,"menu_order":20,"comment_status":"closed","ping_status":"closed","template":"","meta":{"footnotes":""},"yoast_head":"<!-- This site is optimized with the Yoast SEO plugin v22.0 - https:\/\/yoast.com\/wordpress\/plugins\/seo\/ -->\n<title>Vittra \u00d6rebro | V\u00e5r antagningsprocess<\/title>\n<meta name=\"description\" content=\"Vittra \u00e4r en skola i \u00d6rebro. H\u00e4r hittar du information och kan l\u00e4sa mer om v\u00e5ra urvalsgrunder och hur antagningsprocessen g\u00e5r till.\" \/>\n<meta name=\"robots\" content=\"index, follow, max-snippet:-1, max-image-preview:large, max-video-preview:-1\" \/>\n<link rel=\"canonical\" href=\"https:\/\/vittra.se\/orebro\/antagning\/\" \/>\n<meta property=\"og:locale\" content=\"sv_SE\" \/>\n<meta property=\"og:type\" content=\"article\" \/>\n<meta property=\"og:title\" content=\"Vittra \u00d6rebro | V\u00e5r antagningsprocess\" \/>\n<meta property=\"og:description\" content=\"Vittra \u00e4r en skola i \u00d6rebro. H\u00e4r hittar du information och kan l\u00e4sa mer om v\u00e5ra urvalsgrunder och hur antagningsprocessen g\u00e5r till.\" \/>\n<meta property=\"og:url\" content=\"https:\/\/vittra.se\/orebro\/antagning\/\" \/>\n<meta property=\"og:site_name\" content=\"\u00d6rebro\" \/>\n<meta property=\"article:modified_time\" content=\"2025-10-23T09:32:30+00:00\" \/>\n<meta name=\"twitter:card\" content=\"summary_large_image\" \/>\n<meta name=\"twitter:title\" content=\"Vittra \u00d6rebro | V\u00e5r antagningsprocess\" \/>\n<meta name=\"twitter:description\" content=\"Vittra \u00e4r en skola i \u00d6rebro. H\u00e4r hittar du information och kan l\u00e4sa mer om v\u00e5ra urvalsgrunder och hur antagningsprocessen g\u00e5r till.\" \/>\n<meta name=\"twitter:label1\" content=\"Ber\u00e4knad l\u00e4stid\" \/>\n\t<meta name=\"twitter:data1\" content=\"1 minut\" \/>\n<script type=\"application\/ld+json\" class=\"yoast-schema-graph\">{\"@context\":\"https:\/\/schema.org\",\"@graph\":[{\"@type\":\"WebPage\",\"@id\":\"https:\/\/vittra.se\/orebro\/antagning\/\",\"url\":\"https:\/\/vittra.se\/orebro\/antagning\/\",\"name\":\"Vittra \u00d6rebro | V\u00e5r antagningsprocess\",\"isPartOf\":{\"@id\":\"https:\/\/vittra.se\/orebro\/#website\"},\"datePublished\":\"2020-09-01T20:10:17+00:00\",\"dateModified\":\"2025-10-23T09:32:30+00:00\",\"description\":\"Vittra \u00e4r en skola i \u00d6rebro. H\u00e4r hittar du information och kan l\u00e4sa mer om v\u00e5ra urvalsgrunder och hur antagningsprocessen g\u00e5r till.\",\"breadcrumb\":{\"@id\":\"https:\/\/vittra.se\/orebro\/antagning\/#breadcrumb\"},\"inLanguage\":\"sv-SE\",\"potentialAction\":[{\"@type\":\"ReadAction\",\"target\":[\"https:\/\/vittra.se\/orebro\/antagning\/\"]}]},{\"@type\":\"BreadcrumbList\",\"@id\":\"https:\/\/vittra.se\/orebro\/antagning\/#breadcrumb\",\"itemListElement\":[{\"@type\":\"ListItem\",\"position\":1,\"name\":\"Start\",\"item\":\"https:\/\/vittra.se\/orebro\/\"},{\"@type\":\"ListItem\",\"position\":2,\"name\":\"Antagningsprocess\"}]},{\"@type\":\"WebSite\",\"@id\":\"https:\/\/vittra.se\/orebro\/#website\",\"url\":\"https:\/\/vittra.se\/orebro\/\",\"name\":\"\u00d6rebro\",\"description\":\"Kunskap att f\u00f6r\u00e4ndra. Mod att p\u00e5verka.\",\"potentialAction\":[{\"@type\":\"SearchAction\",\"target\":{\"@type\":\"EntryPoint\",\"urlTemplate\":\"https:\/\/vittra.se\/orebro\/?s={search_term_string}\"},\"query-input\":\"required name=search_term_string\"}],\"inLanguage\":\"sv-SE\"}]}<\/script>\n<!-- \/ Yoast SEO plugin. -->","yoast_head_json":{"title":"Vittra \u00d6rebro | V\u00e5r antagningsprocess","description":"Vittra \u00e4r en skola i \u00d6rebro. H\u00e4r hittar du information och kan l\u00e4sa mer om v\u00e5ra urvalsgrunder och hur antagningsprocessen g\u00e5r till.","robots":{"index":"index","follow":"follow","max-snippet":"max-snippet:-1","max-image-preview":"max-image-preview:large","max-video-preview":"max-video-preview:-1"},"canonical":"https:\/\/vittra.se\/orebro\/antagning\/","og_locale":"sv_SE","og_type":"article","og_title":"Vittra \u00d6rebro | V\u00e5r antagningsprocess","og_description":"Vittra \u00e4r en skola i \u00d6rebro. H\u00e4r hittar du information och kan l\u00e4sa mer om v\u00e5ra urvalsgrunder och hur antagningsprocessen g\u00e5r till.","og_url":"https:\/\/vittra.se\/orebro\/antagning\/","og_site_name":"\u00d6rebro","article_modified_time":"2025-10-23T09:32:30+00:00","twitter_card":"summary_large_image","twitter_title":"Vittra \u00d6rebro | V\u00e5r antagningsprocess","twitter_description":"Vittra \u00e4r en skola i \u00d6rebro. H\u00e4r hittar du information och kan l\u00e4sa mer om v\u00e5ra urvalsgrunder och hur antagningsprocessen g\u00e5r till.","twitter_misc":{"Ber\u00e4knad l\u00e4stid":"1 minut"},"schema":{"@context":"https:\/\/schema.org","@graph":[{"@type":"WebPage","@id":"https:\/\/vittra.se\/orebro\/antagning\/","url":"https:\/\/vittra.se\/orebro\/antagning\/","name":"Vittra \u00d6rebro | V\u00e5r antagningsprocess","isPartOf":{"@id":"https:\/\/vittra.se\/orebro\/#website"},"datePublished":"2020-09-01T20:10:17+00:00","dateModified":"2025-10-23T09:32:30+00:00","description":"Vittra \u00e4r en skola i \u00d6rebro. H\u00e4r hittar du information och kan l\u00e4sa mer om v\u00e5ra urvalsgrunder och hur antagningsprocessen g\u00e5r till.","breadcrumb":{"@id":"https:\/\/vittra.se\/orebro\/antagning\/#breadcrumb"},"inLanguage":"sv-SE","potentialAction":[{"@type":"ReadAction","target":["https:\/\/vittra.se\/orebro\/antagning\/"]}]},{"@type":"BreadcrumbList","@id":"https:\/\/vittra.se\/orebro\/antagning\/#breadcrumb","itemListElement":[{"@type":"ListItem","position":1,"name":"Start","item":"https:\/\/vittra.se\/orebro\/"},{"@type":"ListItem","position":2,"name":"Antagningsprocess"}]},{"@type":"WebSite","@id":"https:\/\/vittra.se\/orebro\/#website","url":"https:\/\/vittra.se\/orebro\/","name":"\u00d6rebro","description":"Kunskap att f\u00f6r\u00e4ndra. Mod att p\u00e5verka.","potentialAction":[{"@type":"SearchAction","target":{"@type":"EntryPoint","urlTemplate":"https:\/\/vittra.se\/orebro\/?s={search_term_string}"},"query-input":"required name=search_term_string"}],"inLanguage":"sv-SE"}]}},"_links":{"self":[{"href":"https:\/\/vittra.se\/orebro\/wp-json\/wp\/v2\/pages\/41"}],"collection":[{"href":"https:\/\/vittra.se\/orebro\/wp-json\/wp\/v2\/pages"}],"about":[{"href":"https:\/\/vittra.se\/orebro\/wp-json\/wp\/v2\/types\/page"}],"author":[{"embeddable":true,"href":"https:\/\/vittra.se\/orebro\/wp-json\/wp\/v2\/users\/1"}],"replies":[{"embeddable":true,"href":"https:\/\/vittra.se\/orebro\/wp-json\/wp\/v2\/comments?post=41"}],"version-history":[{"count":10,"href":"https:\/\/vittra.se\/orebro\/wp-json\/wp\/v2\/pages\/41\/revisions"}],"predecessor-version":[{"id":2120,"href":"https:\/\/vittra.se\/orebro\/wp-json\/wp\/v2\/pages\/41\/revisions\/2120"}],"wp:attachment":[{"href":"https:\/\/vittra.se\/orebro\/wp-json\/wp\/v2\/media?parent=41"}],"curies":[{"name":"wp","href":"https:\/\/api.w.org\/{rel}","templated":true}]}}