{"id":25,"date":"2020-09-01T22:07:07","date_gmt":"2020-09-01T20:07:07","guid":{"rendered":"https:\/\/vittra.se\/kopieringsunderlag\/?page_id=25"},"modified":"2026-03-18T16:23:15","modified_gmt":"2026-03-18T15:23:15","slug":"grundskola","status":"publish","type":"page","link":"https:\/\/vittra.se\/orebro\/om\/grundskola\/","title":{"rendered":"Grundskola"},"content":{"rendered":"\n\t\n\t\n\t\n\n\t\n\t\n\t\t\n<section  class=\"c-block l-stacked  \" data-color-scheme=\"\">\n\t<div class=\"ams-fifty ams-fifty--container ams-fifty--right ams-fifty--bottom l-container u-pt-fluid-2xl-4xl u-pb-fluid-md-xl\">\n\t\t<div class=\"ams-fifty__content l-stack l-stack-xl is-left is-left@lg\">\n\t\t\t<div class=\"ams-fifty__text l-stack l-stack-lg\">\n\t\t\t\t\t\n\t<h2\n\tclass=\"c-heading u-font-title-1 \"\n\tstyle=\"\">\n\t\t\n\t\t\t\t\t\t\t\t\tVittra \u00d6rebros grundskola\n\t\t\t\t<span class=\"c-heading__sub is-below u-font-title-3\">\n\t\t\t\t\t\u00c5rskurs 6 till \u00e5rskurs 9\n\t\t\t\t<\/span>\n\t\t\t\t\t\t\t\n\t<\/h2>\n\n\t\t\t\t\t\t\t\t\t<div class=\"text l-stack u-font-body\">\n\t\t\t\t\t\t<p>P\u00e5 v\u00e5r grundskola i \u00d6rebro g\u00e5r elever fr\u00e5n \u00e5rskurs 6 till 9. H\u00e4r f\u00e5r du l\u00e4ra dig mer om samh\u00e4llet och hur du kan p\u00e5verka din omv\u00e4rld. Men du kommer ocks\u00e5 att l\u00e4ra dig mer om dig sj\u00e4lv \u2013 vem du \u00e4r, vad du st\u00e5r f\u00f6r och hur du kan uttrycka det. H\u00e4r kan du l\u00e4sa mer konkret vad det betyder.<\/p>\n\n\t\t\t\t\t<\/div>\n\t\t\t\t\t\t\t<\/div>\n\n\t\t\t\t\t<\/div>\n\n\t\t <div class=\"ams-fifty__media u-ratio-widescreen\">\n\t\t \t\t\t\t\t<img decoding=\"async\" width=\"600\" height=\"344\" src=\"https:\/\/vittra.se\/wp-content\/uploads\/sites\/29\/2024\/02\/vittra-byta-skola-orebro-202304-scaled-e1712318751226-600x344.jpg\" class=\"attachment-md size-md\" alt=\"Tv\u00e5 h\u00f6gstadieelever p\u00e5 Vittra \u00d6rebro f\u00e5r hj\u00e4lp av en l\u00e4rare under en lektion.\" sizes=\"(min-width: 64em) 600px, calc(100vw - 160px)\" srcset=\"https:\/\/vittra.se\/wp-content\/uploads\/sites\/29\/2024\/02\/vittra-byta-skola-orebro-202304-scaled-e1712318751226-600x344.jpg 600w, https:\/\/vittra.se\/wp-content\/uploads\/sites\/29\/2024\/02\/vittra-byta-skola-orebro-202304-scaled-e1712318751226-300x172.jpg 300w, https:\/\/vittra.se\/wp-content\/uploads\/sites\/29\/2024\/02\/vittra-byta-skola-orebro-202304-scaled-e1712318751226-400x229.jpg 400w, https:\/\/vittra.se\/wp-content\/uploads\/sites\/29\/2024\/02\/vittra-byta-skola-orebro-202304-scaled-e1712318751226-800x458.jpg 800w, https:\/\/vittra.se\/wp-content\/uploads\/sites\/29\/2024\/02\/vittra-byta-skola-orebro-202304-scaled-e1712318751226-1024x587.jpg 1024w, https:\/\/vittra.se\/wp-content\/uploads\/sites\/29\/2024\/02\/vittra-byta-skola-orebro-202304-scaled-e1712318751226-1200x688.jpg 1200w\" \/>\n\t\t\t\n\t\t\t\n\t\t\t\t\t<\/div>\n\t<\/div>\n\n\t\t\n\n<\/section>\n\n\n\n\t\n\t\n\t\n\n\t\n\t\n\t\t\n<section  class=\"c-block l-stacked  \" data-color-scheme=\"primar2\">\n\t<div class=\"ams-fifty ams-fifty--container ams-fifty--left ams-fifty--bottom l-container u-pt-fluid-2xl-4xl u-pb-fluid-2xl-4xl\">\n\t\t<div class=\"ams-fifty__content l-stack l-stack-xl is-left is-left@lg\">\n\t\t\t<div class=\"ams-fifty__text l-stack l-stack-lg\">\n\t\t\t\t\t\n\t<h2\n\tclass=\"c-heading u-font-title-1 \"\n\tstyle=\"\">\n\t\t\n\t\t\t\t\tVittras pedagogik\n\t\t\t\t\n\t<\/h2>\n\n\t\t\t\t\t\t\t\t\t<div class=\"text l-stack u-font-body\">\n\t\t\t\t\t\t<h3>Medvetet l\u00e4rande<\/h3>\n<p>Som elev p\u00e5 Vittra kommer du att jobba med medvetenhet. Med det menar vi att du kommer att uppt\u00e4cka vem du \u00e4r som person och vad du st\u00e5r f\u00f6r och hur du utvecklas och l\u00e4r dig som b\u00e4st. Du kommer ocks\u00e5 att l\u00e4ra dig mer om dina medm\u00e4nniskor, vad som h\u00e4nder i samh\u00e4llet och inte minst: hur du kan p\u00e5verka det.<\/p>\n<h3>Modig kultur<\/h3>\n<p>P\u00e5 Vittra kommer du att \u00f6va p\u00e5 att vara modig. Modig nog att fr\u00e5ga, lyssna, f\u00f6rst\u00e5 och g\u00f6ra. Det kan k\u00e4nnas l\u00e4skigt i b\u00f6rjan, men tillsammans med dina klasskamrater skapar vi en sn\u00e4ll milj\u00f6 d\u00e4r du v\u00e5gar vara nyfiken, utforska och uttrycka din \u00e5sikt. Ju mer du f\u00e5r \u00f6va p\u00e5 att vara modig, desto modigare blir du.<\/p>\n<h3>Tydlig struktur<\/h3>\n<p>Under din tid p\u00e5 Vittra kommer du veta tydligt vad du ska g\u00f6ra och vad som f\u00f6rv\u00e4ntas av dig. V\u00e5ra l\u00e4rare hj\u00e4lper dig att s\u00e4tta en plan och f\u00f6ljer upp dig l\u00e4ngs v\u00e4gen.<\/p>\n\n\t\t\t\t\t<\/div>\n\t\t\t\t\t\t\t<\/div>\n\n\t\t\t\t\t<\/div>\n\n\t\t <div class=\"ams-fifty__media u-ratio-square\">\n\t\t \t\t\t\t\t<img decoding=\"async\" width=\"600\" height=\"900\" src=\"https:\/\/vittra.se\/wp-content\/uploads\/sites\/29\/2023\/09\/vittravallentunafotoak719ret.jpg\" class=\"attachment-md size-md\" alt=\"Elever sitter och pratar med varandra i ett uppeh\u00e5llsrum\" sizes=\"(min-width: 64em) 600px, calc(100vw - 160px)\" srcset=\"https:\/\/vittra.se\/wp-content\/uploads\/sites\/29\/2023\/09\/vittravallentunafotoak719ret.jpg 1320w, https:\/\/vittra.se\/wp-content\/uploads\/sites\/29\/2023\/09\/vittravallentunafotoak719ret-200x300.jpg 200w, https:\/\/vittra.se\/wp-content\/uploads\/sites\/29\/2023\/09\/vittravallentunafotoak719ret-683x1024.jpg 683w, https:\/\/vittra.se\/wp-content\/uploads\/sites\/29\/2023\/09\/vittravallentunafotoak719ret-768x1152.jpg 768w, https:\/\/vittra.se\/wp-content\/uploads\/sites\/29\/2023\/09\/vittravallentunafotoak719ret-1024x1536.jpg 1024w, https:\/\/vittra.se\/wp-content\/uploads\/sites\/29\/2023\/09\/vittravallentunafotoak719ret-500x750.jpg 500w, https:\/\/vittra.se\/wp-content\/uploads\/sites\/29\/2023\/09\/vittravallentunafotoak719ret-153x229.jpg 153w, https:\/\/vittra.se\/wp-content\/uploads\/sites\/29\/2023\/09\/vittravallentunafotoak719ret-340x510.jpg 340w, https:\/\/vittra.se\/wp-content\/uploads\/sites\/29\/2023\/09\/vittravallentunafotoak719ret-1100x1650.jpg 1100w, https:\/\/vittra.se\/wp-content\/uploads\/sites\/29\/2023\/09\/vittravallentunafotoak719ret-447x670.jpg 447w\" \/>\n\t\t\t\n\t\t\t\n\t\t\t\t\t<\/div>\n\t<\/div>\n\n\t\t\n\n<\/section>\n\n\n\n\n<section  class=\"ams-cta ams-cta--stacked c-block l-stacked\">\n\t<div class=\"l-container l-stack l-stack-fluid-2xl u-pt-fluid-3xl-6xl u-pb-fluid-3xl-6xl is-center is-center@md\">\n\t\t\t\t\t<div class=\"ams-cta__intro l-stack l-stack-lg\">\n\t\t\t\t\t\n\t<h2\n\tclass=\"c-heading u-font-title-1 \"\n\tstyle=\"\">\n\t\t\n\t\t\t\t\tVill du l\u00e4sa mer om hur vi jobbar?\n\t\t\t\t\n\t<\/h2>\n\n\t\t\t\t\t\t\t<\/div>\n\t\t\n\t\t\n\t\t\t<div class=\"ams-cta__action u-inline-items\">\n\t\t\t\t\t\t\t\n\n\n<a href=\"https:\/\/vittra.se\/orebro\/om\/\"\n\t\n\tclass=\"c-btn \"\n\tdata-style=\"round\"\n\tdata-size=\"md\"\n\tdata-width=\"full-mobile\"\n\tdata-variant=\"default\"\n\ttarget=\"_self\">\n\t\t\t<span class=\"label\"> Om skolan och v\u00e5r pedagogik<\/span>\n\t\t\t<\/a>\n\t\t\t<\/div>\n\t<\/div>\n\n\t\t\n\n<\/section>\n\n\n<div   id=\"page-relative-menu\" class=\"site__font-monospace   container_width--full_width_conIcon   d-lg-none  \">\n\n\t\t\t\n<\/div>\n","protected":false},"excerpt":{"rendered":"","protected":false},"author":1,"featured_media":0,"parent":20,"menu_order":0,"comment_status":"closed","ping_status":"closed","template":"","meta":{"footnotes":""},"yoast_head":"<!-- This site is optimized with the Yoast SEO plugin v22.0 - https:\/\/yoast.com\/wordpress\/plugins\/seo\/ -->\n<title>Vittra | Grundskola i \u00d6rebro<\/title>\n<meta name=\"description\" content=\"Vittra \u00e4r en grundskola i \u00d6rebro. Vi har akademisk standard med struktur och medvetet l\u00e4rande som st\u00e4rker elevens personliga utveckling.\" \/>\n<meta name=\"robots\" content=\"index, follow, max-snippet:-1, max-image-preview:large, max-video-preview:-1\" \/>\n<link rel=\"canonical\" href=\"https:\/\/vittra.se\/orebro\/om\/grundskola\/\" \/>\n<meta property=\"og:locale\" content=\"sv_SE\" \/>\n<meta property=\"og:type\" content=\"article\" \/>\n<meta property=\"og:title\" content=\"Vittra | Grundskola i \u00d6rebro\" \/>\n<meta property=\"og:description\" content=\"Vittra \u00e4r en grundskola i \u00d6rebro. Vi har akademisk standard med struktur och medvetet l\u00e4rande som st\u00e4rker elevens personliga utveckling.\" \/>\n<meta property=\"og:url\" content=\"https:\/\/vittra.se\/orebro\/om\/grundskola\/\" \/>\n<meta property=\"og:site_name\" content=\"\u00d6rebro\" \/>\n<meta property=\"article:modified_time\" content=\"2026-03-18T15:23:15+00:00\" \/>\n<meta name=\"twitter:card\" content=\"summary_large_image\" \/>\n<meta name=\"twitter:title\" content=\"Vittra | Grundskola i \u00d6rebro\" \/>\n<meta name=\"twitter:description\" content=\"Vittra \u00e4r en grundskola i \u00d6rebro. Vi har akademisk standard med struktur och medvetet l\u00e4rande som st\u00e4rker elevens personliga utveckling.\" \/>\n<script type=\"application\/ld+json\" class=\"yoast-schema-graph\">{\"@context\":\"https:\/\/schema.org\",\"@graph\":[{\"@type\":\"WebPage\",\"@id\":\"https:\/\/vittra.se\/orebro\/om\/grundskola\/\",\"url\":\"https:\/\/vittra.se\/orebro\/om\/grundskola\/\",\"name\":\"Vittra | Grundskola i \u00d6rebro\",\"isPartOf\":{\"@id\":\"https:\/\/vittra.se\/orebro\/#website\"},\"datePublished\":\"2020-09-01T20:07:07+00:00\",\"dateModified\":\"2026-03-18T15:23:15+00:00\",\"description\":\"Vittra \u00e4r en grundskola i \u00d6rebro. Vi har akademisk standard med struktur och medvetet l\u00e4rande som st\u00e4rker elevens personliga utveckling.\",\"breadcrumb\":{\"@id\":\"https:\/\/vittra.se\/orebro\/om\/grundskola\/#breadcrumb\"},\"inLanguage\":\"sv-SE\",\"potentialAction\":[{\"@type\":\"ReadAction\",\"target\":[\"https:\/\/vittra.se\/orebro\/om\/grundskola\/\"]}]},{\"@type\":\"BreadcrumbList\",\"@id\":\"https:\/\/vittra.se\/orebro\/om\/grundskola\/#breadcrumb\",\"itemListElement\":[{\"@type\":\"ListItem\",\"position\":1,\"name\":\"Start\",\"item\":\"https:\/\/vittra.se\/orebro\/\"},{\"@type\":\"ListItem\",\"position\":2,\"name\":\"Om skolan\",\"item\":\"https:\/\/vittra.se\/orebro\/om\/\"},{\"@type\":\"ListItem\",\"position\":3,\"name\":\"Grundskola\"}]},{\"@type\":\"WebSite\",\"@id\":\"https:\/\/vittra.se\/orebro\/#website\",\"url\":\"https:\/\/vittra.se\/orebro\/\",\"name\":\"\u00d6rebro\",\"description\":\"Kunskap att f\u00f6r\u00e4ndra. Mod att p\u00e5verka.\",\"potentialAction\":[{\"@type\":\"SearchAction\",\"target\":{\"@type\":\"EntryPoint\",\"urlTemplate\":\"https:\/\/vittra.se\/orebro\/?s={search_term_string}\"},\"query-input\":\"required name=search_term_string\"}],\"inLanguage\":\"sv-SE\"}]}<\/script>\n<!-- \/ Yoast SEO plugin. -->","yoast_head_json":{"title":"Vittra | Grundskola i \u00d6rebro","description":"Vittra \u00e4r en grundskola i \u00d6rebro. Vi har akademisk standard med struktur och medvetet l\u00e4rande som st\u00e4rker elevens personliga utveckling.","robots":{"index":"index","follow":"follow","max-snippet":"max-snippet:-1","max-image-preview":"max-image-preview:large","max-video-preview":"max-video-preview:-1"},"canonical":"https:\/\/vittra.se\/orebro\/om\/grundskola\/","og_locale":"sv_SE","og_type":"article","og_title":"Vittra | Grundskola i \u00d6rebro","og_description":"Vittra \u00e4r en grundskola i \u00d6rebro. Vi har akademisk standard med struktur och medvetet l\u00e4rande som st\u00e4rker elevens personliga utveckling.","og_url":"https:\/\/vittra.se\/orebro\/om\/grundskola\/","og_site_name":"\u00d6rebro","article_modified_time":"2026-03-18T15:23:15+00:00","twitter_card":"summary_large_image","twitter_title":"Vittra | Grundskola i \u00d6rebro","twitter_description":"Vittra \u00e4r en grundskola i \u00d6rebro. Vi har akademisk standard med struktur och medvetet l\u00e4rande som st\u00e4rker elevens personliga utveckling.","schema":{"@context":"https:\/\/schema.org","@graph":[{"@type":"WebPage","@id":"https:\/\/vittra.se\/orebro\/om\/grundskola\/","url":"https:\/\/vittra.se\/orebro\/om\/grundskola\/","name":"Vittra | Grundskola i \u00d6rebro","isPartOf":{"@id":"https:\/\/vittra.se\/orebro\/#website"},"datePublished":"2020-09-01T20:07:07+00:00","dateModified":"2026-03-18T15:23:15+00:00","description":"Vittra \u00e4r en grundskola i \u00d6rebro. Vi har akademisk standard med struktur och medvetet l\u00e4rande som st\u00e4rker elevens personliga utveckling.","breadcrumb":{"@id":"https:\/\/vittra.se\/orebro\/om\/grundskola\/#breadcrumb"},"inLanguage":"sv-SE","potentialAction":[{"@type":"ReadAction","target":["https:\/\/vittra.se\/orebro\/om\/grundskola\/"]}]},{"@type":"BreadcrumbList","@id":"https:\/\/vittra.se\/orebro\/om\/grundskola\/#breadcrumb","itemListElement":[{"@type":"ListItem","position":1,"name":"Start","item":"https:\/\/vittra.se\/orebro\/"},{"@type":"ListItem","position":2,"name":"Om skolan","item":"https:\/\/vittra.se\/orebro\/om\/"},{"@type":"ListItem","position":3,"name":"Grundskola"}]},{"@type":"WebSite","@id":"https:\/\/vittra.se\/orebro\/#website","url":"https:\/\/vittra.se\/orebro\/","name":"\u00d6rebro","description":"Kunskap att f\u00f6r\u00e4ndra. Mod att p\u00e5verka.","potentialAction":[{"@type":"SearchAction","target":{"@type":"EntryPoint","urlTemplate":"https:\/\/vittra.se\/orebro\/?s={search_term_string}"},"query-input":"required name=search_term_string"}],"inLanguage":"sv-SE"}]}},"_links":{"self":[{"href":"https:\/\/vittra.se\/orebro\/wp-json\/wp\/v2\/pages\/25"}],"collection":[{"href":"https:\/\/vittra.se\/orebro\/wp-json\/wp\/v2\/pages"}],"about":[{"href":"https:\/\/vittra.se\/orebro\/wp-json\/wp\/v2\/types\/page"}],"author":[{"embeddable":true,"href":"https:\/\/vittra.se\/orebro\/wp-json\/wp\/v2\/users\/1"}],"replies":[{"embeddable":true,"href":"https:\/\/vittra.se\/orebro\/wp-json\/wp\/v2\/comments?post=25"}],"version-history":[{"count":9,"href":"https:\/\/vittra.se\/orebro\/wp-json\/wp\/v2\/pages\/25\/revisions"}],"predecessor-version":[{"id":2170,"href":"https:\/\/vittra.se\/orebro\/wp-json\/wp\/v2\/pages\/25\/revisions\/2170"}],"up":[{"embeddable":true,"href":"https:\/\/vittra.se\/orebro\/wp-json\/wp\/v2\/pages\/20"}],"wp:attachment":[{"href":"https:\/\/vittra.se\/orebro\/wp-json\/wp\/v2\/media?parent=25"}],"curies":[{"name":"wp","href":"https:\/\/api.w.org\/{rel}","templated":true}]}}