{"id":20,"date":"2020-09-01T22:06:33","date_gmt":"2020-09-01T20:06:33","guid":{"rendered":"https:\/\/vittra.se\/kopieringsunderlag\/?page_id=20"},"modified":"2026-03-18T16:17:22","modified_gmt":"2026-03-18T15:17:22","slug":"om","status":"publish","type":"page","link":"https:\/\/vittra.se\/orebro\/om\/","title":{"rendered":"Om skolan"},"content":{"rendered":"\n\t\n\t\n\t\n\n\t\n\t\n\t\t\n<section  class=\"c-block l-stacked  \" data-color-scheme=\"\">\n\t<div class=\"ams-fifty ams-fifty--container ams-fifty--right ams-fifty--bottom l-container u-pt-fluid-3xl-6xl u-pb-fluid-2xl-4xl\">\n\t\t<div class=\"ams-fifty__content l-stack l-stack-xl is-left is-left@lg\">\n\t\t\t<div class=\"ams-fifty__text l-stack l-stack-lg\">\n\t\t\t\t\t\n\t<h2\n\tclass=\"c-heading u-font-title-1 \"\n\tstyle=\"\">\n\t\t\n\t\t\t\t\t\t\t\t\tOm Vittra \u00d6rebro\n\t\t\t\t<span class=\"c-heading__sub is-below u-font-title-3\">\n\t\t\t\t\tHos oss g\u00e5r elever fr\u00e5n \u00e5rskurs 6 till \u00e5rskurs 9.\n\t\t\t\t<\/span>\n\t\t\t\t\t\t\t\n\t<\/h2>\n\n\t\t\t\t\t\t\t\t\t<div class=\"text l-stack u-font-body\">\n\t\t\t\t\t\t<p>Som elev p\u00e5 Vittra f\u00e5r du l\u00e4ra dig mer om samh\u00e4llet och hur du kan p\u00e5verka det f\u00f6r en h\u00e5llbar framtid. Du kommer ocks\u00e5 att l\u00e4ra dig mer om dig sj\u00e4lv \u2013 vem du \u00e4r, vad du st\u00e5r f\u00f6r och hur du kan uttrycka det. H\u00e4r jobbar l\u00e4rare som uppmuntrar eleverna att tycka till, framf\u00f6rallt om undervisningen. Vittra \u00d6rebro ligger mitt i stan p\u00e5 Karlsgatan 30, n\u00e4ra Karlaparken och centralen.<\/p>\n<p>Genom Vittras s\u00e5 kallade kvartersm\u00e5l unders\u00f6ker och engagerar sig eleverna i lokala och globala samh\u00e4llsfr\u00e5gor. De tr\u00e4nar p\u00e5 att f\u00f6rmedla aktuella h\u00e4ndelser inom ramen f\u00f6r Vittras redaktion. De f\u00e5r ocks\u00e5 kontinuerligt \u00f6va sig p\u00e5 att argumentera och uttrycka sin st\u00e5ndpunkt genom undervisning i retorik.<\/p>\n<p>P\u00e5 Vittra f\u00e5r du som elev de b\u00e4sta f\u00f6ruts\u00e4ttningarna att skaffa dig teoretiska kunskaper, samtidigt som du l\u00e4r sig att uttrycka dig och g\u00f6ra skillnad. N\u00e4r du g\u00e5r ut \u00e5rskurs nio \u00e4r du v\u00e4l rustad f\u00f6r vidare studier p\u00e5 gymnasiet.<\/p>\n\n\t\t\t\t\t<\/div>\n\t\t\t\t\t\t\t<\/div>\n\n\t\t\t\t\t<\/div>\n\n\t\t <div class=\"ams-fifty__media u-ratio-landscape\">\n\t\t \t\t\t\t\t<img decoding=\"async\" width=\"600\" height=\"400\" src=\"https:\/\/vittra.se\/wp-content\/uploads\/sites\/29\/2023\/09\/vittrasamsetfotoak695ret.jpg\" class=\"attachment-md size-md\" alt=\"En l\u00e4rare st\u00e5r och pratar med tre elever som sitter med sina skoldatorer i klassrummet\" sizes=\"(min-width: 64em) 600px, calc(100vw - 160px)\" srcset=\"https:\/\/vittra.se\/wp-content\/uploads\/sites\/29\/2023\/09\/vittrasamsetfotoak695ret.jpg 1980w, https:\/\/vittra.se\/wp-content\/uploads\/sites\/29\/2023\/09\/vittrasamsetfotoak695ret-300x200.jpg 300w, https:\/\/vittra.se\/wp-content\/uploads\/sites\/29\/2023\/09\/vittrasamsetfotoak695ret-1024x683.jpg 1024w, https:\/\/vittra.se\/wp-content\/uploads\/sites\/29\/2023\/09\/vittrasamsetfotoak695ret-768x512.jpg 768w, https:\/\/vittra.se\/wp-content\/uploads\/sites\/29\/2023\/09\/vittrasamsetfotoak695ret-1536x1024.jpg 1536w, https:\/\/vittra.se\/wp-content\/uploads\/sites\/29\/2023\/09\/vittrasamsetfotoak695ret-1920x1280.jpg 1920w, https:\/\/vittra.se\/wp-content\/uploads\/sites\/29\/2023\/09\/vittrasamsetfotoak695ret-500x333.jpg 500w, https:\/\/vittra.se\/wp-content\/uploads\/sites\/29\/2023\/09\/vittrasamsetfotoak695ret-340x227.jpg 340w, https:\/\/vittra.se\/wp-content\/uploads\/sites\/29\/2023\/09\/vittrasamsetfotoak695ret-1100x733.jpg 1100w, https:\/\/vittra.se\/wp-content\/uploads\/sites\/29\/2023\/09\/vittrasamsetfotoak695ret-1000x667.jpg 1000w\" \/>\n\t\t\t\n\t\t\t\n\t\t\t\t\t<\/div>\n\t<\/div>\n\n\t\t\n\n<\/section>\n\n\n\n\n<section  class=\"ams-info-card c-block l-stacked\" data-color-scheme=\"map-rosa\">\n\t<div class=\"l-container l-stack l-stack-fluid-2xl u-pt-fluid-2xl-4xl u-pb-fluid-md-xl is-center is-center@md\">\n\t\t\t\t\t<div class=\"ams-info-card__intro l-stack l-stack-lg\">\n\t\t\t\t\t\n\t<h2\n\tclass=\"c-heading u-font-title-1 \"\n\tstyle=\"\">\n\t\t\n\t\t\t\t\tS\u00e5 jobbar vi p\u00e5 Vittra &#8211; v\u00e5r pedagogik\n\t\t\t\t\n\t<\/h2>\n\n\t\t\t\t\t\t\t\t\t<div class=\"c-text l-stack u-cs-xl u-font-body\">\n\t\t\t\t\t\t<p style=\"text-align: left;\">Med hj\u00e4lp av v\u00e5ra 3 pedagogiska verktyg skapar vi en tydlig struktur, en modig kultur och ett medvetet l\u00e4rande.<br \/>\nArbetet med de olika verktygen kan skilja sig mellan de olika skolorna. Fr\u00e5ga g\u00e4rna er skola hur de arbetar med de olika verktygen.<\/p>\n\n\t\t\t\t\t<\/div>\n\t\t\t\t\t\t\t<\/div>\n\t\t\n\t\t\t\t\t\n<ul class=\"ams-info-card__list l-grid u-gap-2xl\">\n\t\t\t<li class=\"l-col-6@md l-col-4@lg\">\n\t\t\t<article\n\t\t\t\tclass=\"\n\t\t\t\tc-card\n\t\t\t\t\n\t\t\t\thas-media-zoom\n\t\t\t\t\n\t\t\t\t\"\n\t\t\t\tdata-variant=\"space\"\n\t\t\t\tdata-style=\"square\"\n\t\t\t\t data-click-area\n\t\t\t\t\n\t\t\t\t\n\t\t\t\t>\n\t\t\t\t<div class=\"c-card__content l-stack l-stack-sm is-left is-left@md\">\n\t\t\t\t\t\t\t\t\t\t\t<h3 class=\"c-card__title u-font-title-3\">\n\t\t\t\t\t\t\t\t\t\t\t\t\t\t\t<a class=\"c-card__link\" href=\"https:\/\/vittra.se\/orebro\/pedagogiska-verktyg\/vittraformagorna\/\" target=\"_self\">\n\t\t\t\t\t\t\t\t\tVittraf\u00f6rm\u00e5gorna\n\t\t\t\t\t\t\t\t<\/a>\n\t\t\t\t\t\t\t\t\t\t\t\t\t<\/h3>\n\t\t\t\t\t\n\t\t\t\t\t\t\t\t\t\t\t<div class=\"c-card__text l-stack-xs u-font-body\">\n\t\t\t\t\t\t\t<p>Genom Vittraf\u00f6rm\u00e5gorna rustar vi eleverna f\u00f6r b\u00e5de livet i skolan och v\u00e4rlden utanf\u00f6r \u2013 genom att utveckla kunskap, sj\u00e4lvinsikt och de f\u00f6rm\u00e5gor som beh\u00f6vs f\u00f6r att samarbeta, ta ansvar och p\u00e5verka.<\/p>\n\n\t\t\t\t\t\t<\/div>\n\t\t\t\t\t\n\t\t\t\t\t\t\t\t\t\t\t<div class=\"c-card__icon c-card__icon--nl\">\n\t\t\t\t\t\t\t\t\t\t\t\t\t\t<svg class=\"ams-icon ams-icon--arrow-right\" width=\"32\" height=\"32\" viewbox=\"0 0 32 32\" fill=\"currentColor\" aria-hidden=\"true\" xmlns=\"http:\/\/www.w3.org\/2000\/svg\">\n\t\t\t\t\t\t\t\t\t\t\t\t\t\t\t\t<path d=\"M15.4617 0.252159L14.9567 0.75931C14.6219 1.09545 14.6219 1.64048 14.9567 1.97669L27.7062 14.7806H0.857144C0.383786 14.7806 0 15.166 0 15.6414V16.3587C0 16.8341 0.383786 17.2195 0.857144 17.2195H27.7062L14.9567 30.0234C14.6219 30.3595 14.6219 30.9045 14.9567 31.2407L15.4617 31.7479C15.7964 32.084 16.3392 32.084 16.6739 31.7479L31.749 16.6087C32.0837 16.2725 32.0837 15.7275 31.749 15.3913L16.6739 0.252159C16.3392 -0.084053 15.7964 -0.084053 15.4617 0.252159Z\"\/>\n\t\t\t\t\t\t\t\n\t\t\t\t\t\t\t<\/svg>\n\t\t\t\t\t\t<\/div>\n\t\t\t\t\t\t\t\t\t<\/div>\n\n\t\t\t\t\t\t\t\t\t<div class=\"c-card__media \" style=\" \">\n\t\t\t\t\t\t<img decoding=\"async\" width=\"400\" height=\"277\" src=\"https:\/\/vittra.se\/wp-content\/uploads\/2024\/04\/vittrasamset202506ak79-e1761728272381-400x277.jpg\" class=\"\" alt=\"Elev slipar tr\u00e4figur p\u00e5 tr\u00e4sl\u00f6jden\" sizes=\"(min-width: 64em) 300px, (min-width: 48em) calc(.50 * (100vw - 304px)), calc(100vw - 208px)\" srcset=\"https:\/\/vittra.se\/wp-content\/uploads\/2024\/04\/vittrasamset202506ak79-e1761728272381-400x277.jpg 400w, https:\/\/vittra.se\/wp-content\/uploads\/2024\/04\/vittrasamset202506ak79-e1761728272381-300x208.jpg 300w, https:\/\/vittra.se\/wp-content\/uploads\/2024\/04\/vittrasamset202506ak79-e1761728272381-600x416.jpg 600w, https:\/\/vittra.se\/wp-content\/uploads\/2024\/04\/vittrasamset202506ak79-e1761728272381-800x555.jpg 800w, https:\/\/vittra.se\/wp-content\/uploads\/2024\/04\/vittrasamset202506ak79-e1761728272381.jpg 845w\" \/>\n\t\t\t\t\t<\/div>\n\t\t\t\t\t\t\t<\/article>\n\t\t<\/li>\n\t\t\t<li class=\"l-col-6@md l-col-4@lg\">\n\t\t\t<article\n\t\t\t\tclass=\"\n\t\t\t\tc-card\n\t\t\t\t\n\t\t\t\thas-media-zoom\n\t\t\t\t\n\t\t\t\t\"\n\t\t\t\tdata-variant=\"space\"\n\t\t\t\tdata-style=\"square\"\n\t\t\t\t data-click-area\n\t\t\t\t\n\t\t\t\t\n\t\t\t\t>\n\t\t\t\t<div class=\"c-card__content l-stack l-stack-sm is-left is-left@md\">\n\t\t\t\t\t\t\t\t\t\t\t<h3 class=\"c-card__title u-font-title-3\">\n\t\t\t\t\t\t\t\t\t\t\t\t\t\t\t<a class=\"c-card__link\" href=\"https:\/\/vittra.se\/orebro\/samhallsforankrad-undervisning\/\" target=\"_self\">\n\t\t\t\t\t\t\t\t\tSamh\u00e4llsf\u00f6rankrad undervisning\n\t\t\t\t\t\t\t\t<\/a>\n\t\t\t\t\t\t\t\t\t\t\t\t\t<\/h3>\n\t\t\t\t\t\n\t\t\t\t\t\t\t\t\t\t\t<div class=\"c-card__text l-stack-xs u-font-body\">\n\t\t\t\t\t\t\t<p><span style=\"font-weight: 400;\">Att vara i f\u00f6rskolan och skolan ska k\u00e4nnas b\u00e5de motiverande och relevant. D\u00e5 l\u00e4r vi oss mer.\u00a0 F\u00f6r att skapa motivation och relevans arbetar vi i Vittra med en samh\u00e4llsf\u00f6rankrad undervisning.\u00a0<\/span><\/p>\n\n\t\t\t\t\t\t<\/div>\n\t\t\t\t\t\n\t\t\t\t\t\t\t\t\t\t\t<div class=\"c-card__icon c-card__icon--nl\">\n\t\t\t\t\t\t\t\t\t\t\t\t\t\t<svg class=\"ams-icon ams-icon--arrow-right\" width=\"32\" height=\"32\" viewbox=\"0 0 32 32\" fill=\"currentColor\" aria-hidden=\"true\" xmlns=\"http:\/\/www.w3.org\/2000\/svg\">\n\t\t\t\t\t\t\t\t\t\t\t\t\t\t\t\t<path d=\"M15.4617 0.252159L14.9567 0.75931C14.6219 1.09545 14.6219 1.64048 14.9567 1.97669L27.7062 14.7806H0.857144C0.383786 14.7806 0 15.166 0 15.6414V16.3587C0 16.8341 0.383786 17.2195 0.857144 17.2195H27.7062L14.9567 30.0234C14.6219 30.3595 14.6219 30.9045 14.9567 31.2407L15.4617 31.7479C15.7964 32.084 16.3392 32.084 16.6739 31.7479L31.749 16.6087C32.0837 16.2725 32.0837 15.7275 31.749 15.3913L16.6739 0.252159C16.3392 -0.084053 15.7964 -0.084053 15.4617 0.252159Z\"\/>\n\t\t\t\t\t\t\t\n\t\t\t\t\t\t\t<\/svg>\n\t\t\t\t\t\t<\/div>\n\t\t\t\t\t\t\t\t\t<\/div>\n\n\t\t\t\t\t\t\t\t\t<div class=\"c-card__media \" style=\" \">\n\t\t\t\t\t\t<img decoding=\"async\" width=\"400\" height=\"267\" src=\"https:\/\/vittra.se\/wp-content\/uploads\/2025\/08\/vittrasamset202506ak56-400x267.jpg\" class=\"\" alt=\"Elev r\u00e4cker upp handen i klassrummet.\" sizes=\"(min-width: 64em) 300px, (min-width: 48em) calc(.50 * (100vw - 304px)), calc(100vw - 208px)\" srcset=\"https:\/\/vittra.se\/wp-content\/uploads\/2025\/08\/vittrasamset202506ak56-400x267.jpg 400w, https:\/\/vittra.se\/wp-content\/uploads\/2025\/08\/vittrasamset202506ak56-300x200.jpg 300w, https:\/\/vittra.se\/wp-content\/uploads\/2025\/08\/vittrasamset202506ak56-600x400.jpg 600w, https:\/\/vittra.se\/wp-content\/uploads\/2025\/08\/vittrasamset202506ak56-800x534.jpg 800w, https:\/\/vittra.se\/wp-content\/uploads\/2025\/08\/vittrasamset202506ak56.jpg 1000w\" \/>\n\t\t\t\t\t<\/div>\n\t\t\t\t\t\t\t<\/article>\n\t\t<\/li>\n\t\t\t<li class=\"l-col-6@md l-col-4@lg\">\n\t\t\t<article\n\t\t\t\tclass=\"\n\t\t\t\tc-card\n\t\t\t\t\n\t\t\t\thas-media-zoom\n\t\t\t\t\n\t\t\t\t\"\n\t\t\t\tdata-variant=\"space\"\n\t\t\t\tdata-style=\"square\"\n\t\t\t\t data-click-area\n\t\t\t\t\n\t\t\t\t\n\t\t\t\t>\n\t\t\t\t<div class=\"c-card__content l-stack l-stack-sm is-left is-left@md\">\n\t\t\t\t\t\t\t\t\t\t\t<h3 class=\"c-card__title u-font-title-3\">\n\t\t\t\t\t\t\t\t\t\t\t\t\t\t\t<a class=\"c-card__link\" href=\"https:\/\/vittra.se\/orebro\/vittrakulturen\/\" target=\"_self\">\n\t\t\t\t\t\t\t\t\tVittrakulturen\n\t\t\t\t\t\t\t\t<\/a>\n\t\t\t\t\t\t\t\t\t\t\t\t\t<\/h3>\n\t\t\t\t\t\n\t\t\t\t\t\t\t\t\t\t\t<div class=\"c-card__text l-stack-xs u-font-body\">\n\t\t\t\t\t\t\t<p>Vittrakulturen bygger p\u00e5 trygghet och gemenskap \u2013 d\u00e4r alla kan vara sig sj\u00e4lva och tr\u00e4nas i omtanke, respekt och mod att utforska och utvecklas.<\/p>\n\n\t\t\t\t\t\t<\/div>\n\t\t\t\t\t\n\t\t\t\t\t\t\t\t\t\t\t<div class=\"c-card__icon c-card__icon--nl\">\n\t\t\t\t\t\t\t\t\t\t\t\t\t\t<svg class=\"ams-icon ams-icon--arrow-right\" width=\"32\" height=\"32\" viewbox=\"0 0 32 32\" fill=\"currentColor\" aria-hidden=\"true\" xmlns=\"http:\/\/www.w3.org\/2000\/svg\">\n\t\t\t\t\t\t\t\t\t\t\t\t\t\t\t\t<path d=\"M15.4617 0.252159L14.9567 0.75931C14.6219 1.09545 14.6219 1.64048 14.9567 1.97669L27.7062 14.7806H0.857144C0.383786 14.7806 0 15.166 0 15.6414V16.3587C0 16.8341 0.383786 17.2195 0.857144 17.2195H27.7062L14.9567 30.0234C14.6219 30.3595 14.6219 30.9045 14.9567 31.2407L15.4617 31.7479C15.7964 32.084 16.3392 32.084 16.6739 31.7479L31.749 16.6087C32.0837 16.2725 32.0837 15.7275 31.749 15.3913L16.6739 0.252159C16.3392 -0.084053 15.7964 -0.084053 15.4617 0.252159Z\"\/>\n\t\t\t\t\t\t\t\n\t\t\t\t\t\t\t<\/svg>\n\t\t\t\t\t\t<\/div>\n\t\t\t\t\t\t\t\t\t<\/div>\n\n\t\t\t\t\t\t\t\t\t<div class=\"c-card__media \" style=\" \">\n\t\t\t\t\t\t<img decoding=\"async\" width=\"400\" height=\"267\" src=\"https:\/\/vittra.se\/wp-content\/uploads\/2025\/09\/vittrasamset202506ak563-400x267.jpg\" class=\"\" alt=\"En elev har den andra p\u00e5 ryggen. De kollar in i kameran och ler.\" sizes=\"(min-width: 64em) 300px, (min-width: 48em) calc(.50 * (100vw - 304px)), calc(100vw - 208px)\" srcset=\"https:\/\/vittra.se\/wp-content\/uploads\/2025\/09\/vittrasamset202506ak563-400x267.jpg 400w, https:\/\/vittra.se\/wp-content\/uploads\/2025\/09\/vittrasamset202506ak563-300x200.jpg 300w, https:\/\/vittra.se\/wp-content\/uploads\/2025\/09\/vittrasamset202506ak563-600x400.jpg 600w, https:\/\/vittra.se\/wp-content\/uploads\/2025\/09\/vittrasamset202506ak563-800x534.jpg 800w, https:\/\/vittra.se\/wp-content\/uploads\/2025\/09\/vittrasamset202506ak563.jpg 1000w\" \/>\n\t\t\t\t\t<\/div>\n\t\t\t\t\t\t\t<\/article>\n\t\t<\/li>\n\t<\/ul>\n\t\n\t\t\t<\/div>\n\n\t\t\n\n<\/section>\n\n\n\n\n<section  class=\"ams-cta ams-cta--stacked c-block l-stacked\">\n\t<div class=\"l-container l-stack l-stack-fluid-2xl u-pt-fluid-2xl-4xl u-pb-fluid-2xl-4xl is-center is-center@md\">\n\t\t\t\t\t<div class=\"ams-cta__intro l-stack l-stack-lg\">\n\t\t\t\t\t\n\t<h2\n\tclass=\"c-heading u-font-title-2 \"\n\tstyle=\"\">\n\t\t\n\t\t\t\t\tGrundskola i \u00d6rebro\n\t\t\t\t\n\t<\/h2>\n\n\t\t\t\t\t\t\t\t\t<div class=\"c-text l-stack u-cs-xl u-font-body\">\n\t\t\t\t\t\t<p>P\u00e5 Vittra \u00d6rebro \u00e4r vi en grundskola fr\u00e5n \u00e5rskurs 6 till \u00e5rskurs 9.<\/p>\n\n\t\t\t\t\t<\/div>\n\t\t\t\t\t\t\t<\/div>\n\t\t\n\t\t\n\t\t\t<div class=\"ams-cta__action u-inline-items\">\n\t\t\t\t\t\t\t\n\n\n<a href=\"https:\/\/vittra.se\/orebro\/om\/grundskola\/\"\n\t\n\tclass=\"c-btn \"\n\tdata-style=\"round\"\n\tdata-size=\"md\"\n\tdata-width=\"full-mobile\"\n\tdata-variant=\"default\"\n\ttarget=\"_self\">\n\t\t\t<span class=\"label\"> L\u00e4s mer om v\u00e5r grundskola<\/span>\n\t\t\t<\/a>\n\t\t\t<\/div>\n\t<\/div>\n\n\t\t\n\n<\/section>\n\n\n\n\t<div class=\"module_wrapper ams_remote_pages_module \">\n\t\t\n\n<section  class=\"ams-cta ams-cta--stacked c-block l-stacked\" data-color-scheme=\"nyans1_av_p2\">\n\t<div class=\"l-container l-stack l-stack-fluid-2xl u-pt-fluid-3xl-6xl u-pb-fluid-3xl-6xl is-center is-center@md\">\n\t\t\t\t\t<div class=\"ams-cta__intro l-stack l-stack-lg\">\n\t\t\t\t\t\n\t<h2\n\tclass=\"c-heading u-font-title-1 \"\n\tstyle=\"\">\n\t\t\n\t\t\t\t\tV\u00e4lkommen att bes\u00f6ka oss p\u00e5 Vittra \u00d6rebro\n\t\t\t\t\n\t<\/h2>\n\n\t\t\t\t\t\t\t\t\t<div class=\"c-text l-stack u-cs-xl u-font-body\">\n\t\t\t\t\t\t<p>Du \u00e4r varmt v\u00e4lkommen p\u00e5 bes\u00f6k f\u00f6r att l\u00e4ra k\u00e4nna oss och v\u00e5rt arbetss\u00e4tt.<\/p>\n\n\t\t\t\t\t<\/div>\n\t\t\t\t\t\t\t<\/div>\n\t\t\n\t\t\n\t\t\t<div class=\"ams-cta__action u-inline-items\">\n\t\t\t\t\t\t\t\n\n\n<a href=\"https:\/\/vittra.se\/orebro\/besok\/\"\n\t\n\tclass=\"c-btn \"\n\tdata-style=\"round\"\n\tdata-size=\"md\"\n\tdata-width=\"full-mobile\"\n\tdata-variant=\"default\"\n\ttarget=\"_self\">\n\t\t\t<span class=\"label\"> Bes\u00f6k oss<\/span>\n\t\t\t<\/a>\n\t\t\t<\/div>\n\t<\/div>\n\n\t\t\n\n<\/section>\n\t<\/div>\n\n\t\n\n\n<section \n\t\t class=\"\n\t\t ams-contact\n\t\t \n\t\t c-block l-stacked\n\t\t \n\t\t \n\t\t js-load-more\n\t\t \"\n\t\t data-color-scheme=\"\"\n\t\t\t\t\tdata-count=\"3\"\n\t\t\t\t\t\t\tdata-count-mobile=\"2\"\n\t\t\t\t>\n\t<div\n\t\t class=\"\n\t\t l-container\n\t\t l-stack l-stack-fluid-2xl\n\t\t u-pt-fluid-3xl-6xl\n\t\t u-pb-fluid-3xl-6xl\n\t\t is-center\n\t\t is-center@md\n\t\t \">\n\t\t\t\t\t<div class=\"ams-contact__intro l-stack l-stack-lg\">\n\t\t\t\t\t\n\t<h2\n\tclass=\"c-heading u-font-title-1 \"\n\tstyle=\"\">\n\t\t\n\t\t\t\t\tKvalitets\u00adrapport\n\t\t\t\t\n\t<\/h2>\n\n\t\t\t\t\t\t\t\t\t<div class=\"c-text l-stack u-cs-xl u-font-body\">\n\t\t\t\t\t\t<p class=\"c-heading u-font-title-1 \"><span style=\"font-family: -apple-system, BlinkMacSystemFont, 'Segoe UI', Roboto, 'Helvetica Neue', Arial, 'Noto Sans', 'Liberation Sans', sans-serif, 'Apple Color Emoji', 'Segoe UI Emoji', 'Segoe UI Symbol', 'Noto Color Emoji'; font-size: 1rem;\">Vill du ta del av v\u00e5r kvalitetsrapport? Kontakta skolans administrat\u00f6r eller rektor.<\/span><\/p>\n\n\t\t\t\t\t<\/div>\n\t\t\t\t\t\t\t<\/div>\n\t\t\n\t\t\n\t\t    \t\n\t\t\n\t\t<ul\n\t\t\tid=\"contact-grid-69f249f69d813\"\n\t\t\tclass=\"ams-contact__list l-grid u-gap-fluid-2xl-4xl u-justify-center js-results \"\n\t\t\taria-label=\"Kontakter\"\n\t\t\tdata-filter-animation=\"off\"\n\t\t\t>\n\t\t\t\t\t\t\t\t\t\t\t\n\t\t\t\t\n\t\t\t\t<li class=\"l-col-6@md l-col-4@lg \" data-filter=\"1c\">\n\t\t\t\t\t<article class=\"c-card \" data-variant=\"neutral\">\n\t\t\t\t\t\t<div class=\"c-card__content u-text-center\">\n\t\t\t\t\t\t\t\t\t\t\t\t\t\t\t<h3 class=\"c-card__title u-font-title-3\">\n\t\t\t\t\t\t\t\t\tMagdalena Iljans\n\t\t\t\t\t\t\t\t<\/h3>\n\t\t\t\t\t\t\t\n\t\t\t\t\t\t\t\t\t\t\t\t\t\t\t<p class=\"position u-font-body\">Rektor<\/p>\n\t\t\t\t\t\t\t\n\t\t\t\t\t\t\t\t\t\t\t\t\t\t\t<div class=\"contact-info u-font-body\">\n\t\t\t\t\t\t\t\t\t\t\t\t\t\t\t\t\t\t\t\t\t\t\t\t\t\t\t\t\t\t<p class=\"phone\"><a\n\t\t\t\t\t\t\t\t\t\t\t\t\thref=\"tel:0761156846\"\n\t\t\t\t\t\t\t\t\t\t\t\t\tclass=\"u-text-link\">076-115 68 46<\/a>\n\t\t\t\t\t\t\t\t\t\t\t<\/p>\n\t\t\t\t\t\t\t\t\t\t\t\t\t\t\t\t\t\t\t\n\t\t\t\t\t\t\t\t\t\t\t\t\t\t\t\t\t\t\t\t\t\t\t\t\t\t\t\t\t\t<p class=\"email\"><a\n\t\t\t\t\t\t\t\t\t\t\t\t\thref=\"&#109;&#097;&#105;&#108;&#116;&#111;&#058;&#109;&#097;gda&#108;&#101;&#110;a&#046;ilj&#097;&#110;s&#064;vit&#116;r&#097;.s&#101;\"\n\t\t\t\t\t\t\t\t\t\t\t\t\tclass=\"u-text-link\">&#109;agda&#108;&#101;na.&#105;l&#106;an&#115;&#064;v&#105;tt&#114;a&#046;s&#101;<\/a>\n\t\t\t\t\t\t\t\t\t\t\t<\/p>\n\t\t\t\t\t\t\t\t\t\t\t\t\t\t\t\t\t\t\t\t\t\t\t\t\t\t\t<\/div>\n\t\t\t\t\t\t\t\n\t\t\t\t\t\t\t\t\t\t\t\t\t<\/div>\n\t\t\t\t\t\t<div class=\"c-card__media\">\n\t\t\t\t\t\t\t\t\t\t\t\t\t\t\t\t\t\t\t\t\t\t\t\t\t\t\t\t\t\t\t\t\t\t\t\t\t\t\t\t\t\t\t\t\t\t\t\t\t<img decoding=\"async\" width=\"320\" height=\"320\" src=\"https:\/\/vittra.se\/wp-content\/uploads\/sites\/29\/2021\/12\/rektororebro1.png\" class=\"u-radius-round u-ratio-landscape  \" alt=\"\" sizes=\"(max-width: 300px) 100vw, 300px\" srcset=\"https:\/\/vittra.se\/wp-content\/uploads\/sites\/29\/2021\/12\/rektororebro1.png 320w, https:\/\/vittra.se\/wp-content\/uploads\/sites\/29\/2021\/12\/rektororebro1-300x300.png 300w, https:\/\/vittra.se\/wp-content\/uploads\/sites\/29\/2021\/12\/rektororebro1-150x150.png 150w, https:\/\/vittra.se\/wp-content\/uploads\/sites\/29\/2021\/12\/rektororebro1-229x229.png 229w, https:\/\/vittra.se\/wp-content\/uploads\/sites\/29\/2021\/12\/rektororebro1-100x100.png 100w\" \/>\n\t\t\t\t\t\t<\/div>\n\t\t\t\t\t<\/article>\n\t\t\t\t<\/li>\n\t\t\t\t\t\t\t\t\t\t\t\n\t\t\t\t\n\t\t\t\t<li class=\"l-col-6@md l-col-4@lg \" data-filter=\"administration\">\n\t\t\t\t\t<article class=\"c-card \" data-variant=\"neutral\">\n\t\t\t\t\t\t<div class=\"c-card__content u-text-center\">\n\t\t\t\t\t\t\t\t\t\t\t\t\t\t\t<h3 class=\"c-card__title u-font-title-3\">\n\t\t\t\t\t\t\t\t\tSofi B\u00e4ckelin\n\t\t\t\t\t\t\t\t<\/h3>\n\t\t\t\t\t\t\t\n\t\t\t\t\t\t\t\t\t\t\t\t\t\t\t<p class=\"position u-font-body\">Administrat\u00f6r<\/p>\n\t\t\t\t\t\t\t\n\t\t\t\t\t\t\t\t\t\t\t\t\t\t\t<div class=\"contact-info u-font-body\">\n\t\t\t\t\t\t\t\t\t\t\t\t\t\t\t\t\t\t\t\t\t\t\t\t\t\t\t\t\t\t<p class=\"phone\"><a\n\t\t\t\t\t\t\t\t\t\t\t\t\thref=\"tel:0761191854\"\n\t\t\t\t\t\t\t\t\t\t\t\t\tclass=\"u-text-link\">076-119 18 54<\/a>\n\t\t\t\t\t\t\t\t\t\t\t<\/p>\n\t\t\t\t\t\t\t\t\t\t\t\t\t\t\t\t\t\t\t\n\t\t\t\t\t\t\t\t\t\t\t\t\t\t\t\t\t\t\t\t\t\t\t\t\t\t\t\t\t\t<p class=\"email\"><a\n\t\t\t\t\t\t\t\t\t\t\t\t\thref=\"&#109;a&#105;lto&#058;&#111;&#114;ebr&#111;&#064;vi&#116;t&#114;&#097;.&#115;&#101;\"\n\t\t\t\t\t\t\t\t\t\t\t\t\tclass=\"u-text-link\">oreb&#114;o&#064;&#118;&#105;&#116;tr&#097;&#046;&#115;e<\/a>\n\t\t\t\t\t\t\t\t\t\t\t<\/p>\n\t\t\t\t\t\t\t\t\t\t\t\t\t\t\t\t\t\t\t\t\t\t\t\t\t\t\t<\/div>\n\t\t\t\t\t\t\t\n\t\t\t\t\t\t\t\t\t\t\t\t\t<\/div>\n\t\t\t\t\t\t<div class=\"c-card__media\">\n\t\t\t\t\t\t\t\t\t\t\t\t\t\t\t\t\t\t\t\t\t\t\t\t\t\t\t\t\t\t\t\t\t\t\t\t\t\t\t\t\t\t\t\t\t\t\t\t\t<img decoding=\"async\" width=\"400\" height=\"457\" src=\"https:\/\/vittra.se\/wp-content\/uploads\/sites\/29\/2024\/07\/sofi-backelin-2024-e1724306464477.jpg\" class=\"u-radius-round u-ratio-landscape  \" alt=\"\" sizes=\"(max-width: 300px) 100vw, 300px\" srcset=\"https:\/\/vittra.se\/wp-content\/uploads\/sites\/29\/2024\/07\/sofi-backelin-2024-e1724306464477.jpg 400w, https:\/\/vittra.se\/wp-content\/uploads\/sites\/29\/2024\/07\/sofi-backelin-2024-e1724306464477-300x343.jpg 300w\" \/>\n\t\t\t\t\t\t<\/div>\n\t\t\t\t\t<\/article>\n\t\t\t\t<\/li>\n\t\t\t\t\t<\/ul>\n\n\t\t\n\t\t\n\t\t\t<\/div>\n\n\t\t\n\n<\/section>\n\n\n<div   id=\"page-relative-menu\" class=\"site__font-monospace   container_width--full_width_conIcon   d-lg-none  \">\n\n\t\t\t\n<\/div>\n","protected":false},"excerpt":{"rendered":"","protected":false},"author":1,"featured_media":0,"parent":0,"menu_order":10,"comment_status":"closed","ping_status":"closed","template":"","meta":{"footnotes":""},"yoast_head":"<!-- This site is optimized with the Yoast SEO plugin v22.0 - https:\/\/yoast.com\/wordpress\/plugins\/seo\/ -->\n<title>Vittra \u00d6rebro | Om oss och v\u00e5r verksamhet<\/title>\n<meta name=\"description\" content=\"Vittra \u00e4r en skola i \u00d6rebro som \u00e4r centralt bel\u00e4gen med n\u00e4rhet till Karlaparken. Hos oss g\u00e5r eleverna fr\u00e5n \u00e5rskurs 6 till \u00e5rskurs 9.\" \/>\n<meta name=\"robots\" content=\"index, follow, max-snippet:-1, max-image-preview:large, max-video-preview:-1\" \/>\n<link rel=\"canonical\" href=\"https:\/\/vittra.se\/orebro\/om\/\" \/>\n<meta property=\"og:locale\" content=\"sv_SE\" \/>\n<meta property=\"og:type\" content=\"article\" \/>\n<meta property=\"og:title\" content=\"Vittra \u00d6rebro | Om oss och v\u00e5r verksamhet\" \/>\n<meta property=\"og:description\" content=\"Vittra \u00e4r en skola i \u00d6rebro som \u00e4r centralt bel\u00e4gen med n\u00e4rhet till Karlaparken. Hos oss g\u00e5r eleverna fr\u00e5n \u00e5rskurs 6 till \u00e5rskurs 9.\" \/>\n<meta property=\"og:url\" content=\"https:\/\/vittra.se\/orebro\/om\/\" \/>\n<meta property=\"og:site_name\" content=\"\u00d6rebro\" \/>\n<meta property=\"article:modified_time\" content=\"2026-03-18T15:17:22+00:00\" \/>\n<meta name=\"twitter:card\" content=\"summary_large_image\" \/>\n<meta name=\"twitter:title\" content=\"Vittra \u00d6rebro | Om oss och v\u00e5r verksamhet\" \/>\n<meta name=\"twitter:description\" content=\"Vittra \u00e4r en skola i \u00d6rebro som \u00e4r centralt bel\u00e4gen med n\u00e4rhet till Karlaparken. Hos oss g\u00e5r eleverna fr\u00e5n \u00e5rskurs 6 till \u00e5rskurs 9.\" \/>\n<script type=\"application\/ld+json\" class=\"yoast-schema-graph\">{\"@context\":\"https:\/\/schema.org\",\"@graph\":[{\"@type\":\"WebPage\",\"@id\":\"https:\/\/vittra.se\/orebro\/om\/\",\"url\":\"https:\/\/vittra.se\/orebro\/om\/\",\"name\":\"Vittra \u00d6rebro | Om oss och v\u00e5r verksamhet\",\"isPartOf\":{\"@id\":\"https:\/\/vittra.se\/orebro\/#website\"},\"datePublished\":\"2020-09-01T20:06:33+00:00\",\"dateModified\":\"2026-03-18T15:17:22+00:00\",\"description\":\"Vittra \u00e4r en skola i \u00d6rebro som \u00e4r centralt bel\u00e4gen med n\u00e4rhet till Karlaparken. Hos oss g\u00e5r eleverna fr\u00e5n \u00e5rskurs 6 till \u00e5rskurs 9.\",\"breadcrumb\":{\"@id\":\"https:\/\/vittra.se\/orebro\/om\/#breadcrumb\"},\"inLanguage\":\"sv-SE\",\"potentialAction\":[{\"@type\":\"ReadAction\",\"target\":[\"https:\/\/vittra.se\/orebro\/om\/\"]}]},{\"@type\":\"BreadcrumbList\",\"@id\":\"https:\/\/vittra.se\/orebro\/om\/#breadcrumb\",\"itemListElement\":[{\"@type\":\"ListItem\",\"position\":1,\"name\":\"Start\",\"item\":\"https:\/\/vittra.se\/orebro\/\"},{\"@type\":\"ListItem\",\"position\":2,\"name\":\"Om skolan\"}]},{\"@type\":\"WebSite\",\"@id\":\"https:\/\/vittra.se\/orebro\/#website\",\"url\":\"https:\/\/vittra.se\/orebro\/\",\"name\":\"\u00d6rebro\",\"description\":\"Kunskap att f\u00f6r\u00e4ndra. Mod att p\u00e5verka.\",\"potentialAction\":[{\"@type\":\"SearchAction\",\"target\":{\"@type\":\"EntryPoint\",\"urlTemplate\":\"https:\/\/vittra.se\/orebro\/?s={search_term_string}\"},\"query-input\":\"required name=search_term_string\"}],\"inLanguage\":\"sv-SE\"}]}<\/script>\n<!-- \/ Yoast SEO plugin. -->","yoast_head_json":{"title":"Vittra \u00d6rebro | Om oss och v\u00e5r verksamhet","description":"Vittra \u00e4r en skola i \u00d6rebro som \u00e4r centralt bel\u00e4gen med n\u00e4rhet till Karlaparken. Hos oss g\u00e5r eleverna fr\u00e5n \u00e5rskurs 6 till \u00e5rskurs 9.","robots":{"index":"index","follow":"follow","max-snippet":"max-snippet:-1","max-image-preview":"max-image-preview:large","max-video-preview":"max-video-preview:-1"},"canonical":"https:\/\/vittra.se\/orebro\/om\/","og_locale":"sv_SE","og_type":"article","og_title":"Vittra \u00d6rebro | Om oss och v\u00e5r verksamhet","og_description":"Vittra \u00e4r en skola i \u00d6rebro som \u00e4r centralt bel\u00e4gen med n\u00e4rhet till Karlaparken. Hos oss g\u00e5r eleverna fr\u00e5n \u00e5rskurs 6 till \u00e5rskurs 9.","og_url":"https:\/\/vittra.se\/orebro\/om\/","og_site_name":"\u00d6rebro","article_modified_time":"2026-03-18T15:17:22+00:00","twitter_card":"summary_large_image","twitter_title":"Vittra \u00d6rebro | Om oss och v\u00e5r verksamhet","twitter_description":"Vittra \u00e4r en skola i \u00d6rebro som \u00e4r centralt bel\u00e4gen med n\u00e4rhet till Karlaparken. Hos oss g\u00e5r eleverna fr\u00e5n \u00e5rskurs 6 till \u00e5rskurs 9.","schema":{"@context":"https:\/\/schema.org","@graph":[{"@type":"WebPage","@id":"https:\/\/vittra.se\/orebro\/om\/","url":"https:\/\/vittra.se\/orebro\/om\/","name":"Vittra \u00d6rebro | Om oss och v\u00e5r verksamhet","isPartOf":{"@id":"https:\/\/vittra.se\/orebro\/#website"},"datePublished":"2020-09-01T20:06:33+00:00","dateModified":"2026-03-18T15:17:22+00:00","description":"Vittra \u00e4r en skola i \u00d6rebro som \u00e4r centralt bel\u00e4gen med n\u00e4rhet till Karlaparken. Hos oss g\u00e5r eleverna fr\u00e5n \u00e5rskurs 6 till \u00e5rskurs 9.","breadcrumb":{"@id":"https:\/\/vittra.se\/orebro\/om\/#breadcrumb"},"inLanguage":"sv-SE","potentialAction":[{"@type":"ReadAction","target":["https:\/\/vittra.se\/orebro\/om\/"]}]},{"@type":"BreadcrumbList","@id":"https:\/\/vittra.se\/orebro\/om\/#breadcrumb","itemListElement":[{"@type":"ListItem","position":1,"name":"Start","item":"https:\/\/vittra.se\/orebro\/"},{"@type":"ListItem","position":2,"name":"Om skolan"}]},{"@type":"WebSite","@id":"https:\/\/vittra.se\/orebro\/#website","url":"https:\/\/vittra.se\/orebro\/","name":"\u00d6rebro","description":"Kunskap att f\u00f6r\u00e4ndra. Mod att p\u00e5verka.","potentialAction":[{"@type":"SearchAction","target":{"@type":"EntryPoint","urlTemplate":"https:\/\/vittra.se\/orebro\/?s={search_term_string}"},"query-input":"required name=search_term_string"}],"inLanguage":"sv-SE"}]}},"_links":{"self":[{"href":"https:\/\/vittra.se\/orebro\/wp-json\/wp\/v2\/pages\/20"}],"collection":[{"href":"https:\/\/vittra.se\/orebro\/wp-json\/wp\/v2\/pages"}],"about":[{"href":"https:\/\/vittra.se\/orebro\/wp-json\/wp\/v2\/types\/page"}],"author":[{"embeddable":true,"href":"https:\/\/vittra.se\/orebro\/wp-json\/wp\/v2\/users\/1"}],"replies":[{"embeddable":true,"href":"https:\/\/vittra.se\/orebro\/wp-json\/wp\/v2\/comments?post=20"}],"version-history":[{"count":9,"href":"https:\/\/vittra.se\/orebro\/wp-json\/wp\/v2\/pages\/20\/revisions"}],"predecessor-version":[{"id":2167,"href":"https:\/\/vittra.se\/orebro\/wp-json\/wp\/v2\/pages\/20\/revisions\/2167"}],"wp:attachment":[{"href":"https:\/\/vittra.se\/orebro\/wp-json\/wp\/v2\/media?parent=20"}],"curies":[{"name":"wp","href":"https:\/\/api.w.org\/{rel}","templated":true}]}}