{"id":1868,"date":"2024-03-13T11:03:37","date_gmt":"2024-03-13T10:03:37","guid":{"rendered":"https:\/\/vittra.se\/orebro\/?page_id=1868"},"modified":"2025-01-16T11:33:34","modified_gmt":"2025-01-16T10:33:34","slug":"artikel","status":"publish","type":"page","link":"https:\/\/vittra.se\/orebro\/artikel\/","title":{"rendered":"Artikel"},"content":{"rendered":"\n\n\n<section  class=\"ams-article c-block l-stacked js-load-more\" data-color-scheme=\"transparent-card-bakgrund-hover-standard_standard\" data-count=\"6\" data-count-mobile=\"3\">\n\t<div class=\"l-container l-stack l-stack-fluid-2xl u-pt-fluid-3xl-6xl u-pb-fluid-3xl-6xl is-center is-center@md\">\n\t\t\t\t\t<div class=\"ams-article__intro l-stack l-stack-lg\">\n\t\t\t\t\t\n\t<h1\n\tclass=\"c-heading u-font-title-1 \"\n\tstyle=\"\">\n\t\t\n\t\t\t\t\tNyheter fr\u00e5n Vittra \u00d6rebro\n\t\t\t\t\n\t<\/h1>\n\n\t\t\t\t\t\t\t<\/div>\n\t\t\n\t\t\t\t<div class=\"ams-filters u-inline-items c-filter\">\n\n\t\t\t\t\t<div>\n\t    \t    <div\n\t\t\t\tclass=\"c-select c-select--multi js-multi-select\"\n\t\t\t\tdata-button-class=\"c-btn c-btn--filter\"\n\t\t\t\tdata-no-selected-label=\"V\u00e4lj kategori\"\n\t\t\t\tdata-multi-selected-label=\"{n} alternativ valda\"\n\t\t\t\tdata-multi-selected-n=\"2\"\n\t\t\t\tdata-button-variant=\"outline\"\n\t\t\t\tdata-button-style=\"square\">\n\t\t\t\t\t<select class=\"c-select__input c-btn c-btn--filter\" name=\"filter-by-categories\" id=\"filter-by-categories\" multiple aria-controls=\"ams-article-list-69f24a4f938dc\" data-filter=\"true\">\n\t\t\t\t\t\t\t\t\t\t\t        <option value=\"allmant\">Allm\u00e4nt<\/option>\n\t\t\t\t\t    \t\t\t\t\t        <option value=\"arbetslagsledare\">Arbetslagsledare<\/option>\n\t\t\t\t\t    \t\t\t\t\t        <option value=\"nyhet\">Nyhet<\/option>\n\t\t\t\t\t    \t\t\t\t\t        <option value=\"skolutveckling\">Skolutveckling<\/option>\n\t\t\t\t\t    \t\t\t\t\t<\/select>\n\t    \t        <svg class=\"ams-icon ams-icon__arrow-down\" width=\"24\" height=\"24\" viewBox=\"0 0 24 24\" fill=\"currentColor\" aria-hidden=\"true\" xmlns=\"http:\/\/www.w3.org\/2000\/svg\">\n\t    \t            <path d=\"m11.2033 18.4294-10.872894-10.67584c-.440539-.42594-.440539-1.1147 0-1.54065l.665495-.64345c.440539-.42595 1.152899-.42595 1.593439 0l9.41066 9.27114 9.4107-9.26207c.4405-.42595 1.1529-.42595 1.5934 0l.6655.64345c.4405.42594.4405 1.1147 0 1.54065l-10.8729 10.67587c-.4405.4168-1.1529.4168-1.5934-.0091z\"><\/path>\n\t    \t        <\/svg>\n\t    \t    <\/div>\n\t    \t<\/div>\n\t\t\n\t\t\t    \t<div>\n\t    \t    <div\n\t\t\t\tclass=\"c-select c-select--multi js-multi-select\"\n\t\t\t\tdata-button-class=\"c-btn c-btn--filter\"\n\t\t\t\tdata-no-selected-label=\"V\u00e4lj datum\"\n\t\t\t\tdata-multi-selected-label=\"{n} alternativ valda\"\n\t\t\t\tdata-multi-selected-n=\"2\"\n\t\t\t\tdata-button-style=\"square\"\n\t\t\t\tdata-button-variant=\"outline\">\n\t    \t        <select class=\"c-select__input c-btn c-btn--filter\" name=\"filter-by-dates\" id=\"filter-by-dates\" multiple aria-controls=\"ams-article-list-69f24a4f938dc\" data-filter=\"true\">\n\t\t\t\t\t\t\t\t\t\t\t\t\t<option value=\"augusti-2025\">Augusti 2025<\/option>\n\t    \t            \t\t\t\t\t\t\t<option value=\"oktober-2024\">Oktober 2024<\/option>\n\t    \t            \t\t\t\t\t\t\t<option value=\"september-2024\">September 2024<\/option>\n\t    \t            \t\t\t\t\t\t\t<option value=\"augusti-2024\">Augusti 2024<\/option>\n\t    \t            \t\t\t\t\t\t\t<option value=\"juni-2024\">Juni 2024<\/option>\n\t    \t            \t\t\t\t\t\t\t<option value=\"april-2024\">April 2024<\/option>\n\t    \t            \t\t\t\t\t\t\t<option value=\"januari-2024\">Januari 2024<\/option>\n\t    \t            \t\t\t\t\t\t\t<option value=\"december-2023\">December 2023<\/option>\n\t    \t            \t\t\t\t\t\t\t<option value=\"november-2023\">November 2023<\/option>\n\t    \t            \t\t\t\t\t\t\t<option value=\"september-2023\">September 2023<\/option>\n\t    \t            \t\t\t\t\t\t\t<option value=\"augusti-2023\">Augusti 2023<\/option>\n\t    \t            \t\t\t\t\t\t\t<option value=\"juni-2023\">Juni 2023<\/option>\n\t    \t            \t\t\t\t\t\t\t<option value=\"december-2022\">December 2022<\/option>\n\t    \t            \t\t\t\t\t\t\t<option value=\"november-2022\">November 2022<\/option>\n\t    \t            \t\t\t\t\t\t\t<option value=\"oktober-2022\">Oktober 2022<\/option>\n\t    \t            \t\t\t\t\t\t\t<option value=\"september-2022\">September 2022<\/option>\n\t    \t            \t\t\t\t\t\t\t<option value=\"augusti-2022\">Augusti 2022<\/option>\n\t    \t            \t\t\t\t\t\t\t<option value=\"juni-2022\">Juni 2022<\/option>\n\t    \t            \t\t\t\t\t\t\t<option value=\"maj-2022\">Maj 2022<\/option>\n\t    \t            \t\t\t\t\t\t\t<option value=\"april-2022\">April 2022<\/option>\n\t    \t            \t\t\t\t\t\t\t<option value=\"mars-2022\">Mars 2022<\/option>\n\t    \t            \t\t\t\t\t\t\t<option value=\"mars-2022\">Mars 2022<\/option>\n\t    \t            \t\t\t\t\t\t\t<option value=\"januari-2022\">Januari 2022<\/option>\n\t    \t            \t\t\t\t\t\t\t<option value=\"december-2021\">December 2021<\/option>\n\t    \t            \t\t\t\t\t\t\t<option value=\"november-2021\">November 2021<\/option>\n\t    \t            \t\t\t\t\t\t\t<option value=\"september-2021\">September 2021<\/option>\n\t    \t            \t\t\t\t\t\t\t<option value=\"juni-2021\">Juni 2021<\/option>\n\t    \t            \t\t\t\t\t\t\t<option value=\"mars-2021\">Mars 2021<\/option>\n\t    \t            \t\t\t\t\t\t\t<option value=\"mars-2021\">Mars 2021<\/option>\n\t    \t            \t\t\t\t\t\t\t<option value=\"december-2020\">December 2020<\/option>\n\t    \t            \t\t\t\t\t\t\t<option value=\"oktober-2020\">Oktober 2020<\/option>\n\t    \t            \t    \t        <\/select>\n\t    \t        <svg class=\"ams-icon ams-icon__arrow-down\" width=\"24\" height=\"24\" viewBox=\"0 0 24 24\" fill=\"currentColor\" aria-hidden=\"true\" xmlns=\"http:\/\/www.w3.org\/2000\/svg\">\n\t    \t            <path d=\"m11.2033 18.4294-10.872894-10.67584c-.440539-.42594-.440539-1.1147 0-1.54065l.665495-.64345c.440539-.42595 1.152899-.42595 1.593439 0l9.41066 9.27114 9.4107-9.26207c.4405-.42595 1.1529-.42595 1.5934 0l.6655.64345c.4405.42594.4405 1.1147 0 1.54065l-10.8729 10.67587c-.4405.4168-1.1529.4168-1.5934-.0091z\"><\/path>\n\t    \t        <\/svg>\n\t    \t    <\/div>\n\t    \t<\/div>\n\t\t\n\t<\/div>\n\n\n\t    \n\t\n\t<ul id=\"ams-article-list-69f24a4f938dc\" class=\"ams-article__list l-grid u-gap-2xl u-justify-center js-results js-filter\" aria-label=\"Artiklar\" data-filter-animation=\"off\">\n\t\t\t\t\t\t\t\t\t\t\t\t\t\t\t\t\t\n\t\t\t\n\t\t\t\n\t\t\t<li class=\"l-col-6@md l-col-4@lg js-filter__item\" data-filter=\"allmant nyhet augusti-2025\">\n\t\t\t\t<article class=\"c-card  has-media-zoom  \" data-variant=\"border\" data-style=\"square\" data-click-area>\n\t\t\t\t\t<div class=\"c-card__content l-stack l-stack-sm\">\n\n\t\t\t\t\t\t\t\t\t\t\t\t\t<time class=\"c-card__date u-font-small\" datetime=\"2025-08-04\">4 augusti, 2025<\/time>\n\t\t\t\t\t\t\n\t\t\t\t\t\t\t\t\t\t\t\t\t<h2 class=\"c-card__title u-font-title-3\">\n\t\t\t\t\t\t\t\t\t\t\t\t\t\t\t\t\t<a class=\"c-card__link\" href=\"https:\/\/vittra.se\/orebro\/artikel\/lokal\/trygg-skolstart-i-forskoleklass-tips-fran-vittra\">\n\t\t\t\t\t\t\t\t\t\tSkolstart i f\u00f6rskoleklass \u2013 tips f\u00f6r en &#8230;\n\t\t\t\t\t\t\t\t\t<\/a>\n\t\t\t\t\t\t\t\t\t\t\t\t\t\t\t<\/h2>\n\t\t\t\t\t\t\n\t\t\t\t\t\t\t\t\t\t\t\t\t<p class=\"c-card__text l-stack-xs u-font-body\">\n\t\t\t\t\t\t\t\tB\u00f6rja i f\u00f6rskoleklass? Vittra ger dig tips f\u00f6r en trygg skolstart \u2013 med rutiner,&#8230;\n\t\t\t\t\t\t\t<\/p>\n\t\t\t\t\t\t\n\t\t\t\t\t\t\t\t\t\t\t\t\t<ul class=\"c-card__tags l-stack-grow u-list-none u-pt-md\" aria-label=\"Kategorier\">\n\t\t\t\t\t\t\t\t\t\t\t\t\t\t\t\t\t<li><span class=\"c-tag\" data-variant=\"outline\">Allm\u00e4nt<\/span><\/li>\n\t\t\t\t\t\t\t\t\t\t\t\t\t\t\t\t\t<li><span class=\"c-tag\" data-variant=\"outline\">Nyhet<\/span><\/li>\n\t\t\t\t\t\t\t\t\t\t\t\t\t\t\t<\/ul>\n\t\t\t\t\t\t\n\t\t\t\t\t\t<div class=\"c-card__icon\">\n\t\t\t\t\t\t\t\t\t\t\t\t\t\t<svg class=\"ams-icon ams-icon--arrow-right\" width=\"32\" height=\"32\" viewbox=\"0 0 32 32\" fill=\"currentColor\" aria-hidden=\"true\" xmlns=\"http:\/\/www.w3.org\/2000\/svg\">\n\t\t\t\t\t\t\t\t\t\t\t\t\t\t\t\t<path d=\"M15.4617 0.252159L14.9567 0.75931C14.6219 1.09545 14.6219 1.64048 14.9567 1.97669L27.7062 14.7806H0.857144C0.383786 14.7806 0 15.166 0 15.6414V16.3587C0 16.8341 0.383786 17.2195 0.857144 17.2195H27.7062L14.9567 30.0234C14.6219 30.3595 14.6219 30.9045 14.9567 31.2407L15.4617 31.7479C15.7964 32.084 16.3392 32.084 16.6739 31.7479L31.749 16.6087C32.0837 16.2725 32.0837 15.7275 31.749 15.3913L16.6739 0.252159C16.3392 -0.084053 15.7964 -0.084053 15.4617 0.252159Z\"\/>\n\t\t\t\t\t\t\t\n\t\t\t\t\t\t\t<\/svg>\n\t\t\t\t\t\t<\/div>\n\t\t\t\t\t<\/div>\n\n\t\t\t\t\t<div class=\"c-card__media \" style=\" \">\n\t\t\t\t\t\t<img decoding=\"async\" width=\"400\" height=\"267\" src=\"https:\/\/vittra.se\/wp-content\/uploads\/2025\/07\/a5a5407-stor-400x267.jpeg\" class=\"attachment-sm size-sm\" alt=\"Tv\u00e5 flickor sitter bredvid varandra och l\u00e4ser en bok tillsammans.\" sizes=\"(min-width: 64em) 300px, (min-width: 48em) calc(.50 * (100vw - 224px)), calc(100vw - 160px)\" srcset=\"https:\/\/vittra.se\/wp-content\/uploads\/2025\/07\/a5a5407-stor-400x267.jpeg 400w, https:\/\/vittra.se\/wp-content\/uploads\/2025\/07\/a5a5407-stor-300x200.jpeg 300w, https:\/\/vittra.se\/wp-content\/uploads\/2025\/07\/a5a5407-stor-600x400.jpeg 600w, https:\/\/vittra.se\/wp-content\/uploads\/2025\/07\/a5a5407-stor-800x533.jpeg 800w, https:\/\/vittra.se\/wp-content\/uploads\/2025\/07\/a5a5407-stor-1024x682.jpeg 1024w, https:\/\/vittra.se\/wp-content\/uploads\/2025\/07\/a5a5407-stor-1200x800.jpeg 1200w, https:\/\/vittra.se\/wp-content\/uploads\/2025\/07\/a5a5407-stor.jpeg 1280w\" \/>\n\t\t\t\t\t<\/div>\n\t\t\t\t<\/article>\n\t\t\t<\/li>\n\t\t\t\t\t\t\t\t\t\t\t\t\t\t\t\t\t\n\t\t\t\n\t\t\t\n\t\t\t<li class=\"l-col-6@md l-col-4@lg js-filter__item\" data-filter=\"nyhet oktober-2024\">\n\t\t\t\t<article class=\"c-card  has-media-zoom  \" data-variant=\"border\" data-style=\"square\" data-click-area>\n\t\t\t\t\t<div class=\"c-card__content l-stack l-stack-sm\">\n\n\t\t\t\t\t\t\t\t\t\t\t\t\t<time class=\"c-card__date u-font-small\" datetime=\"2024-10-29\">29 oktober, 2024<\/time>\n\t\t\t\t\t\t\n\t\t\t\t\t\t\t\t\t\t\t\t\t<h2 class=\"c-card__title u-font-title-3\">\n\t\t\t\t\t\t\t\t\t\t\t\t\t\t\t\t\t<a class=\"c-card__link\" href=\"https:\/\/vittra.se\/orebro\/artikel\/lokal\/orebros-busskampanj\">\n\t\t\t\t\t\t\t\t\t\t\u00d6kad kunskap genom kreativt skapande\n\t\t\t\t\t\t\t\t\t<\/a>\n\t\t\t\t\t\t\t\t\t\t\t\t\t\t\t<\/h2>\n\t\t\t\t\t\t\n\t\t\t\t\t\t\t\t\t\t\t\t\t<p class=\"c-card__text l-stack-xs u-font-body\">\n\t\t\t\t\t\t\t\tKreativ tolkning av FNs 17 globala m\u00e5l n\u00e4r Vittra \u00d6rebro firade Vittradagen.\n\t\t\t\t\t\t\t<\/p>\n\t\t\t\t\t\t\n\t\t\t\t\t\t\t\t\t\t\t\t\t<ul class=\"c-card__tags l-stack-grow u-list-none u-pt-md\" aria-label=\"Kategorier\">\n\t\t\t\t\t\t\t\t\t\t\t\t\t\t\t\t\t<li><span class=\"c-tag\" data-variant=\"outline\">Nyhet<\/span><\/li>\n\t\t\t\t\t\t\t\t\t\t\t\t\t\t\t<\/ul>\n\t\t\t\t\t\t\n\t\t\t\t\t\t<div class=\"c-card__icon\">\n\t\t\t\t\t\t\t\t\t\t\t\t\t\t<svg class=\"ams-icon ams-icon--arrow-right\" width=\"32\" height=\"32\" viewbox=\"0 0 32 32\" fill=\"currentColor\" aria-hidden=\"true\" xmlns=\"http:\/\/www.w3.org\/2000\/svg\">\n\t\t\t\t\t\t\t\t\t\t\t\t\t\t\t\t<path d=\"M15.4617 0.252159L14.9567 0.75931C14.6219 1.09545 14.6219 1.64048 14.9567 1.97669L27.7062 14.7806H0.857144C0.383786 14.7806 0 15.166 0 15.6414V16.3587C0 16.8341 0.383786 17.2195 0.857144 17.2195H27.7062L14.9567 30.0234C14.6219 30.3595 14.6219 30.9045 14.9567 31.2407L15.4617 31.7479C15.7964 32.084 16.3392 32.084 16.6739 31.7479L31.749 16.6087C32.0837 16.2725 32.0837 15.7275 31.749 15.3913L16.6739 0.252159C16.3392 -0.084053 15.7964 -0.084053 15.4617 0.252159Z\"\/>\n\t\t\t\t\t\t\t\n\t\t\t\t\t\t\t<\/svg>\n\t\t\t\t\t\t<\/div>\n\t\t\t\t\t<\/div>\n\n\t\t\t\t\t<div class=\"c-card__media \" style=\" \">\n\t\t\t\t\t\t<img decoding=\"async\" width=\"400\" height=\"256\" src=\"https:\/\/vittra.se\/wp-content\/uploads\/2024\/10\/8b-globala-mal-klar-liten-400x256.jpg\" class=\"attachment-sm size-sm\" alt=\"\" sizes=\"(min-width: 64em) 300px, (min-width: 48em) calc(.50 * (100vw - 224px)), calc(100vw - 160px)\" srcset=\"https:\/\/vittra.se\/wp-content\/uploads\/2024\/10\/8b-globala-mal-klar-liten-400x256.jpg 400w, https:\/\/vittra.se\/wp-content\/uploads\/2024\/10\/8b-globala-mal-klar-liten-scaled-e1730187551842.jpg 300w, https:\/\/vittra.se\/wp-content\/uploads\/2024\/10\/8b-globala-mal-klar-liten-600x384.jpg 600w, https:\/\/vittra.se\/wp-content\/uploads\/2024\/10\/8b-globala-mal-klar-liten-800x512.jpg 800w, https:\/\/vittra.se\/wp-content\/uploads\/2024\/10\/8b-globala-mal-klar-liten-1024x655.jpg 1024w, https:\/\/vittra.se\/wp-content\/uploads\/2024\/10\/8b-globala-mal-klar-liten-1200x768.jpg 1200w\" \/>\n\t\t\t\t\t<\/div>\n\t\t\t\t<\/article>\n\t\t\t<\/li>\n\t\t\t\t\t\t\t\t\t\t\t\t\t\t\t\t\t\n\t\t\t\n\t\t\t\n\t\t\t<li class=\"l-col-6@md l-col-4@lg js-filter__item\" data-filter=\"nyhet oktober-2024\">\n\t\t\t\t<article class=\"c-card  has-media-zoom  \" data-variant=\"border\" data-style=\"square\" data-click-area>\n\t\t\t\t\t<div class=\"c-card__content l-stack l-stack-sm\">\n\n\t\t\t\t\t\t\t\t\t\t\t\t\t<time class=\"c-card__date u-font-small\" datetime=\"2024-10-24\">24 oktober, 2024<\/time>\n\t\t\t\t\t\t\n\t\t\t\t\t\t\t\t\t\t\t\t\t<h2 class=\"c-card__title u-font-title-3\">\n\t\t\t\t\t\t\t\t\t\t\t\t\t\t\t\t\t<a class=\"c-card__link\" href=\"https:\/\/vittra.se\/orebro\/artikel\/lokal\/fn-dagen\">\n\t\t\t\t\t\t\t\t\t\tVittra firar FN-dagen\n\t\t\t\t\t\t\t\t\t<\/a>\n\t\t\t\t\t\t\t\t\t\t\t\t\t\t\t<\/h2>\n\t\t\t\t\t\t\n\t\t\t\t\t\t\t\t\t\t\t\t\t<p class=\"c-card__text l-stack-xs u-font-body\">\n\t\t\t\t\t\t\t\tV\u00e5ra elever firar FN-dagen \u2013 En global p\u00e5minnelse om fred och samarbete\n\t\t\t\t\t\t\t<\/p>\n\t\t\t\t\t\t\n\t\t\t\t\t\t\t\t\t\t\t\t\t<ul class=\"c-card__tags l-stack-grow u-list-none u-pt-md\" aria-label=\"Kategorier\">\n\t\t\t\t\t\t\t\t\t\t\t\t\t\t\t\t\t<li><span class=\"c-tag\" data-variant=\"outline\">Nyhet<\/span><\/li>\n\t\t\t\t\t\t\t\t\t\t\t\t\t\t\t<\/ul>\n\t\t\t\t\t\t\n\t\t\t\t\t\t<div class=\"c-card__icon\">\n\t\t\t\t\t\t\t\t\t\t\t\t\t\t<svg class=\"ams-icon ams-icon--arrow-right\" width=\"32\" height=\"32\" viewbox=\"0 0 32 32\" fill=\"currentColor\" aria-hidden=\"true\" xmlns=\"http:\/\/www.w3.org\/2000\/svg\">\n\t\t\t\t\t\t\t\t\t\t\t\t\t\t\t\t<path d=\"M15.4617 0.252159L14.9567 0.75931C14.6219 1.09545 14.6219 1.64048 14.9567 1.97669L27.7062 14.7806H0.857144C0.383786 14.7806 0 15.166 0 15.6414V16.3587C0 16.8341 0.383786 17.2195 0.857144 17.2195H27.7062L14.9567 30.0234C14.6219 30.3595 14.6219 30.9045 14.9567 31.2407L15.4617 31.7479C15.7964 32.084 16.3392 32.084 16.6739 31.7479L31.749 16.6087C32.0837 16.2725 32.0837 15.7275 31.749 15.3913L16.6739 0.252159C16.3392 -0.084053 15.7964 -0.084053 15.4617 0.252159Z\"\/>\n\t\t\t\t\t\t\t\n\t\t\t\t\t\t\t<\/svg>\n\t\t\t\t\t\t<\/div>\n\t\t\t\t\t<\/div>\n\n\t\t\t\t\t<div class=\"c-card__media \" style=\" \">\n\t\t\t\t\t\t<img decoding=\"async\" width=\"400\" height=\"225\" src=\"https:\/\/vittra.se\/wp-content\/uploads\/2024\/10\/namnlos-design-400x225.png\" class=\"attachment-sm size-sm\" alt=\"Barns fingrar pekar p\u00e5 en jordglob i traditionella bl\u00e5\/gr\u00f6na f\u00e4rger. I en bl\u00e5 ruta st\u00e5r texten &quot;Idag firar vi FN-dagen!&quot;.\" sizes=\"(min-width: 64em) 300px, (min-width: 48em) calc(.50 * (100vw - 224px)), calc(100vw - 160px)\" srcset=\"https:\/\/vittra.se\/wp-content\/uploads\/2024\/10\/namnlos-design-400x225.png 400w, https:\/\/vittra.se\/wp-content\/uploads\/2024\/10\/namnlos-design-300x169.png 300w, https:\/\/vittra.se\/wp-content\/uploads\/2024\/10\/namnlos-design-600x337.png 600w, https:\/\/vittra.se\/wp-content\/uploads\/2024\/10\/namnlos-design-800x450.png 800w, https:\/\/vittra.se\/wp-content\/uploads\/2024\/10\/namnlos-design-1024x576.png 1024w, https:\/\/vittra.se\/wp-content\/uploads\/2024\/10\/namnlos-design-1200x675.png 1200w, https:\/\/vittra.se\/wp-content\/uploads\/2024\/10\/namnlos-design.png 1654w\" \/>\n\t\t\t\t\t<\/div>\n\t\t\t\t<\/article>\n\t\t\t<\/li>\n\t\t\t\t\t\t\t\t\t\t\t\t\t\t\t\t\t\n\t\t\t\n\t\t\t\n\t\t\t<li class=\"l-col-6@md l-col-4@lg js-filter__item\" data-filter=\"nyhet skolutveckling oktober-2024\">\n\t\t\t\t<article class=\"c-card  has-media-zoom  \" data-variant=\"border\" data-style=\"square\" data-click-area>\n\t\t\t\t\t<div class=\"c-card__content l-stack l-stack-sm\">\n\n\t\t\t\t\t\t\t\t\t\t\t\t\t<time class=\"c-card__date u-font-small\" datetime=\"2024-10-02\">2 oktober, 2024<\/time>\n\t\t\t\t\t\t\n\t\t\t\t\t\t\t\t\t\t\t\t\t<h2 class=\"c-card__title u-font-title-3\">\n\t\t\t\t\t\t\t\t\t\t\t\t\t\t\t\t\t<a class=\"c-card__link\" href=\"https:\/\/vittra.se\/orebro\/artikel\/lokal\/kvalitetrapporter-23-24\">\n\t\t\t\t\t\t\t\t\t\tV\u00e5ra kvalitetsrapporter \u00e4r publicerade!\n\t\t\t\t\t\t\t\t\t<\/a>\n\t\t\t\t\t\t\t\t\t\t\t\t\t\t\t<\/h2>\n\t\t\t\t\t\t\n\t\t\t\t\t\t\t\t\t\t\t\t\t<p class=\"c-card__text l-stack-xs u-font-body\">\n\t\t\t\t\t\t\t\tRapporterna ger en detaljerad inblick i hur vi arbetar med att utveckla och s\u00e4ke&#8230;\n\t\t\t\t\t\t\t<\/p>\n\t\t\t\t\t\t\n\t\t\t\t\t\t\t\t\t\t\t\t\t<ul class=\"c-card__tags l-stack-grow u-list-none u-pt-md\" aria-label=\"Kategorier\">\n\t\t\t\t\t\t\t\t\t\t\t\t\t\t\t\t\t<li><span class=\"c-tag\" data-variant=\"outline\">Nyhet<\/span><\/li>\n\t\t\t\t\t\t\t\t\t\t\t\t\t\t\t\t\t<li><span class=\"c-tag\" data-variant=\"outline\">Skolutveckling<\/span><\/li>\n\t\t\t\t\t\t\t\t\t\t\t\t\t\t\t<\/ul>\n\t\t\t\t\t\t\n\t\t\t\t\t\t<div class=\"c-card__icon\">\n\t\t\t\t\t\t\t\t\t\t\t\t\t\t<svg class=\"ams-icon ams-icon--arrow-right\" width=\"32\" height=\"32\" viewbox=\"0 0 32 32\" fill=\"currentColor\" aria-hidden=\"true\" xmlns=\"http:\/\/www.w3.org\/2000\/svg\">\n\t\t\t\t\t\t\t\t\t\t\t\t\t\t\t\t<path d=\"M15.4617 0.252159L14.9567 0.75931C14.6219 1.09545 14.6219 1.64048 14.9567 1.97669L27.7062 14.7806H0.857144C0.383786 14.7806 0 15.166 0 15.6414V16.3587C0 16.8341 0.383786 17.2195 0.857144 17.2195H27.7062L14.9567 30.0234C14.6219 30.3595 14.6219 30.9045 14.9567 31.2407L15.4617 31.7479C15.7964 32.084 16.3392 32.084 16.6739 31.7479L31.749 16.6087C32.0837 16.2725 32.0837 15.7275 31.749 15.3913L16.6739 0.252159C16.3392 -0.084053 15.7964 -0.084053 15.4617 0.252159Z\"\/>\n\t\t\t\t\t\t\t\n\t\t\t\t\t\t\t<\/svg>\n\t\t\t\t\t\t<\/div>\n\t\t\t\t\t<\/div>\n\n\t\t\t\t\t<div class=\"c-card__media \" style=\" \">\n\t\t\t\t\t\t<img decoding=\"async\" width=\"400\" height=\"235\" src=\"https:\/\/vittra.se\/wp-content\/uploads\/2024\/10\/skarmavbild-2024-10-02-kl-103748j-400x235.jpg\" class=\"attachment-sm size-sm\" alt=\"En l\u00e4rare sitter mellan tv\u00e5 elever i l\u00e5gstadiet.\" sizes=\"(min-width: 64em) 300px, (min-width: 48em) calc(.50 * (100vw - 224px)), calc(100vw - 160px)\" srcset=\"https:\/\/vittra.se\/wp-content\/uploads\/2024\/10\/skarmavbild-2024-10-02-kl-103748j-400x235.jpg 400w, https:\/\/vittra.se\/wp-content\/uploads\/2024\/10\/skarmavbild-2024-10-02-kl-103748j-300x176.jpg 300w, https:\/\/vittra.se\/wp-content\/uploads\/2024\/10\/skarmavbild-2024-10-02-kl-103748j-600x352.jpg 600w, https:\/\/vittra.se\/wp-content\/uploads\/2024\/10\/skarmavbild-2024-10-02-kl-103748j-800x470.jpg 800w, https:\/\/vittra.se\/wp-content\/uploads\/2024\/10\/skarmavbild-2024-10-02-kl-103748j-1024x601.jpg 1024w, https:\/\/vittra.se\/wp-content\/uploads\/2024\/10\/skarmavbild-2024-10-02-kl-103748j-1200x705.jpg 1200w, https:\/\/vittra.se\/wp-content\/uploads\/2024\/10\/skarmavbild-2024-10-02-kl-103748j.jpg 1996w\" \/>\n\t\t\t\t\t<\/div>\n\t\t\t\t<\/article>\n\t\t\t<\/li>\n\t\t\t\t\t\t\t\t\t\t\t\t\t\t\t\t\t\n\t\t\t\n\t\t\t\n\t\t\t<li class=\"l-col-6@md l-col-4@lg js-filter__item\" data-filter=\"nyhet september-2024\">\n\t\t\t\t<article class=\"c-card  has-media-zoom  \" data-variant=\"border\" data-style=\"square\" data-click-area>\n\t\t\t\t\t<div class=\"c-card__content l-stack l-stack-sm\">\n\n\t\t\t\t\t\t\t\t\t\t\t\t\t<time class=\"c-card__date u-font-small\" datetime=\"2024-09-11\">11 september, 2024<\/time>\n\t\t\t\t\t\t\n\t\t\t\t\t\t\t\t\t\t\t\t\t<h2 class=\"c-card__title u-font-title-3\">\n\t\t\t\t\t\t\t\t\t\t\t\t\t\t\t\t\t<a class=\"c-card__link\" href=\"https:\/\/vittra.se\/orebro\/artikel\/lokal\/vittradagen-2024\">\n\t\t\t\t\t\t\t\t\t\tIdag firar vi Vittradagen\n\t\t\t\t\t\t\t\t\t<\/a>\n\t\t\t\t\t\t\t\t\t\t\t\t\t\t\t<\/h2>\n\t\t\t\t\t\t\n\t\t\t\t\t\t\t\t\t\t\t\t\t<p class=\"c-card__text l-stack-xs u-font-body\">\n\t\t\t\t\t\t\t\tJ\u00e4mst\u00e4lldhet, v\u00e4rdegrundsfr\u00e5gor, elevinflytande\u2013P\u00e5 Vittradagen lyfter vi det som&#8230;\n\t\t\t\t\t\t\t<\/p>\n\t\t\t\t\t\t\n\t\t\t\t\t\t\t\t\t\t\t\t\t<ul class=\"c-card__tags l-stack-grow u-list-none u-pt-md\" aria-label=\"Kategorier\">\n\t\t\t\t\t\t\t\t\t\t\t\t\t\t\t\t\t<li><span class=\"c-tag\" data-variant=\"outline\">Nyhet<\/span><\/li>\n\t\t\t\t\t\t\t\t\t\t\t\t\t\t\t<\/ul>\n\t\t\t\t\t\t\n\t\t\t\t\t\t<div class=\"c-card__icon\">\n\t\t\t\t\t\t\t\t\t\t\t\t\t\t<svg class=\"ams-icon ams-icon--arrow-right\" width=\"32\" height=\"32\" viewbox=\"0 0 32 32\" fill=\"currentColor\" aria-hidden=\"true\" xmlns=\"http:\/\/www.w3.org\/2000\/svg\">\n\t\t\t\t\t\t\t\t\t\t\t\t\t\t\t\t<path d=\"M15.4617 0.252159L14.9567 0.75931C14.6219 1.09545 14.6219 1.64048 14.9567 1.97669L27.7062 14.7806H0.857144C0.383786 14.7806 0 15.166 0 15.6414V16.3587C0 16.8341 0.383786 17.2195 0.857144 17.2195H27.7062L14.9567 30.0234C14.6219 30.3595 14.6219 30.9045 14.9567 31.2407L15.4617 31.7479C15.7964 32.084 16.3392 32.084 16.6739 31.7479L31.749 16.6087C32.0837 16.2725 32.0837 15.7275 31.749 15.3913L16.6739 0.252159C16.3392 -0.084053 15.7964 -0.084053 15.4617 0.252159Z\"\/>\n\t\t\t\t\t\t\t\n\t\t\t\t\t\t\t<\/svg>\n\t\t\t\t\t\t<\/div>\n\t\t\t\t\t<\/div>\n\n\t\t\t\t\t<div class=\"c-card__media \" style=\" \">\n\t\t\t\t\t\t<img decoding=\"async\" width=\"400\" height=\"245\" src=\"https:\/\/vittra.se\/wp-content\/uploads\/2024\/09\/vittrasplitbild202312elevfn1-e1725958294264-400x245.jpg\" class=\"attachment-sm size-sm\" alt=\"Splittbild d\u00e4r en elev st\u00e5r med ena benet i klassrummet och andra benet p\u00e5 en scen med flaggor bakom sig.\" sizes=\"(min-width: 64em) 300px, (min-width: 48em) calc(.50 * (100vw - 224px)), calc(100vw - 160px)\" srcset=\"https:\/\/vittra.se\/wp-content\/uploads\/2024\/09\/vittrasplitbild202312elevfn1-e1725958294264-400x245.jpg 400w, https:\/\/vittra.se\/wp-content\/uploads\/2024\/09\/vittrasplitbild202312elevfn1-e1725958294264-300x183.jpg 300w, https:\/\/vittra.se\/wp-content\/uploads\/2024\/09\/vittrasplitbild202312elevfn1-e1725958294264-600x367.jpg 600w, https:\/\/vittra.se\/wp-content\/uploads\/2024\/09\/vittrasplitbild202312elevfn1-e1725958294264-800x489.jpg 800w, https:\/\/vittra.se\/wp-content\/uploads\/2024\/09\/vittrasplitbild202312elevfn1-e1725958294264-1024x626.jpg 1024w, https:\/\/vittra.se\/wp-content\/uploads\/2024\/09\/vittrasplitbild202312elevfn1-e1725958294264-1200x734.jpg 1200w, https:\/\/vittra.se\/wp-content\/uploads\/2024\/09\/vittrasplitbild202312elevfn1-e1725958294264.jpg 1980w\" \/>\n\t\t\t\t\t<\/div>\n\t\t\t\t<\/article>\n\t\t\t<\/li>\n\t\t\t\t\t\t\t\t\t\t\t\t\t\t\t\t\t\n\t\t\t\n\t\t\t\n\t\t\t<li class=\"l-col-6@md l-col-4@lg js-filter__item\" data-filter=\"allmant september-2024\">\n\t\t\t\t<article class=\"c-card  has-media-zoom  \" data-variant=\"border\" data-style=\"square\" data-click-area>\n\t\t\t\t\t<div class=\"c-card__content l-stack l-stack-sm\">\n\n\t\t\t\t\t\t\t\t\t\t\t\t\t<time class=\"c-card__date u-font-small\" datetime=\"2024-09-03\">3 september, 2024<\/time>\n\t\t\t\t\t\t\n\t\t\t\t\t\t\t\t\t\t\t\t\t<h2 class=\"c-card__title u-font-title-3\">\n\t\t\t\t\t\t\t\t\t\t\t\t\t\t\t\t\t<a class=\"c-card__link\" href=\"https:\/\/vittra.se\/orebro\/artikel\/lokal\/oka-medvetenheten\">\n\t\t\t\t\t\t\t\t\t\tUndervisning som \u00f6kar medvetenhet\n\t\t\t\t\t\t\t\t\t<\/a>\n\t\t\t\t\t\t\t\t\t\t\t\t\t\t\t<\/h2>\n\t\t\t\t\t\t\n\t\t\t\t\t\t\t\t\t\t\t\t\t<p class=\"c-card__text l-stack-xs u-font-body\">\n\t\t\t\t\t\t\t\tVittraskolorna vill v\u00e4cka elevers samh\u00e4lls- och h\u00e5llbarhetsengagemang.\n\t\t\t\t\t\t\t<\/p>\n\t\t\t\t\t\t\n\t\t\t\t\t\t\t\t\t\t\t\t\t<ul class=\"c-card__tags l-stack-grow u-list-none u-pt-md\" aria-label=\"Kategorier\">\n\t\t\t\t\t\t\t\t\t\t\t\t\t\t\t\t\t<li><span class=\"c-tag\" data-variant=\"outline\">Allm\u00e4nt<\/span><\/li>\n\t\t\t\t\t\t\t\t\t\t\t\t\t\t\t<\/ul>\n\t\t\t\t\t\t\n\t\t\t\t\t\t<div class=\"c-card__icon\">\n\t\t\t\t\t\t\t\t\t\t\t\t\t\t<svg class=\"ams-icon ams-icon--arrow-right\" width=\"32\" height=\"32\" viewbox=\"0 0 32 32\" fill=\"currentColor\" aria-hidden=\"true\" xmlns=\"http:\/\/www.w3.org\/2000\/svg\">\n\t\t\t\t\t\t\t\t\t\t\t\t\t\t\t\t<path d=\"M15.4617 0.252159L14.9567 0.75931C14.6219 1.09545 14.6219 1.64048 14.9567 1.97669L27.7062 14.7806H0.857144C0.383786 14.7806 0 15.166 0 15.6414V16.3587C0 16.8341 0.383786 17.2195 0.857144 17.2195H27.7062L14.9567 30.0234C14.6219 30.3595 14.6219 30.9045 14.9567 31.2407L15.4617 31.7479C15.7964 32.084 16.3392 32.084 16.6739 31.7479L31.749 16.6087C32.0837 16.2725 32.0837 15.7275 31.749 15.3913L16.6739 0.252159C16.3392 -0.084053 15.7964 -0.084053 15.4617 0.252159Z\"\/>\n\t\t\t\t\t\t\t\n\t\t\t\t\t\t\t<\/svg>\n\t\t\t\t\t\t<\/div>\n\t\t\t\t\t<\/div>\n\n\t\t\t\t\t<div class=\"c-card__media \" style=\" \">\n\t\t\t\t\t\t<img decoding=\"async\" width=\"400\" height=\"267\" src=\"https:\/\/vittra.se\/wp-content\/uploads\/2024\/09\/vittrarosjotorpfotoak38ret-400x267.jpg\" class=\"attachment-sm size-sm\" alt=\"En elev p\u00e5 Vittra presenterar ett skolarbete f\u00f6r sin klass.\" sizes=\"(min-width: 64em) 300px, (min-width: 48em) calc(.50 * (100vw - 224px)), calc(100vw - 160px)\" srcset=\"https:\/\/vittra.se\/wp-content\/uploads\/2024\/09\/vittrarosjotorpfotoak38ret-400x267.jpg 400w, https:\/\/vittra.se\/wp-content\/uploads\/2024\/09\/vittrarosjotorpfotoak38ret-300x200.jpg 300w, https:\/\/vittra.se\/wp-content\/uploads\/2024\/09\/vittrarosjotorpfotoak38ret-600x400.jpg 600w, https:\/\/vittra.se\/wp-content\/uploads\/2024\/09\/vittrarosjotorpfotoak38ret-800x533.jpg 800w, https:\/\/vittra.se\/wp-content\/uploads\/2024\/09\/vittrarosjotorpfotoak38ret-1024x683.jpg 1024w, https:\/\/vittra.se\/wp-content\/uploads\/2024\/09\/vittrarosjotorpfotoak38ret-1200x800.jpg 1200w, https:\/\/vittra.se\/wp-content\/uploads\/2024\/09\/vittrarosjotorpfotoak38ret.jpg 1980w\" \/>\n\t\t\t\t\t<\/div>\n\t\t\t\t<\/article>\n\t\t\t<\/li>\n\t\t\t\t\t\t\t\t\t\t\t\t\t\t\t\t\t\n\t\t\t\n\t\t\t\n\t\t\t<li class=\"l-col-6@md l-col-4@lg js-filter__item\" data-filter=\"allmant augusti-2024\">\n\t\t\t\t<article class=\"c-card  has-media-zoom  \" data-variant=\"border\" data-style=\"square\" data-click-area>\n\t\t\t\t\t<div class=\"c-card__content l-stack l-stack-sm\">\n\n\t\t\t\t\t\t\t\t\t\t\t\t\t<time class=\"c-card__date u-font-small\" datetime=\"2024-08-15\">15 augusti, 2024<\/time>\n\t\t\t\t\t\t\n\t\t\t\t\t\t\t\t\t\t\t\t\t<h2 class=\"c-card__title u-font-title-3\">\n\t\t\t\t\t\t\t\t\t\t\t\t\t\t\t\t\t<a class=\"c-card__link\" href=\"https:\/\/vittra.se\/orebro\/artikel\/lokal\/skolstart-2024\">\n\t\t\t\t\t\t\t\t\t\t\u00c4ntligen skolstart\n\t\t\t\t\t\t\t\t\t<\/a>\n\t\t\t\t\t\t\t\t\t\t\t\t\t\t\t<\/h2>\n\t\t\t\t\t\t\n\t\t\t\t\t\t\t\t\t\t\t\t\t<p class=\"c-card__text l-stack-xs u-font-body\">\n\t\t\t\t\t\t\t\tIdag har vi v\u00e4lkomnat b\u00e5de nya och gamla elever till skolan efter ett h\u00e4rligt sommarlov.\n\t\t\t\t\t\t\t<\/p>\n\t\t\t\t\t\t\n\t\t\t\t\t\t\t\t\t\t\t\t\t<ul class=\"c-card__tags l-stack-grow u-list-none u-pt-md\" aria-label=\"Kategorier\">\n\t\t\t\t\t\t\t\t\t\t\t\t\t\t\t\t\t<li><span class=\"c-tag\" data-variant=\"outline\">Allm\u00e4nt<\/span><\/li>\n\t\t\t\t\t\t\t\t\t\t\t\t\t\t\t<\/ul>\n\t\t\t\t\t\t\n\t\t\t\t\t\t<div class=\"c-card__icon\">\n\t\t\t\t\t\t\t\t\t\t\t\t\t\t<svg class=\"ams-icon ams-icon--arrow-right\" width=\"32\" height=\"32\" viewbox=\"0 0 32 32\" fill=\"currentColor\" aria-hidden=\"true\" xmlns=\"http:\/\/www.w3.org\/2000\/svg\">\n\t\t\t\t\t\t\t\t\t\t\t\t\t\t\t\t<path d=\"M15.4617 0.252159L14.9567 0.75931C14.6219 1.09545 14.6219 1.64048 14.9567 1.97669L27.7062 14.7806H0.857144C0.383786 14.7806 0 15.166 0 15.6414V16.3587C0 16.8341 0.383786 17.2195 0.857144 17.2195H27.7062L14.9567 30.0234C14.6219 30.3595 14.6219 30.9045 14.9567 31.2407L15.4617 31.7479C15.7964 32.084 16.3392 32.084 16.6739 31.7479L31.749 16.6087C32.0837 16.2725 32.0837 15.7275 31.749 15.3913L16.6739 0.252159C16.3392 -0.084053 15.7964 -0.084053 15.4617 0.252159Z\"\/>\n\t\t\t\t\t\t\t\n\t\t\t\t\t\t\t<\/svg>\n\t\t\t\t\t\t<\/div>\n\t\t\t\t\t<\/div>\n\n\t\t\t\t\t<div class=\"c-card__media \" style=\" \">\n\t\t\t\t\t\t<img decoding=\"async\" width=\"400\" height=\"267\" src=\"https:\/\/vittra.se\/wp-content\/uploads\/2024\/08\/vittra-grundskola-skola-skolstart-202404-400x267.jpg\" class=\"attachment-sm size-sm\" alt=\"Tv\u00e5 elever sitter i ett klassrum, p\u00e5 stolarna h\u00e4nger bl\u00e5 Vittra-ryggs\u00e4ckar.\" sizes=\"(min-width: 64em) 300px, (min-width: 48em) calc(.50 * (100vw - 224px)), calc(100vw - 160px)\" srcset=\"https:\/\/vittra.se\/wp-content\/uploads\/2024\/08\/vittra-grundskola-skola-skolstart-202404-400x267.jpg 400w, https:\/\/vittra.se\/wp-content\/uploads\/2024\/08\/vittra-grundskola-skola-skolstart-202404-300x200.jpg 300w, https:\/\/vittra.se\/wp-content\/uploads\/2024\/08\/vittra-grundskola-skola-skolstart-202404-600x400.jpg 600w, https:\/\/vittra.se\/wp-content\/uploads\/2024\/08\/vittra-grundskola-skola-skolstart-202404-800x533.jpg 800w, https:\/\/vittra.se\/wp-content\/uploads\/2024\/08\/vittra-grundskola-skola-skolstart-202404.jpg 816w\" \/>\n\t\t\t\t\t<\/div>\n\t\t\t\t<\/article>\n\t\t\t<\/li>\n\t\t\t\t\t\t\t\t\t\t\t\t\t\t\t\t\t\n\t\t\t\n\t\t\t\n\t\t\t<li class=\"l-col-6@md l-col-4@lg js-filter__item\" data-filter=\"allmant juni-2024\">\n\t\t\t\t<article class=\"c-card  has-media-zoom  \" data-variant=\"border\" data-style=\"square\" data-click-area>\n\t\t\t\t\t<div class=\"c-card__content l-stack l-stack-sm\">\n\n\t\t\t\t\t\t\t\t\t\t\t\t\t<time class=\"c-card__date u-font-small\" datetime=\"2024-06-28\">28 juni, 2024<\/time>\n\t\t\t\t\t\t\n\t\t\t\t\t\t\t\t\t\t\t\t\t<h2 class=\"c-card__title u-font-title-3\">\n\t\t\t\t\t\t\t\t\t\t\t\t\t\t\t\t\t<a class=\"c-card__link\" href=\"https:\/\/vittra.se\/orebro\/artikel\/lokal\/sommar-2024\">\n\t\t\t\t\t\t\t\t\t\tGlad sommar fr\u00e5n oss p\u00e5 Vittra!\n\t\t\t\t\t\t\t\t\t<\/a>\n\t\t\t\t\t\t\t\t\t\t\t\t\t\t\t<\/h2>\n\t\t\t\t\t\t\n\t\t\t\t\t\t\t\t\t\t\t\t\t<p class=\"c-card__text l-stack-xs u-font-body\">\n\t\t\t\t\t\t\t\tVi blickar tillbaka p\u00e5 l\u00e4s\u00e5ret som g\u00e5tt.\n\t\t\t\t\t\t\t<\/p>\n\t\t\t\t\t\t\n\t\t\t\t\t\t\t\t\t\t\t\t\t<ul class=\"c-card__tags l-stack-grow u-list-none u-pt-md\" aria-label=\"Kategorier\">\n\t\t\t\t\t\t\t\t\t\t\t\t\t\t\t\t\t<li><span class=\"c-tag\" data-variant=\"outline\">Allm\u00e4nt<\/span><\/li>\n\t\t\t\t\t\t\t\t\t\t\t\t\t\t\t<\/ul>\n\t\t\t\t\t\t\n\t\t\t\t\t\t<div class=\"c-card__icon\">\n\t\t\t\t\t\t\t\t\t\t\t\t\t\t<svg class=\"ams-icon ams-icon--arrow-right\" width=\"32\" height=\"32\" viewbox=\"0 0 32 32\" fill=\"currentColor\" aria-hidden=\"true\" xmlns=\"http:\/\/www.w3.org\/2000\/svg\">\n\t\t\t\t\t\t\t\t\t\t\t\t\t\t\t\t<path d=\"M15.4617 0.252159L14.9567 0.75931C14.6219 1.09545 14.6219 1.64048 14.9567 1.97669L27.7062 14.7806H0.857144C0.383786 14.7806 0 15.166 0 15.6414V16.3587C0 16.8341 0.383786 17.2195 0.857144 17.2195H27.7062L14.9567 30.0234C14.6219 30.3595 14.6219 30.9045 14.9567 31.2407L15.4617 31.7479C15.7964 32.084 16.3392 32.084 16.6739 31.7479L31.749 16.6087C32.0837 16.2725 32.0837 15.7275 31.749 15.3913L16.6739 0.252159C16.3392 -0.084053 15.7964 -0.084053 15.4617 0.252159Z\"\/>\n\t\t\t\t\t\t\t\n\t\t\t\t\t\t\t<\/svg>\n\t\t\t\t\t\t<\/div>\n\t\t\t\t\t<\/div>\n\n\t\t\t\t\t<div class=\"c-card__media \" style=\" \">\n\t\t\t\t\t\t<img decoding=\"async\" width=\"400\" height=\"600\" src=\"https:\/\/vittra.se\/wp-content\/uploads\/2024\/06\/vittra-sommar-202205-400x600.jpg\" class=\"attachment-sm size-sm\" alt=\"\" sizes=\"(min-width: 64em) 300px, (min-width: 48em) calc(.50 * (100vw - 224px)), calc(100vw - 160px)\" srcset=\"https:\/\/vittra.se\/wp-content\/uploads\/2024\/06\/vittra-sommar-202205-400x600.jpg 400w, https:\/\/vittra.se\/wp-content\/uploads\/2024\/06\/vittra-sommar-202205-300x450.jpg 300w, https:\/\/vittra.se\/wp-content\/uploads\/2024\/06\/vittra-sommar-202205-600x900.jpg 600w, https:\/\/vittra.se\/wp-content\/uploads\/2024\/06\/vittra-sommar-202205-800x1200.jpg 800w, https:\/\/vittra.se\/wp-content\/uploads\/2024\/06\/vittra-sommar-202205-1024x1536.jpg 1024w, https:\/\/vittra.se\/wp-content\/uploads\/2024\/06\/vittra-sommar-202205-1200x1800.jpg 1200w, https:\/\/vittra.se\/wp-content\/uploads\/2024\/06\/vittra-sommar-202205.jpg 1320w\" \/>\n\t\t\t\t\t<\/div>\n\t\t\t\t<\/article>\n\t\t\t<\/li>\n\t\t\t\t\t\t\t\t\t\t\t\t\t\t\t\t\t\n\t\t\t\n\t\t\t\n\t\t\t<li class=\"l-col-6@md l-col-4@lg js-filter__item\" data-filter=\"allmant april-2024\">\n\t\t\t\t<article class=\"c-card  has-media-zoom  \" data-variant=\"border\" data-style=\"square\" data-click-area>\n\t\t\t\t\t<div class=\"c-card__content l-stack l-stack-sm\">\n\n\t\t\t\t\t\t\t\t\t\t\t\t\t<time class=\"c-card__date u-font-small\" datetime=\"2024-04-08\">8 april, 2024<\/time>\n\t\t\t\t\t\t\n\t\t\t\t\t\t\t\t\t\t\t\t\t<h2 class=\"c-card__title u-font-title-3\">\n\t\t\t\t\t\t\t\t\t\t\t\t\t\t\t\t\t<a class=\"c-card__link\" href=\"https:\/\/vittra.se\/orebro\/artikel\/lokal\/orebro-intervju\">\n\t\t\t\t\t\t\t\t\t\tHej Vittra \u00d6rebro!\n\t\t\t\t\t\t\t\t\t<\/a>\n\t\t\t\t\t\t\t\t\t\t\t\t\t\t\t<\/h2>\n\t\t\t\t\t\t\n\t\t\t\t\t\t\t\t\t\t\t\t\t<p class=\"c-card__text l-stack-xs u-font-body\">\n\t\t\t\t\t\t\t\tFj\u00e4rde terminen \u00e4r i full g\u00e5ng och vi passade p\u00e5 att kolla l\u00e4get p\u00e5 skolan.\n\t\t\t\t\t\t\t<\/p>\n\t\t\t\t\t\t\n\t\t\t\t\t\t\t\t\t\t\t\t\t<ul class=\"c-card__tags l-stack-grow u-list-none u-pt-md\" aria-label=\"Kategorier\">\n\t\t\t\t\t\t\t\t\t\t\t\t\t\t\t\t\t<li><span class=\"c-tag\" data-variant=\"outline\">Allm\u00e4nt<\/span><\/li>\n\t\t\t\t\t\t\t\t\t\t\t\t\t\t\t<\/ul>\n\t\t\t\t\t\t\n\t\t\t\t\t\t<div class=\"c-card__icon\">\n\t\t\t\t\t\t\t\t\t\t\t\t\t\t<svg class=\"ams-icon ams-icon--arrow-right\" width=\"32\" height=\"32\" viewbox=\"0 0 32 32\" fill=\"currentColor\" aria-hidden=\"true\" xmlns=\"http:\/\/www.w3.org\/2000\/svg\">\n\t\t\t\t\t\t\t\t\t\t\t\t\t\t\t\t<path d=\"M15.4617 0.252159L14.9567 0.75931C14.6219 1.09545 14.6219 1.64048 14.9567 1.97669L27.7062 14.7806H0.857144C0.383786 14.7806 0 15.166 0 15.6414V16.3587C0 16.8341 0.383786 17.2195 0.857144 17.2195H27.7062L14.9567 30.0234C14.6219 30.3595 14.6219 30.9045 14.9567 31.2407L15.4617 31.7479C15.7964 32.084 16.3392 32.084 16.6739 31.7479L31.749 16.6087C32.0837 16.2725 32.0837 15.7275 31.749 15.3913L16.6739 0.252159C16.3392 -0.084053 15.7964 -0.084053 15.4617 0.252159Z\"\/>\n\t\t\t\t\t\t\t\n\t\t\t\t\t\t\t<\/svg>\n\t\t\t\t\t\t<\/div>\n\t\t\t\t\t<\/div>\n\n\t\t\t\t\t<div class=\"c-card__media \" style=\" \">\n\t\t\t\t\t\t<img decoding=\"async\" width=\"400\" height=\"393\" src=\"https:\/\/vittra.se\/wp-content\/uploads\/2024\/04\/vittra-orebro-skolgard-400x393.png\" class=\"attachment-sm size-sm\" alt=\"Elever spelar fotboll p\u00e5 multiarenan p\u00e5 Vittra \u00d6rebros skolg\u00e5rd.\" sizes=\"(min-width: 64em) 300px, (min-width: 48em) calc(.50 * (100vw - 224px)), calc(100vw - 160px)\" srcset=\"https:\/\/vittra.se\/wp-content\/uploads\/2024\/04\/vittra-orebro-skolgard-400x393.png 400w, https:\/\/vittra.se\/wp-content\/uploads\/2024\/04\/vittra-orebro-skolgard-300x295.png 300w, https:\/\/vittra.se\/wp-content\/uploads\/2024\/04\/vittra-orebro-skolgard.png 600w\" \/>\n\t\t\t\t\t<\/div>\n\t\t\t\t<\/article>\n\t\t\t<\/li>\n\t\t\t\t\t\t\t\t\t\t\t\t\t\t\t\t\t\n\t\t\t\n\t\t\t\n\t\t\t<li class=\"l-col-6@md l-col-4@lg js-filter__item\" data-filter=\"nyhet januari-2024\">\n\t\t\t\t<article class=\"c-card  has-media-zoom  \" data-variant=\"border\" data-style=\"square\" data-click-area>\n\t\t\t\t\t<div class=\"c-card__content l-stack l-stack-sm\">\n\n\t\t\t\t\t\t\t\t\t\t\t\t\t<time class=\"c-card__date u-font-small\" datetime=\"2024-01-23\">23 januari, 2024<\/time>\n\t\t\t\t\t\t\n\t\t\t\t\t\t\t\t\t\t\t\t\t<h2 class=\"c-card__title u-font-title-3\">\n\t\t\t\t\t\t\t\t\t\t\t\t\t\t\t\t\t<a class=\"c-card__link\" href=\"https:\/\/vittra.se\/orebro\/artikel\/lokal\/3-tips-infor-skolvalet\">\n\t\t\t\t\t\t\t\t\t\t3 tips inf\u00f6r skolvalet\n\t\t\t\t\t\t\t\t\t<\/a>\n\t\t\t\t\t\t\t\t\t\t\t\t\t\t\t<\/h2>\n\t\t\t\t\t\t\n\t\t\t\t\t\t\t\t\t\t\t\t\t<p class=\"c-card__text l-stack-xs u-font-body\">\n\t\t\t\t\t\t\t\tDags att v\u00e4lja skola? Ta del av v\u00e5ra 3 tips p\u00e5 vad som kan vara bra att t\u00e4nka p\u00e5.\n\t\t\t\t\t\t\t<\/p>\n\t\t\t\t\t\t\n\t\t\t\t\t\t\t\t\t\t\t\t\t<ul class=\"c-card__tags l-stack-grow u-list-none u-pt-md\" aria-label=\"Kategorier\">\n\t\t\t\t\t\t\t\t\t\t\t\t\t\t\t\t\t<li><span class=\"c-tag\" data-variant=\"outline\">Nyhet<\/span><\/li>\n\t\t\t\t\t\t\t\t\t\t\t\t\t\t\t<\/ul>\n\t\t\t\t\t\t\n\t\t\t\t\t\t<div class=\"c-card__icon\">\n\t\t\t\t\t\t\t\t\t\t\t\t\t\t<svg class=\"ams-icon ams-icon--arrow-right\" width=\"32\" height=\"32\" viewbox=\"0 0 32 32\" fill=\"currentColor\" aria-hidden=\"true\" xmlns=\"http:\/\/www.w3.org\/2000\/svg\">\n\t\t\t\t\t\t\t\t\t\t\t\t\t\t\t\t<path d=\"M15.4617 0.252159L14.9567 0.75931C14.6219 1.09545 14.6219 1.64048 14.9567 1.97669L27.7062 14.7806H0.857144C0.383786 14.7806 0 15.166 0 15.6414V16.3587C0 16.8341 0.383786 17.2195 0.857144 17.2195H27.7062L14.9567 30.0234C14.6219 30.3595 14.6219 30.9045 14.9567 31.2407L15.4617 31.7479C15.7964 32.084 16.3392 32.084 16.6739 31.7479L31.749 16.6087C32.0837 16.2725 32.0837 15.7275 31.749 15.3913L16.6739 0.252159C16.3392 -0.084053 15.7964 -0.084053 15.4617 0.252159Z\"\/>\n\t\t\t\t\t\t\t\n\t\t\t\t\t\t\t<\/svg>\n\t\t\t\t\t\t<\/div>\n\t\t\t\t\t<\/div>\n\n\t\t\t\t\t<div class=\"c-card__media \" style=\" \">\n\t\t\t\t\t\t<img decoding=\"async\" width=\"400\" height=\"267\" src=\"https:\/\/vittra.se\/wp-content\/uploads\/2025\/08\/vittrasamset202506fsk103-400x267.jpg\" class=\"attachment-sm size-sm\" alt=\"Fyra elever springer ute p\u00e5 gr\u00e4set och ler mot kameran\" sizes=\"(min-width: 64em) 300px, (min-width: 48em) calc(.50 * (100vw - 224px)), calc(100vw - 160px)\" srcset=\"https:\/\/vittra.se\/wp-content\/uploads\/2025\/08\/vittrasamset202506fsk103-400x267.jpg 400w, https:\/\/vittra.se\/wp-content\/uploads\/2025\/08\/vittrasamset202506fsk103-300x200.jpg 300w, https:\/\/vittra.se\/wp-content\/uploads\/2025\/08\/vittrasamset202506fsk103-600x400.jpg 600w, https:\/\/vittra.se\/wp-content\/uploads\/2025\/08\/vittrasamset202506fsk103-800x534.jpg 800w, https:\/\/vittra.se\/wp-content\/uploads\/2025\/08\/vittrasamset202506fsk103.jpg 1000w\" \/>\n\t\t\t\t\t<\/div>\n\t\t\t\t<\/article>\n\t\t\t<\/li>\n\t\t\t\t\t\t\t\t\t\t\t\t\t\t\t\t\t\n\t\t\t\n\t\t\t\n\t\t\t<li class=\"l-col-6@md l-col-4@lg js-filter__item\" data-filter=\"allmant december-2023\">\n\t\t\t\t<article class=\"c-card  has-media-zoom  \" data-variant=\"border\" data-style=\"square\" data-click-area>\n\t\t\t\t\t<div class=\"c-card__content l-stack l-stack-sm\">\n\n\t\t\t\t\t\t\t\t\t\t\t\t\t<time class=\"c-card__date u-font-small\" datetime=\"2023-12-22\">22 december, 2023<\/time>\n\t\t\t\t\t\t\n\t\t\t\t\t\t\t\t\t\t\t\t\t<h2 class=\"c-card__title u-font-title-3\">\n\t\t\t\t\t\t\t\t\t\t\t\t\t\t\t\t\t<a class=\"c-card__link\" href=\"https:\/\/vittra.se\/orebro\/artikel\/lokal\/tillsammans-gor-vi-skillnad\">\n\t\t\t\t\t\t\t\t\t\tTillsammans g\u00f6r vi skillnad\n\t\t\t\t\t\t\t\t\t<\/a>\n\t\t\t\t\t\t\t\t\t\t\t\t\t\t\t<\/h2>\n\t\t\t\t\t\t\n\t\t\t\t\t\t\t\t\t\t\t\t\t<p class=\"c-card__text l-stack-xs u-font-body\">\n\t\t\t\t\t\t\t\tDen kraften ville vi visa p\u00e5 i \u00e5r genom att alla Vittraskolorna.\n\t\t\t\t\t\t\t<\/p>\n\t\t\t\t\t\t\n\t\t\t\t\t\t\t\t\t\t\t\t\t<ul class=\"c-card__tags l-stack-grow u-list-none u-pt-md\" aria-label=\"Kategorier\">\n\t\t\t\t\t\t\t\t\t\t\t\t\t\t\t\t\t<li><span class=\"c-tag\" data-variant=\"outline\">Allm\u00e4nt<\/span><\/li>\n\t\t\t\t\t\t\t\t\t\t\t\t\t\t\t<\/ul>\n\t\t\t\t\t\t\n\t\t\t\t\t\t<div class=\"c-card__icon\">\n\t\t\t\t\t\t\t\t\t\t\t\t\t\t<svg class=\"ams-icon ams-icon--arrow-right\" width=\"32\" height=\"32\" viewbox=\"0 0 32 32\" fill=\"currentColor\" aria-hidden=\"true\" xmlns=\"http:\/\/www.w3.org\/2000\/svg\">\n\t\t\t\t\t\t\t\t\t\t\t\t\t\t\t\t<path d=\"M15.4617 0.252159L14.9567 0.75931C14.6219 1.09545 14.6219 1.64048 14.9567 1.97669L27.7062 14.7806H0.857144C0.383786 14.7806 0 15.166 0 15.6414V16.3587C0 16.8341 0.383786 17.2195 0.857144 17.2195H27.7062L14.9567 30.0234C14.6219 30.3595 14.6219 30.9045 14.9567 31.2407L15.4617 31.7479C15.7964 32.084 16.3392 32.084 16.6739 31.7479L31.749 16.6087C32.0837 16.2725 32.0837 15.7275 31.749 15.3913L16.6739 0.252159C16.3392 -0.084053 15.7964 -0.084053 15.4617 0.252159Z\"\/>\n\t\t\t\t\t\t\t\n\t\t\t\t\t\t\t<\/svg>\n\t\t\t\t\t\t<\/div>\n\t\t\t\t\t<\/div>\n\n\t\t\t\t\t<div class=\"c-card__media \" style=\" \">\n\t\t\t\t\t\t<img decoding=\"async\" width=\"400\" height=\"400\" src=\"https:\/\/vittra.se\/wp-content\/uploads\/2023\/12\/vittrasomemusikhjalpen1.png\" class=\"attachment-sm size-sm\" alt=\"Vittra hj\u00e4rta Musikhj\u00e4lpen\" sizes=\"(min-width: 64em) 300px, (min-width: 48em) calc(.50 * (100vw - 224px)), calc(100vw - 160px)\" srcset=\"https:\/\/vittra.se\/wp-content\/uploads\/2023\/12\/vittrasomemusikhjalpen1.png 4500w, https:\/\/vittra.se\/wp-content\/uploads\/2023\/12\/vittrasomemusikhjalpen1-300x300.png 300w, https:\/\/vittra.se\/wp-content\/uploads\/2023\/12\/vittrasomemusikhjalpen1-1024x1024.png 1024w, https:\/\/vittra.se\/wp-content\/uploads\/2023\/12\/vittrasomemusikhjalpen1-150x150.png 150w, https:\/\/vittra.se\/wp-content\/uploads\/2023\/12\/vittrasomemusikhjalpen1-768x768.png 768w, https:\/\/vittra.se\/wp-content\/uploads\/2023\/12\/vittrasomemusikhjalpen1-1536x1536.png 1536w, https:\/\/vittra.se\/wp-content\/uploads\/2023\/12\/vittrasomemusikhjalpen1-2048x2048.png 2048w, https:\/\/vittra.se\/wp-content\/uploads\/2023\/12\/vittrasomemusikhjalpen1-1920x1920.png 1920w, https:\/\/vittra.se\/wp-content\/uploads\/2023\/12\/vittrasomemusikhjalpen1-500x500.png 500w, https:\/\/vittra.se\/wp-content\/uploads\/2023\/12\/vittrasomemusikhjalpen1-229x229.png 229w, https:\/\/vittra.se\/wp-content\/uploads\/2023\/12\/vittrasomemusikhjalpen1-340x340.png 340w, https:\/\/vittra.se\/wp-content\/uploads\/2023\/12\/vittrasomemusikhjalpen1-1100x1100.png 1100w, https:\/\/vittra.se\/wp-content\/uploads\/2023\/12\/vittrasomemusikhjalpen1-670x670.png 670w, https:\/\/vittra.se\/wp-content\/uploads\/2023\/12\/vittrasomemusikhjalpen1-100x100.png 100w, https:\/\/vittra.se\/wp-content\/uploads\/2023\/12\/vittrasomemusikhjalpen1-515x515.png 515w\" \/>\n\t\t\t\t\t<\/div>\n\t\t\t\t<\/article>\n\t\t\t<\/li>\n\t\t\t\t\t\t\t\t\t\t\t\t\t\t\t\t\t\n\t\t\t\n\t\t\t\n\t\t\t<li class=\"l-col-6@md l-col-4@lg js-filter__item\" data-filter=\"allmant december-2023\">\n\t\t\t\t<article class=\"c-card  has-media-zoom  \" data-variant=\"border\" data-style=\"square\" data-click-area>\n\t\t\t\t\t<div class=\"c-card__content l-stack l-stack-sm\">\n\n\t\t\t\t\t\t\t\t\t\t\t\t\t<time class=\"c-card__date u-font-small\" datetime=\"2023-12-19\">19 december, 2023<\/time>\n\t\t\t\t\t\t\n\t\t\t\t\t\t\t\t\t\t\t\t\t<h2 class=\"c-card__title u-font-title-3\">\n\t\t\t\t\t\t\t\t\t\t\t\t\t\t\t\t\t<a class=\"c-card__link\" href=\"https:\/\/vittra.se\/orebro\/artikel\/lokal\/god-jul-onskar-vittra\">\n\t\t\t\t\t\t\t\t\t\tGod jul \u00f6nskar Vittra!\n\t\t\t\t\t\t\t\t\t<\/a>\n\t\t\t\t\t\t\t\t\t\t\t\t\t\t\t<\/h2>\n\t\t\t\t\t\t\n\t\t\t\t\t\t\t\t\t\t\t\t\t<p class=\"c-card__text l-stack-xs u-font-body\">\n\t\t\t\t\t\t\t\tVi \u00f6nskar dig en god jul och ett gott nytt \u00e5r!\n\t\t\t\t\t\t\t<\/p>\n\t\t\t\t\t\t\n\t\t\t\t\t\t\t\t\t\t\t\t\t<ul class=\"c-card__tags l-stack-grow u-list-none u-pt-md\" aria-label=\"Kategorier\">\n\t\t\t\t\t\t\t\t\t\t\t\t\t\t\t\t\t<li><span class=\"c-tag\" data-variant=\"outline\">Allm\u00e4nt<\/span><\/li>\n\t\t\t\t\t\t\t\t\t\t\t\t\t\t\t<\/ul>\n\t\t\t\t\t\t\n\t\t\t\t\t\t<div class=\"c-card__icon\">\n\t\t\t\t\t\t\t\t\t\t\t\t\t\t<svg class=\"ams-icon ams-icon--arrow-right\" width=\"32\" height=\"32\" viewbox=\"0 0 32 32\" fill=\"currentColor\" aria-hidden=\"true\" xmlns=\"http:\/\/www.w3.org\/2000\/svg\">\n\t\t\t\t\t\t\t\t\t\t\t\t\t\t\t\t<path d=\"M15.4617 0.252159L14.9567 0.75931C14.6219 1.09545 14.6219 1.64048 14.9567 1.97669L27.7062 14.7806H0.857144C0.383786 14.7806 0 15.166 0 15.6414V16.3587C0 16.8341 0.383786 17.2195 0.857144 17.2195H27.7062L14.9567 30.0234C14.6219 30.3595 14.6219 30.9045 14.9567 31.2407L15.4617 31.7479C15.7964 32.084 16.3392 32.084 16.6739 31.7479L31.749 16.6087C32.0837 16.2725 32.0837 15.7275 31.749 15.3913L16.6739 0.252159C16.3392 -0.084053 15.7964 -0.084053 15.4617 0.252159Z\"\/>\n\t\t\t\t\t\t\t\n\t\t\t\t\t\t\t<\/svg>\n\t\t\t\t\t\t<\/div>\n\t\t\t\t\t<\/div>\n\n\t\t\t\t\t<div class=\"c-card__media \" style=\" \">\n\t\t\t\t\t\t<img decoding=\"async\" width=\"400\" height=\"400\" src=\"https:\/\/vittra.se\/wp-content\/uploads\/2023\/12\/vittrasomejul1080x1080.png\" class=\"attachment-sm size-sm\" alt=\"God jul och gott nytt \u00e5r \u00f6nskar Vittra!\" sizes=\"(min-width: 64em) 300px, (min-width: 48em) calc(.50 * (100vw - 224px)), calc(100vw - 160px)\" srcset=\"https:\/\/vittra.se\/wp-content\/uploads\/2023\/12\/vittrasomejul1080x1080.png 4500w, https:\/\/vittra.se\/wp-content\/uploads\/2023\/12\/vittrasomejul1080x1080-300x300.png 300w, https:\/\/vittra.se\/wp-content\/uploads\/2023\/12\/vittrasomejul1080x1080-1024x1024.png 1024w, https:\/\/vittra.se\/wp-content\/uploads\/2023\/12\/vittrasomejul1080x1080-150x150.png 150w, https:\/\/vittra.se\/wp-content\/uploads\/2023\/12\/vittrasomejul1080x1080-768x768.png 768w, https:\/\/vittra.se\/wp-content\/uploads\/2023\/12\/vittrasomejul1080x1080-1536x1536.png 1536w, https:\/\/vittra.se\/wp-content\/uploads\/2023\/12\/vittrasomejul1080x1080-2048x2048.png 2048w, https:\/\/vittra.se\/wp-content\/uploads\/2023\/12\/vittrasomejul1080x1080-1920x1920.png 1920w, https:\/\/vittra.se\/wp-content\/uploads\/2023\/12\/vittrasomejul1080x1080-500x500.png 500w, https:\/\/vittra.se\/wp-content\/uploads\/2023\/12\/vittrasomejul1080x1080-229x229.png 229w, https:\/\/vittra.se\/wp-content\/uploads\/2023\/12\/vittrasomejul1080x1080-340x340.png 340w, https:\/\/vittra.se\/wp-content\/uploads\/2023\/12\/vittrasomejul1080x1080-1100x1100.png 1100w, https:\/\/vittra.se\/wp-content\/uploads\/2023\/12\/vittrasomejul1080x1080-670x670.png 670w, https:\/\/vittra.se\/wp-content\/uploads\/2023\/12\/vittrasomejul1080x1080-100x100.png 100w, https:\/\/vittra.se\/wp-content\/uploads\/2023\/12\/vittrasomejul1080x1080-515x515.png 515w\" \/>\n\t\t\t\t\t<\/div>\n\t\t\t\t<\/article>\n\t\t\t<\/li>\n\t\t\t\t\t\t\t\t\t\t\t\t\t\t\t\t\t\n\t\t\t\n\t\t\t\n\t\t\t<li class=\"l-col-6@md l-col-4@lg js-filter__item\" data-filter=\"allmant november-2023\">\n\t\t\t\t<article class=\"c-card  has-media-zoom  \" data-variant=\"border\" data-style=\"square\" data-click-area>\n\t\t\t\t\t<div class=\"c-card__content l-stack l-stack-sm\">\n\n\t\t\t\t\t\t\t\t\t\t\t\t\t<time class=\"c-card__date u-font-small\" datetime=\"2023-11-27\">27 november, 2023<\/time>\n\t\t\t\t\t\t\n\t\t\t\t\t\t\t\t\t\t\t\t\t<h2 class=\"c-card__title u-font-title-3\">\n\t\t\t\t\t\t\t\t\t\t\t\t\t\t\t\t\t<a class=\"c-card__link\" href=\"https:\/\/vittra.se\/orebro\/artikel\/tips-infor-skolvalet\/\">\n\t\t\t\t\t\t\t\t\t\tHar du gjort ett skolval?\n\t\t\t\t\t\t\t\t\t<\/a>\n\t\t\t\t\t\t\t\t\t\t\t\t\t\t\t<\/h2>\n\t\t\t\t\t\t\n\t\t\t\t\t\t\t\t\t\t\t\t\t<p class=\"c-card__text l-stack-xs u-font-body\">\n\t\t\t\t\t\t\t\tSpecialpedagogens tips \u2013 s\u00e5 g\u00f6r du ett v\u00e4lgrundat skolval\n\t\t\t\t\t\t\t<\/p>\n\t\t\t\t\t\t\n\t\t\t\t\t\t\t\t\t\t\t\t\t<ul class=\"c-card__tags l-stack-grow u-list-none u-pt-md\" aria-label=\"Kategorier\">\n\t\t\t\t\t\t\t\t\t\t\t\t\t\t\t\t\t<li><span class=\"c-tag\" data-variant=\"outline\">Allm\u00e4nt<\/span><\/li>\n\t\t\t\t\t\t\t\t\t\t\t\t\t\t\t<\/ul>\n\t\t\t\t\t\t\n\t\t\t\t\t\t<div class=\"c-card__icon\">\n\t\t\t\t\t\t\t\t\t\t\t\t\t\t<svg class=\"ams-icon ams-icon--arrow-right\" width=\"32\" height=\"32\" viewbox=\"0 0 32 32\" fill=\"currentColor\" aria-hidden=\"true\" xmlns=\"http:\/\/www.w3.org\/2000\/svg\">\n\t\t\t\t\t\t\t\t\t\t\t\t\t\t\t\t<path d=\"M15.4617 0.252159L14.9567 0.75931C14.6219 1.09545 14.6219 1.64048 14.9567 1.97669L27.7062 14.7806H0.857144C0.383786 14.7806 0 15.166 0 15.6414V16.3587C0 16.8341 0.383786 17.2195 0.857144 17.2195H27.7062L14.9567 30.0234C14.6219 30.3595 14.6219 30.9045 14.9567 31.2407L15.4617 31.7479C15.7964 32.084 16.3392 32.084 16.6739 31.7479L31.749 16.6087C32.0837 16.2725 32.0837 15.7275 31.749 15.3913L16.6739 0.252159C16.3392 -0.084053 15.7964 -0.084053 15.4617 0.252159Z\"\/>\n\t\t\t\t\t\t\t\n\t\t\t\t\t\t\t<\/svg>\n\t\t\t\t\t\t<\/div>\n\t\t\t\t\t<\/div>\n\n\t\t\t\t\t<div class=\"c-card__media \" style=\" \">\n\t\t\t\t\t\t<img decoding=\"async\" width=\"400\" height=\"269\" src=\"https:\/\/vittra.se\/wp-content\/uploads\/sites\/29\/2023\/01\/vittraskolvalartikelkortv4.jpg\" class=\"attachment-sm size-sm\" alt=\"\" sizes=\"(min-width: 64em) 300px, (min-width: 48em) calc(.50 * (100vw - 224px)), calc(100vw - 160px)\" srcset=\"https:\/\/vittra.se\/wp-content\/uploads\/sites\/29\/2023\/01\/vittraskolvalartikelkortv4.jpg 1071w, https:\/\/vittra.se\/wp-content\/uploads\/sites\/29\/2023\/01\/vittraskolvalartikelkortv4-300x202.jpg 300w, https:\/\/vittra.se\/wp-content\/uploads\/sites\/29\/2023\/01\/vittraskolvalartikelkortv4-1024x688.jpg 1024w, https:\/\/vittra.se\/wp-content\/uploads\/sites\/29\/2023\/01\/vittraskolvalartikelkortv4-768x516.jpg 768w, https:\/\/vittra.se\/wp-content\/uploads\/sites\/29\/2023\/01\/vittraskolvalartikelkortv4-500x336.jpg 500w, https:\/\/vittra.se\/wp-content\/uploads\/sites\/29\/2023\/01\/vittraskolvalartikelkortv4-340x229.jpg 340w, https:\/\/vittra.se\/wp-content\/uploads\/sites\/29\/2023\/01\/vittraskolvalartikelkortv4-997x670.jpg 997w\" \/>\n\t\t\t\t\t<\/div>\n\t\t\t\t<\/article>\n\t\t\t<\/li>\n\t\t\t\t\t\t\t\t\t\t\t\t\t\t\t\t\t\n\t\t\t\n\t\t\t\n\t\t\t<li class=\"l-col-6@md l-col-4@lg js-filter__item\" data-filter=\"nyhet september-2023\">\n\t\t\t\t<article class=\"c-card  has-media-zoom  \" data-variant=\"border\" data-style=\"square\" data-click-area>\n\t\t\t\t\t<div class=\"c-card__content l-stack l-stack-sm\">\n\n\t\t\t\t\t\t\t\t\t\t\t\t\t<time class=\"c-card__date u-font-small\" datetime=\"2023-09-20\">20 september, 2023<\/time>\n\t\t\t\t\t\t\n\t\t\t\t\t\t\t\t\t\t\t\t\t<h2 class=\"c-card__title u-font-title-3\">\n\t\t\t\t\t\t\t\t\t\t\t\t\t\t\t\t\t<a class=\"c-card__link\" href=\"https:\/\/vittra.se\/orebro\/artikel\/lokal\/30-arsfirande\">\n\t\t\t\t\t\t\t\t\t\tKalas f\u00f6r Vittra 30 \u00e5r\n\t\t\t\t\t\t\t\t\t<\/a>\n\t\t\t\t\t\t\t\t\t\t\t\t\t\t\t<\/h2>\n\t\t\t\t\t\t\n\t\t\t\t\t\t\t\t\t\t\t\t\t<p class=\"c-card__text l-stack-xs u-font-body\">\n\t\t\t\t\t\t\t\tDen 13 september firade vi att Vittra fyller 30 \u00e5r.\n\t\t\t\t\t\t\t<\/p>\n\t\t\t\t\t\t\n\t\t\t\t\t\t\t\t\t\t\t\t\t<ul class=\"c-card__tags l-stack-grow u-list-none u-pt-md\" aria-label=\"Kategorier\">\n\t\t\t\t\t\t\t\t\t\t\t\t\t\t\t\t\t<li><span class=\"c-tag\" data-variant=\"outline\">Nyhet<\/span><\/li>\n\t\t\t\t\t\t\t\t\t\t\t\t\t\t\t<\/ul>\n\t\t\t\t\t\t\n\t\t\t\t\t\t<div class=\"c-card__icon\">\n\t\t\t\t\t\t\t\t\t\t\t\t\t\t<svg class=\"ams-icon ams-icon--arrow-right\" width=\"32\" height=\"32\" viewbox=\"0 0 32 32\" fill=\"currentColor\" aria-hidden=\"true\" xmlns=\"http:\/\/www.w3.org\/2000\/svg\">\n\t\t\t\t\t\t\t\t\t\t\t\t\t\t\t\t<path d=\"M15.4617 0.252159L14.9567 0.75931C14.6219 1.09545 14.6219 1.64048 14.9567 1.97669L27.7062 14.7806H0.857144C0.383786 14.7806 0 15.166 0 15.6414V16.3587C0 16.8341 0.383786 17.2195 0.857144 17.2195H27.7062L14.9567 30.0234C14.6219 30.3595 14.6219 30.9045 14.9567 31.2407L15.4617 31.7479C15.7964 32.084 16.3392 32.084 16.6739 31.7479L31.749 16.6087C32.0837 16.2725 32.0837 15.7275 31.749 15.3913L16.6739 0.252159C16.3392 -0.084053 15.7964 -0.084053 15.4617 0.252159Z\"\/>\n\t\t\t\t\t\t\t\n\t\t\t\t\t\t\t<\/svg>\n\t\t\t\t\t\t<\/div>\n\t\t\t\t\t<\/div>\n\n\t\t\t\t\t<div class=\"c-card__media \" style=\" \">\n\t\t\t\t\t\t<img decoding=\"async\" width=\"400\" height=\"329\" src=\"https:\/\/vittra.se\/wp-content\/uploads\/2023\/09\/vittra-forsglantan-30ar-41.jpg\" class=\"attachment-sm size-sm\" alt=\"Evenemang f\u00f6r Vittra 30 \u00e5r p\u00e5 skolan, elever sitter i matsalen\" sizes=\"(min-width: 64em) 300px, (min-width: 48em) calc(.50 * (100vw - 224px)), calc(100vw - 160px)\" srcset=\"https:\/\/vittra.se\/wp-content\/uploads\/2023\/09\/vittra-forsglantan-30ar-41.jpg 500w, https:\/\/vittra.se\/wp-content\/uploads\/2023\/09\/vittra-forsglantan-30ar-41-300x247.jpg 300w, https:\/\/vittra.se\/wp-content\/uploads\/2023\/09\/vittra-forsglantan-30ar-41-279x229.jpg 279w, https:\/\/vittra.se\/wp-content\/uploads\/2023\/09\/vittra-forsglantan-30ar-41-340x279.jpg 340w\" \/>\n\t\t\t\t\t<\/div>\n\t\t\t\t<\/article>\n\t\t\t<\/li>\n\t\t\t\t\t\t\t\t\t\t\t\t\t\t\t\t\t\n\t\t\t\n\t\t\t\n\t\t\t<li class=\"l-col-6@md l-col-4@lg js-filter__item\" data-filter=\"allmant nyhet augusti-2023\">\n\t\t\t\t<article class=\"c-card  has-media-zoom  \" data-variant=\"border\" data-style=\"square\" data-click-area>\n\t\t\t\t\t<div class=\"c-card__content l-stack l-stack-sm\">\n\n\t\t\t\t\t\t\t\t\t\t\t\t\t<time class=\"c-card__date u-font-small\" datetime=\"2023-08-25\">25 augusti, 2023<\/time>\n\t\t\t\t\t\t\n\t\t\t\t\t\t\t\t\t\t\t\t\t<h2 class=\"c-card__title u-font-title-3\">\n\t\t\t\t\t\t\t\t\t\t\t\t\t\t\t\t\t<a class=\"c-card__link\" href=\"https:\/\/vittra.se\/orebro\/artikel\/lokal\/vittra-30-ar\">\n\t\t\t\t\t\t\t\t\t\tVittra fyller 30 \u00e5r!\n\t\t\t\t\t\t\t\t\t<\/a>\n\t\t\t\t\t\t\t\t\t\t\t\t\t\t\t<\/h2>\n\t\t\t\t\t\t\n\t\t\t\t\t\t\t\t\t\t\t\t\t<p class=\"c-card__text l-stack-xs u-font-body\">\n\t\t\t\t\t\t\t\tL\u00e4s mer om jubil\u00e9et och se v\u00e5r 30-\u00e5rsfilm.\n\t\t\t\t\t\t\t<\/p>\n\t\t\t\t\t\t\n\t\t\t\t\t\t\t\t\t\t\t\t\t<ul class=\"c-card__tags l-stack-grow u-list-none u-pt-md\" aria-label=\"Kategorier\">\n\t\t\t\t\t\t\t\t\t\t\t\t\t\t\t\t\t<li><span class=\"c-tag\" data-variant=\"outline\">Allm\u00e4nt<\/span><\/li>\n\t\t\t\t\t\t\t\t\t\t\t\t\t\t\t\t\t<li><span class=\"c-tag\" data-variant=\"outline\">Nyhet<\/span><\/li>\n\t\t\t\t\t\t\t\t\t\t\t\t\t\t\t<\/ul>\n\t\t\t\t\t\t\n\t\t\t\t\t\t<div class=\"c-card__icon\">\n\t\t\t\t\t\t\t\t\t\t\t\t\t\t<svg class=\"ams-icon ams-icon--arrow-right\" width=\"32\" height=\"32\" viewbox=\"0 0 32 32\" fill=\"currentColor\" aria-hidden=\"true\" xmlns=\"http:\/\/www.w3.org\/2000\/svg\">\n\t\t\t\t\t\t\t\t\t\t\t\t\t\t\t\t<path d=\"M15.4617 0.252159L14.9567 0.75931C14.6219 1.09545 14.6219 1.64048 14.9567 1.97669L27.7062 14.7806H0.857144C0.383786 14.7806 0 15.166 0 15.6414V16.3587C0 16.8341 0.383786 17.2195 0.857144 17.2195H27.7062L14.9567 30.0234C14.6219 30.3595 14.6219 30.9045 14.9567 31.2407L15.4617 31.7479C15.7964 32.084 16.3392 32.084 16.6739 31.7479L31.749 16.6087C32.0837 16.2725 32.0837 15.7275 31.749 15.3913L16.6739 0.252159C16.3392 -0.084053 15.7964 -0.084053 15.4617 0.252159Z\"\/>\n\t\t\t\t\t\t\t\n\t\t\t\t\t\t\t<\/svg>\n\t\t\t\t\t\t<\/div>\n\t\t\t\t\t<\/div>\n\n\t\t\t\t\t<div class=\"c-card__media \" style=\" \">\n\t\t\t\t\t\t<img decoding=\"async\" width=\"400\" height=\"170\" src=\"https:\/\/vittra.se\/wp-content\/uploads\/2023\/08\/vittra-30-ar.png\" class=\"attachment-sm size-sm\" alt=\"\" sizes=\"(min-width: 64em) 300px, (min-width: 48em) calc(.50 * (100vw - 224px)), calc(100vw - 160px)\" srcset=\"https:\/\/vittra.se\/wp-content\/uploads\/2023\/08\/vittra-30-ar.png 1170w, https:\/\/vittra.se\/wp-content\/uploads\/2023\/08\/vittra-30-ar-300x127.png 300w, https:\/\/vittra.se\/wp-content\/uploads\/2023\/08\/vittra-30-ar-1024x434.png 1024w, https:\/\/vittra.se\/wp-content\/uploads\/2023\/08\/vittra-30-ar-768x326.png 768w, https:\/\/vittra.se\/wp-content\/uploads\/2023\/08\/vittra-30-ar-500x212.png 500w, https:\/\/vittra.se\/wp-content\/uploads\/2023\/08\/vittra-30-ar-340x144.png 340w, https:\/\/vittra.se\/wp-content\/uploads\/2023\/08\/vittra-30-ar-1100x466.png 1100w, https:\/\/vittra.se\/wp-content\/uploads\/2023\/08\/vittra-30-ar-1000x424.png 1000w\" \/>\n\t\t\t\t\t<\/div>\n\t\t\t\t<\/article>\n\t\t\t<\/li>\n\t\t\t\t\t\t\t\t\t\t\t\t\t\t\t\t\t\n\t\t\t\n\t\t\t\n\t\t\t<li class=\"l-col-6@md l-col-4@lg js-filter__item\" data-filter=\"allmant nyhet augusti-2023\">\n\t\t\t\t<article class=\"c-card  has-media-zoom  \" data-variant=\"border\" data-style=\"square\" data-click-area>\n\t\t\t\t\t<div class=\"c-card__content l-stack l-stack-sm\">\n\n\t\t\t\t\t\t\t\t\t\t\t\t\t<time class=\"c-card__date u-font-small\" datetime=\"2023-08-17\">17 augusti, 2023<\/time>\n\t\t\t\t\t\t\n\t\t\t\t\t\t\t\t\t\t\t\t\t<h2 class=\"c-card__title u-font-title-3\">\n\t\t\t\t\t\t\t\t\t\t\t\t\t\t\t\t\t<a class=\"c-card__link\" href=\"https:\/\/vittra.se\/orebro\/artikel\/lokal\/skolstart-2023-2\">\n\t\t\t\t\t\t\t\t\t\t\u00c4ntligen har skolan b\u00f6rjat!\n\t\t\t\t\t\t\t\t\t<\/a>\n\t\t\t\t\t\t\t\t\t\t\t\t\t\t\t<\/h2>\n\t\t\t\t\t\t\n\t\t\t\t\t\t\t\t\t\t\t\t\t<p class=\"c-card__text l-stack-xs u-font-body\">\n\t\t\t\t\t\t\t\t\u00c4ntligen har vi v\u00e4lkomnat alla v\u00e5ra barn och elever tillbaka efter som&#8230;\n\t\t\t\t\t\t\t<\/p>\n\t\t\t\t\t\t\n\t\t\t\t\t\t\t\t\t\t\t\t\t<ul class=\"c-card__tags l-stack-grow u-list-none u-pt-md\" aria-label=\"Kategorier\">\n\t\t\t\t\t\t\t\t\t\t\t\t\t\t\t\t\t<li><span class=\"c-tag\" data-variant=\"outline\">Allm\u00e4nt<\/span><\/li>\n\t\t\t\t\t\t\t\t\t\t\t\t\t\t\t\t\t<li><span class=\"c-tag\" data-variant=\"outline\">Nyhet<\/span><\/li>\n\t\t\t\t\t\t\t\t\t\t\t\t\t\t\t<\/ul>\n\t\t\t\t\t\t\n\t\t\t\t\t\t<div class=\"c-card__icon\">\n\t\t\t\t\t\t\t\t\t\t\t\t\t\t<svg class=\"ams-icon ams-icon--arrow-right\" width=\"32\" height=\"32\" viewbox=\"0 0 32 32\" fill=\"currentColor\" aria-hidden=\"true\" xmlns=\"http:\/\/www.w3.org\/2000\/svg\">\n\t\t\t\t\t\t\t\t\t\t\t\t\t\t\t\t<path d=\"M15.4617 0.252159L14.9567 0.75931C14.6219 1.09545 14.6219 1.64048 14.9567 1.97669L27.7062 14.7806H0.857144C0.383786 14.7806 0 15.166 0 15.6414V16.3587C0 16.8341 0.383786 17.2195 0.857144 17.2195H27.7062L14.9567 30.0234C14.6219 30.3595 14.6219 30.9045 14.9567 31.2407L15.4617 31.7479C15.7964 32.084 16.3392 32.084 16.6739 31.7479L31.749 16.6087C32.0837 16.2725 32.0837 15.7275 31.749 15.3913L16.6739 0.252159C16.3392 -0.084053 15.7964 -0.084053 15.4617 0.252159Z\"\/>\n\t\t\t\t\t\t\t\n\t\t\t\t\t\t\t<\/svg>\n\t\t\t\t\t\t<\/div>\n\t\t\t\t\t<\/div>\n\n\t\t\t\t\t<div class=\"c-card__media \" style=\" \">\n\t\t\t\t\t\t<img decoding=\"async\" width=\"400\" height=\"267\" src=\"https:\/\/vittra.se\/wp-content\/uploads\/2023\/08\/vittra-skolstart-2023-2022.jpg\" class=\"attachment-sm size-sm\" alt=\"Elever i \u00e5rskurs 5 sitter p\u00e5 en st\u00e4llning och ler mot kameran\" sizes=\"(min-width: 64em) 300px, (min-width: 48em) calc(.50 * (100vw - 224px)), calc(100vw - 160px)\" srcset=\"https:\/\/vittra.se\/wp-content\/uploads\/2023\/08\/vittra-skolstart-2023-2022.jpg 1980w, https:\/\/vittra.se\/wp-content\/uploads\/2023\/08\/vittra-skolstart-2023-2022-300x200.jpg 300w, https:\/\/vittra.se\/wp-content\/uploads\/2023\/08\/vittra-skolstart-2023-2022-1024x683.jpg 1024w, https:\/\/vittra.se\/wp-content\/uploads\/2023\/08\/vittra-skolstart-2023-2022-768x512.jpg 768w, https:\/\/vittra.se\/wp-content\/uploads\/2023\/08\/vittra-skolstart-2023-2022-1536x1024.jpg 1536w, https:\/\/vittra.se\/wp-content\/uploads\/2023\/08\/vittra-skolstart-2023-2022-1920x1280.jpg 1920w, https:\/\/vittra.se\/wp-content\/uploads\/2023\/08\/vittra-skolstart-2023-2022-500x333.jpg 500w, https:\/\/vittra.se\/wp-content\/uploads\/2023\/08\/vittra-skolstart-2023-2022-340x227.jpg 340w, https:\/\/vittra.se\/wp-content\/uploads\/2023\/08\/vittra-skolstart-2023-2022-1100x733.jpg 1100w, https:\/\/vittra.se\/wp-content\/uploads\/2023\/08\/vittra-skolstart-2023-2022-1000x667.jpg 1000w\" \/>\n\t\t\t\t\t<\/div>\n\t\t\t\t<\/article>\n\t\t\t<\/li>\n\t\t\t\t\t\t\t\t\t\t\t\t\t\t\t\t\t\n\t\t\t\n\t\t\t\n\t\t\t<li class=\"l-col-6@md l-col-4@lg js-filter__item\" data-filter=\"allmant nyhet juni-2023\">\n\t\t\t\t<article class=\"c-card  has-media-zoom  \" data-variant=\"border\" data-style=\"square\" data-click-area>\n\t\t\t\t\t<div class=\"c-card__content l-stack l-stack-sm\">\n\n\t\t\t\t\t\t\t\t\t\t\t\t\t<time class=\"c-card__date u-font-small\" datetime=\"2023-06-21\">21 juni, 2023<\/time>\n\t\t\t\t\t\t\n\t\t\t\t\t\t\t\t\t\t\t\t\t<h2 class=\"c-card__title u-font-title-3\">\n\t\t\t\t\t\t\t\t\t\t\t\t\t\t\t\t\t<a class=\"c-card__link\" href=\"https:\/\/vittra.se\/orebro\/artikel\/lokal\/internationella-utnyten-med-erasmus\">\n\t\t\t\t\t\t\t\t\t\tInternationella utbyten med Er&#8230;\n\t\t\t\t\t\t\t\t\t<\/a>\n\t\t\t\t\t\t\t\t\t\t\t\t\t\t\t<\/h2>\n\t\t\t\t\t\t\n\t\t\t\t\t\t\t\t\t\t\t\t\t<p class=\"c-card__text l-stack-xs u-font-body\">\n\t\t\t\t\t\t\t\tNu har alla v\u00e5ra skolor m\u00f6jlighet till i&#8230;\n\t\t\t\t\t\t\t<\/p>\n\t\t\t\t\t\t\n\t\t\t\t\t\t\t\t\t\t\t\t\t<ul class=\"c-card__tags l-stack-grow u-list-none u-pt-md\" aria-label=\"Kategorier\">\n\t\t\t\t\t\t\t\t\t\t\t\t\t\t\t\t\t<li><span class=\"c-tag\" data-variant=\"outline\">Allm\u00e4nt<\/span><\/li>\n\t\t\t\t\t\t\t\t\t\t\t\t\t\t\t\t\t<li><span class=\"c-tag\" data-variant=\"outline\">Nyhet<\/span><\/li>\n\t\t\t\t\t\t\t\t\t\t\t\t\t\t\t<\/ul>\n\t\t\t\t\t\t\n\t\t\t\t\t\t<div class=\"c-card__icon\">\n\t\t\t\t\t\t\t\t\t\t\t\t\t\t<svg class=\"ams-icon ams-icon--arrow-right\" width=\"32\" height=\"32\" viewbox=\"0 0 32 32\" fill=\"currentColor\" aria-hidden=\"true\" xmlns=\"http:\/\/www.w3.org\/2000\/svg\">\n\t\t\t\t\t\t\t\t\t\t\t\t\t\t\t\t<path d=\"M15.4617 0.252159L14.9567 0.75931C14.6219 1.09545 14.6219 1.64048 14.9567 1.97669L27.7062 14.7806H0.857144C0.383786 14.7806 0 15.166 0 15.6414V16.3587C0 16.8341 0.383786 17.2195 0.857144 17.2195H27.7062L14.9567 30.0234C14.6219 30.3595 14.6219 30.9045 14.9567 31.2407L15.4617 31.7479C15.7964 32.084 16.3392 32.084 16.6739 31.7479L31.749 16.6087C32.0837 16.2725 32.0837 15.7275 31.749 15.3913L16.6739 0.252159C16.3392 -0.084053 15.7964 -0.084053 15.4617 0.252159Z\"\/>\n\t\t\t\t\t\t\t\n\t\t\t\t\t\t\t<\/svg>\n\t\t\t\t\t\t<\/div>\n\t\t\t\t\t<\/div>\n\n\t\t\t\t\t<div class=\"c-card__media \" style=\" \">\n\t\t\t\t\t\t<img decoding=\"async\" width=\"400\" height=\"336\" src=\"https:\/\/vittra.se\/wp-content\/uploads\/2023\/06\/vittra-erasmus-2023.jpg\" class=\"attachment-sm size-sm\" alt=\"\" sizes=\"(min-width: 64em) 300px, (min-width: 48em) calc(.50 * (100vw - 224px)), calc(100vw - 160px)\" srcset=\"https:\/\/vittra.se\/wp-content\/uploads\/2023\/06\/vittra-erasmus-2023.jpg 1440w, https:\/\/vittra.se\/wp-content\/uploads\/2023\/06\/vittra-erasmus-2023-300x252.jpg 300w, https:\/\/vittra.se\/wp-content\/uploads\/2023\/06\/vittra-erasmus-2023-1024x860.jpg 1024w, https:\/\/vittra.se\/wp-content\/uploads\/2023\/06\/vittra-erasmus-2023-768x645.jpg 768w, https:\/\/vittra.se\/wp-content\/uploads\/2023\/06\/vittra-erasmus-2023-500x420.jpg 500w, https:\/\/vittra.se\/wp-content\/uploads\/2023\/06\/vittra-erasmus-2023-273x229.jpg 273w, https:\/\/vittra.se\/wp-content\/uploads\/2023\/06\/vittra-erasmus-2023-340x285.jpg 340w, https:\/\/vittra.se\/wp-content\/uploads\/2023\/06\/vittra-erasmus-2023-1100x924.jpg 1100w, https:\/\/vittra.se\/wp-content\/uploads\/2023\/06\/vittra-erasmus-2023-798x670.jpg 798w\" \/>\n\t\t\t\t\t<\/div>\n\t\t\t\t<\/article>\n\t\t\t<\/li>\n\t\t\t\t\t\t\t\t\t\t\t\t\t\t\t\t\t\n\t\t\t\n\t\t\t\n\t\t\t<li class=\"l-col-6@md l-col-4@lg js-filter__item\" data-filter=\"allmant juni-2023\">\n\t\t\t\t<article class=\"c-card  has-media-zoom  \" data-variant=\"border\" data-style=\"square\" data-click-area>\n\t\t\t\t\t<div class=\"c-card__content l-stack l-stack-sm\">\n\n\t\t\t\t\t\t\t\t\t\t\t\t\t<time class=\"c-card__date u-font-small\" datetime=\"2023-06-13\">13 juni, 2023<\/time>\n\t\t\t\t\t\t\n\t\t\t\t\t\t\t\t\t\t\t\t\t<h2 class=\"c-card__title u-font-title-3\">\n\t\t\t\t\t\t\t\t\t\t\t\t\t\t\t\t\t<a class=\"c-card__link\" href=\"https:\/\/vittra.se\/orebro\/artikel\/sommar-2023\/\">\n\t\t\t\t\t\t\t\t\t\tSommar 2023\n\t\t\t\t\t\t\t\t\t<\/a>\n\t\t\t\t\t\t\t\t\t\t\t\t\t\t\t<\/h2>\n\t\t\t\t\t\t\n\t\t\t\t\t\t\t\t\t\t\t\t\t<p class=\"c-card__text l-stack-xs u-font-body\">\n\t\t\t\t\t\t\t\tGlad sommar fr\u00e5n oss p\u00e5 Vittra! Nu g\u00e5r vi p\u00e5 ett efterl\u00e4ngtat sommarlov, men vi kan inte l\u00e5ta bli att l\u00e4ngta efter h\u00f6stterminen. F\u00f6r i \u00e5r firar Vittra 30 \u00e5r. Under h\u00f6sten kommer vi att fira detta ihop med alla v\u00e5ra elever och personal.\n\t\t\t\t\t\t\t<\/p>\n\t\t\t\t\t\t\n\t\t\t\t\t\t\t\t\t\t\t\t\t<ul class=\"c-card__tags l-stack-grow u-list-none u-pt-md\" aria-label=\"Kategorier\">\n\t\t\t\t\t\t\t\t\t\t\t\t\t\t\t\t\t<li><span class=\"c-tag\" data-variant=\"outline\">Allm\u00e4nt<\/span><\/li>\n\t\t\t\t\t\t\t\t\t\t\t\t\t\t\t<\/ul>\n\t\t\t\t\t\t\n\t\t\t\t\t\t<div class=\"c-card__icon\">\n\t\t\t\t\t\t\t\t\t\t\t\t\t\t<svg class=\"ams-icon ams-icon--arrow-right\" width=\"32\" height=\"32\" viewbox=\"0 0 32 32\" fill=\"currentColor\" aria-hidden=\"true\" xmlns=\"http:\/\/www.w3.org\/2000\/svg\">\n\t\t\t\t\t\t\t\t\t\t\t\t\t\t\t\t<path d=\"M15.4617 0.252159L14.9567 0.75931C14.6219 1.09545 14.6219 1.64048 14.9567 1.97669L27.7062 14.7806H0.857144C0.383786 14.7806 0 15.166 0 15.6414V16.3587C0 16.8341 0.383786 17.2195 0.857144 17.2195H27.7062L14.9567 30.0234C14.6219 30.3595 14.6219 30.9045 14.9567 31.2407L15.4617 31.7479C15.7964 32.084 16.3392 32.084 16.6739 31.7479L31.749 16.6087C32.0837 16.2725 32.0837 15.7275 31.749 15.3913L16.6739 0.252159C16.3392 -0.084053 15.7964 -0.084053 15.4617 0.252159Z\"\/>\n\t\t\t\t\t\t\t\n\t\t\t\t\t\t\t<\/svg>\n\t\t\t\t\t\t<\/div>\n\t\t\t\t\t<\/div>\n\n\t\t\t\t\t<div class=\"c-card__media \" style=\" \">\n\t\t\t\t\t\t<img decoding=\"async\" width=\"362\" height=\"272\" src=\"https:\/\/vittra.se\/wp-content\/uploads\/2024\/02\/vittra-artikelkort.png\" class=\"attachment-sm size-sm\" alt=\"\" sizes=\"(min-width: 64em) 300px, (min-width: 48em) calc(.50 * (100vw - 224px)), calc(100vw - 160px)\" srcset=\"https:\/\/vittra.se\/wp-content\/uploads\/2024\/02\/vittra-artikelkort.png 362w, https:\/\/vittra.se\/wp-content\/uploads\/2024\/02\/vittra-artikelkort-300x225.png 300w, https:\/\/vittra.se\/wp-content\/uploads\/2024\/02\/vittra-artikelkort-305x229.png 305w, https:\/\/vittra.se\/wp-content\/uploads\/2024\/02\/vittra-artikelkort-340x255.png 340w\" \/>\n\t\t\t\t\t<\/div>\n\t\t\t\t<\/article>\n\t\t\t<\/li>\n\t\t\t\t\t\t\t\t\t\t\t\t\t\t\t\t\t\n\t\t\t\n\t\t\t\n\t\t\t<li class=\"l-col-6@md l-col-4@lg js-filter__item\" data-filter=\"allmant december-2022\">\n\t\t\t\t<article class=\"c-card  has-media-zoom  \" data-variant=\"border\" data-style=\"square\" data-click-area>\n\t\t\t\t\t<div class=\"c-card__content l-stack l-stack-sm\">\n\n\t\t\t\t\t\t\t\t\t\t\t\t\t<time class=\"c-card__date u-font-small\" datetime=\"2022-12-21\">21 december, 2022<\/time>\n\t\t\t\t\t\t\n\t\t\t\t\t\t\t\t\t\t\t\t\t<h2 class=\"c-card__title u-font-title-3\">\n\t\t\t\t\t\t\t\t\t\t\t\t\t\t\t\t\t<a class=\"c-card__link\" href=\"https:\/\/vittra.se\/orebro\/artikel\/lokal\/julhalsning-2022\">\n\t\t\t\t\t\t\t\t\t\tGod jul och gott nytt \u00e5r!\n\t\t\t\t\t\t\t\t\t<\/a>\n\t\t\t\t\t\t\t\t\t\t\t\t\t\t\t<\/h2>\n\t\t\t\t\t\t\n\t\t\t\t\t\t\t\t\t\t\t\t\t<p class=\"c-card__text l-stack-xs u-font-body\">\n\t\t\t\t\t\t\t\tTitta p\u00e5 en julh\u00e4lsning fr\u00e5n Vittras utbildningsdirekt\u00f6r\n\t\t\t\t\t\t\t<\/p>\n\t\t\t\t\t\t\n\t\t\t\t\t\t\t\t\t\t\t\t\t<ul class=\"c-card__tags l-stack-grow u-list-none u-pt-md\" aria-label=\"Kategorier\">\n\t\t\t\t\t\t\t\t\t\t\t\t\t\t\t\t\t<li><span class=\"c-tag\" data-variant=\"outline\">Allm\u00e4nt<\/span><\/li>\n\t\t\t\t\t\t\t\t\t\t\t\t\t\t\t<\/ul>\n\t\t\t\t\t\t\n\t\t\t\t\t\t<div class=\"c-card__icon\">\n\t\t\t\t\t\t\t\t\t\t\t\t\t\t<svg class=\"ams-icon ams-icon--arrow-right\" width=\"32\" height=\"32\" viewbox=\"0 0 32 32\" fill=\"currentColor\" aria-hidden=\"true\" xmlns=\"http:\/\/www.w3.org\/2000\/svg\">\n\t\t\t\t\t\t\t\t\t\t\t\t\t\t\t\t<path d=\"M15.4617 0.252159L14.9567 0.75931C14.6219 1.09545 14.6219 1.64048 14.9567 1.97669L27.7062 14.7806H0.857144C0.383786 14.7806 0 15.166 0 15.6414V16.3587C0 16.8341 0.383786 17.2195 0.857144 17.2195H27.7062L14.9567 30.0234C14.6219 30.3595 14.6219 30.9045 14.9567 31.2407L15.4617 31.7479C15.7964 32.084 16.3392 32.084 16.6739 31.7479L31.749 16.6087C32.0837 16.2725 32.0837 15.7275 31.749 15.3913L16.6739 0.252159C16.3392 -0.084053 15.7964 -0.084053 15.4617 0.252159Z\"\/>\n\t\t\t\t\t\t\t\n\t\t\t\t\t\t\t<\/svg>\n\t\t\t\t\t\t<\/div>\n\t\t\t\t\t<\/div>\n\n\t\t\t\t\t<div class=\"c-card__media \" style=\" \">\n\t\t\t\t\t\t<img decoding=\"async\" width=\"400\" height=\"276\" src=\"https:\/\/vittra.se\/wp-content\/uploads\/2022\/12\/vittrawebbjul2022-scaled.jpg\" class=\"attachment-sm size-sm\" alt=\"\" sizes=\"(min-width: 64em) 300px, (min-width: 48em) calc(.50 * (100vw - 224px)), calc(100vw - 160px)\" srcset=\"https:\/\/vittra.se\/wp-content\/uploads\/2022\/12\/vittrawebbjul2022-scaled.jpg 2560w, https:\/\/vittra.se\/wp-content\/uploads\/2022\/12\/vittrawebbjul2022-300x207.jpg 300w, https:\/\/vittra.se\/wp-content\/uploads\/2022\/12\/vittrawebbjul2022-1024x706.jpg 1024w, https:\/\/vittra.se\/wp-content\/uploads\/2022\/12\/vittrawebbjul2022-768x530.jpg 768w, https:\/\/vittra.se\/wp-content\/uploads\/2022\/12\/vittrawebbjul2022-1536x1059.jpg 1536w, https:\/\/vittra.se\/wp-content\/uploads\/2022\/12\/vittrawebbjul2022-2048x1413.jpg 2048w, https:\/\/vittra.se\/wp-content\/uploads\/2022\/12\/vittrawebbjul2022-1920x1324.jpg 1920w, https:\/\/vittra.se\/wp-content\/uploads\/2022\/12\/vittrawebbjul2022-500x345.jpg 500w, https:\/\/vittra.se\/wp-content\/uploads\/2022\/12\/vittrawebbjul2022-332x229.jpg 332w, https:\/\/vittra.se\/wp-content\/uploads\/2022\/12\/vittrawebbjul2022-340x235.jpg 340w, https:\/\/vittra.se\/wp-content\/uploads\/2022\/12\/vittrawebbjul2022-325x225.jpg 325w, https:\/\/vittra.se\/wp-content\/uploads\/2022\/12\/vittrawebbjul2022-1100x759.jpg 1100w, https:\/\/vittra.se\/wp-content\/uploads\/2022\/12\/vittrawebbjul2022-971x670.jpg 971w\" \/>\n\t\t\t\t\t<\/div>\n\t\t\t\t<\/article>\n\t\t\t<\/li>\n\t\t\t\t\t\t\t\t\t\t\t\t\t\t\t\t\t\n\t\t\t\n\t\t\t\n\t\t\t<li class=\"l-col-6@md l-col-4@lg js-filter__item\" data-filter=\"allmant november-2022\">\n\t\t\t\t<article class=\"c-card  has-media-zoom  \" data-variant=\"border\" data-style=\"square\" data-click-area>\n\t\t\t\t\t<div class=\"c-card__content l-stack l-stack-sm\">\n\n\t\t\t\t\t\t\t\t\t\t\t\t\t<time class=\"c-card__date u-font-small\" datetime=\"2022-11-16\">16 november, 2022<\/time>\n\t\t\t\t\t\t\n\t\t\t\t\t\t\t\t\t\t\t\t\t<h2 class=\"c-card__title u-font-title-3\">\n\t\t\t\t\t\t\t\t\t\t\t\t\t\t\t\t\t<a class=\"c-card__link\" href=\"https:\/\/vittra.se\/orebro\/artikel\/personlig-visning\/\">\n\t\t\t\t\t\t\t\t\t\tVill du bes\u00f6ka oss?\n\t\t\t\t\t\t\t\t\t<\/a>\n\t\t\t\t\t\t\t\t\t\t\t\t\t\t\t<\/h2>\n\t\t\t\t\t\t\n\t\t\t\t\t\t\t\t\t\t\t\t\t<p class=\"c-card__text l-stack-xs u-font-body\">\n\t\t\t\t\t\t\t\tBoka en personlig visning f\u00f6r att l\u00e4ra k\u00e4nna oss b\u00e4ttre\n\t\t\t\t\t\t\t<\/p>\n\t\t\t\t\t\t\n\t\t\t\t\t\t\t\t\t\t\t\t\t<ul class=\"c-card__tags l-stack-grow u-list-none u-pt-md\" aria-label=\"Kategorier\">\n\t\t\t\t\t\t\t\t\t\t\t\t\t\t\t\t\t<li><span class=\"c-tag\" data-variant=\"outline\">Allm\u00e4nt<\/span><\/li>\n\t\t\t\t\t\t\t\t\t\t\t\t\t\t\t<\/ul>\n\t\t\t\t\t\t\n\t\t\t\t\t\t<div class=\"c-card__icon\">\n\t\t\t\t\t\t\t\t\t\t\t\t\t\t<svg class=\"ams-icon ams-icon--arrow-right\" width=\"32\" height=\"32\" viewbox=\"0 0 32 32\" fill=\"currentColor\" aria-hidden=\"true\" xmlns=\"http:\/\/www.w3.org\/2000\/svg\">\n\t\t\t\t\t\t\t\t\t\t\t\t\t\t\t\t<path d=\"M15.4617 0.252159L14.9567 0.75931C14.6219 1.09545 14.6219 1.64048 14.9567 1.97669L27.7062 14.7806H0.857144C0.383786 14.7806 0 15.166 0 15.6414V16.3587C0 16.8341 0.383786 17.2195 0.857144 17.2195H27.7062L14.9567 30.0234C14.6219 30.3595 14.6219 30.9045 14.9567 31.2407L15.4617 31.7479C15.7964 32.084 16.3392 32.084 16.6739 31.7479L31.749 16.6087C32.0837 16.2725 32.0837 15.7275 31.749 15.3913L16.6739 0.252159C16.3392 -0.084053 15.7964 -0.084053 15.4617 0.252159Z\"\/>\n\t\t\t\t\t\t\t\n\t\t\t\t\t\t\t<\/svg>\n\t\t\t\t\t\t<\/div>\n\t\t\t\t\t<\/div>\n\n\t\t\t\t\t<div class=\"c-card__media \" style=\" \">\n\t\t\t\t\t\t<img decoding=\"async\" width=\"400\" height=\"267\" src=\"https:\/\/vittra.se\/wp-content\/uploads\/sites\/29\/2022\/11\/vittrawebbnovemberpersonligvisninghogstadium.jpg\" class=\"attachment-sm size-sm\" alt=\"Tv\u00e5 h\u00f6gstadieelever p\u00e5 Vittra f\u00e5r hj\u00e4lp av en l\u00e4rare under en lektion.\" sizes=\"(min-width: 64em) 300px, (min-width: 48em) calc(.50 * (100vw - 224px)), calc(100vw - 160px)\" srcset=\"https:\/\/vittra.se\/wp-content\/uploads\/sites\/29\/2022\/11\/vittrawebbnovemberpersonligvisninghogstadium.jpg 1980w, https:\/\/vittra.se\/wp-content\/uploads\/sites\/29\/2022\/11\/vittrawebbnovemberpersonligvisninghogstadium-300x200.jpg 300w, https:\/\/vittra.se\/wp-content\/uploads\/sites\/29\/2022\/11\/vittrawebbnovemberpersonligvisninghogstadium-1024x683.jpg 1024w, https:\/\/vittra.se\/wp-content\/uploads\/sites\/29\/2022\/11\/vittrawebbnovemberpersonligvisninghogstadium-768x512.jpg 768w, https:\/\/vittra.se\/wp-content\/uploads\/sites\/29\/2022\/11\/vittrawebbnovemberpersonligvisninghogstadium-1536x1024.jpg 1536w, https:\/\/vittra.se\/wp-content\/uploads\/sites\/29\/2022\/11\/vittrawebbnovemberpersonligvisninghogstadium-1920x1280.jpg 1920w, https:\/\/vittra.se\/wp-content\/uploads\/sites\/29\/2022\/11\/vittrawebbnovemberpersonligvisninghogstadium-500x333.jpg 500w, https:\/\/vittra.se\/wp-content\/uploads\/sites\/29\/2022\/11\/vittrawebbnovemberpersonligvisninghogstadium-340x227.jpg 340w, https:\/\/vittra.se\/wp-content\/uploads\/sites\/29\/2022\/11\/vittrawebbnovemberpersonligvisninghogstadium-1100x733.jpg 1100w, https:\/\/vittra.se\/wp-content\/uploads\/sites\/29\/2022\/11\/vittrawebbnovemberpersonligvisninghogstadium-1000x667.jpg 1000w\" \/>\n\t\t\t\t\t<\/div>\n\t\t\t\t<\/article>\n\t\t\t<\/li>\n\t\t\t\t\t\t\t\t\t\t\t\t\t\t\t\t\t\n\t\t\t\n\t\t\t\n\t\t\t<li class=\"l-col-6@md l-col-4@lg js-filter__item\" data-filter=\"allmant oktober-2022\">\n\t\t\t\t<article class=\"c-card  has-media-zoom  \" data-variant=\"border\" data-style=\"square\" data-click-area>\n\t\t\t\t\t<div class=\"c-card__content l-stack l-stack-sm\">\n\n\t\t\t\t\t\t\t\t\t\t\t\t\t<time class=\"c-card__date u-font-small\" datetime=\"2022-10-24\">24 oktober, 2022<\/time>\n\t\t\t\t\t\t\n\t\t\t\t\t\t\t\t\t\t\t\t\t<h2 class=\"c-card__title u-font-title-3\">\n\t\t\t\t\t\t\t\t\t\t\t\t\t\t\t\t\t<a class=\"c-card__link\" href=\"https:\/\/vittra.se\/orebro\/artikel\/lokal\/fn-dagen-2022\">\n\t\t\t\t\t\t\t\t\t\tIdag \u00e4r det FN-dagen!\n\t\t\t\t\t\t\t\t\t<\/a>\n\t\t\t\t\t\t\t\t\t\t\t\t\t\t\t<\/h2>\n\t\t\t\t\t\t\n\t\t\t\t\t\t\t\t\t\t\t\t\t<p class=\"c-card__text l-stack-xs u-font-body\">\n\t\t\t\t\t\t\t\tS\u00e5 jobbar vi med FNs: globala m\u00e5l i skolan, elever och l\u00e4rare ber\u00e4ttar\n\t\t\t\t\t\t\t<\/p>\n\t\t\t\t\t\t\n\t\t\t\t\t\t\t\t\t\t\t\t\t<ul class=\"c-card__tags l-stack-grow u-list-none u-pt-md\" aria-label=\"Kategorier\">\n\t\t\t\t\t\t\t\t\t\t\t\t\t\t\t\t\t<li><span class=\"c-tag\" data-variant=\"outline\">Allm\u00e4nt<\/span><\/li>\n\t\t\t\t\t\t\t\t\t\t\t\t\t\t\t<\/ul>\n\t\t\t\t\t\t\n\t\t\t\t\t\t<div class=\"c-card__icon\">\n\t\t\t\t\t\t\t\t\t\t\t\t\t\t<svg class=\"ams-icon ams-icon--arrow-right\" width=\"32\" height=\"32\" viewbox=\"0 0 32 32\" fill=\"currentColor\" aria-hidden=\"true\" xmlns=\"http:\/\/www.w3.org\/2000\/svg\">\n\t\t\t\t\t\t\t\t\t\t\t\t\t\t\t\t<path d=\"M15.4617 0.252159L14.9567 0.75931C14.6219 1.09545 14.6219 1.64048 14.9567 1.97669L27.7062 14.7806H0.857144C0.383786 14.7806 0 15.166 0 15.6414V16.3587C0 16.8341 0.383786 17.2195 0.857144 17.2195H27.7062L14.9567 30.0234C14.6219 30.3595 14.6219 30.9045 14.9567 31.2407L15.4617 31.7479C15.7964 32.084 16.3392 32.084 16.6739 31.7479L31.749 16.6087C32.0837 16.2725 32.0837 15.7275 31.749 15.3913L16.6739 0.252159C16.3392 -0.084053 15.7964 -0.084053 15.4617 0.252159Z\"\/>\n\t\t\t\t\t\t\t\n\t\t\t\t\t\t\t<\/svg>\n\t\t\t\t\t\t<\/div>\n\t\t\t\t\t<\/div>\n\n\t\t\t\t\t<div class=\"c-card__media \" style=\" \">\n\t\t\t\t\t\t<img decoding=\"async\" width=\"400\" height=\"257\" src=\"https:\/\/vittra.se\/wp-content\/uploads\/2022\/10\/vittrawebboktoberfn-dagenartikelkort-e1666591427485.jpg\" class=\"attachment-sm size-sm\" alt=\"\" sizes=\"(min-width: 64em) 300px, (min-width: 48em) calc(.50 * (100vw - 224px)), calc(100vw - 160px)\" srcset=\"https:\/\/vittra.se\/wp-content\/uploads\/2022\/10\/vittrawebboktoberfn-dagenartikelkort-e1666591427485.jpg 1331w, https:\/\/vittra.se\/wp-content\/uploads\/2022\/10\/vittrawebboktoberfn-dagenartikelkort-e1666591427485-300x193.jpg 300w, https:\/\/vittra.se\/wp-content\/uploads\/2022\/10\/vittrawebboktoberfn-dagenartikelkort-e1666591427485-1024x659.jpg 1024w, https:\/\/vittra.se\/wp-content\/uploads\/2022\/10\/vittrawebboktoberfn-dagenartikelkort-e1666591427485-768x494.jpg 768w, https:\/\/vittra.se\/wp-content\/uploads\/2022\/10\/vittrawebboktoberfn-dagenartikelkort-e1666591427485-500x322.jpg 500w, https:\/\/vittra.se\/wp-content\/uploads\/2022\/10\/vittrawebboktoberfn-dagenartikelkort-e1666591427485-340x219.jpg 340w, https:\/\/vittra.se\/wp-content\/uploads\/2022\/10\/vittrawebboktoberfn-dagenartikelkort-e1666591427485-1100x707.jpg 1100w, https:\/\/vittra.se\/wp-content\/uploads\/2022\/10\/vittrawebboktoberfn-dagenartikelkort-e1666591427485-1000x643.jpg 1000w\" \/>\n\t\t\t\t\t<\/div>\n\t\t\t\t<\/article>\n\t\t\t<\/li>\n\t\t\t\t\t\t\t\t\t\t\t\t\t\t\t\t\t\n\t\t\t\n\t\t\t\n\t\t\t<li class=\"l-col-6@md l-col-4@lg js-filter__item\" data-filter=\"allmant september-2022\">\n\t\t\t\t<article class=\"c-card  has-media-zoom  \" data-variant=\"border\" data-style=\"square\" data-click-area>\n\t\t\t\t\t<div class=\"c-card__content l-stack l-stack-sm\">\n\n\t\t\t\t\t\t\t\t\t\t\t\t\t<time class=\"c-card__date u-font-small\" datetime=\"2022-09-14\">14 september, 2022<\/time>\n\t\t\t\t\t\t\n\t\t\t\t\t\t\t\t\t\t\t\t\t<h2 class=\"c-card__title u-font-title-3\">\n\t\t\t\t\t\t\t\t\t\t\t\t\t\t\t\t\t<a class=\"c-card__link\" href=\"https:\/\/vittra.se\/orebro\/artikel\/2-tips-for-att-lara-dig-om-atervinning\/\">\n\t\t\t\t\t\t\t\t\t\t2 tips om \u00e5tervinning\n\t\t\t\t\t\t\t\t\t<\/a>\n\t\t\t\t\t\t\t\t\t\t\t\t\t\t\t<\/h2>\n\t\t\t\t\t\t\n\t\t\t\t\t\t\t\t\t\t\t\t\t<p class=\"c-card__text l-stack-xs u-font-body\">\n\t\t\t\t\t\t\t\tS\u00e5 kan du engagera och l\u00e4ra dig om h\u00e5llbarhet\n\t\t\t\t\t\t\t<\/p>\n\t\t\t\t\t\t\n\t\t\t\t\t\t\t\t\t\t\t\t\t<ul class=\"c-card__tags l-stack-grow u-list-none u-pt-md\" aria-label=\"Kategorier\">\n\t\t\t\t\t\t\t\t\t\t\t\t\t\t\t\t\t<li><span class=\"c-tag\" data-variant=\"outline\">Allm\u00e4nt<\/span><\/li>\n\t\t\t\t\t\t\t\t\t\t\t\t\t\t\t<\/ul>\n\t\t\t\t\t\t\n\t\t\t\t\t\t<div class=\"c-card__icon\">\n\t\t\t\t\t\t\t\t\t\t\t\t\t\t<svg class=\"ams-icon ams-icon--arrow-right\" width=\"32\" height=\"32\" viewbox=\"0 0 32 32\" fill=\"currentColor\" aria-hidden=\"true\" xmlns=\"http:\/\/www.w3.org\/2000\/svg\">\n\t\t\t\t\t\t\t\t\t\t\t\t\t\t\t\t<path d=\"M15.4617 0.252159L14.9567 0.75931C14.6219 1.09545 14.6219 1.64048 14.9567 1.97669L27.7062 14.7806H0.857144C0.383786 14.7806 0 15.166 0 15.6414V16.3587C0 16.8341 0.383786 17.2195 0.857144 17.2195H27.7062L14.9567 30.0234C14.6219 30.3595 14.6219 30.9045 14.9567 31.2407L15.4617 31.7479C15.7964 32.084 16.3392 32.084 16.6739 31.7479L31.749 16.6087C32.0837 16.2725 32.0837 15.7275 31.749 15.3913L16.6739 0.252159C16.3392 -0.084053 15.7964 -0.084053 15.4617 0.252159Z\"\/>\n\t\t\t\t\t\t\t\n\t\t\t\t\t\t\t<\/svg>\n\t\t\t\t\t\t<\/div>\n\t\t\t\t\t<\/div>\n\n\t\t\t\t\t<div class=\"c-card__media \" style=\" \">\n\t\t\t\t\t\t<img decoding=\"async\" width=\"400\" height=\"179\" src=\"https:\/\/vittra.se\/wp-content\/uploads\/sites\/29\/2022\/08\/vittracrmseptemberheaderbildhogstadie.jpg\" class=\"attachment-sm size-sm\" alt=\"H\u00f6gstadieelever p\u00e5 Vittra g\u00e5r i en korridor och pratar. I bakgrunden syns FN:s globala m\u00e5l.\" sizes=\"(min-width: 64em) 300px, (min-width: 48em) calc(.50 * (100vw - 224px)), calc(100vw - 160px)\" srcset=\"https:\/\/vittra.se\/wp-content\/uploads\/sites\/29\/2022\/08\/vittracrmseptemberheaderbildhogstadie.jpg 2540w, https:\/\/vittra.se\/wp-content\/uploads\/sites\/29\/2022\/08\/vittracrmseptemberheaderbildhogstadie-300x135.jpg 300w, https:\/\/vittra.se\/wp-content\/uploads\/sites\/29\/2022\/08\/vittracrmseptemberheaderbildhogstadie-1024x459.jpg 1024w, https:\/\/vittra.se\/wp-content\/uploads\/sites\/29\/2022\/08\/vittracrmseptemberheaderbildhogstadie-768x344.jpg 768w, https:\/\/vittra.se\/wp-content\/uploads\/sites\/29\/2022\/08\/vittracrmseptemberheaderbildhogstadie-1536x689.jpg 1536w, https:\/\/vittra.se\/wp-content\/uploads\/sites\/29\/2022\/08\/vittracrmseptemberheaderbildhogstadie-2048x918.jpg 2048w, https:\/\/vittra.se\/wp-content\/uploads\/sites\/29\/2022\/08\/vittracrmseptemberheaderbildhogstadie-1920x861.jpg 1920w, https:\/\/vittra.se\/wp-content\/uploads\/sites\/29\/2022\/08\/vittracrmseptemberheaderbildhogstadie-500x224.jpg 500w, https:\/\/vittra.se\/wp-content\/uploads\/sites\/29\/2022\/08\/vittracrmseptemberheaderbildhogstadie-340x152.jpg 340w, https:\/\/vittra.se\/wp-content\/uploads\/sites\/29\/2022\/08\/vittracrmseptemberheaderbildhogstadie-1100x493.jpg 1100w, https:\/\/vittra.se\/wp-content\/uploads\/sites\/29\/2022\/08\/vittracrmseptemberheaderbildhogstadie-1000x448.jpg 1000w\" \/>\n\t\t\t\t\t<\/div>\n\t\t\t\t<\/article>\n\t\t\t<\/li>\n\t\t\t\t\t\t\t\t\t\t\t\t\t\t\t\t\t\n\t\t\t\n\t\t\t\n\t\t\t<li class=\"l-col-6@md l-col-4@lg js-filter__item\" data-filter=\"allmant september-2022\">\n\t\t\t\t<article class=\"c-card  has-media-zoom  \" data-variant=\"border\" data-style=\"square\" data-click-area>\n\t\t\t\t\t<div class=\"c-card__content l-stack l-stack-sm\">\n\n\t\t\t\t\t\t\t\t\t\t\t\t\t<time class=\"c-card__date u-font-small\" datetime=\"2022-09-09\">9 september, 2022<\/time>\n\t\t\t\t\t\t\n\t\t\t\t\t\t\t\t\t\t\t\t\t<h2 class=\"c-card__title u-font-title-3\">\n\t\t\t\t\t\t\t\t\t\t\t\t\t\t\t\t\t<a class=\"c-card__link\" href=\"https:\/\/vittra.se\/orebro\/artikel\/vittradagen-for-barn-och-elever\/\">\n\t\t\t\t\t\t\t\t\t\tVittradagen f\u00f6r barn och elever\n\t\t\t\t\t\t\t\t\t<\/a>\n\t\t\t\t\t\t\t\t\t\t\t\t\t\t\t<\/h2>\n\t\t\t\t\t\t\n\t\t\t\t\t\t\t\t\t\t\t\t\t<p class=\"c-card__text l-stack-xs u-font-body\">\n\t\t\t\t\t\t\t\t9 september \u00e4r det Vittradagen f\u00f6r barn och elever\n\t\t\t\t\t\t\t<\/p>\n\t\t\t\t\t\t\n\t\t\t\t\t\t\t\t\t\t\t\t\t<ul class=\"c-card__tags l-stack-grow u-list-none u-pt-md\" aria-label=\"Kategorier\">\n\t\t\t\t\t\t\t\t\t\t\t\t\t\t\t\t\t<li><span class=\"c-tag\" data-variant=\"outline\">Allm\u00e4nt<\/span><\/li>\n\t\t\t\t\t\t\t\t\t\t\t\t\t\t\t<\/ul>\n\t\t\t\t\t\t\n\t\t\t\t\t\t<div class=\"c-card__icon\">\n\t\t\t\t\t\t\t\t\t\t\t\t\t\t<svg class=\"ams-icon ams-icon--arrow-right\" width=\"32\" height=\"32\" viewbox=\"0 0 32 32\" fill=\"currentColor\" aria-hidden=\"true\" xmlns=\"http:\/\/www.w3.org\/2000\/svg\">\n\t\t\t\t\t\t\t\t\t\t\t\t\t\t\t\t<path d=\"M15.4617 0.252159L14.9567 0.75931C14.6219 1.09545 14.6219 1.64048 14.9567 1.97669L27.7062 14.7806H0.857144C0.383786 14.7806 0 15.166 0 15.6414V16.3587C0 16.8341 0.383786 17.2195 0.857144 17.2195H27.7062L14.9567 30.0234C14.6219 30.3595 14.6219 30.9045 14.9567 31.2407L15.4617 31.7479C15.7964 32.084 16.3392 32.084 16.6739 31.7479L31.749 16.6087C32.0837 16.2725 32.0837 15.7275 31.749 15.3913L16.6739 0.252159C16.3392 -0.084053 15.7964 -0.084053 15.4617 0.252159Z\"\/>\n\t\t\t\t\t\t\t\n\t\t\t\t\t\t\t<\/svg>\n\t\t\t\t\t\t<\/div>\n\t\t\t\t\t<\/div>\n\n\t\t\t\t\t<div class=\"c-card__media \" style=\" \">\n\t\t\t\t\t\t<img decoding=\"async\" width=\"400\" height=\"267\" src=\"https:\/\/vittra.se\/wp-content\/uploads\/sites\/29\/2022\/09\/vittrawebbseptembervittradagen.jpeg\" class=\"attachment-sm size-sm\" alt=\"Fyra glada elever sitter p\u00e5 en b\u00e4nk p\u00e5 Vittra med FN:s Globala m\u00e5l i bakgrunden.\" sizes=\"(min-width: 64em) 300px, (min-width: 48em) calc(.50 * (100vw - 224px)), calc(100vw - 160px)\" srcset=\"https:\/\/vittra.se\/wp-content\/uploads\/sites\/29\/2022\/09\/vittrawebbseptembervittradagen.jpeg 2540w, https:\/\/vittra.se\/wp-content\/uploads\/sites\/29\/2022\/09\/vittrawebbseptembervittradagen-300x200.jpeg 300w, https:\/\/vittra.se\/wp-content\/uploads\/sites\/29\/2022\/09\/vittrawebbseptembervittradagen-1024x683.jpeg 1024w, https:\/\/vittra.se\/wp-content\/uploads\/sites\/29\/2022\/09\/vittrawebbseptembervittradagen-768x512.jpeg 768w, https:\/\/vittra.se\/wp-content\/uploads\/sites\/29\/2022\/09\/vittrawebbseptembervittradagen-1536x1024.jpeg 1536w, https:\/\/vittra.se\/wp-content\/uploads\/sites\/29\/2022\/09\/vittrawebbseptembervittradagen-2048x1366.jpeg 2048w, https:\/\/vittra.se\/wp-content\/uploads\/sites\/29\/2022\/09\/vittrawebbseptembervittradagen-1920x1281.jpeg 1920w, https:\/\/vittra.se\/wp-content\/uploads\/sites\/29\/2022\/09\/vittrawebbseptembervittradagen-500x333.jpeg 500w, https:\/\/vittra.se\/wp-content\/uploads\/sites\/29\/2022\/09\/vittrawebbseptembervittradagen-340x227.jpeg 340w, https:\/\/vittra.se\/wp-content\/uploads\/sites\/29\/2022\/09\/vittrawebbseptembervittradagen-1100x734.jpeg 1100w, https:\/\/vittra.se\/wp-content\/uploads\/sites\/29\/2022\/09\/vittrawebbseptembervittradagen-1000x667.jpeg 1000w\" \/>\n\t\t\t\t\t<\/div>\n\t\t\t\t<\/article>\n\t\t\t<\/li>\n\t\t\t\t\t\t\t\t\t\t\t\t\t\t\t\t\t\n\t\t\t\n\t\t\t\n\t\t\t<li class=\"l-col-6@md l-col-4@lg js-filter__item\" data-filter=\"allmant augusti-2022\">\n\t\t\t\t<article class=\"c-card  has-media-zoom  \" data-variant=\"border\" data-style=\"square\" data-click-area>\n\t\t\t\t\t<div class=\"c-card__content l-stack l-stack-sm\">\n\n\t\t\t\t\t\t\t\t\t\t\t\t\t<time class=\"c-card__date u-font-small\" datetime=\"2022-08-24\">24 augusti, 2022<\/time>\n\t\t\t\t\t\t\n\t\t\t\t\t\t\t\t\t\t\t\t\t<h2 class=\"c-card__title u-font-title-3\">\n\t\t\t\t\t\t\t\t\t\t\t\t\t\t\t\t\t<a class=\"c-card__link\" href=\"https:\/\/vittra.se\/orebro\/artikel\/lokal\/skolval-2022\">\n\t\t\t\t\t\t\t\t\t\tSveriges unga g\u00e5r till valurnorna\n\t\t\t\t\t\t\t\t\t<\/a>\n\t\t\t\t\t\t\t\t\t\t\t\t\t\t\t<\/h2>\n\t\t\t\t\t\t\n\t\t\t\t\t\t\t\t\t\t\t\t\t<p class=\"c-card__text l-stack-xs u-font-body\">\n\t\t\t\t\t\t\t\tH\u00f6gstadielever p\u00e5 21 Vittraskolor deltar i Skolval 2022\n\t\t\t\t\t\t\t<\/p>\n\t\t\t\t\t\t\n\t\t\t\t\t\t\t\t\t\t\t\t\t<ul class=\"c-card__tags l-stack-grow u-list-none u-pt-md\" aria-label=\"Kategorier\">\n\t\t\t\t\t\t\t\t\t\t\t\t\t\t\t\t\t<li><span class=\"c-tag\" data-variant=\"outline\">Allm\u00e4nt<\/span><\/li>\n\t\t\t\t\t\t\t\t\t\t\t\t\t\t\t<\/ul>\n\t\t\t\t\t\t\n\t\t\t\t\t\t<div class=\"c-card__icon\">\n\t\t\t\t\t\t\t\t\t\t\t\t\t\t<svg class=\"ams-icon ams-icon--arrow-right\" width=\"32\" height=\"32\" viewbox=\"0 0 32 32\" fill=\"currentColor\" aria-hidden=\"true\" xmlns=\"http:\/\/www.w3.org\/2000\/svg\">\n\t\t\t\t\t\t\t\t\t\t\t\t\t\t\t\t<path d=\"M15.4617 0.252159L14.9567 0.75931C14.6219 1.09545 14.6219 1.64048 14.9567 1.97669L27.7062 14.7806H0.857144C0.383786 14.7806 0 15.166 0 15.6414V16.3587C0 16.8341 0.383786 17.2195 0.857144 17.2195H27.7062L14.9567 30.0234C14.6219 30.3595 14.6219 30.9045 14.9567 31.2407L15.4617 31.7479C15.7964 32.084 16.3392 32.084 16.6739 31.7479L31.749 16.6087C32.0837 16.2725 32.0837 15.7275 31.749 15.3913L16.6739 0.252159C16.3392 -0.084053 15.7964 -0.084053 15.4617 0.252159Z\"\/>\n\t\t\t\t\t\t\t\n\t\t\t\t\t\t\t<\/svg>\n\t\t\t\t\t\t<\/div>\n\t\t\t\t\t<\/div>\n\n\t\t\t\t\t<div class=\"c-card__media \" style=\" \">\n\t\t\t\t\t\t<img decoding=\"async\" width=\"400\" height=\"267\" src=\"https:\/\/vittra.se\/wp-content\/uploads\/2022\/08\/vittraartikelskolval2022.jpg\" class=\"attachment-sm size-sm\" alt=\"H\u00f6gstadieelever pratar med l\u00e4raren under en lektion p\u00e5 Vittra.\" sizes=\"(min-width: 64em) 300px, (min-width: 48em) calc(.50 * (100vw - 224px)), calc(100vw - 160px)\" srcset=\"https:\/\/vittra.se\/wp-content\/uploads\/2022\/08\/vittraartikelskolval2022.jpg 2540w, https:\/\/vittra.se\/wp-content\/uploads\/2022\/08\/vittraartikelskolval2022-300x200.jpg 300w, https:\/\/vittra.se\/wp-content\/uploads\/2022\/08\/vittraartikelskolval2022-1024x683.jpg 1024w, https:\/\/vittra.se\/wp-content\/uploads\/2022\/08\/vittraartikelskolval2022-768x512.jpg 768w, https:\/\/vittra.se\/wp-content\/uploads\/2022\/08\/vittraartikelskolval2022-1536x1024.jpg 1536w, https:\/\/vittra.se\/wp-content\/uploads\/2022\/08\/vittraartikelskolval2022-2048x1366.jpg 2048w, https:\/\/vittra.se\/wp-content\/uploads\/2022\/08\/vittraartikelskolval2022-1920x1281.jpg 1920w, https:\/\/vittra.se\/wp-content\/uploads\/2022\/08\/vittraartikelskolval2022-500x333.jpg 500w, https:\/\/vittra.se\/wp-content\/uploads\/2022\/08\/vittraartikelskolval2022-340x227.jpg 340w, https:\/\/vittra.se\/wp-content\/uploads\/2022\/08\/vittraartikelskolval2022-1100x734.jpg 1100w, https:\/\/vittra.se\/wp-content\/uploads\/2022\/08\/vittraartikelskolval2022-1000x667.jpg 1000w\" \/>\n\t\t\t\t\t<\/div>\n\t\t\t\t<\/article>\n\t\t\t<\/li>\n\t\t\t\t\t\t\t\t\t\t\t\t\t\t\t\t\t\n\t\t\t\n\t\t\t\n\t\t\t<li class=\"l-col-6@md l-col-4@lg js-filter__item\" data-filter=\"allmant augusti-2022\">\n\t\t\t\t<article class=\"c-card  has-media-zoom  \" data-variant=\"border\" data-style=\"square\" data-click-area>\n\t\t\t\t\t<div class=\"c-card__content l-stack l-stack-sm\">\n\n\t\t\t\t\t\t\t\t\t\t\t\t\t<time class=\"c-card__date u-font-small\" datetime=\"2022-08-16\">16 augusti, 2022<\/time>\n\t\t\t\t\t\t\n\t\t\t\t\t\t\t\t\t\t\t\t\t<h2 class=\"c-card__title u-font-title-3\">\n\t\t\t\t\t\t\t\t\t\t\t\t\t\t\t\t\t<a class=\"c-card__link\" href=\"https:\/\/vittra.se\/orebro\/artikel\/skolstart-2022\/\">\n\t\t\t\t\t\t\t\t\t\tEtt nytt l\u00e4s\u00e5r har b\u00f6rjat!\n\t\t\t\t\t\t\t\t\t<\/a>\n\t\t\t\t\t\t\t\t\t\t\t\t\t\t\t<\/h2>\n\t\t\t\t\t\t\n\t\t\t\t\t\t\t\t\t\t\t\t\t<p class=\"c-card__text l-stack-xs u-font-body\">\n\t\t\t\t\t\t\t\tIdag har vi v\u00e4lkomnat v\u00e5ra elever\n\t\t\t\t\t\t\t<\/p>\n\t\t\t\t\t\t\n\t\t\t\t\t\t\t\t\t\t\t\t\t<ul class=\"c-card__tags l-stack-grow u-list-none u-pt-md\" aria-label=\"Kategorier\">\n\t\t\t\t\t\t\t\t\t\t\t\t\t\t\t\t\t<li><span class=\"c-tag\" data-variant=\"outline\">Allm\u00e4nt<\/span><\/li>\n\t\t\t\t\t\t\t\t\t\t\t\t\t\t\t<\/ul>\n\t\t\t\t\t\t\n\t\t\t\t\t\t<div class=\"c-card__icon\">\n\t\t\t\t\t\t\t\t\t\t\t\t\t\t<svg class=\"ams-icon ams-icon--arrow-right\" width=\"32\" height=\"32\" viewbox=\"0 0 32 32\" fill=\"currentColor\" aria-hidden=\"true\" xmlns=\"http:\/\/www.w3.org\/2000\/svg\">\n\t\t\t\t\t\t\t\t\t\t\t\t\t\t\t\t<path d=\"M15.4617 0.252159L14.9567 0.75931C14.6219 1.09545 14.6219 1.64048 14.9567 1.97669L27.7062 14.7806H0.857144C0.383786 14.7806 0 15.166 0 15.6414V16.3587C0 16.8341 0.383786 17.2195 0.857144 17.2195H27.7062L14.9567 30.0234C14.6219 30.3595 14.6219 30.9045 14.9567 31.2407L15.4617 31.7479C15.7964 32.084 16.3392 32.084 16.6739 31.7479L31.749 16.6087C32.0837 16.2725 32.0837 15.7275 31.749 15.3913L16.6739 0.252159C16.3392 -0.084053 15.7964 -0.084053 15.4617 0.252159Z\"\/>\n\t\t\t\t\t\t\t\n\t\t\t\t\t\t\t<\/svg>\n\t\t\t\t\t\t<\/div>\n\t\t\t\t\t<\/div>\n\n\t\t\t\t\t<div class=\"c-card__media \" style=\" \">\n\t\t\t\t\t\t<img decoding=\"async\" width=\"400\" height=\"173\" src=\"https:\/\/vittra.se\/wp-content\/uploads\/sites\/29\/2022\/08\/vittracrmskolstarthogstadie.jpg\" class=\"attachment-sm size-sm\" alt=\"Fem h\u00f6gstadieelever h\u00e4nger p\u00e5 skolg\u00e5rden p\u00e5 Vittra.\" sizes=\"(min-width: 64em) 300px, (min-width: 48em) calc(.50 * (100vw - 224px)), calc(100vw - 160px)\" srcset=\"https:\/\/vittra.se\/wp-content\/uploads\/sites\/29\/2022\/08\/vittracrmskolstarthogstadie.jpg 2540w, https:\/\/vittra.se\/wp-content\/uploads\/sites\/29\/2022\/08\/vittracrmskolstarthogstadie-300x130.jpg 300w, https:\/\/vittra.se\/wp-content\/uploads\/sites\/29\/2022\/08\/vittracrmskolstarthogstadie-1024x444.jpg 1024w, https:\/\/vittra.se\/wp-content\/uploads\/sites\/29\/2022\/08\/vittracrmskolstarthogstadie-768x333.jpg 768w, https:\/\/vittra.se\/wp-content\/uploads\/sites\/29\/2022\/08\/vittracrmskolstarthogstadie-1536x666.jpg 1536w, https:\/\/vittra.se\/wp-content\/uploads\/sites\/29\/2022\/08\/vittracrmskolstarthogstadie-2048x888.jpg 2048w, https:\/\/vittra.se\/wp-content\/uploads\/sites\/29\/2022\/08\/vittracrmskolstarthogstadie-1920x832.jpg 1920w, https:\/\/vittra.se\/wp-content\/uploads\/sites\/29\/2022\/08\/vittracrmskolstarthogstadie-500x217.jpg 500w, https:\/\/vittra.se\/wp-content\/uploads\/sites\/29\/2022\/08\/vittracrmskolstarthogstadie-340x147.jpg 340w, https:\/\/vittra.se\/wp-content\/uploads\/sites\/29\/2022\/08\/vittracrmskolstarthogstadie-1100x477.jpg 1100w, https:\/\/vittra.se\/wp-content\/uploads\/sites\/29\/2022\/08\/vittracrmskolstarthogstadie-1000x433.jpg 1000w\" \/>\n\t\t\t\t\t<\/div>\n\t\t\t\t<\/article>\n\t\t\t<\/li>\n\t\t\t\t\t\t\t\t\t\t\t\t\t\t\t\t\t\n\t\t\t\n\t\t\t\n\t\t\t<li class=\"l-col-6@md l-col-4@lg js-filter__item\" data-filter=\"allmant juni-2022\">\n\t\t\t\t<article class=\"c-card  has-media-zoom  \" data-variant=\"border\" data-style=\"square\" data-click-area>\n\t\t\t\t\t<div class=\"c-card__content l-stack l-stack-sm\">\n\n\t\t\t\t\t\t\t\t\t\t\t\t\t<time class=\"c-card__date u-font-small\" datetime=\"2022-06-15\">15 juni, 2022<\/time>\n\t\t\t\t\t\t\n\t\t\t\t\t\t\t\t\t\t\t\t\t<h2 class=\"c-card__title u-font-title-3\">\n\t\t\t\t\t\t\t\t\t\t\t\t\t\t\t\t\t<a class=\"c-card__link\" href=\"https:\/\/vittra.se\/orebro\/artikel\/glad-sommar-2022\/\">\n\t\t\t\t\t\t\t\t\t\tGlad sommar fr\u00e5n oss!\n\t\t\t\t\t\t\t\t\t<\/a>\n\t\t\t\t\t\t\t\t\t\t\t\t\t\t\t<\/h2>\n\t\t\t\t\t\t\n\t\t\t\t\t\t\t\t\t\t\t\t\t<p class=\"c-card__text l-stack-xs u-font-body\">\n\t\t\t\t\t\t\t\tVi l\u00e4ngtar efter att ta emot v\u00e5ra nya elever i augusti\n\t\t\t\t\t\t\t<\/p>\n\t\t\t\t\t\t\n\t\t\t\t\t\t\t\t\t\t\t\t\t<ul class=\"c-card__tags l-stack-grow u-list-none u-pt-md\" aria-label=\"Kategorier\">\n\t\t\t\t\t\t\t\t\t\t\t\t\t\t\t\t\t<li><span class=\"c-tag\" data-variant=\"outline\">Allm\u00e4nt<\/span><\/li>\n\t\t\t\t\t\t\t\t\t\t\t\t\t\t\t<\/ul>\n\t\t\t\t\t\t\n\t\t\t\t\t\t<div class=\"c-card__icon\">\n\t\t\t\t\t\t\t\t\t\t\t\t\t\t<svg class=\"ams-icon ams-icon--arrow-right\" width=\"32\" height=\"32\" viewbox=\"0 0 32 32\" fill=\"currentColor\" aria-hidden=\"true\" xmlns=\"http:\/\/www.w3.org\/2000\/svg\">\n\t\t\t\t\t\t\t\t\t\t\t\t\t\t\t\t<path d=\"M15.4617 0.252159L14.9567 0.75931C14.6219 1.09545 14.6219 1.64048 14.9567 1.97669L27.7062 14.7806H0.857144C0.383786 14.7806 0 15.166 0 15.6414V16.3587C0 16.8341 0.383786 17.2195 0.857144 17.2195H27.7062L14.9567 30.0234C14.6219 30.3595 14.6219 30.9045 14.9567 31.2407L15.4617 31.7479C15.7964 32.084 16.3392 32.084 16.6739 31.7479L31.749 16.6087C32.0837 16.2725 32.0837 15.7275 31.749 15.3913L16.6739 0.252159C16.3392 -0.084053 15.7964 -0.084053 15.4617 0.252159Z\"\/>\n\t\t\t\t\t\t\t\n\t\t\t\t\t\t\t<\/svg>\n\t\t\t\t\t\t<\/div>\n\t\t\t\t\t<\/div>\n\n\t\t\t\t\t<div class=\"c-card__media \" style=\" \">\n\t\t\t\t\t\t<img decoding=\"async\" width=\"400\" height=\"224\" src=\"https:\/\/vittra.se\/wp-content\/uploads\/sites\/29\/2022\/06\/h8a7065-e1657288706670.jpeg\" class=\"attachment-sm size-sm\" alt=\"Fyra elever st\u00e5r p\u00e5 skolg\u00e5rden en solig dag\" sizes=\"(min-width: 64em) 300px, (min-width: 48em) calc(.50 * (100vw - 224px)), calc(100vw - 160px)\" srcset=\"https:\/\/vittra.se\/wp-content\/uploads\/sites\/29\/2022\/06\/h8a7065-e1657288706670.jpeg 2560w, https:\/\/vittra.se\/wp-content\/uploads\/sites\/29\/2022\/06\/h8a7065-e1657288706670-300x168.jpeg 300w, https:\/\/vittra.se\/wp-content\/uploads\/sites\/29\/2022\/06\/h8a7065-e1657288706670-1024x573.jpeg 1024w, https:\/\/vittra.se\/wp-content\/uploads\/sites\/29\/2022\/06\/h8a7065-e1657288706670-768x430.jpeg 768w, https:\/\/vittra.se\/wp-content\/uploads\/sites\/29\/2022\/06\/h8a7065-e1657288706670-1536x860.jpeg 1536w, https:\/\/vittra.se\/wp-content\/uploads\/sites\/29\/2022\/06\/h8a7065-e1657288706670-2048x1146.jpeg 2048w, https:\/\/vittra.se\/wp-content\/uploads\/sites\/29\/2022\/06\/h8a7065-e1657288706670-1920x1075.jpeg 1920w, https:\/\/vittra.se\/wp-content\/uploads\/sites\/29\/2022\/06\/h8a7065-e1657288706670-500x280.jpeg 500w, https:\/\/vittra.se\/wp-content\/uploads\/sites\/29\/2022\/06\/h8a7065-e1657288706670-340x190.jpeg 340w, https:\/\/vittra.se\/wp-content\/uploads\/sites\/29\/2022\/06\/h8a7065-e1657288706670-1100x620.jpeg 1100w, https:\/\/vittra.se\/wp-content\/uploads\/sites\/29\/2022\/06\/h8a7065-e1657288706670-1000x560.jpeg 1000w\" \/>\n\t\t\t\t\t<\/div>\n\t\t\t\t<\/article>\n\t\t\t<\/li>\n\t\t\t\t\t\t\t\t\t\t\t\t\t\t\t\t\t\n\t\t\t\n\t\t\t\n\t\t\t<li class=\"l-col-6@md l-col-4@lg js-filter__item\" data-filter=\"allmant maj-2022\">\n\t\t\t\t<article class=\"c-card  has-media-zoom  \" data-variant=\"border\" data-style=\"square\" data-click-area>\n\t\t\t\t\t<div class=\"c-card__content l-stack l-stack-sm\">\n\n\t\t\t\t\t\t\t\t\t\t\t\t\t<time class=\"c-card__date u-font-small\" datetime=\"2022-05-11\">11 maj, 2022<\/time>\n\t\t\t\t\t\t\n\t\t\t\t\t\t\t\t\t\t\t\t\t<h2 class=\"c-card__title u-font-title-3\">\n\t\t\t\t\t\t\t\t\t\t\t\t\t\t\t\t\t<a class=\"c-card__link\" href=\"https:\/\/vittra.se\/orebro\/artikel\/lokal\/om-redaktionen-pa-vittra\">\n\t\t\t\t\t\t\t\t\t\tRedaktionen\n\t\t\t\t\t\t\t\t\t<\/a>\n\t\t\t\t\t\t\t\t\t\t\t\t\t\t\t<\/h2>\n\t\t\t\t\t\t\n\t\t\t\t\t\t\t\t\t\t\t\t\t<p class=\"c-card__text l-stack-xs u-font-body\">\n\t\t\t\t\t\t\t\tElevernas egna hub f\u00f6r omv\u00e4rldsbevakning\n\t\t\t\t\t\t\t<\/p>\n\t\t\t\t\t\t\n\t\t\t\t\t\t\t\t\t\t\t\t\t<ul class=\"c-card__tags l-stack-grow u-list-none u-pt-md\" aria-label=\"Kategorier\">\n\t\t\t\t\t\t\t\t\t\t\t\t\t\t\t\t\t<li><span class=\"c-tag\" data-variant=\"outline\">Allm\u00e4nt<\/span><\/li>\n\t\t\t\t\t\t\t\t\t\t\t\t\t\t\t<\/ul>\n\t\t\t\t\t\t\n\t\t\t\t\t\t<div class=\"c-card__icon\">\n\t\t\t\t\t\t\t\t\t\t\t\t\t\t<svg class=\"ams-icon ams-icon--arrow-right\" width=\"32\" height=\"32\" viewbox=\"0 0 32 32\" fill=\"currentColor\" aria-hidden=\"true\" xmlns=\"http:\/\/www.w3.org\/2000\/svg\">\n\t\t\t\t\t\t\t\t\t\t\t\t\t\t\t\t<path d=\"M15.4617 0.252159L14.9567 0.75931C14.6219 1.09545 14.6219 1.64048 14.9567 1.97669L27.7062 14.7806H0.857144C0.383786 14.7806 0 15.166 0 15.6414V16.3587C0 16.8341 0.383786 17.2195 0.857144 17.2195H27.7062L14.9567 30.0234C14.6219 30.3595 14.6219 30.9045 14.9567 31.2407L15.4617 31.7479C15.7964 32.084 16.3392 32.084 16.6739 31.7479L31.749 16.6087C32.0837 16.2725 32.0837 15.7275 31.749 15.3913L16.6739 0.252159C16.3392 -0.084053 15.7964 -0.084053 15.4617 0.252159Z\"\/>\n\t\t\t\t\t\t\t\n\t\t\t\t\t\t\t<\/svg>\n\t\t\t\t\t\t<\/div>\n\t\t\t\t\t<\/div>\n\n\t\t\t\t\t<div class=\"c-card__media \" style=\" \">\n\t\t\t\t\t\t\n\t\t\t\t\t<\/div>\n\t\t\t\t<\/article>\n\t\t\t<\/li>\n\t\t\t\t\t\t\t\t\t\t\t\t\t\t\t\t\t\n\t\t\t\n\t\t\t\n\t\t\t<li class=\"l-col-6@md l-col-4@lg js-filter__item\" data-filter=\"allmant april-2022\">\n\t\t\t\t<article class=\"c-card  has-media-zoom  \" data-variant=\"border\" data-style=\"square\" data-click-area>\n\t\t\t\t\t<div class=\"c-card__content l-stack l-stack-sm\">\n\n\t\t\t\t\t\t\t\t\t\t\t\t\t<time class=\"c-card__date u-font-small\" datetime=\"2022-04-13\">13 april, 2022<\/time>\n\t\t\t\t\t\t\n\t\t\t\t\t\t\t\t\t\t\t\t\t<h2 class=\"c-card__title u-font-title-3\">\n\t\t\t\t\t\t\t\t\t\t\t\t\t\t\t\t\t<a class=\"c-card__link\" href=\"https:\/\/vittra.se\/orebro\/artikel\/pa-vittra-bygger-vi-en-modig-kultur\/\">\n\t\t\t\t\t\t\t\t\t\tVi bygger en modig kultur\n\t\t\t\t\t\t\t\t\t<\/a>\n\t\t\t\t\t\t\t\t\t\t\t\t\t\t\t<\/h2>\n\t\t\t\t\t\t\n\t\t\t\t\t\t\t\t\t\t\t\t\t<p class=\"c-card__text l-stack-xs u-font-body\">\n\t\t\t\t\t\t\t\tP\u00e5 Vittra f\u00e5r alla elever tr\u00e4na p\u00e5 att t&#8230;\n\t\t\t\t\t\t\t<\/p>\n\t\t\t\t\t\t\n\t\t\t\t\t\t\t\t\t\t\t\t\t<ul class=\"c-card__tags l-stack-grow u-list-none u-pt-md\" aria-label=\"Kategorier\">\n\t\t\t\t\t\t\t\t\t\t\t\t\t\t\t\t\t<li><span class=\"c-tag\" data-variant=\"outline\">Allm\u00e4nt<\/span><\/li>\n\t\t\t\t\t\t\t\t\t\t\t\t\t\t\t<\/ul>\n\t\t\t\t\t\t\n\t\t\t\t\t\t<div class=\"c-card__icon\">\n\t\t\t\t\t\t\t\t\t\t\t\t\t\t<svg class=\"ams-icon ams-icon--arrow-right\" width=\"32\" height=\"32\" viewbox=\"0 0 32 32\" fill=\"currentColor\" aria-hidden=\"true\" xmlns=\"http:\/\/www.w3.org\/2000\/svg\">\n\t\t\t\t\t\t\t\t\t\t\t\t\t\t\t\t<path d=\"M15.4617 0.252159L14.9567 0.75931C14.6219 1.09545 14.6219 1.64048 14.9567 1.97669L27.7062 14.7806H0.857144C0.383786 14.7806 0 15.166 0 15.6414V16.3587C0 16.8341 0.383786 17.2195 0.857144 17.2195H27.7062L14.9567 30.0234C14.6219 30.3595 14.6219 30.9045 14.9567 31.2407L15.4617 31.7479C15.7964 32.084 16.3392 32.084 16.6739 31.7479L31.749 16.6087C32.0837 16.2725 32.0837 15.7275 31.749 15.3913L16.6739 0.252159C16.3392 -0.084053 15.7964 -0.084053 15.4617 0.252159Z\"\/>\n\t\t\t\t\t\t\t\n\t\t\t\t\t\t\t<\/svg>\n\t\t\t\t\t\t<\/div>\n\t\t\t\t\t<\/div>\n\n\t\t\t\t\t<div class=\"c-card__media \" style=\" \">\n\t\t\t\t\t\t<img decoding=\"async\" width=\"362\" height=\"272\" src=\"https:\/\/vittra.se\/wp-content\/uploads\/2024\/02\/vittra-artikelkort.png\" class=\"attachment-sm size-sm\" alt=\"\" sizes=\"(min-width: 64em) 300px, (min-width: 48em) calc(.50 * (100vw - 224px)), calc(100vw - 160px)\" srcset=\"https:\/\/vittra.se\/wp-content\/uploads\/2024\/02\/vittra-artikelkort.png 362w, https:\/\/vittra.se\/wp-content\/uploads\/2024\/02\/vittra-artikelkort-300x225.png 300w, https:\/\/vittra.se\/wp-content\/uploads\/2024\/02\/vittra-artikelkort-305x229.png 305w, https:\/\/vittra.se\/wp-content\/uploads\/2024\/02\/vittra-artikelkort-340x255.png 340w\" \/>\n\t\t\t\t\t<\/div>\n\t\t\t\t<\/article>\n\t\t\t<\/li>\n\t\t\t\t\t\t\t\t\t\t\t\t\t\t\t\t\t\n\t\t\t\n\t\t\t\n\t\t\t<li class=\"l-col-6@md l-col-4@lg js-filter__item\" data-filter=\"nyhet mars-2022\">\n\t\t\t\t<article class=\"c-card  has-media-zoom  \" data-variant=\"border\" data-style=\"square\" data-click-area>\n\t\t\t\t\t<div class=\"c-card__content l-stack l-stack-sm\">\n\n\t\t\t\t\t\t\t\t\t\t\t\t\t<time class=\"c-card__date u-font-small\" datetime=\"2022-03-02\">2 mars, 2022<\/time>\n\t\t\t\t\t\t\n\t\t\t\t\t\t\t\t\t\t\t\t\t<h2 class=\"c-card__title u-font-title-3\">\n\t\t\t\t\t\t\t\t\t\t\t\t\t\t\t\t\t<a class=\"c-card__link\" href=\"https:\/\/vittra.se\/orebro\/artikel\/lokal\/vittra-moter-avsnitt-5\">\n\t\t\t\t\t\t\t\t\t\tVittra m\u00f6ter &#8211; avsnitt 5\n\t\t\t\t\t\t\t\t\t<\/a>\n\t\t\t\t\t\t\t\t\t\t\t\t\t\t\t<\/h2>\n\t\t\t\t\t\t\n\t\t\t\t\t\t\t\t\t\t\t\t\t<p class=\"c-card__text l-stack-xs u-font-body\">\n\t\t\t\t\t\t\t\tEbba och Rebecka tr\u00e4ffar Vittras utbildn&#8230;\n\t\t\t\t\t\t\t<\/p>\n\t\t\t\t\t\t\n\t\t\t\t\t\t\t\t\t\t\t\t\t<ul class=\"c-card__tags l-stack-grow u-list-none u-pt-md\" aria-label=\"Kategorier\">\n\t\t\t\t\t\t\t\t\t\t\t\t\t\t\t\t\t<li><span class=\"c-tag\" data-variant=\"outline\">Nyhet<\/span><\/li>\n\t\t\t\t\t\t\t\t\t\t\t\t\t\t\t<\/ul>\n\t\t\t\t\t\t\n\t\t\t\t\t\t<div class=\"c-card__icon\">\n\t\t\t\t\t\t\t\t\t\t\t\t\t\t<svg class=\"ams-icon ams-icon--arrow-right\" width=\"32\" height=\"32\" viewbox=\"0 0 32 32\" fill=\"currentColor\" aria-hidden=\"true\" xmlns=\"http:\/\/www.w3.org\/2000\/svg\">\n\t\t\t\t\t\t\t\t\t\t\t\t\t\t\t\t<path d=\"M15.4617 0.252159L14.9567 0.75931C14.6219 1.09545 14.6219 1.64048 14.9567 1.97669L27.7062 14.7806H0.857144C0.383786 14.7806 0 15.166 0 15.6414V16.3587C0 16.8341 0.383786 17.2195 0.857144 17.2195H27.7062L14.9567 30.0234C14.6219 30.3595 14.6219 30.9045 14.9567 31.2407L15.4617 31.7479C15.7964 32.084 16.3392 32.084 16.6739 31.7479L31.749 16.6087C32.0837 16.2725 32.0837 15.7275 31.749 15.3913L16.6739 0.252159C16.3392 -0.084053 15.7964 -0.084053 15.4617 0.252159Z\"\/>\n\t\t\t\t\t\t\t\n\t\t\t\t\t\t\t<\/svg>\n\t\t\t\t\t\t<\/div>\n\t\t\t\t\t<\/div>\n\n\t\t\t\t\t<div class=\"c-card__media \" style=\" \">\n\t\t\t\t\t\t<img decoding=\"async\" width=\"400\" height=\"270\" src=\"https:\/\/vittra.se\/wp-content\/uploads\/2022\/03\/vittramoteravsnitt5.jpg\" class=\"attachment-sm size-sm\" alt=\"Vittra m\u00f6ter utbildningsdirekt\u00f6r Anneli Wis\u00e9n\" sizes=\"(min-width: 64em) 300px, (min-width: 48em) calc(.50 * (100vw - 224px)), calc(100vw - 160px)\" srcset=\"https:\/\/vittra.se\/wp-content\/uploads\/2022\/03\/vittramoteravsnitt5.jpg 1066w, https:\/\/vittra.se\/wp-content\/uploads\/2022\/03\/vittramoteravsnitt5-300x203.jpg 300w, https:\/\/vittra.se\/wp-content\/uploads\/2022\/03\/vittramoteravsnitt5-1024x692.jpg 1024w, https:\/\/vittra.se\/wp-content\/uploads\/2022\/03\/vittramoteravsnitt5-768x519.jpg 768w, https:\/\/vittra.se\/wp-content\/uploads\/2022\/03\/vittramoteravsnitt5-500x338.jpg 500w, https:\/\/vittra.se\/wp-content\/uploads\/2022\/03\/vittramoteravsnitt5-340x230.jpg 340w, https:\/\/vittra.se\/wp-content\/uploads\/2022\/03\/vittramoteravsnitt5-992x670.jpg 992w\" \/>\n\t\t\t\t\t<\/div>\n\t\t\t\t<\/article>\n\t\t\t<\/li>\n\t\t\t\t\t\t\t\t\t\t\t\t\t\t\t\t\t\n\t\t\t\n\t\t\t\n\t\t\t<li class=\"l-col-6@md l-col-4@lg js-filter__item\" data-filter=\"nyhet februari-2022\">\n\t\t\t\t<article class=\"c-card  has-media-zoom  \" data-variant=\"border\" data-style=\"square\" data-click-area>\n\t\t\t\t\t<div class=\"c-card__content l-stack l-stack-sm\">\n\n\t\t\t\t\t\t\t\t\t\t\t\t\t<time class=\"c-card__date u-font-small\" datetime=\"2022-02-23\">23 februari, 2022<\/time>\n\t\t\t\t\t\t\n\t\t\t\t\t\t\t\t\t\t\t\t\t<h2 class=\"c-card__title u-font-title-3\">\n\t\t\t\t\t\t\t\t\t\t\t\t\t\t\t\t\t<a class=\"c-card__link\" href=\"https:\/\/vittra.se\/orebro\/artikel\/lokal\/vittra-moter-avsnitt-4\">\n\t\t\t\t\t\t\t\t\t\tVittra m\u00f6ter &#8211; avsnitt 4\n\t\t\t\t\t\t\t\t\t<\/a>\n\t\t\t\t\t\t\t\t\t\t\t\t\t\t\t<\/h2>\n\t\t\t\t\t\t\n\t\t\t\t\t\t\t\t\t\t\t\t\t<p class=\"c-card__text l-stack-xs u-font-body\">\n\t\t\t\t\t\t\t\tVi f\u00e5r tr\u00e4ffa Amr Badr som \u00e4r musikprodu&#8230;\n\t\t\t\t\t\t\t<\/p>\n\t\t\t\t\t\t\n\t\t\t\t\t\t\t\t\t\t\t\t\t<ul class=\"c-card__tags l-stack-grow u-list-none u-pt-md\" aria-label=\"Kategorier\">\n\t\t\t\t\t\t\t\t\t\t\t\t\t\t\t\t\t<li><span class=\"c-tag\" data-variant=\"outline\">Nyhet<\/span><\/li>\n\t\t\t\t\t\t\t\t\t\t\t\t\t\t\t<\/ul>\n\t\t\t\t\t\t\n\t\t\t\t\t\t<div class=\"c-card__icon\">\n\t\t\t\t\t\t\t\t\t\t\t\t\t\t<svg class=\"ams-icon ams-icon--arrow-right\" width=\"32\" height=\"32\" viewbox=\"0 0 32 32\" fill=\"currentColor\" aria-hidden=\"true\" xmlns=\"http:\/\/www.w3.org\/2000\/svg\">\n\t\t\t\t\t\t\t\t\t\t\t\t\t\t\t\t<path d=\"M15.4617 0.252159L14.9567 0.75931C14.6219 1.09545 14.6219 1.64048 14.9567 1.97669L27.7062 14.7806H0.857144C0.383786 14.7806 0 15.166 0 15.6414V16.3587C0 16.8341 0.383786 17.2195 0.857144 17.2195H27.7062L14.9567 30.0234C14.6219 30.3595 14.6219 30.9045 14.9567 31.2407L15.4617 31.7479C15.7964 32.084 16.3392 32.084 16.6739 31.7479L31.749 16.6087C32.0837 16.2725 32.0837 15.7275 31.749 15.3913L16.6739 0.252159C16.3392 -0.084053 15.7964 -0.084053 15.4617 0.252159Z\"\/>\n\t\t\t\t\t\t\t\n\t\t\t\t\t\t\t<\/svg>\n\t\t\t\t\t\t<\/div>\n\t\t\t\t\t<\/div>\n\n\t\t\t\t\t<div class=\"c-card__media \" style=\" \">\n\t\t\t\t\t\t<img decoding=\"async\" width=\"400\" height=\"270\" src=\"https:\/\/vittra.se\/wp-content\/uploads\/2022\/02\/vittramoteravsnitt4.jpg\" class=\"attachment-sm size-sm\" alt=\"Vittra m\u00f6ter musikproducenten Amr Badr\" sizes=\"(min-width: 64em) 300px, (min-width: 48em) calc(.50 * (100vw - 224px)), calc(100vw - 160px)\" srcset=\"https:\/\/vittra.se\/wp-content\/uploads\/2022\/02\/vittramoteravsnitt4.jpg 1065w, https:\/\/vittra.se\/wp-content\/uploads\/2022\/02\/vittramoteravsnitt4-300x203.jpg 300w, https:\/\/vittra.se\/wp-content\/uploads\/2022\/02\/vittramoteravsnitt4-1024x692.jpg 1024w, https:\/\/vittra.se\/wp-content\/uploads\/2022\/02\/vittramoteravsnitt4-768x519.jpg 768w, https:\/\/vittra.se\/wp-content\/uploads\/2022\/02\/vittramoteravsnitt4-500x338.jpg 500w, https:\/\/vittra.se\/wp-content\/uploads\/2022\/02\/vittramoteravsnitt4-340x230.jpg 340w, https:\/\/vittra.se\/wp-content\/uploads\/2022\/02\/vittramoteravsnitt4-991x670.jpg 991w\" \/>\n\t\t\t\t\t<\/div>\n\t\t\t\t<\/article>\n\t\t\t<\/li>\n\t\t\t\t\t\t\t\t\t\t\t\t\t\t\t\t\t\n\t\t\t\n\t\t\t\n\t\t\t<li class=\"l-col-6@md l-col-4@lg js-filter__item\" data-filter=\"nyhet februari-2022\">\n\t\t\t\t<article class=\"c-card  has-media-zoom  \" data-variant=\"border\" data-style=\"square\" data-click-area>\n\t\t\t\t\t<div class=\"c-card__content l-stack l-stack-sm\">\n\n\t\t\t\t\t\t\t\t\t\t\t\t\t<time class=\"c-card__date u-font-small\" datetime=\"2022-02-16\">16 februari, 2022<\/time>\n\t\t\t\t\t\t\n\t\t\t\t\t\t\t\t\t\t\t\t\t<h2 class=\"c-card__title u-font-title-3\">\n\t\t\t\t\t\t\t\t\t\t\t\t\t\t\t\t\t<a class=\"c-card__link\" href=\"https:\/\/vittra.se\/orebro\/artikel\/lokal\/kvartersmalen\">\n\t\t\t\t\t\t\t\t\t\tKvartersm\u00e5len p\u00e5 Vittra\n\t\t\t\t\t\t\t\t\t<\/a>\n\t\t\t\t\t\t\t\t\t\t\t\t\t\t\t<\/h2>\n\t\t\t\t\t\t\n\t\t\t\t\t\t\t\t\t\t\t\t\t<p class=\"c-card__text l-stack-xs u-font-body\">\n\t\t\t\t\t\t\t\tVi vill att v\u00e5ra barn och elever l\u00e4r sig&#8230;\n\t\t\t\t\t\t\t<\/p>\n\t\t\t\t\t\t\n\t\t\t\t\t\t\t\t\t\t\t\t\t<ul class=\"c-card__tags l-stack-grow u-list-none u-pt-md\" aria-label=\"Kategorier\">\n\t\t\t\t\t\t\t\t\t\t\t\t\t\t\t\t\t<li><span class=\"c-tag\" data-variant=\"outline\">Nyhet<\/span><\/li>\n\t\t\t\t\t\t\t\t\t\t\t\t\t\t\t<\/ul>\n\t\t\t\t\t\t\n\t\t\t\t\t\t<div class=\"c-card__icon\">\n\t\t\t\t\t\t\t\t\t\t\t\t\t\t<svg class=\"ams-icon ams-icon--arrow-right\" width=\"32\" height=\"32\" viewbox=\"0 0 32 32\" fill=\"currentColor\" aria-hidden=\"true\" xmlns=\"http:\/\/www.w3.org\/2000\/svg\">\n\t\t\t\t\t\t\t\t\t\t\t\t\t\t\t\t<path d=\"M15.4617 0.252159L14.9567 0.75931C14.6219 1.09545 14.6219 1.64048 14.9567 1.97669L27.7062 14.7806H0.857144C0.383786 14.7806 0 15.166 0 15.6414V16.3587C0 16.8341 0.383786 17.2195 0.857144 17.2195H27.7062L14.9567 30.0234C14.6219 30.3595 14.6219 30.9045 14.9567 31.2407L15.4617 31.7479C15.7964 32.084 16.3392 32.084 16.6739 31.7479L31.749 16.6087C32.0837 16.2725 32.0837 15.7275 31.749 15.3913L16.6739 0.252159C16.3392 -0.084053 15.7964 -0.084053 15.4617 0.252159Z\"\/>\n\t\t\t\t\t\t\t\n\t\t\t\t\t\t\t<\/svg>\n\t\t\t\t\t\t<\/div>\n\t\t\t\t\t<\/div>\n\n\t\t\t\t\t<div class=\"c-card__media \" style=\" \">\n\t\t\t\t\t\t<img decoding=\"async\" width=\"400\" height=\"225\" src=\"https:\/\/vittra.se\/wp-content\/uploads\/2022\/02\/vittrafoto1920x1080splitfneupojke.jpeg\" class=\"attachment-sm size-sm\" alt=\"En elev med ena benet i klassrummet och ena benet i samh\u00e4llet\" sizes=\"(min-width: 64em) 300px, (min-width: 48em) calc(.50 * (100vw - 224px)), calc(100vw - 160px)\" srcset=\"https:\/\/vittra.se\/wp-content\/uploads\/2022\/02\/vittrafoto1920x1080splitfneupojke.jpeg 1920w, https:\/\/vittra.se\/wp-content\/uploads\/2022\/02\/vittrafoto1920x1080splitfneupojke-300x169.jpeg 300w, https:\/\/vittra.se\/wp-content\/uploads\/2022\/02\/vittrafoto1920x1080splitfneupojke-1024x576.jpeg 1024w, https:\/\/vittra.se\/wp-content\/uploads\/2022\/02\/vittrafoto1920x1080splitfneupojke-768x432.jpeg 768w, https:\/\/vittra.se\/wp-content\/uploads\/2022\/02\/vittrafoto1920x1080splitfneupojke-1536x864.jpeg 1536w, https:\/\/vittra.se\/wp-content\/uploads\/2022\/02\/vittrafoto1920x1080splitfneupojke-500x281.jpeg 500w, https:\/\/vittra.se\/wp-content\/uploads\/2022\/02\/vittrafoto1920x1080splitfneupojke-340x191.jpeg 340w, https:\/\/vittra.se\/wp-content\/uploads\/2022\/02\/vittrafoto1920x1080splitfneupojke-1100x620.jpeg 1100w, https:\/\/vittra.se\/wp-content\/uploads\/2022\/02\/vittrafoto1920x1080splitfneupojke-1000x563.jpeg 1000w\" \/>\n\t\t\t\t\t<\/div>\n\t\t\t\t<\/article>\n\t\t\t<\/li>\n\t\t\t\t\t\t\t\t\t\t\t\t\t\t\t\t\t\n\t\t\t\n\t\t\t\n\t\t\t<li class=\"l-col-6@md l-col-4@lg js-filter__item\" data-filter=\"nyhet februari-2022\">\n\t\t\t\t<article class=\"c-card  has-media-zoom  \" data-variant=\"border\" data-style=\"square\" data-click-area>\n\t\t\t\t\t<div class=\"c-card__content l-stack l-stack-sm\">\n\n\t\t\t\t\t\t\t\t\t\t\t\t\t<time class=\"c-card__date u-font-small\" datetime=\"2022-02-09\">9 februari, 2022<\/time>\n\t\t\t\t\t\t\n\t\t\t\t\t\t\t\t\t\t\t\t\t<h2 class=\"c-card__title u-font-title-3\">\n\t\t\t\t\t\t\t\t\t\t\t\t\t\t\t\t\t<a class=\"c-card__link\" href=\"https:\/\/vittra.se\/orebro\/artikel\/lokal\/vittra-moter-avsnitt-3\">\n\t\t\t\t\t\t\t\t\t\tVittra m\u00f6ter &#8211; avsnitt 3\n\t\t\t\t\t\t\t\t\t<\/a>\n\t\t\t\t\t\t\t\t\t\t\t\t\t\t\t<\/h2>\n\t\t\t\t\t\t\n\t\t\t\t\t\t\t\t\t\t\t\t\t<p class=\"c-card__text l-stack-xs u-font-body\">\n\t\t\t\t\t\t\t\tVi tr\u00e4ffar l\u00e4karen och forskaren Lotta B&#8230;\n\t\t\t\t\t\t\t<\/p>\n\t\t\t\t\t\t\n\t\t\t\t\t\t\t\t\t\t\t\t\t<ul class=\"c-card__tags l-stack-grow u-list-none u-pt-md\" aria-label=\"Kategorier\">\n\t\t\t\t\t\t\t\t\t\t\t\t\t\t\t\t\t<li><span class=\"c-tag\" data-variant=\"outline\">Nyhet<\/span><\/li>\n\t\t\t\t\t\t\t\t\t\t\t\t\t\t\t<\/ul>\n\t\t\t\t\t\t\n\t\t\t\t\t\t<div class=\"c-card__icon\">\n\t\t\t\t\t\t\t\t\t\t\t\t\t\t<svg class=\"ams-icon ams-icon--arrow-right\" width=\"32\" height=\"32\" viewbox=\"0 0 32 32\" fill=\"currentColor\" aria-hidden=\"true\" xmlns=\"http:\/\/www.w3.org\/2000\/svg\">\n\t\t\t\t\t\t\t\t\t\t\t\t\t\t\t\t<path d=\"M15.4617 0.252159L14.9567 0.75931C14.6219 1.09545 14.6219 1.64048 14.9567 1.97669L27.7062 14.7806H0.857144C0.383786 14.7806 0 15.166 0 15.6414V16.3587C0 16.8341 0.383786 17.2195 0.857144 17.2195H27.7062L14.9567 30.0234C14.6219 30.3595 14.6219 30.9045 14.9567 31.2407L15.4617 31.7479C15.7964 32.084 16.3392 32.084 16.6739 31.7479L31.749 16.6087C32.0837 16.2725 32.0837 15.7275 31.749 15.3913L16.6739 0.252159C16.3392 -0.084053 15.7964 -0.084053 15.4617 0.252159Z\"\/>\n\t\t\t\t\t\t\t\n\t\t\t\t\t\t\t<\/svg>\n\t\t\t\t\t\t<\/div>\n\t\t\t\t\t<\/div>\n\n\t\t\t\t\t<div class=\"c-card__media \" style=\" \">\n\t\t\t\t\t\t<img decoding=\"async\" width=\"400\" height=\"270\" src=\"https:\/\/vittra.se\/wp-content\/uploads\/2022\/02\/vittramoteravsnitt3.jpg\" class=\"attachment-sm size-sm\" alt=\"Vittraeleven Rebecka m\u00f6ter l\u00e4karen Lotta\" sizes=\"(min-width: 64em) 300px, (min-width: 48em) calc(.50 * (100vw - 224px)), calc(100vw - 160px)\" srcset=\"https:\/\/vittra.se\/wp-content\/uploads\/2022\/02\/vittramoteravsnitt3.jpg 1065w, https:\/\/vittra.se\/wp-content\/uploads\/2022\/02\/vittramoteravsnitt3-300x203.jpg 300w, https:\/\/vittra.se\/wp-content\/uploads\/2022\/02\/vittramoteravsnitt3-1024x692.jpg 1024w, https:\/\/vittra.se\/wp-content\/uploads\/2022\/02\/vittramoteravsnitt3-768x519.jpg 768w, https:\/\/vittra.se\/wp-content\/uploads\/2022\/02\/vittramoteravsnitt3-500x338.jpg 500w, https:\/\/vittra.se\/wp-content\/uploads\/2022\/02\/vittramoteravsnitt3-340x230.jpg 340w, https:\/\/vittra.se\/wp-content\/uploads\/2022\/02\/vittramoteravsnitt3-991x670.jpg 991w\" \/>\n\t\t\t\t\t<\/div>\n\t\t\t\t<\/article>\n\t\t\t<\/li>\n\t\t\t\t\t\t\t\t\t\t\t\t\t\t\t\t\t\n\t\t\t\n\t\t\t\n\t\t\t<li class=\"l-col-6@md l-col-4@lg js-filter__item\" data-filter=\"nyhet januari-2022\">\n\t\t\t\t<article class=\"c-card  has-media-zoom  \" data-variant=\"border\" data-style=\"square\" data-click-area>\n\t\t\t\t\t<div class=\"c-card__content l-stack l-stack-sm\">\n\n\t\t\t\t\t\t\t\t\t\t\t\t\t<time class=\"c-card__date u-font-small\" datetime=\"2022-01-21\">21 januari, 2022<\/time>\n\t\t\t\t\t\t\n\t\t\t\t\t\t\t\t\t\t\t\t\t<h2 class=\"c-card__title u-font-title-3\">\n\t\t\t\t\t\t\t\t\t\t\t\t\t\t\t\t\t<a class=\"c-card__link\" href=\"https:\/\/vittra.se\/orebro\/artikel\/lokal\/vittra-moter-avsnitt-2\">\n\t\t\t\t\t\t\t\t\t\tVittra m\u00f6ter &#8211; avsnitt 2\n\t\t\t\t\t\t\t\t\t<\/a>\n\t\t\t\t\t\t\t\t\t\t\t\t\t\t\t<\/h2>\n\t\t\t\t\t\t\n\t\t\t\t\t\t\t\t\t\t\t\t\t<p class=\"c-card__text l-stack-xs u-font-body\">\n\t\t\t\t\t\t\t\tNu har det blivit dags f\u00f6r det andra avs&#8230;\n\t\t\t\t\t\t\t<\/p>\n\t\t\t\t\t\t\n\t\t\t\t\t\t\t\t\t\t\t\t\t<ul class=\"c-card__tags l-stack-grow u-list-none u-pt-md\" aria-label=\"Kategorier\">\n\t\t\t\t\t\t\t\t\t\t\t\t\t\t\t\t\t<li><span class=\"c-tag\" data-variant=\"outline\">Nyhet<\/span><\/li>\n\t\t\t\t\t\t\t\t\t\t\t\t\t\t\t<\/ul>\n\t\t\t\t\t\t\n\t\t\t\t\t\t<div class=\"c-card__icon\">\n\t\t\t\t\t\t\t\t\t\t\t\t\t\t<svg class=\"ams-icon ams-icon--arrow-right\" width=\"32\" height=\"32\" viewbox=\"0 0 32 32\" fill=\"currentColor\" aria-hidden=\"true\" xmlns=\"http:\/\/www.w3.org\/2000\/svg\">\n\t\t\t\t\t\t\t\t\t\t\t\t\t\t\t\t<path d=\"M15.4617 0.252159L14.9567 0.75931C14.6219 1.09545 14.6219 1.64048 14.9567 1.97669L27.7062 14.7806H0.857144C0.383786 14.7806 0 15.166 0 15.6414V16.3587C0 16.8341 0.383786 17.2195 0.857144 17.2195H27.7062L14.9567 30.0234C14.6219 30.3595 14.6219 30.9045 14.9567 31.2407L15.4617 31.7479C15.7964 32.084 16.3392 32.084 16.6739 31.7479L31.749 16.6087C32.0837 16.2725 32.0837 15.7275 31.749 15.3913L16.6739 0.252159C16.3392 -0.084053 15.7964 -0.084053 15.4617 0.252159Z\"\/>\n\t\t\t\t\t\t\t\n\t\t\t\t\t\t\t<\/svg>\n\t\t\t\t\t\t<\/div>\n\t\t\t\t\t<\/div>\n\n\t\t\t\t\t<div class=\"c-card__media \" style=\" \">\n\t\t\t\t\t\t<img decoding=\"async\" width=\"400\" height=\"270\" src=\"https:\/\/vittra.se\/wp-content\/uploads\/2022\/01\/vittramoteravsnitt2.jpg\" class=\"attachment-sm size-sm\" alt=\"Vittra m\u00f6ter politikern Parisa\" sizes=\"(min-width: 64em) 300px, (min-width: 48em) calc(.50 * (100vw - 224px)), calc(100vw - 160px)\" srcset=\"https:\/\/vittra.se\/wp-content\/uploads\/2022\/01\/vittramoteravsnitt2.jpg 1065w, https:\/\/vittra.se\/wp-content\/uploads\/2022\/01\/vittramoteravsnitt2-300x203.jpg 300w, https:\/\/vittra.se\/wp-content\/uploads\/2022\/01\/vittramoteravsnitt2-1024x692.jpg 1024w, https:\/\/vittra.se\/wp-content\/uploads\/2022\/01\/vittramoteravsnitt2-768x519.jpg 768w, https:\/\/vittra.se\/wp-content\/uploads\/2022\/01\/vittramoteravsnitt2-500x338.jpg 500w, https:\/\/vittra.se\/wp-content\/uploads\/2022\/01\/vittramoteravsnitt2-340x230.jpg 340w, https:\/\/vittra.se\/wp-content\/uploads\/2022\/01\/vittramoteravsnitt2-991x670.jpg 991w\" \/>\n\t\t\t\t\t<\/div>\n\t\t\t\t<\/article>\n\t\t\t<\/li>\n\t\t\t\t\t\t\t\t\t\t\t\t\t\t\t\t\t\n\t\t\t\n\t\t\t\n\t\t\t<li class=\"l-col-6@md l-col-4@lg js-filter__item\" data-filter=\"nyhet januari-2022\">\n\t\t\t\t<article class=\"c-card  has-media-zoom  \" data-variant=\"border\" data-style=\"square\" data-click-area>\n\t\t\t\t\t<div class=\"c-card__content l-stack l-stack-sm\">\n\n\t\t\t\t\t\t\t\t\t\t\t\t\t<time class=\"c-card__date u-font-small\" datetime=\"2022-01-12\">12 januari, 2022<\/time>\n\t\t\t\t\t\t\n\t\t\t\t\t\t\t\t\t\t\t\t\t<h2 class=\"c-card__title u-font-title-3\">\n\t\t\t\t\t\t\t\t\t\t\t\t\t\t\t\t\t<a class=\"c-card__link\" href=\"https:\/\/vittra.se\/orebro\/artikel\/lokal\/terminsstart\">\n\t\t\t\t\t\t\t\t\t\tTerminsstart\n\t\t\t\t\t\t\t\t\t<\/a>\n\t\t\t\t\t\t\t\t\t\t\t\t\t\t\t<\/h2>\n\t\t\t\t\t\t\n\t\t\t\t\t\t\t\t\t\t\t\t\t<p class=\"c-card__text l-stack-xs u-font-body\">\n\t\t\t\t\t\t\t\t\u00c4ntligen har skolan b\u00f6rjat igen! Vi hopp&#8230;\n\t\t\t\t\t\t\t<\/p>\n\t\t\t\t\t\t\n\t\t\t\t\t\t\t\t\t\t\t\t\t<ul class=\"c-card__tags l-stack-grow u-list-none u-pt-md\" aria-label=\"Kategorier\">\n\t\t\t\t\t\t\t\t\t\t\t\t\t\t\t\t\t<li><span class=\"c-tag\" data-variant=\"outline\">Nyhet<\/span><\/li>\n\t\t\t\t\t\t\t\t\t\t\t\t\t\t\t<\/ul>\n\t\t\t\t\t\t\n\t\t\t\t\t\t<div class=\"c-card__icon\">\n\t\t\t\t\t\t\t\t\t\t\t\t\t\t<svg class=\"ams-icon ams-icon--arrow-right\" width=\"32\" height=\"32\" viewbox=\"0 0 32 32\" fill=\"currentColor\" aria-hidden=\"true\" xmlns=\"http:\/\/www.w3.org\/2000\/svg\">\n\t\t\t\t\t\t\t\t\t\t\t\t\t\t\t\t<path d=\"M15.4617 0.252159L14.9567 0.75931C14.6219 1.09545 14.6219 1.64048 14.9567 1.97669L27.7062 14.7806H0.857144C0.383786 14.7806 0 15.166 0 15.6414V16.3587C0 16.8341 0.383786 17.2195 0.857144 17.2195H27.7062L14.9567 30.0234C14.6219 30.3595 14.6219 30.9045 14.9567 31.2407L15.4617 31.7479C15.7964 32.084 16.3392 32.084 16.6739 31.7479L31.749 16.6087C32.0837 16.2725 32.0837 15.7275 31.749 15.3913L16.6739 0.252159C16.3392 -0.084053 15.7964 -0.084053 15.4617 0.252159Z\"\/>\n\t\t\t\t\t\t\t\n\t\t\t\t\t\t\t<\/svg>\n\t\t\t\t\t\t<\/div>\n\t\t\t\t\t<\/div>\n\n\t\t\t\t\t<div class=\"c-card__media \" style=\" \">\n\t\t\t\t\t\t\n\t\t\t\t\t<\/div>\n\t\t\t\t<\/article>\n\t\t\t<\/li>\n\t\t\t\t\t\t\t\t\t\t\t\t\t\t\t\t\t\n\t\t\t\n\t\t\t\n\t\t\t<li class=\"l-col-6@md l-col-4@lg js-filter__item\" data-filter=\"nyhet december-2021\">\n\t\t\t\t<article class=\"c-card  has-media-zoom  \" data-variant=\"border\" data-style=\"square\" data-click-area>\n\t\t\t\t\t<div class=\"c-card__content l-stack l-stack-sm\">\n\n\t\t\t\t\t\t\t\t\t\t\t\t\t<time class=\"c-card__date u-font-small\" datetime=\"2021-12-20\">20 december, 2021<\/time>\n\t\t\t\t\t\t\n\t\t\t\t\t\t\t\t\t\t\t\t\t<h2 class=\"c-card__title u-font-title-3\">\n\t\t\t\t\t\t\t\t\t\t\t\t\t\t\t\t\t<a class=\"c-card__link\" href=\"https:\/\/vittra.se\/orebro\/artikel\/lokal\/forsta-avsnittet-av-vittra-moter\">\n\t\t\t\t\t\t\t\t\t\tVittra m\u00f6ter &#8211; avsnitt 1\n\t\t\t\t\t\t\t\t\t<\/a>\n\t\t\t\t\t\t\t\t\t\t\t\t\t\t\t<\/h2>\n\t\t\t\t\t\t\n\t\t\t\t\t\t\t\t\t\t\t\t\t<p class=\"c-card__text l-stack-xs u-font-body\">\n\t\t\t\t\t\t\t\tI f\u00f6rsta avsnittet av Vittra m\u00f6ter tr\u00e4ff&#8230;\n\t\t\t\t\t\t\t<\/p>\n\t\t\t\t\t\t\n\t\t\t\t\t\t\t\t\t\t\t\t\t<ul class=\"c-card__tags l-stack-grow u-list-none u-pt-md\" aria-label=\"Kategorier\">\n\t\t\t\t\t\t\t\t\t\t\t\t\t\t\t\t\t<li><span class=\"c-tag\" data-variant=\"outline\">Nyhet<\/span><\/li>\n\t\t\t\t\t\t\t\t\t\t\t\t\t\t\t<\/ul>\n\t\t\t\t\t\t\n\t\t\t\t\t\t<div class=\"c-card__icon\">\n\t\t\t\t\t\t\t\t\t\t\t\t\t\t<svg class=\"ams-icon ams-icon--arrow-right\" width=\"32\" height=\"32\" viewbox=\"0 0 32 32\" fill=\"currentColor\" aria-hidden=\"true\" xmlns=\"http:\/\/www.w3.org\/2000\/svg\">\n\t\t\t\t\t\t\t\t\t\t\t\t\t\t\t\t<path d=\"M15.4617 0.252159L14.9567 0.75931C14.6219 1.09545 14.6219 1.64048 14.9567 1.97669L27.7062 14.7806H0.857144C0.383786 14.7806 0 15.166 0 15.6414V16.3587C0 16.8341 0.383786 17.2195 0.857144 17.2195H27.7062L14.9567 30.0234C14.6219 30.3595 14.6219 30.9045 14.9567 31.2407L15.4617 31.7479C15.7964 32.084 16.3392 32.084 16.6739 31.7479L31.749 16.6087C32.0837 16.2725 32.0837 15.7275 31.749 15.3913L16.6739 0.252159C16.3392 -0.084053 15.7964 -0.084053 15.4617 0.252159Z\"\/>\n\t\t\t\t\t\t\t\n\t\t\t\t\t\t\t<\/svg>\n\t\t\t\t\t\t<\/div>\n\t\t\t\t\t<\/div>\n\n\t\t\t\t\t<div class=\"c-card__media \" style=\" \">\n\t\t\t\t\t\t<img decoding=\"async\" width=\"400\" height=\"348\" src=\"https:\/\/vittra.se\/wp-content\/uploads\/2021\/12\/skarmavbild-2021-12-09-kl-163150.png\" class=\"attachment-sm size-sm\" alt=\"\" sizes=\"(min-width: 64em) 300px, (min-width: 48em) calc(.50 * (100vw - 224px)), calc(100vw - 160px)\" srcset=\"https:\/\/vittra.se\/wp-content\/uploads\/2021\/12\/skarmavbild-2021-12-09-kl-163150.png 940w, https:\/\/vittra.se\/wp-content\/uploads\/2021\/12\/skarmavbild-2021-12-09-kl-163150-300x261.png 300w, https:\/\/vittra.se\/wp-content\/uploads\/2021\/12\/skarmavbild-2021-12-09-kl-163150-768x668.png 768w, https:\/\/vittra.se\/wp-content\/uploads\/2021\/12\/skarmavbild-2021-12-09-kl-163150-500x435.png 500w, https:\/\/vittra.se\/wp-content\/uploads\/2021\/12\/skarmavbild-2021-12-09-kl-163150-263x229.png 263w, https:\/\/vittra.se\/wp-content\/uploads\/2021\/12\/skarmavbild-2021-12-09-kl-163150-340x296.png 340w, https:\/\/vittra.se\/wp-content\/uploads\/2021\/12\/skarmavbild-2021-12-09-kl-163150-770x670.png 770w\" \/>\n\t\t\t\t\t<\/div>\n\t\t\t\t<\/article>\n\t\t\t<\/li>\n\t\t\t\t\t\t\t\t\t\t\t\t\t\t\t\t\t\n\t\t\t\n\t\t\t\n\t\t\t<li class=\"l-col-6@md l-col-4@lg js-filter__item\" data-filter=\"nyhet december-2021\">\n\t\t\t\t<article class=\"c-card  has-media-zoom  \" data-variant=\"border\" data-style=\"square\" data-click-area>\n\t\t\t\t\t<div class=\"c-card__content l-stack l-stack-sm\">\n\n\t\t\t\t\t\t\t\t\t\t\t\t\t<time class=\"c-card__date u-font-small\" datetime=\"2021-12-09\">9 december, 2021<\/time>\n\t\t\t\t\t\t\n\t\t\t\t\t\t\t\t\t\t\t\t\t<h2 class=\"c-card__title u-font-title-3\">\n\t\t\t\t\t\t\t\t\t\t\t\t\t\t\t\t\t<a class=\"c-card__link\" href=\"https:\/\/vittra.se\/orebro\/artikel\/orebros-nya-rektor\/\">\n\t\t\t\t\t\t\t\t\t\tIntervju med \u00d6rebros nya rekto&#8230;\n\t\t\t\t\t\t\t\t\t<\/a>\n\t\t\t\t\t\t\t\t\t\t\t\t\t\t\t<\/h2>\n\t\t\t\t\t\t\n\t\t\t\t\t\t\t\t\t\t\t\t\t<p class=\"c-card__text l-stack-xs u-font-body\">\n\t\t\t\t\t\t\t\t&#8211; Jag ser fram emot att bygga en helt ny&#8230;\n\t\t\t\t\t\t\t<\/p>\n\t\t\t\t\t\t\n\t\t\t\t\t\t\t\t\t\t\t\t\t<ul class=\"c-card__tags l-stack-grow u-list-none u-pt-md\" aria-label=\"Kategorier\">\n\t\t\t\t\t\t\t\t\t\t\t\t\t\t\t\t\t<li><span class=\"c-tag\" data-variant=\"outline\">Nyhet<\/span><\/li>\n\t\t\t\t\t\t\t\t\t\t\t\t\t\t\t<\/ul>\n\t\t\t\t\t\t\n\t\t\t\t\t\t<div class=\"c-card__icon\">\n\t\t\t\t\t\t\t\t\t\t\t\t\t\t<svg class=\"ams-icon ams-icon--arrow-right\" width=\"32\" height=\"32\" viewbox=\"0 0 32 32\" fill=\"currentColor\" aria-hidden=\"true\" xmlns=\"http:\/\/www.w3.org\/2000\/svg\">\n\t\t\t\t\t\t\t\t\t\t\t\t\t\t\t\t<path d=\"M15.4617 0.252159L14.9567 0.75931C14.6219 1.09545 14.6219 1.64048 14.9567 1.97669L27.7062 14.7806H0.857144C0.383786 14.7806 0 15.166 0 15.6414V16.3587C0 16.8341 0.383786 17.2195 0.857144 17.2195H27.7062L14.9567 30.0234C14.6219 30.3595 14.6219 30.9045 14.9567 31.2407L15.4617 31.7479C15.7964 32.084 16.3392 32.084 16.6739 31.7479L31.749 16.6087C32.0837 16.2725 32.0837 15.7275 31.749 15.3913L16.6739 0.252159C16.3392 -0.084053 15.7964 -0.084053 15.4617 0.252159Z\"\/>\n\t\t\t\t\t\t\t\n\t\t\t\t\t\t\t<\/svg>\n\t\t\t\t\t\t<\/div>\n\t\t\t\t\t<\/div>\n\n\t\t\t\t\t<div class=\"c-card__media \" style=\" \">\n\t\t\t\t\t\t\n\t\t\t\t\t<\/div>\n\t\t\t\t<\/article>\n\t\t\t<\/li>\n\t\t\t\t\t\t\t\t\t\t\t\t\t\t\t\t\t\n\t\t\t\n\t\t\t\n\t\t\t<li class=\"l-col-6@md l-col-4@lg js-filter__item\" data-filter=\"nyhet december-2021\">\n\t\t\t\t<article class=\"c-card  has-media-zoom  \" data-variant=\"border\" data-style=\"square\" data-click-area>\n\t\t\t\t\t<div class=\"c-card__content l-stack l-stack-sm\">\n\n\t\t\t\t\t\t\t\t\t\t\t\t\t<time class=\"c-card__date u-font-small\" datetime=\"2021-12-01\">1 december, 2021<\/time>\n\t\t\t\t\t\t\n\t\t\t\t\t\t\t\t\t\t\t\t\t<h2 class=\"c-card__title u-font-title-3\">\n\t\t\t\t\t\t\t\t\t\t\t\t\t\t\t\t\t<a class=\"c-card__link\" href=\"https:\/\/vittra.se\/orebro\/artikel\/magdalena-ny-rektor-pa-vittra-orebro\/\">\n\t\t\t\t\t\t\t\t\t\tNy rektor till Vittra \u00d6rebro\n\t\t\t\t\t\t\t\t\t<\/a>\n\t\t\t\t\t\t\t\t\t\t\t\t\t\t\t<\/h2>\n\t\t\t\t\t\t\n\t\t\t\t\t\t\t\t\t\t\t\t\t<p class=\"c-card__text l-stack-xs u-font-body\">\n\t\t\t\t\t\t\t\tMagdalena \u00e4r ny rektor p\u00e5 Vittra i \u00d6rebr&#8230;\n\t\t\t\t\t\t\t<\/p>\n\t\t\t\t\t\t\n\t\t\t\t\t\t\t\t\t\t\t\t\t<ul class=\"c-card__tags l-stack-grow u-list-none u-pt-md\" aria-label=\"Kategorier\">\n\t\t\t\t\t\t\t\t\t\t\t\t\t\t\t\t\t<li><span class=\"c-tag\" data-variant=\"outline\">Nyhet<\/span><\/li>\n\t\t\t\t\t\t\t\t\t\t\t\t\t\t\t<\/ul>\n\t\t\t\t\t\t\n\t\t\t\t\t\t<div class=\"c-card__icon\">\n\t\t\t\t\t\t\t\t\t\t\t\t\t\t<svg class=\"ams-icon ams-icon--arrow-right\" width=\"32\" height=\"32\" viewbox=\"0 0 32 32\" fill=\"currentColor\" aria-hidden=\"true\" xmlns=\"http:\/\/www.w3.org\/2000\/svg\">\n\t\t\t\t\t\t\t\t\t\t\t\t\t\t\t\t<path d=\"M15.4617 0.252159L14.9567 0.75931C14.6219 1.09545 14.6219 1.64048 14.9567 1.97669L27.7062 14.7806H0.857144C0.383786 14.7806 0 15.166 0 15.6414V16.3587C0 16.8341 0.383786 17.2195 0.857144 17.2195H27.7062L14.9567 30.0234C14.6219 30.3595 14.6219 30.9045 14.9567 31.2407L15.4617 31.7479C15.7964 32.084 16.3392 32.084 16.6739 31.7479L31.749 16.6087C32.0837 16.2725 32.0837 15.7275 31.749 15.3913L16.6739 0.252159C16.3392 -0.084053 15.7964 -0.084053 15.4617 0.252159Z\"\/>\n\t\t\t\t\t\t\t\n\t\t\t\t\t\t\t<\/svg>\n\t\t\t\t\t\t<\/div>\n\t\t\t\t\t<\/div>\n\n\t\t\t\t\t<div class=\"c-card__media \" style=\" \">\n\t\t\t\t\t\t<img decoding=\"async\" width=\"320\" height=\"483\" src=\"https:\/\/vittra.se\/wp-content\/uploads\/sites\/29\/2021\/12\/rektororebro.png\" class=\"attachment-sm size-sm\" alt=\"\" sizes=\"(min-width: 64em) 300px, (min-width: 48em) calc(.50 * (100vw - 224px)), calc(100vw - 160px)\" srcset=\"https:\/\/vittra.se\/wp-content\/uploads\/sites\/29\/2021\/12\/rektororebro.png 320w, https:\/\/vittra.se\/wp-content\/uploads\/sites\/29\/2021\/12\/rektororebro-199x300.png 199w, https:\/\/vittra.se\/wp-content\/uploads\/sites\/29\/2021\/12\/rektororebro-152x229.png 152w\" \/>\n\t\t\t\t\t<\/div>\n\t\t\t\t<\/article>\n\t\t\t<\/li>\n\t\t\t\t\t\t\t\t\t\t\t\t\t\t\t\t\t\n\t\t\t\n\t\t\t\n\t\t\t<li class=\"l-col-6@md l-col-4@lg js-filter__item\" data-filter=\"nyhet november-2021\">\n\t\t\t\t<article class=\"c-card  has-media-zoom  \" data-variant=\"border\" data-style=\"square\" data-click-area>\n\t\t\t\t\t<div class=\"c-card__content l-stack l-stack-sm\">\n\n\t\t\t\t\t\t\t\t\t\t\t\t\t<time class=\"c-card__date u-font-small\" datetime=\"2021-11-01\">1 november, 2021<\/time>\n\t\t\t\t\t\t\n\t\t\t\t\t\t\t\t\t\t\t\t\t<h2 class=\"c-card__title u-font-title-3\">\n\t\t\t\t\t\t\t\t\t\t\t\t\t\t\t\t\t<a class=\"c-card__link\" href=\"https:\/\/vittra.se\/orebro\/artikel\/lokal\/laslov\">\n\t\t\t\t\t\t\t\t\t\tL\u00e4slov\n\t\t\t\t\t\t\t\t\t<\/a>\n\t\t\t\t\t\t\t\t\t\t\t\t\t\t\t<\/h2>\n\t\t\t\t\t\t\n\t\t\t\t\t\t\t\t\t\t\t\t\t<p class=\"c-card__text l-stack-xs u-font-body\">\n\t\t\t\t\t\t\t\tVi \u00f6nskar alla v\u00e5ra barn och elever en r&#8230;\n\t\t\t\t\t\t\t<\/p>\n\t\t\t\t\t\t\n\t\t\t\t\t\t\t\t\t\t\t\t\t<ul class=\"c-card__tags l-stack-grow u-list-none u-pt-md\" aria-label=\"Kategorier\">\n\t\t\t\t\t\t\t\t\t\t\t\t\t\t\t\t\t<li><span class=\"c-tag\" data-variant=\"outline\">Nyhet<\/span><\/li>\n\t\t\t\t\t\t\t\t\t\t\t\t\t\t\t<\/ul>\n\t\t\t\t\t\t\n\t\t\t\t\t\t<div class=\"c-card__icon\">\n\t\t\t\t\t\t\t\t\t\t\t\t\t\t<svg class=\"ams-icon ams-icon--arrow-right\" width=\"32\" height=\"32\" viewbox=\"0 0 32 32\" fill=\"currentColor\" aria-hidden=\"true\" xmlns=\"http:\/\/www.w3.org\/2000\/svg\">\n\t\t\t\t\t\t\t\t\t\t\t\t\t\t\t\t<path d=\"M15.4617 0.252159L14.9567 0.75931C14.6219 1.09545 14.6219 1.64048 14.9567 1.97669L27.7062 14.7806H0.857144C0.383786 14.7806 0 15.166 0 15.6414V16.3587C0 16.8341 0.383786 17.2195 0.857144 17.2195H27.7062L14.9567 30.0234C14.6219 30.3595 14.6219 30.9045 14.9567 31.2407L15.4617 31.7479C15.7964 32.084 16.3392 32.084 16.6739 31.7479L31.749 16.6087C32.0837 16.2725 32.0837 15.7275 31.749 15.3913L16.6739 0.252159C16.3392 -0.084053 15.7964 -0.084053 15.4617 0.252159Z\"\/>\n\t\t\t\t\t\t\t\n\t\t\t\t\t\t\t<\/svg>\n\t\t\t\t\t\t<\/div>\n\t\t\t\t\t<\/div>\n\n\t\t\t\t\t<div class=\"c-card__media \" style=\" \">\n\t\t\t\t\t\t\n\t\t\t\t\t<\/div>\n\t\t\t\t<\/article>\n\t\t\t<\/li>\n\t\t\t\t\t\t\t\t\t\t\t\t\t\t\t\t\t\n\t\t\t\n\t\t\t\n\t\t\t<li class=\"l-col-6@md l-col-4@lg js-filter__item\" data-filter=\"allmant september-2021\">\n\t\t\t\t<article class=\"c-card  has-media-zoom  \" data-variant=\"border\" data-style=\"square\" data-click-area>\n\t\t\t\t\t<div class=\"c-card__content l-stack l-stack-sm\">\n\n\t\t\t\t\t\t\t\t\t\t\t\t\t<time class=\"c-card__date u-font-small\" datetime=\"2021-09-09\">9 september, 2021<\/time>\n\t\t\t\t\t\t\n\t\t\t\t\t\t\t\t\t\t\t\t\t<h2 class=\"c-card__title u-font-title-3\">\n\t\t\t\t\t\t\t\t\t\t\t\t\t\t\t\t\t<a class=\"c-card__link\" href=\"https:\/\/vittra.se\/orebro\/artikel\/lokal\/anneli-wisen-berattar-om-vittras-pedagogik\">\n\t\t\t\t\t\t\t\t\t\tAnneli Wis\u00e9n ber\u00e4ttar om Vittr&#8230;\n\t\t\t\t\t\t\t\t\t<\/a>\n\t\t\t\t\t\t\t\t\t\t\t\t\t\t\t<\/h2>\n\t\t\t\t\t\t\n\t\t\t\t\t\t\t\t\t\t\t\t\t<p class=\"c-card__text l-stack-xs u-font-body\">\n\t\t\t\t\t\t\t\tNu har v\u00e5ra samh\u00e4llsengagerade f\u00f6r- och &#8230;\n\t\t\t\t\t\t\t<\/p>\n\t\t\t\t\t\t\n\t\t\t\t\t\t\t\t\t\t\t\t\t<ul class=\"c-card__tags l-stack-grow u-list-none u-pt-md\" aria-label=\"Kategorier\">\n\t\t\t\t\t\t\t\t\t\t\t\t\t\t\t\t\t<li><span class=\"c-tag\" data-variant=\"outline\">Allm\u00e4nt<\/span><\/li>\n\t\t\t\t\t\t\t\t\t\t\t\t\t\t\t<\/ul>\n\t\t\t\t\t\t\n\t\t\t\t\t\t<div class=\"c-card__icon\">\n\t\t\t\t\t\t\t\t\t\t\t\t\t\t<svg class=\"ams-icon ams-icon--arrow-right\" width=\"32\" height=\"32\" viewbox=\"0 0 32 32\" fill=\"currentColor\" aria-hidden=\"true\" xmlns=\"http:\/\/www.w3.org\/2000\/svg\">\n\t\t\t\t\t\t\t\t\t\t\t\t\t\t\t\t<path d=\"M15.4617 0.252159L14.9567 0.75931C14.6219 1.09545 14.6219 1.64048 14.9567 1.97669L27.7062 14.7806H0.857144C0.383786 14.7806 0 15.166 0 15.6414V16.3587C0 16.8341 0.383786 17.2195 0.857144 17.2195H27.7062L14.9567 30.0234C14.6219 30.3595 14.6219 30.9045 14.9567 31.2407L15.4617 31.7479C15.7964 32.084 16.3392 32.084 16.6739 31.7479L31.749 16.6087C32.0837 16.2725 32.0837 15.7275 31.749 15.3913L16.6739 0.252159C16.3392 -0.084053 15.7964 -0.084053 15.4617 0.252159Z\"\/>\n\t\t\t\t\t\t\t\n\t\t\t\t\t\t\t<\/svg>\n\t\t\t\t\t\t<\/div>\n\t\t\t\t\t<\/div>\n\n\t\t\t\t\t<div class=\"c-card__media \" style=\" \">\n\t\t\t\t\t\t<img decoding=\"async\" width=\"400\" height=\"295\" src=\"https:\/\/vittra.se\/wp-content\/uploads\/2021\/09\/skarmavbild-2021-09-09-kl-084630.png\" class=\"attachment-sm size-sm\" alt=\"\" sizes=\"(min-width: 64em) 300px, (min-width: 48em) calc(.50 * (100vw - 224px)), calc(100vw - 160px)\" srcset=\"https:\/\/vittra.se\/wp-content\/uploads\/2021\/09\/skarmavbild-2021-09-09-kl-084630.png 1049w, https:\/\/vittra.se\/wp-content\/uploads\/2021\/09\/skarmavbild-2021-09-09-kl-084630-300x221.png 300w, https:\/\/vittra.se\/wp-content\/uploads\/2021\/09\/skarmavbild-2021-09-09-kl-084630-1024x755.png 1024w, https:\/\/vittra.se\/wp-content\/uploads\/2021\/09\/skarmavbild-2021-09-09-kl-084630-768x566.png 768w, https:\/\/vittra.se\/wp-content\/uploads\/2021\/09\/skarmavbild-2021-09-09-kl-084630-500x368.png 500w, https:\/\/vittra.se\/wp-content\/uploads\/2021\/09\/skarmavbild-2021-09-09-kl-084630-311x229.png 311w, https:\/\/vittra.se\/wp-content\/uploads\/2021\/09\/skarmavbild-2021-09-09-kl-084630-340x251.png 340w, https:\/\/vittra.se\/wp-content\/uploads\/2021\/09\/skarmavbild-2021-09-09-kl-084630-909x670.png 909w, https:\/\/vittra.se\/wp-content\/uploads\/2021\/09\/skarmavbild-2021-09-09-kl-084630-330x242.png 330w\" \/>\n\t\t\t\t\t<\/div>\n\t\t\t\t<\/article>\n\t\t\t<\/li>\n\t\t\t\t\t\t\t\t\t\t\t\t\t\t\t\t\t\n\t\t\t\n\t\t\t\n\t\t\t<li class=\"l-col-6@md l-col-4@lg js-filter__item\" data-filter=\"nyhet september-2021\">\n\t\t\t\t<article class=\"c-card  has-media-zoom  \" data-variant=\"border\" data-style=\"square\" data-click-area>\n\t\t\t\t\t<div class=\"c-card__content l-stack l-stack-sm\">\n\n\t\t\t\t\t\t\t\t\t\t\t\t\t<time class=\"c-card__date u-font-small\" datetime=\"2021-09-06\">6 september, 2021<\/time>\n\t\t\t\t\t\t\n\t\t\t\t\t\t\t\t\t\t\t\t\t<h2 class=\"c-card__title u-font-title-3\">\n\t\t\t\t\t\t\t\t\t\t\t\t\t\t\t\t\t<a class=\"c-card__link\" href=\"https:\/\/vittra.se\/orebro\/artikel\/lokal\/vittradagen-9-september\">\n\t\t\t\t\t\t\t\t\t\tVittradagen 9 september\n\t\t\t\t\t\t\t\t\t<\/a>\n\t\t\t\t\t\t\t\t\t\t\t\t\t\t\t<\/h2>\n\t\t\t\t\t\t\n\t\t\t\t\t\t\t\t\t\t\t\t\t<p class=\"c-card__text l-stack-xs u-font-body\">\n\t\t\t\t\t\t\t\tDen 9 september g\u00e5r Vittradagen f\u00f6r alla&#8230;\n\t\t\t\t\t\t\t<\/p>\n\t\t\t\t\t\t\n\t\t\t\t\t\t\t\t\t\t\t\t\t<ul class=\"c-card__tags l-stack-grow u-list-none u-pt-md\" aria-label=\"Kategorier\">\n\t\t\t\t\t\t\t\t\t\t\t\t\t\t\t\t\t<li><span class=\"c-tag\" data-variant=\"outline\">Nyhet<\/span><\/li>\n\t\t\t\t\t\t\t\t\t\t\t\t\t\t\t<\/ul>\n\t\t\t\t\t\t\n\t\t\t\t\t\t<div class=\"c-card__icon\">\n\t\t\t\t\t\t\t\t\t\t\t\t\t\t<svg class=\"ams-icon ams-icon--arrow-right\" width=\"32\" height=\"32\" viewbox=\"0 0 32 32\" fill=\"currentColor\" aria-hidden=\"true\" xmlns=\"http:\/\/www.w3.org\/2000\/svg\">\n\t\t\t\t\t\t\t\t\t\t\t\t\t\t\t\t<path d=\"M15.4617 0.252159L14.9567 0.75931C14.6219 1.09545 14.6219 1.64048 14.9567 1.97669L27.7062 14.7806H0.857144C0.383786 14.7806 0 15.166 0 15.6414V16.3587C0 16.8341 0.383786 17.2195 0.857144 17.2195H27.7062L14.9567 30.0234C14.6219 30.3595 14.6219 30.9045 14.9567 31.2407L15.4617 31.7479C15.7964 32.084 16.3392 32.084 16.6739 31.7479L31.749 16.6087C32.0837 16.2725 32.0837 15.7275 31.749 15.3913L16.6739 0.252159C16.3392 -0.084053 15.7964 -0.084053 15.4617 0.252159Z\"\/>\n\t\t\t\t\t\t\t\n\t\t\t\t\t\t\t<\/svg>\n\t\t\t\t\t\t<\/div>\n\t\t\t\t\t<\/div>\n\n\t\t\t\t\t<div class=\"c-card__media \" style=\" \">\n\t\t\t\t\t\t<img decoding=\"async\" width=\"362\" height=\"272\" src=\"https:\/\/vittra.se\/wp-content\/uploads\/2024\/02\/vittra-artikelkort.png\" class=\"attachment-sm size-sm\" alt=\"\" sizes=\"(min-width: 64em) 300px, (min-width: 48em) calc(.50 * (100vw - 224px)), calc(100vw - 160px)\" srcset=\"https:\/\/vittra.se\/wp-content\/uploads\/2024\/02\/vittra-artikelkort.png 362w, https:\/\/vittra.se\/wp-content\/uploads\/2024\/02\/vittra-artikelkort-300x225.png 300w, https:\/\/vittra.se\/wp-content\/uploads\/2024\/02\/vittra-artikelkort-305x229.png 305w, https:\/\/vittra.se\/wp-content\/uploads\/2024\/02\/vittra-artikelkort-340x255.png 340w\" \/>\n\t\t\t\t\t<\/div>\n\t\t\t\t<\/article>\n\t\t\t<\/li>\n\t\t\t\t\t\t\t\t\t\t\t\t\t\t\t\t\t\n\t\t\t\n\t\t\t\n\t\t\t<li class=\"l-col-6@md l-col-4@lg js-filter__item\" data-filter=\"nyhet juni-2021\">\n\t\t\t\t<article class=\"c-card  has-media-zoom  \" data-variant=\"border\" data-style=\"square\" data-click-area>\n\t\t\t\t\t<div class=\"c-card__content l-stack l-stack-sm\">\n\n\t\t\t\t\t\t\t\t\t\t\t\t\t<time class=\"c-card__date u-font-small\" datetime=\"2021-06-10\">10 juni, 2021<\/time>\n\t\t\t\t\t\t\n\t\t\t\t\t\t\t\t\t\t\t\t\t<h2 class=\"c-card__title u-font-title-3\">\n\t\t\t\t\t\t\t\t\t\t\t\t\t\t\t\t\t<a class=\"c-card__link\" href=\"https:\/\/vittra.se\/orebro\/artikel\/lokal\/friidrottsskola-pa-vittra-telefonplan\">\n\t\t\t\t\t\t\t\t\t\tFriidrottsskola p\u00e5 Vittra Tele&#8230;\n\t\t\t\t\t\t\t\t\t<\/a>\n\t\t\t\t\t\t\t\t\t\t\t\t\t\t\t<\/h2>\n\t\t\t\t\t\t\n\t\t\t\t\t\t\t\t\t\t\t\t\t<p class=\"c-card__text l-stack-xs u-font-body\">\n\t\t\t\t\t\t\t\tI sommar kommer eleverna i \u00e5rskurs ett t&#8230;\n\t\t\t\t\t\t\t<\/p>\n\t\t\t\t\t\t\n\t\t\t\t\t\t\t\t\t\t\t\t\t<ul class=\"c-card__tags l-stack-grow u-list-none u-pt-md\" aria-label=\"Kategorier\">\n\t\t\t\t\t\t\t\t\t\t\t\t\t\t\t\t\t<li><span class=\"c-tag\" data-variant=\"outline\">Nyhet<\/span><\/li>\n\t\t\t\t\t\t\t\t\t\t\t\t\t\t\t<\/ul>\n\t\t\t\t\t\t\n\t\t\t\t\t\t<div class=\"c-card__icon\">\n\t\t\t\t\t\t\t\t\t\t\t\t\t\t<svg class=\"ams-icon ams-icon--arrow-right\" width=\"32\" height=\"32\" viewbox=\"0 0 32 32\" fill=\"currentColor\" aria-hidden=\"true\" xmlns=\"http:\/\/www.w3.org\/2000\/svg\">\n\t\t\t\t\t\t\t\t\t\t\t\t\t\t\t\t<path d=\"M15.4617 0.252159L14.9567 0.75931C14.6219 1.09545 14.6219 1.64048 14.9567 1.97669L27.7062 14.7806H0.857144C0.383786 14.7806 0 15.166 0 15.6414V16.3587C0 16.8341 0.383786 17.2195 0.857144 17.2195H27.7062L14.9567 30.0234C14.6219 30.3595 14.6219 30.9045 14.9567 31.2407L15.4617 31.7479C15.7964 32.084 16.3392 32.084 16.6739 31.7479L31.749 16.6087C32.0837 16.2725 32.0837 15.7275 31.749 15.3913L16.6739 0.252159C16.3392 -0.084053 15.7964 -0.084053 15.4617 0.252159Z\"\/>\n\t\t\t\t\t\t\t\n\t\t\t\t\t\t\t<\/svg>\n\t\t\t\t\t\t<\/div>\n\t\t\t\t\t<\/div>\n\n\t\t\t\t\t<div class=\"c-card__media \" style=\" \">\n\t\t\t\t\t\t<img decoding=\"async\" width=\"362\" height=\"272\" src=\"https:\/\/vittra.se\/wp-content\/uploads\/2024\/02\/vittra-artikelkort.png\" class=\"attachment-sm size-sm\" alt=\"\" sizes=\"(min-width: 64em) 300px, (min-width: 48em) calc(.50 * (100vw - 224px)), calc(100vw - 160px)\" srcset=\"https:\/\/vittra.se\/wp-content\/uploads\/2024\/02\/vittra-artikelkort.png 362w, https:\/\/vittra.se\/wp-content\/uploads\/2024\/02\/vittra-artikelkort-300x225.png 300w, https:\/\/vittra.se\/wp-content\/uploads\/2024\/02\/vittra-artikelkort-305x229.png 305w, https:\/\/vittra.se\/wp-content\/uploads\/2024\/02\/vittra-artikelkort-340x255.png 340w\" \/>\n\t\t\t\t\t<\/div>\n\t\t\t\t<\/article>\n\t\t\t<\/li>\n\t\t\t\t\t\t\t\t\t\t\t\t\t\t\t\t\t\n\t\t\t\n\t\t\t\n\t\t\t<li class=\"l-col-6@md l-col-4@lg js-filter__item\" data-filter=\"nyhet mars-2021\">\n\t\t\t\t<article class=\"c-card  has-media-zoom  \" data-variant=\"border\" data-style=\"square\" data-click-area>\n\t\t\t\t\t<div class=\"c-card__content l-stack l-stack-sm\">\n\n\t\t\t\t\t\t\t\t\t\t\t\t\t<time class=\"c-card__date u-font-small\" datetime=\"2021-03-26\">26 mars, 2021<\/time>\n\t\t\t\t\t\t\n\t\t\t\t\t\t\t\t\t\t\t\t\t<h2 class=\"c-card__title u-font-title-3\">\n\t\t\t\t\t\t\t\t\t\t\t\t\t\t\t\t\t<a class=\"c-card__link\" href=\"https:\/\/vittra.se\/orebro\/artikel\/lokal\/vart-samhallsengagemang-uppmarksammas\">\n\t\t\t\t\t\t\t\t\t\tV\u00e5rt engagemang uppm\u00e4rksammas\n\t\t\t\t\t\t\t\t\t<\/a>\n\t\t\t\t\t\t\t\t\t\t\t\t\t\t\t<\/h2>\n\t\t\t\t\t\t\n\t\t\t\t\t\t\t\t\t\t\t\t\t<p class=\"c-card__text l-stack-xs u-font-body\">\n\t\t\t\t\t\t\t\tDagstidningen Corren bes\u00f6kte skolan och skrev reportage\n\t\t\t\t\t\t\t<\/p>\n\t\t\t\t\t\t\n\t\t\t\t\t\t\t\t\t\t\t\t\t<ul class=\"c-card__tags l-stack-grow u-list-none u-pt-md\" aria-label=\"Kategorier\">\n\t\t\t\t\t\t\t\t\t\t\t\t\t\t\t\t\t<li><span class=\"c-tag\" data-variant=\"outline\">Nyhet<\/span><\/li>\n\t\t\t\t\t\t\t\t\t\t\t\t\t\t\t<\/ul>\n\t\t\t\t\t\t\n\t\t\t\t\t\t<div class=\"c-card__icon\">\n\t\t\t\t\t\t\t\t\t\t\t\t\t\t<svg class=\"ams-icon ams-icon--arrow-right\" width=\"32\" height=\"32\" viewbox=\"0 0 32 32\" fill=\"currentColor\" aria-hidden=\"true\" xmlns=\"http:\/\/www.w3.org\/2000\/svg\">\n\t\t\t\t\t\t\t\t\t\t\t\t\t\t\t\t<path d=\"M15.4617 0.252159L14.9567 0.75931C14.6219 1.09545 14.6219 1.64048 14.9567 1.97669L27.7062 14.7806H0.857144C0.383786 14.7806 0 15.166 0 15.6414V16.3587C0 16.8341 0.383786 17.2195 0.857144 17.2195H27.7062L14.9567 30.0234C14.6219 30.3595 14.6219 30.9045 14.9567 31.2407L15.4617 31.7479C15.7964 32.084 16.3392 32.084 16.6739 31.7479L31.749 16.6087C32.0837 16.2725 32.0837 15.7275 31.749 15.3913L16.6739 0.252159C16.3392 -0.084053 15.7964 -0.084053 15.4617 0.252159Z\"\/>\n\t\t\t\t\t\t\t\n\t\t\t\t\t\t\t<\/svg>\n\t\t\t\t\t\t<\/div>\n\t\t\t\t\t<\/div>\n\n\t\t\t\t\t<div class=\"c-card__media \" style=\" \">\n\t\t\t\t\t\t<img decoding=\"async\" width=\"400\" height=\"443\" src=\"https:\/\/vittra.se\/wp-content\/uploads\/2021\/04\/vittra-lambohov-corren.jpeg\" class=\"attachment-sm size-sm\" alt=\"Reporter som intervjuar tv\u00e5 elever i inomhusmilj\u00f6\" sizes=\"(min-width: 64em) 300px, (min-width: 48em) calc(.50 * (100vw - 224px)), calc(100vw - 160px)\" srcset=\"https:\/\/vittra.se\/wp-content\/uploads\/2021\/04\/vittra-lambohov-corren.jpeg 828w, https:\/\/vittra.se\/wp-content\/uploads\/2021\/04\/vittra-lambohov-corren-271x300.jpeg 271w, https:\/\/vittra.se\/wp-content\/uploads\/2021\/04\/vittra-lambohov-corren-768x850.jpeg 768w, https:\/\/vittra.se\/wp-content\/uploads\/2021\/04\/vittra-lambohov-corren-500x553.jpeg 500w, https:\/\/vittra.se\/wp-content\/uploads\/2021\/04\/vittra-lambohov-corren-207x229.jpeg 207w, https:\/\/vittra.se\/wp-content\/uploads\/2021\/04\/vittra-lambohov-corren-606x670.jpeg 606w\" \/>\n\t\t\t\t\t<\/div>\n\t\t\t\t<\/article>\n\t\t\t<\/li>\n\t\t\t\t\t\t\t\t\t\t\t\t\t\t\t\t\t\n\t\t\t\n\t\t\t\n\t\t\t<li class=\"l-col-6@md l-col-4@lg js-filter__item\" data-filter=\"allmant februari-2021\">\n\t\t\t\t<article class=\"c-card  has-media-zoom  \" data-variant=\"border\" data-style=\"square\" data-click-area>\n\t\t\t\t\t<div class=\"c-card__content l-stack l-stack-sm\">\n\n\t\t\t\t\t\t\t\t\t\t\t\t\t<time class=\"c-card__date u-font-small\" datetime=\"2021-02-15\">15 februari, 2021<\/time>\n\t\t\t\t\t\t\n\t\t\t\t\t\t\t\t\t\t\t\t\t<h2 class=\"c-card__title u-font-title-3\">\n\t\t\t\t\t\t\t\t\t\t\t\t\t\t\t\t\t<a class=\"c-card__link\" href=\"https:\/\/vittra.se\/orebro\/artikel\/lokal\/5-tips-infor-skolvalet\">\n\t\t\t\t\t\t\t\t\t\t5 tips inf\u00f6r skolvalet\n\t\t\t\t\t\t\t\t\t<\/a>\n\t\t\t\t\t\t\t\t\t\t\t\t\t\t\t<\/h2>\n\t\t\t\t\t\t\n\t\t\t\t\t\t\t\t\t\t\t\t\t<p class=\"c-card__text l-stack-xs u-font-body\">\n\t\t\t\t\t\t\t\tVi har samlat 5 tips inf\u00f6r skolvalet.\n\t\t\t\t\t\t\t<\/p>\n\t\t\t\t\t\t\n\t\t\t\t\t\t\t\t\t\t\t\t\t<ul class=\"c-card__tags l-stack-grow u-list-none u-pt-md\" aria-label=\"Kategorier\">\n\t\t\t\t\t\t\t\t\t\t\t\t\t\t\t\t\t<li><span class=\"c-tag\" data-variant=\"outline\">Allm\u00e4nt<\/span><\/li>\n\t\t\t\t\t\t\t\t\t\t\t\t\t\t\t<\/ul>\n\t\t\t\t\t\t\n\t\t\t\t\t\t<div class=\"c-card__icon\">\n\t\t\t\t\t\t\t\t\t\t\t\t\t\t<svg class=\"ams-icon ams-icon--arrow-right\" width=\"32\" height=\"32\" viewbox=\"0 0 32 32\" fill=\"currentColor\" aria-hidden=\"true\" xmlns=\"http:\/\/www.w3.org\/2000\/svg\">\n\t\t\t\t\t\t\t\t\t\t\t\t\t\t\t\t<path d=\"M15.4617 0.252159L14.9567 0.75931C14.6219 1.09545 14.6219 1.64048 14.9567 1.97669L27.7062 14.7806H0.857144C0.383786 14.7806 0 15.166 0 15.6414V16.3587C0 16.8341 0.383786 17.2195 0.857144 17.2195H27.7062L14.9567 30.0234C14.6219 30.3595 14.6219 30.9045 14.9567 31.2407L15.4617 31.7479C15.7964 32.084 16.3392 32.084 16.6739 31.7479L31.749 16.6087C32.0837 16.2725 32.0837 15.7275 31.749 15.3913L16.6739 0.252159C16.3392 -0.084053 15.7964 -0.084053 15.4617 0.252159Z\"\/>\n\t\t\t\t\t\t\t\n\t\t\t\t\t\t\t<\/svg>\n\t\t\t\t\t\t<\/div>\n\t\t\t\t\t<\/div>\n\n\t\t\t\t\t<div class=\"c-card__media \" style=\" \">\n\t\t\t\t\t\t<img decoding=\"async\" width=\"362\" height=\"272\" src=\"https:\/\/vittra.se\/wp-content\/uploads\/2024\/02\/vittra-artikelkort.png\" class=\"attachment-sm size-sm\" alt=\"\" sizes=\"(min-width: 64em) 300px, (min-width: 48em) calc(.50 * (100vw - 224px)), calc(100vw - 160px)\" srcset=\"https:\/\/vittra.se\/wp-content\/uploads\/2024\/02\/vittra-artikelkort.png 362w, https:\/\/vittra.se\/wp-content\/uploads\/2024\/02\/vittra-artikelkort-300x225.png 300w, https:\/\/vittra.se\/wp-content\/uploads\/2024\/02\/vittra-artikelkort-305x229.png 305w, https:\/\/vittra.se\/wp-content\/uploads\/2024\/02\/vittra-artikelkort-340x255.png 340w\" \/>\n\t\t\t\t\t<\/div>\n\t\t\t\t<\/article>\n\t\t\t<\/li>\n\t\t\t\t\t\t\t\t\t\t\t\t\t\t\t\t\t\n\t\t\t\n\t\t\t\n\t\t\t<li class=\"l-col-6@md l-col-4@lg js-filter__item\" data-filter=\"nyhet december-2020\">\n\t\t\t\t<article class=\"c-card  has-media-zoom  \" data-variant=\"border\" data-style=\"square\" data-click-area>\n\t\t\t\t\t<div class=\"c-card__content l-stack l-stack-sm\">\n\n\t\t\t\t\t\t\t\t\t\t\t\t\t<time class=\"c-card__date u-font-small\" datetime=\"2020-12-01\">1 december, 2020<\/time>\n\t\t\t\t\t\t\n\t\t\t\t\t\t\t\t\t\t\t\t\t<h2 class=\"c-card__title u-font-title-3\">\n\t\t\t\t\t\t\t\t\t\t\t\t\t\t\t\t\t<a class=\"c-card__link\" href=\"https:\/\/vittra.se\/orebro\/artikel\/lokal\/lasande-elever-i-jonkoping-bidrar-till-musikhjalpen\">\n\t\t\t\t\t\t\t\t\t\tElever bidrar till Musikhj\u00e4lpen\n\t\t\t\t\t\t\t\t\t<\/a>\n\t\t\t\t\t\t\t\t\t\t\t\t\t\t\t<\/h2>\n\t\t\t\t\t\t\n\t\t\t\t\t\t\t\t\t\t\t\t\t<p class=\"c-card__text l-stack-xs u-font-body\">\n\t\t\t\t\t\t\t\tEleverna p\u00e5 skolan l\u00e4ser f\u00f6r att r\u00e4dda liv.\n\t\t\t\t\t\t\t<\/p>\n\t\t\t\t\t\t\n\t\t\t\t\t\t\t\t\t\t\t\t\t<ul class=\"c-card__tags l-stack-grow u-list-none u-pt-md\" aria-label=\"Kategorier\">\n\t\t\t\t\t\t\t\t\t\t\t\t\t\t\t\t\t<li><span class=\"c-tag\" data-variant=\"outline\">Nyhet<\/span><\/li>\n\t\t\t\t\t\t\t\t\t\t\t\t\t\t\t<\/ul>\n\t\t\t\t\t\t\n\t\t\t\t\t\t<div class=\"c-card__icon\">\n\t\t\t\t\t\t\t\t\t\t\t\t\t\t<svg class=\"ams-icon ams-icon--arrow-right\" width=\"32\" height=\"32\" viewbox=\"0 0 32 32\" fill=\"currentColor\" aria-hidden=\"true\" xmlns=\"http:\/\/www.w3.org\/2000\/svg\">\n\t\t\t\t\t\t\t\t\t\t\t\t\t\t\t\t<path d=\"M15.4617 0.252159L14.9567 0.75931C14.6219 1.09545 14.6219 1.64048 14.9567 1.97669L27.7062 14.7806H0.857144C0.383786 14.7806 0 15.166 0 15.6414V16.3587C0 16.8341 0.383786 17.2195 0.857144 17.2195H27.7062L14.9567 30.0234C14.6219 30.3595 14.6219 30.9045 14.9567 31.2407L15.4617 31.7479C15.7964 32.084 16.3392 32.084 16.6739 31.7479L31.749 16.6087C32.0837 16.2725 32.0837 15.7275 31.749 15.3913L16.6739 0.252159C16.3392 -0.084053 15.7964 -0.084053 15.4617 0.252159Z\"\/>\n\t\t\t\t\t\t\t\n\t\t\t\t\t\t\t<\/svg>\n\t\t\t\t\t\t<\/div>\n\t\t\t\t\t<\/div>\n\n\t\t\t\t\t<div class=\"c-card__media \" style=\" \">\n\t\t\t\t\t\t\n\t\t\t\t\t<\/div>\n\t\t\t\t<\/article>\n\t\t\t<\/li>\n\t\t\t\t\t\t\t\t\t\t\t\t\t\t\t\t\t\n\t\t\t\n\t\t\t\n\t\t\t<li class=\"l-col-6@md l-col-4@lg js-filter__item\" data-filter=\"nyhet oktober-2020\">\n\t\t\t\t<article class=\"c-card  has-media-zoom  \" data-variant=\"border\" data-style=\"square\" data-click-area>\n\t\t\t\t\t<div class=\"c-card__content l-stack l-stack-sm\">\n\n\t\t\t\t\t\t\t\t\t\t\t\t\t<time class=\"c-card__date u-font-small\" datetime=\"2020-10-26\">26 oktober, 2020<\/time>\n\t\t\t\t\t\t\n\t\t\t\t\t\t\t\t\t\t\t\t\t<h2 class=\"c-card__title u-font-title-3\">\n\t\t\t\t\t\t\t\t\t\t\t\t\t\t\t\t\t<a class=\"c-card__link\" href=\"https:\/\/vittra.se\/orebro\/artikel\/lokal\/vittra-inspiration\">\n\t\t\t\t\t\t\t\t\t\tVittra Inspiration\n\t\t\t\t\t\t\t\t\t<\/a>\n\t\t\t\t\t\t\t\t\t\t\t\t\t\t\t<\/h2>\n\t\t\t\t\t\t\n\t\t\t\t\t\t\t\t\t\t\t\t\t<p class=\"c-card__text l-stack-xs u-font-body\">\n\t\t\t\t\t\t\t\tVittra genomf\u00f6r en gemensam inspirationsdag M\u00e5ndagen den 26 oktober genomf\u00f6r Vittra en gemensam inspirationseftermiddag f\u00f6r n\u00e4rmare 1000 medarbetare. Det \u00e4r under eftermiddagen p\u00e5 en av de utv\u00e4rderings- och f\u00f6rberedelsedagar Vittra alltid har under h\u00f6stlovet, som alla medarbetare f\u00e5r m\u00f6jlighet att samlas f\u00f6r nya perspektiv och gemensam inspiration i p\u00e5g\u00e5ende utvecklingsarbete.&nbsp; Vittra Inspiration s\u00e4nds live fr\u00e5n&#8230;\n\t\t\t\t\t\t\t<\/p>\n\t\t\t\t\t\t\n\t\t\t\t\t\t\t\t\t\t\t\t\t<ul class=\"c-card__tags l-stack-grow u-list-none u-pt-md\" aria-label=\"Kategorier\">\n\t\t\t\t\t\t\t\t\t\t\t\t\t\t\t\t\t<li><span class=\"c-tag\" data-variant=\"outline\">Nyhet<\/span><\/li>\n\t\t\t\t\t\t\t\t\t\t\t\t\t\t\t<\/ul>\n\t\t\t\t\t\t\n\t\t\t\t\t\t<div class=\"c-card__icon\">\n\t\t\t\t\t\t\t\t\t\t\t\t\t\t<svg class=\"ams-icon ams-icon--arrow-right\" width=\"32\" height=\"32\" viewbox=\"0 0 32 32\" fill=\"currentColor\" aria-hidden=\"true\" xmlns=\"http:\/\/www.w3.org\/2000\/svg\">\n\t\t\t\t\t\t\t\t\t\t\t\t\t\t\t\t<path d=\"M15.4617 0.252159L14.9567 0.75931C14.6219 1.09545 14.6219 1.64048 14.9567 1.97669L27.7062 14.7806H0.857144C0.383786 14.7806 0 15.166 0 15.6414V16.3587C0 16.8341 0.383786 17.2195 0.857144 17.2195H27.7062L14.9567 30.0234C14.6219 30.3595 14.6219 30.9045 14.9567 31.2407L15.4617 31.7479C15.7964 32.084 16.3392 32.084 16.6739 31.7479L31.749 16.6087C32.0837 16.2725 32.0837 15.7275 31.749 15.3913L16.6739 0.252159C16.3392 -0.084053 15.7964 -0.084053 15.4617 0.252159Z\"\/>\n\t\t\t\t\t\t\t\n\t\t\t\t\t\t\t<\/svg>\n\t\t\t\t\t\t<\/div>\n\t\t\t\t\t<\/div>\n\n\t\t\t\t\t<div class=\"c-card__media \" style=\" \">\n\t\t\t\t\t\t<img decoding=\"async\" width=\"400\" height=\"402\" src=\"https:\/\/vittra.se\/wp-content\/uploads\/2020\/10\/vittra-landningssida-1920x1080-1.jpg\" class=\"attachment-sm size-sm\" alt=\"vittrainspiration\" sizes=\"(min-width: 64em) 300px, (min-width: 48em) calc(.50 * (100vw - 224px)), calc(100vw - 160px)\" srcset=\"https:\/\/vittra.se\/wp-content\/uploads\/2020\/10\/vittra-landningssida-1920x1080-1.jpg 1074w, https:\/\/vittra.se\/wp-content\/uploads\/2020\/10\/vittra-landningssida-1920x1080-1-298x300.jpg 298w, https:\/\/vittra.se\/wp-content\/uploads\/2020\/10\/vittra-landningssida-1920x1080-1-1018x1024.jpg 1018w, https:\/\/vittra.se\/wp-content\/uploads\/2020\/10\/vittra-landningssida-1920x1080-1-150x150.jpg 150w, https:\/\/vittra.se\/wp-content\/uploads\/2020\/10\/vittra-landningssida-1920x1080-1-768x772.jpg 768w, https:\/\/vittra.se\/wp-content\/uploads\/2020\/10\/vittra-landningssida-1920x1080-1-1024x1030.jpg 1024w, https:\/\/vittra.se\/wp-content\/uploads\/2020\/10\/vittra-landningssida-1920x1080-1-666x670.jpg 666w, https:\/\/vittra.se\/wp-content\/uploads\/2020\/10\/vittra-landningssida-1920x1080-1-100x100.jpg 100w\" \/>\n\t\t\t\t\t<\/div>\n\t\t\t\t<\/article>\n\t\t\t<\/li>\n\t\t\t\t\t\t\t\t\t\t\t\t\t\t\t\t\t\n\t\t\t\n\t\t\t\n\t\t\t<li class=\"l-col-6@md l-col-4@lg js-filter__item\" data-filter=\"skolutveckling oktober-2020\">\n\t\t\t\t<article class=\"c-card  has-media-zoom  \" data-variant=\"border\" data-style=\"square\" data-click-area>\n\t\t\t\t\t<div class=\"c-card__content l-stack l-stack-sm\">\n\n\t\t\t\t\t\t\t\t\t\t\t\t\t<time class=\"c-card__date u-font-small\" datetime=\"2020-10-19\">19 oktober, 2020<\/time>\n\t\t\t\t\t\t\n\t\t\t\t\t\t\t\t\t\t\t\t\t<h2 class=\"c-card__title u-font-title-3\">\n\t\t\t\t\t\t\t\t\t\t\t\t\t\t\t\t\t<a class=\"c-card__link\" href=\"https:\/\/vittra.se\/orebro\/artikel\/lokal\/world-education-week\">\n\t\t\t\t\t\t\t\t\t\tWorld Education Week\n\t\t\t\t\t\t\t\t\t<\/a>\n\t\t\t\t\t\t\t\t\t\t\t\t\t\t\t<\/h2>\n\t\t\t\t\t\t\n\t\t\t\t\t\t\t\t\t\t\t\t\t<p class=\"c-card__text l-stack-xs u-font-body\">\n\t\t\t\t\t\t\t\tTv\u00e5 av AcadeMedias grundskolor bidrar p\u00e5 World Education Week Vittra Vallentuna P\u00e5&nbsp;m\u00e5ndag den 5 oktober kl. 16-17&nbsp;\u00e4r det dags f\u00f6r elever, l\u00e4rare och skolledning p\u00e5 Vittra Vallentuna att ber\u00e4tta om hur de skapar sammanhang i undervisningen. Elin M\u00f6ller, rektor, vad ska ni ber\u00e4tta om under World Education Week? \u2013 Vi kommer ber\u00e4tta om hur vi&#8230;\n\t\t\t\t\t\t\t<\/p>\n\t\t\t\t\t\t\n\t\t\t\t\t\t\t\t\t\t\t\t\t<ul class=\"c-card__tags l-stack-grow u-list-none u-pt-md\" aria-label=\"Kategorier\">\n\t\t\t\t\t\t\t\t\t\t\t\t\t\t\t\t\t<li><span class=\"c-tag\" data-variant=\"outline\">Skolutveckling<\/span><\/li>\n\t\t\t\t\t\t\t\t\t\t\t\t\t\t\t<\/ul>\n\t\t\t\t\t\t\n\t\t\t\t\t\t<div class=\"c-card__icon\">\n\t\t\t\t\t\t\t\t\t\t\t\t\t\t<svg class=\"ams-icon ams-icon--arrow-right\" width=\"32\" height=\"32\" viewbox=\"0 0 32 32\" fill=\"currentColor\" aria-hidden=\"true\" xmlns=\"http:\/\/www.w3.org\/2000\/svg\">\n\t\t\t\t\t\t\t\t\t\t\t\t\t\t\t\t<path d=\"M15.4617 0.252159L14.9567 0.75931C14.6219 1.09545 14.6219 1.64048 14.9567 1.97669L27.7062 14.7806H0.857144C0.383786 14.7806 0 15.166 0 15.6414V16.3587C0 16.8341 0.383786 17.2195 0.857144 17.2195H27.7062L14.9567 30.0234C14.6219 30.3595 14.6219 30.9045 14.9567 31.2407L15.4617 31.7479C15.7964 32.084 16.3392 32.084 16.6739 31.7479L31.749 16.6087C32.0837 16.2725 32.0837 15.7275 31.749 15.3913L16.6739 0.252159C16.3392 -0.084053 15.7964 -0.084053 15.4617 0.252159Z\"\/>\n\t\t\t\t\t\t\t\n\t\t\t\t\t\t\t<\/svg>\n\t\t\t\t\t\t<\/div>\n\t\t\t\t\t<\/div>\n\n\t\t\t\t\t<div class=\"c-card__media \" style=\" \">\n\t\t\t\t\t\t<img decoding=\"async\" width=\"400\" height=\"225\" src=\"https:\/\/vittra.se\/wp-content\/uploads\/2020\/10\/vittraantagning1920x1080allman1.jpg\" class=\"attachment-sm size-sm\" alt=\"\" sizes=\"(min-width: 64em) 300px, (min-width: 48em) calc(.50 * (100vw - 224px)), calc(100vw - 160px)\" srcset=\"https:\/\/vittra.se\/wp-content\/uploads\/2020\/10\/vittraantagning1920x1080allman1.jpg 1920w, https:\/\/vittra.se\/wp-content\/uploads\/2020\/10\/vittraantagning1920x1080allman1-300x169.jpg 300w, https:\/\/vittra.se\/wp-content\/uploads\/2020\/10\/vittraantagning1920x1080allman1-1024x576.jpg 1024w, https:\/\/vittra.se\/wp-content\/uploads\/2020\/10\/vittraantagning1920x1080allman1-768x432.jpg 768w, https:\/\/vittra.se\/wp-content\/uploads\/2020\/10\/vittraantagning1920x1080allman1-1536x864.jpg 1536w, https:\/\/vittra.se\/wp-content\/uploads\/2020\/10\/vittraantagning1920x1080allman1-1100x620.jpg 1100w, https:\/\/vittra.se\/wp-content\/uploads\/2020\/10\/vittraantagning1920x1080allman1-1000x563.jpg 1000w\" \/>\n\t\t\t\t\t<\/div>\n\t\t\t\t<\/article>\n\t\t\t<\/li>\n\t\t\t<\/ul>\n\n\t<div class=\"no-results u-mt-0 u-hide\" data-filter-fallback-id=\"ams-article-list-69f24a4f938dc\">\n\t<p>Det finns inga resultat som matchar din filtrering.<\/p>\n<\/div>\n\n\t    <div class=\"ams-article__more u-inline-items js-load-more-btn\">\n        <button href=\"#\"\n                class=\"c-btn\"\n                data-style=\"round\"\n                data-size=\"md\"\n                data-width=\"full-mobile\"\n                data-variant=\"outline\">\n        \tVisa fler nyheter\n        <\/button>\n    <\/div>\n\n\n\t\t\n\t\t\t<\/div>\n\n\t\t\n\n<\/section>\n","protected":false},"excerpt":{"rendered":"","protected":false},"author":58,"featured_media":0,"parent":0,"menu_order":0,"comment_status":"closed","ping_status":"closed","template":"archive-article.php","meta":{"footnotes":""},"yoast_head":"<!-- This site is optimized with the Yoast SEO plugin v22.0 - https:\/\/yoast.com\/wordpress\/plugins\/seo\/ -->\n<title>\u00d6rebro<\/title>\n<meta name=\"robots\" content=\"index, follow, max-snippet:-1, max-image-preview:large, max-video-preview:-1\" \/>\n<link rel=\"canonical\" href=\"https:\/\/vittra.se\/orebro\/artikel\/\" \/>\n<meta property=\"og:locale\" content=\"sv_SE\" \/>\n<meta property=\"og:type\" content=\"article\" \/>\n<meta property=\"og:url\" content=\"https:\/\/vittra.se\/orebro\/artikel\/\" \/>\n<meta property=\"og:site_name\" content=\"\u00d6rebro\" \/>\n<meta property=\"article:modified_time\" content=\"2025-01-16T10:33:34+00:00\" \/>\n<meta name=\"twitter:card\" content=\"summary_large_image\" \/>\n<script type=\"application\/ld+json\" class=\"yoast-schema-graph\">{\"@context\":\"https:\/\/schema.org\",\"@graph\":[{\"@type\":\"WebPage\",\"@id\":\"https:\/\/vittra.se\/orebro\/artikel\/\",\"url\":\"https:\/\/vittra.se\/orebro\/artikel\/\",\"name\":\"Artikel - \u00d6rebro\",\"isPartOf\":{\"@id\":\"https:\/\/vittra.se\/orebro\/#website\"},\"datePublished\":\"2024-03-13T10:03:37+00:00\",\"dateModified\":\"2025-01-16T10:33:34+00:00\",\"breadcrumb\":{\"@id\":\"https:\/\/vittra.se\/orebro\/artikel\/#breadcrumb\"},\"inLanguage\":\"sv-SE\",\"potentialAction\":[{\"@type\":\"ReadAction\",\"target\":[\"https:\/\/vittra.se\/orebro\/artikel\/\"]}]},{\"@type\":\"BreadcrumbList\",\"@id\":\"https:\/\/vittra.se\/orebro\/artikel\/#breadcrumb\",\"itemListElement\":[{\"@type\":\"ListItem\",\"position\":1,\"name\":\"Start\",\"item\":\"https:\/\/vittra.se\/orebro\/\"},{\"@type\":\"ListItem\",\"position\":2,\"name\":\"Artikel\"}]},{\"@type\":\"WebSite\",\"@id\":\"https:\/\/vittra.se\/orebro\/#website\",\"url\":\"https:\/\/vittra.se\/orebro\/\",\"name\":\"\u00d6rebro\",\"description\":\"Kunskap att f\u00f6r\u00e4ndra. Mod att p\u00e5verka.\",\"potentialAction\":[{\"@type\":\"SearchAction\",\"target\":{\"@type\":\"EntryPoint\",\"urlTemplate\":\"https:\/\/vittra.se\/orebro\/?s={search_term_string}\"},\"query-input\":\"required name=search_term_string\"}],\"inLanguage\":\"sv-SE\"}]}<\/script>\n<!-- \/ Yoast SEO plugin. -->","yoast_head_json":{"title":"\u00d6rebro","robots":{"index":"index","follow":"follow","max-snippet":"max-snippet:-1","max-image-preview":"max-image-preview:large","max-video-preview":"max-video-preview:-1"},"canonical":"https:\/\/vittra.se\/orebro\/artikel\/","og_locale":"sv_SE","og_type":"article","og_url":"https:\/\/vittra.se\/orebro\/artikel\/","og_site_name":"\u00d6rebro","article_modified_time":"2025-01-16T10:33:34+00:00","twitter_card":"summary_large_image","schema":{"@context":"https:\/\/schema.org","@graph":[{"@type":"WebPage","@id":"https:\/\/vittra.se\/orebro\/artikel\/","url":"https:\/\/vittra.se\/orebro\/artikel\/","name":"Artikel - \u00d6rebro","isPartOf":{"@id":"https:\/\/vittra.se\/orebro\/#website"},"datePublished":"2024-03-13T10:03:37+00:00","dateModified":"2025-01-16T10:33:34+00:00","breadcrumb":{"@id":"https:\/\/vittra.se\/orebro\/artikel\/#breadcrumb"},"inLanguage":"sv-SE","potentialAction":[{"@type":"ReadAction","target":["https:\/\/vittra.se\/orebro\/artikel\/"]}]},{"@type":"BreadcrumbList","@id":"https:\/\/vittra.se\/orebro\/artikel\/#breadcrumb","itemListElement":[{"@type":"ListItem","position":1,"name":"Start","item":"https:\/\/vittra.se\/orebro\/"},{"@type":"ListItem","position":2,"name":"Artikel"}]},{"@type":"WebSite","@id":"https:\/\/vittra.se\/orebro\/#website","url":"https:\/\/vittra.se\/orebro\/","name":"\u00d6rebro","description":"Kunskap att f\u00f6r\u00e4ndra. Mod att p\u00e5verka.","potentialAction":[{"@type":"SearchAction","target":{"@type":"EntryPoint","urlTemplate":"https:\/\/vittra.se\/orebro\/?s={search_term_string}"},"query-input":"required name=search_term_string"}],"inLanguage":"sv-SE"}]}},"_links":{"self":[{"href":"https:\/\/vittra.se\/orebro\/wp-json\/wp\/v2\/pages\/1868"}],"collection":[{"href":"https:\/\/vittra.se\/orebro\/wp-json\/wp\/v2\/pages"}],"about":[{"href":"https:\/\/vittra.se\/orebro\/wp-json\/wp\/v2\/types\/page"}],"author":[{"embeddable":true,"href":"https:\/\/vittra.se\/orebro\/wp-json\/wp\/v2\/users\/58"}],"replies":[{"embeddable":true,"href":"https:\/\/vittra.se\/orebro\/wp-json\/wp\/v2\/comments?post=1868"}],"version-history":[{"count":4,"href":"https:\/\/vittra.se\/orebro\/wp-json\/wp\/v2\/pages\/1868\/revisions"}],"predecessor-version":[{"id":2054,"href":"https:\/\/vittra.se\/orebro\/wp-json\/wp\/v2\/pages\/1868\/revisions\/2054"}],"wp:attachment":[{"href":"https:\/\/vittra.se\/orebro\/wp-json\/wp\/v2\/media?parent=1868"}],"curies":[{"name":"wp","href":"https:\/\/api.w.org\/{rel}","templated":true}]}}