{"id":1658,"date":"2023-01-30T15:14:10","date_gmt":"2023-01-30T14:14:10","guid":{"rendered":"https:\/\/vittra.se\/orebro\/?page_id=1658"},"modified":"2024-04-02T13:42:17","modified_gmt":"2024-04-02T11:42:17","slug":"kvartersmalen","status":"publish","type":"page","link":"https:\/\/vittra.se\/orebro\/pedagogiska-verktyg\/kvartersmalen\/","title":{"rendered":"Kvartersm\u00e5len"},"content":{"rendered":"\n\t<div class=\"module_wrapper ams_remote_pages_module \">\n\t\t\n\t\n\t\n\t\n\n\t\n\t\n\t\t\n<section  class=\"c-block l-stacked  \" data-color-scheme=\"transparent\">\n\t<div class=\"ams-fifty ams-fifty--container ams-fifty--right ams-fifty--bottom l-container u-pt-fluid-3xl-6xl u-pb-fluid-3xl-6xl\">\n\t\t<div class=\"ams-fifty__content l-stack l-stack-xl is-left is-left@lg\">\n\t\t\t<div class=\"ams-fifty__text l-stack l-stack-lg\">\n\t\t\t\t\t\n\t<h1\n\tclass=\"c-heading u-font-title-1 \"\n\tstyle=\"\">\n\t\t\n\t\t\t\t\tKvartersm\u00e5len\n\t\t\t\t\n\t<\/h1>\n\n\t\t\t\t\t\t\t\t\t<div class=\"text l-stack u-font-body\">\n\t\t\t\t\t\t<p>P\u00e5 Vittra vill vi att v\u00e5ra elever ska l\u00e4ra sig om sig sj\u00e4lva och v\u00e4rlden. Vi vill att de ska f\u00e5 r\u00e4tt verktyg och kunskap f\u00f6r att skapa ett b\u00e4ttre, mer h\u00e5llbart samh\u00e4lle. En del i det \u00e4r Vittras Kvartersm\u00e5l.<\/p>\n<p>Kvartersm\u00e5len inneb\u00e4r att vi jobbar med projekt kopplade till FN:s globala m\u00e5l f\u00f6r h\u00e5llbar utveckling. Eleverna f\u00e5r l\u00e4ra sig om v\u00e5r tids utmaningar och m\u00f6jligheter, vilket l\u00e4gger grunden f\u00f6r att de sj\u00e4lva ska kunna p\u00e5verka sin omv\u00e4rld. Det inneb\u00e4r rent konkret att vi genom olika projekt under \u00e5ret arbetar med att f\u00f6rst\u00e5 vikten av h\u00e5llbar utveckling och hur vi kan skapa ett b\u00e4ttre samh\u00e4lle, ett b\u00e4ttre kvarter.<\/p>\n<p>Detta g\u00f6r vi tillsammans med lokala organisationer f\u00f6r att f\u00f6rb\u00e4ttra samh\u00e4llet vi har omkring. Vi engagerar v\u00e5ra elever och personal \u2013 f\u00f6r tillsammans g\u00f6r vi skillnad.<\/p>\n\n\t\t\t\t\t<\/div>\n\t\t\t\t\t\t\t<\/div>\n\n\t\t\t\t\t<\/div>\n\n\t\t <div class=\"ams-fifty__media u-ratio-widescreen\">\n\t\t \t\n\t\t\t\n\t\t\t\t\t\t\t<lite-youtube videoid=\"_Vh00y3KzjM\" style=\"background-image: url('https:\/\/i.ytimg.com\/vi\/_Vh00y3KzjM\/hqdefault.jpg');\">\n\t\t\t\t\t\t<button href=\"https:\/\/youtube.com\/watch?v=_Vh00y3KzjM\" class=\"lty-playbtn\" title=\"Play Video\">\n\t\t\t\t\t\t\t<span class=\"lyt-visually-hidden\">Play Video<\/span>\n\t\t\t\t\t\t<\/button>\n\t\t\t\t\t<\/lite-youtube>\n\t\t\t\t\t<\/div>\n\t<\/div>\n\n\t\t\n\n<\/section>\n\n\n<section  class=\"ams-usp c-block l-stacked\" data-color-scheme=\"nyans1_av_p2\">\n\t<div class=\"l-container l-stack l-stack-fluid-2xl u-pt-fluid-3xl-6xl u-pb-fluid-3xl-6xl is-center is-center@md\">\n\t\t\t\t\t<div class=\"ams-usp__intro l-stack l-stack-lg\">\n\t\t\t\t\t\n\t<h2\n\tclass=\"c-heading u-font-title-1 \"\n\tstyle=\"\">\n\t\t\n\t\t\t\t\tTre snabba om Kvartersm\u00e5len\n\t\t\t\t\n\t<\/h2>\n\n\t\t\t\t\t\t\t<\/div>\n\t\t\n\t\t\t<ul class=\"ams-usp__list l-grid u-justify-center u-gap-fluid-2xl-4xl\">\n\t\t\t\t\t<li class=\"l-col-6@md l-col-4@lg\">\n\t\t\t\t<article\n\t\t\t\t\tclass=\"\n\t\t\t\t\tc-card\n\t\t\t\t\thas-media-zoom\n\t\t\t\t\t\n\t\t\t\t\t\n\t\t\t\t\t\"\n\t\t\t\t\tdata-variant=\"neutral\"\n\t\t\t\t\tdata-style=\"square\"\n\t\t\t\t\t\n\t\t\t\t\t>\n\t\t\t\t\t\t\t\t\t\t\t<div class=\"c-card__content l-stack l-stack-sm u-text-center\">\n\t\t\t\t\t\t\t\t\t\t\t\t\t\t\t<h3 class=\"c-card__title u-font-title-3\">\n\t\t\t\t\t\t\t\t\t\t\t\t\t\t\t\t\t\t\t\t\t\t\t\t\t\t\t\t\t\tProjekt utifr\u00e5n FN:s h\u00e5llbarhetsm\u00e5l\n\t\t\t\t\t\t\t\t\t\t\t\t\t\t\t\t\t\t\t\t\t\t\t\t\t\t\t<\/h3>\n\t\t\t\t\t\t\t\n\t\t\t\t\t\t\t\t\t\t\t\t\t\t\t<div class=\"c-card__text l-stack-xs u-font-body\">\n\t\t\t\t\t\t\t\t\t<p>Projekten grundar sig i FN:s 17 globala h\u00e5llbarhetsm\u00e5l och Agenda 2030.<\/p>\n\n\t\t\t\t\t\t\t\t<\/div>\n\t\t\t\t\t\t\t\t\t\t\t\t\t<\/div>\n\t\t\t\t\t\n\t\t\t\t\t<div class=\"c-card__media\">\n\t\t\t\t\t\t\t\t\t\t\t\t\t<img decoding=\"async\" width=\"400\" height=\"400\" src=\"https:\/\/vittra.se\/wp-content\/uploads\/2022\/08\/vittraikon500x500kvartersmalen1-400x400.png\" class=\"u-radius-round u-ratio-landscape  ams_icon_size_usp-big\" alt=\"Tv\u00e5 h\u00e4nder h\u00e5ller upp en jordglob.\" srcset=\"https:\/\/vittra.se\/wp-content\/uploads\/2022\/08\/vittraikon500x500kvartersmalen1-400x400.png 400w, https:\/\/vittra.se\/wp-content\/uploads\/2022\/08\/vittraikon500x500kvartersmalen1-150x150.png 150w, https:\/\/vittra.se\/wp-content\/uploads\/2022\/08\/vittraikon500x500kvartersmalen1-300x300.png 300w, https:\/\/vittra.se\/wp-content\/uploads\/2022\/08\/vittraikon500x500kvartersmalen1.png 500w\" sizes=\"(max-width: 400px) 100vw, 400px\" \/>\n\t\t\t\t\t\t\t\t\t\t\t<\/div>\n\t\t\t\t<\/article>\n\t\t\t<\/li>\n\n\t\t\t\t\t<li class=\"l-col-6@md l-col-4@lg\">\n\t\t\t\t<article\n\t\t\t\t\tclass=\"\n\t\t\t\t\tc-card\n\t\t\t\t\thas-media-zoom\n\t\t\t\t\t\n\t\t\t\t\t\n\t\t\t\t\t\"\n\t\t\t\t\tdata-variant=\"neutral\"\n\t\t\t\t\tdata-style=\"square\"\n\t\t\t\t\t\n\t\t\t\t\t>\n\t\t\t\t\t\t\t\t\t\t\t<div class=\"c-card__content l-stack l-stack-sm u-text-center\">\n\t\t\t\t\t\t\t\t\t\t\t\t\t\t\t<h3 class=\"c-card__title u-font-title-3\">\n\t\t\t\t\t\t\t\t\t\t\t\t\t\t\t\t\t\t\t\t\t\t\t\t\t\t\t\t\t\tLokalt och globalt\n\t\t\t\t\t\t\t\t\t\t\t\t\t\t\t\t\t\t\t\t\t\t\t\t\t\t\t<\/h3>\n\t\t\t\t\t\t\t\n\t\t\t\t\t\t\t\t\t\t\t\t\t\t\t<div class=\"c-card__text l-stack-xs u-font-body\">\n\t\t\t\t\t\t\t\t\t<p>V\u00e5ra barn och elever f\u00e5r chansen att f\u00f6rdjupa sig i och arbeta med b\u00e5de lokala och globala samh\u00e4llsfr\u00e5gor.<\/p>\n\n\t\t\t\t\t\t\t\t<\/div>\n\t\t\t\t\t\t\t\t\t\t\t\t\t<\/div>\n\t\t\t\t\t\n\t\t\t\t\t<div class=\"c-card__media\">\n\t\t\t\t\t\t\t\t\t\t\t\t\t<img decoding=\"async\" width=\"400\" height=\"400\" src=\"https:\/\/vittra.se\/wp-content\/uploads\/2023\/01\/vittraikon500x500kvartersmalen2.png\" class=\"u-radius-round u-ratio-landscape  ams_icon_size_usp-big\" alt=\"\" srcset=\"https:\/\/vittra.se\/wp-content\/uploads\/2023\/01\/vittraikon500x500kvartersmalen2.png 500w, https:\/\/vittra.se\/wp-content\/uploads\/2023\/01\/vittraikon500x500kvartersmalen2-300x300.png 300w, https:\/\/vittra.se\/wp-content\/uploads\/2023\/01\/vittraikon500x500kvartersmalen2-150x150.png 150w, https:\/\/vittra.se\/wp-content\/uploads\/2023\/01\/vittraikon500x500kvartersmalen2-229x229.png 229w, https:\/\/vittra.se\/wp-content\/uploads\/2023\/01\/vittraikon500x500kvartersmalen2-340x340.png 340w, https:\/\/vittra.se\/wp-content\/uploads\/2023\/01\/vittraikon500x500kvartersmalen2-100x100.png 100w\" sizes=\"(max-width: 400px) 100vw, 400px\" \/>\n\t\t\t\t\t\t\t\t\t\t\t<\/div>\n\t\t\t\t<\/article>\n\t\t\t<\/li>\n\n\t\t\t\t\t<li class=\"l-col-6@md l-col-4@lg\">\n\t\t\t\t<article\n\t\t\t\t\tclass=\"\n\t\t\t\t\tc-card\n\t\t\t\t\thas-media-zoom\n\t\t\t\t\t\n\t\t\t\t\t\n\t\t\t\t\t\"\n\t\t\t\t\tdata-variant=\"neutral\"\n\t\t\t\t\tdata-style=\"square\"\n\t\t\t\t\t\n\t\t\t\t\t>\n\t\t\t\t\t\t\t\t\t\t\t<div class=\"c-card__content l-stack l-stack-sm u-text-center\">\n\t\t\t\t\t\t\t\t\t\t\t\t\t\t\t<h3 class=\"c-card__title u-font-title-3\">\n\t\t\t\t\t\t\t\t\t\t\t\t\t\t\t\t\t\t\t\t\t\t\t\t\t\t\t\t\t\tProjekt f\u00f6r ett b\u00e4ttre samh\u00e4lle\n\t\t\t\t\t\t\t\t\t\t\t\t\t\t\t\t\t\t\t\t\t\t\t\t\t\t\t<\/h3>\n\t\t\t\t\t\t\t\n\t\t\t\t\t\t\t\t\t\t\t\t\t\t\t<div class=\"c-card__text l-stack-xs u-font-body\">\n\t\t\t\t\t\t\t\t\t<p>Vi arbetar med att genomf\u00f6ra projekt som skapar v\u00e4rde och bidrar till ett b\u00e4ttre samh\u00e4lle.<\/p>\n\n\t\t\t\t\t\t\t\t<\/div>\n\t\t\t\t\t\t\t\t\t\t\t\t\t<\/div>\n\t\t\t\t\t\n\t\t\t\t\t<div class=\"c-card__media\">\n\t\t\t\t\t\t\t\t\t\t\t\t\t<img decoding=\"async\" width=\"400\" height=\"400\" src=\"https:\/\/vittra.se\/wp-content\/uploads\/2023\/01\/vittraikon500x500kvartersmalen3.png\" class=\"u-radius-round u-ratio-landscape  ams_icon_size_usp-big\" alt=\"\" srcset=\"https:\/\/vittra.se\/wp-content\/uploads\/2023\/01\/vittraikon500x500kvartersmalen3.png 500w, https:\/\/vittra.se\/wp-content\/uploads\/2023\/01\/vittraikon500x500kvartersmalen3-300x300.png 300w, https:\/\/vittra.se\/wp-content\/uploads\/2023\/01\/vittraikon500x500kvartersmalen3-150x150.png 150w, https:\/\/vittra.se\/wp-content\/uploads\/2023\/01\/vittraikon500x500kvartersmalen3-229x229.png 229w, https:\/\/vittra.se\/wp-content\/uploads\/2023\/01\/vittraikon500x500kvartersmalen3-340x340.png 340w, https:\/\/vittra.se\/wp-content\/uploads\/2023\/01\/vittraikon500x500kvartersmalen3-100x100.png 100w\" sizes=\"(max-width: 400px) 100vw, 400px\" \/>\n\t\t\t\t\t\t\t\t\t\t\t<\/div>\n\t\t\t\t<\/article>\n\t\t\t<\/li>\n\n\t\t\t<\/ul>\n\n\t\t\t<\/div>\n\n\t\t\n\n<\/section>\n\t<\/div>\n\n\t\n\n\n\t<div class=\"module_wrapper ams_remote_pages_module \">\n\t\t\n\n<section  class=\"ams-cta ams-cta--stacked c-block l-stacked\" data-color-scheme=\"nyans1_av_cta\">\n\t<div class=\"l-container l-stack l-stack-fluid-2xl u-pt-fluid-3xl-6xl u-pb-fluid-3xl-6xl is-center is-center@md\">\n\t\t\t\t\t<div class=\"ams-cta__intro l-stack l-stack-lg\">\n\t\t\t\t\t\n\t<h2\n\tclass=\"c-heading u-font-title-1 \"\n\tstyle=\"\">\n\t\t\n\t\t\t\t\tVill du l\u00e4sa om v\u00e5ra andra verktyg?\n\t\t\t\t\n\t<\/h2>\n\n\t\t\t\t\t\t\t\t\t<div class=\"c-text l-stack u-cs-xl u-font-body\">\n\t\t\t\t\t\t<p>Med hj\u00e4lp av v\u00e5ra pedagogiska verktyg skapar vi en tydlig struktur, en modig kultur och ett medvetet l\u00e4rande.<\/p>\n\n\t\t\t\t\t<\/div>\n\t\t\t\t\t\t\t<\/div>\n\t\t\n\t\t\n\t\t\t<div class=\"ams-cta__action u-inline-items\">\n\t\t\t\t\t\t\t\n\n\n<a href=\"https:\/\/vittra.se\/orebro\/pedagogiska-verktyg\/\"\n\t\n\tclass=\"c-btn \"\n\tdata-style=\"round\"\n\tdata-size=\"md\"\n\tdata-width=\"full-mobile\"\n\tdata-variant=\"default\"\n\ttarget=\"_self\">\n\t\t\t<span class=\"label\"> Till alla verktyg<\/span>\n\t\t\t<\/a>\n\t\t\t<\/div>\n\t<\/div>\n\n\t\t\n\n<\/section>\n\t<\/div>\n\n\t","protected":false},"excerpt":{"rendered":"","protected":false},"author":58,"featured_media":0,"parent":1679,"menu_order":0,"comment_status":"closed","ping_status":"closed","template":"","meta":{"footnotes":""},"yoast_head":"<!-- This site is optimized with the Yoast SEO plugin v22.0 - https:\/\/yoast.com\/wordpress\/plugins\/seo\/ -->\n<title>\u00d6rebro<\/title>\n<meta name=\"robots\" content=\"index, follow, max-snippet:-1, max-image-preview:large, max-video-preview:-1\" \/>\n<link rel=\"canonical\" href=\"https:\/\/vittra.se\/orebro\/pedagogiska-verktyg\/kvartersmalen\/\" \/>\n<meta property=\"og:locale\" content=\"sv_SE\" \/>\n<meta property=\"og:type\" content=\"article\" \/>\n<meta property=\"og:url\" content=\"https:\/\/vittra.se\/orebro\/pedagogiska-verktyg\/kvartersmalen\/\" \/>\n<meta property=\"og:site_name\" content=\"\u00d6rebro\" \/>\n<meta property=\"article:modified_time\" content=\"2024-04-02T11:42:17+00:00\" \/>\n<meta name=\"twitter:card\" content=\"summary_large_image\" \/>\n<script type=\"application\/ld+json\" class=\"yoast-schema-graph\">{\"@context\":\"https:\/\/schema.org\",\"@graph\":[{\"@type\":\"WebPage\",\"@id\":\"https:\/\/vittra.se\/orebro\/pedagogiska-verktyg\/kvartersmalen\/\",\"url\":\"https:\/\/vittra.se\/orebro\/pedagogiska-verktyg\/kvartersmalen\/\",\"name\":\"Kvartersm\u00e5len - \u00d6rebro\",\"isPartOf\":{\"@id\":\"https:\/\/vittra.se\/orebro\/#website\"},\"datePublished\":\"2023-01-30T14:14:10+00:00\",\"dateModified\":\"2024-04-02T11:42:17+00:00\",\"breadcrumb\":{\"@id\":\"https:\/\/vittra.se\/orebro\/pedagogiska-verktyg\/kvartersmalen\/#breadcrumb\"},\"inLanguage\":\"sv-SE\",\"potentialAction\":[{\"@type\":\"ReadAction\",\"target\":[\"https:\/\/vittra.se\/orebro\/pedagogiska-verktyg\/kvartersmalen\/\"]}]},{\"@type\":\"BreadcrumbList\",\"@id\":\"https:\/\/vittra.se\/orebro\/pedagogiska-verktyg\/kvartersmalen\/#breadcrumb\",\"itemListElement\":[{\"@type\":\"ListItem\",\"position\":1,\"name\":\"Start\",\"item\":\"https:\/\/vittra.se\/orebro\/\"},{\"@type\":\"ListItem\",\"position\":2,\"name\":\"Pedagogiska verktyg\",\"item\":\"https:\/\/vittra.se\/orebro\/pedagogiska-verktyg\/\"},{\"@type\":\"ListItem\",\"position\":3,\"name\":\"Kvartersm\u00e5len\"}]},{\"@type\":\"WebSite\",\"@id\":\"https:\/\/vittra.se\/orebro\/#website\",\"url\":\"https:\/\/vittra.se\/orebro\/\",\"name\":\"\u00d6rebro\",\"description\":\"Kunskap att f\u00f6r\u00e4ndra. Mod att p\u00e5verka.\",\"potentialAction\":[{\"@type\":\"SearchAction\",\"target\":{\"@type\":\"EntryPoint\",\"urlTemplate\":\"https:\/\/vittra.se\/orebro\/?s={search_term_string}\"},\"query-input\":\"required name=search_term_string\"}],\"inLanguage\":\"sv-SE\"}]}<\/script>\n<!-- \/ Yoast SEO plugin. -->","yoast_head_json":{"title":"\u00d6rebro","robots":{"index":"index","follow":"follow","max-snippet":"max-snippet:-1","max-image-preview":"max-image-preview:large","max-video-preview":"max-video-preview:-1"},"canonical":"https:\/\/vittra.se\/orebro\/pedagogiska-verktyg\/kvartersmalen\/","og_locale":"sv_SE","og_type":"article","og_url":"https:\/\/vittra.se\/orebro\/pedagogiska-verktyg\/kvartersmalen\/","og_site_name":"\u00d6rebro","article_modified_time":"2024-04-02T11:42:17+00:00","twitter_card":"summary_large_image","schema":{"@context":"https:\/\/schema.org","@graph":[{"@type":"WebPage","@id":"https:\/\/vittra.se\/orebro\/pedagogiska-verktyg\/kvartersmalen\/","url":"https:\/\/vittra.se\/orebro\/pedagogiska-verktyg\/kvartersmalen\/","name":"Kvartersm\u00e5len - \u00d6rebro","isPartOf":{"@id":"https:\/\/vittra.se\/orebro\/#website"},"datePublished":"2023-01-30T14:14:10+00:00","dateModified":"2024-04-02T11:42:17+00:00","breadcrumb":{"@id":"https:\/\/vittra.se\/orebro\/pedagogiska-verktyg\/kvartersmalen\/#breadcrumb"},"inLanguage":"sv-SE","potentialAction":[{"@type":"ReadAction","target":["https:\/\/vittra.se\/orebro\/pedagogiska-verktyg\/kvartersmalen\/"]}]},{"@type":"BreadcrumbList","@id":"https:\/\/vittra.se\/orebro\/pedagogiska-verktyg\/kvartersmalen\/#breadcrumb","itemListElement":[{"@type":"ListItem","position":1,"name":"Start","item":"https:\/\/vittra.se\/orebro\/"},{"@type":"ListItem","position":2,"name":"Pedagogiska verktyg","item":"https:\/\/vittra.se\/orebro\/pedagogiska-verktyg\/"},{"@type":"ListItem","position":3,"name":"Kvartersm\u00e5len"}]},{"@type":"WebSite","@id":"https:\/\/vittra.se\/orebro\/#website","url":"https:\/\/vittra.se\/orebro\/","name":"\u00d6rebro","description":"Kunskap att f\u00f6r\u00e4ndra. Mod att p\u00e5verka.","potentialAction":[{"@type":"SearchAction","target":{"@type":"EntryPoint","urlTemplate":"https:\/\/vittra.se\/orebro\/?s={search_term_string}"},"query-input":"required name=search_term_string"}],"inLanguage":"sv-SE"}]}},"_links":{"self":[{"href":"https:\/\/vittra.se\/orebro\/wp-json\/wp\/v2\/pages\/1658"}],"collection":[{"href":"https:\/\/vittra.se\/orebro\/wp-json\/wp\/v2\/pages"}],"about":[{"href":"https:\/\/vittra.se\/orebro\/wp-json\/wp\/v2\/types\/page"}],"author":[{"embeddable":true,"href":"https:\/\/vittra.se\/orebro\/wp-json\/wp\/v2\/users\/58"}],"replies":[{"embeddable":true,"href":"https:\/\/vittra.se\/orebro\/wp-json\/wp\/v2\/comments?post=1658"}],"version-history":[{"count":6,"href":"https:\/\/vittra.se\/orebro\/wp-json\/wp\/v2\/pages\/1658\/revisions"}],"predecessor-version":[{"id":1900,"href":"https:\/\/vittra.se\/orebro\/wp-json\/wp\/v2\/pages\/1658\/revisions\/1900"}],"up":[{"embeddable":true,"href":"https:\/\/vittra.se\/orebro\/wp-json\/wp\/v2\/pages\/1679"}],"wp:attachment":[{"href":"https:\/\/vittra.se\/orebro\/wp-json\/wp\/v2\/media?parent=1658"}],"curies":[{"name":"wp","href":"https:\/\/api.w.org\/{rel}","templated":true}]}}