{"id":23,"date":"2020-09-01T22:06:54","date_gmt":"2020-09-01T20:06:54","guid":{"rendered":"https:\/\/vittra.se\/kopieringsunderlag\/?page_id=23"},"modified":"2026-03-12T13:59:21","modified_gmt":"2026-03-12T12:59:21","slug":"forskola","status":"publish","type":"page","link":"https:\/\/vittra.se\/luma-park\/om\/forskola\/","title":{"rendered":"F\u00f6rskola"},"content":{"rendered":"\n\t\n\t\n\t\n\n\t\n\t\n\t\t\n<section  class=\"c-block l-stacked  \" data-color-scheme=\"transparent\">\n\t<div class=\"ams-fifty ams-fifty--container ams-fifty--right ams-fifty--bottom l-container u-pt-fluid-2xl-4xl u-pb-fluid-md-xl\">\n\t\t<div class=\"ams-fifty__content l-stack l-stack-xl is-left is-left@lg\">\n\t\t\t<div class=\"ams-fifty__text l-stack l-stack-lg\">\n\t\t\t\t\t\n\t<h1\n\tclass=\"c-heading u-font-title-1 \"\n\tstyle=\"\">\n\t\t\n\t\t\t\t\tF\u00f6rskolan p\u00e5 Vittra Luma Park i Hammarby Sj\u00f6stad\n\t\t\t\t\n\t<\/h1>\n\n\t\t\t\t\t\t\t\t\t<div class=\"text l-stack u-font-body\">\n\t\t\t\t\t\t<p>P\u00e5 v\u00e5r f\u00f6rskola i Hammarby Sj\u00f6stad har vi totalt fem avdelningar, tv\u00e5 avdelningar f\u00f6r de yngre barnen 1-2 \u00e5r och tre avdelningar f\u00f6r de \u00e4ldre barnen 3-5 \u00e5r. V\u00e5ra stora ljusa lokaler inbjuder till m\u00e5nga aktiviteter under en dag p\u00e5 f\u00f6rskolan. Vi \u00e4r ute p\u00e5 v\u00e5r g\u00e5rd varje dag och f\u00f6rskolan ligger precis i anslutning till Luma parken vilket ger oss en f\u00f6rl\u00e4ngning av g\u00e5rden med en h\u00e4rlig milj\u00f6.<\/p>\n<p>En g\u00e5ng per vecka g\u00e5r vi p\u00e5 utflykt. Vi har samling varje dag innan lunch och Vittrasamlingar har vi under matsituationen n\u00e4r vi sitter med v\u00e5ra ansvarsgrupper. De yngre barnen \u00e4ter p\u00e5 respektive avdelningen och \u00e4ldre barnen \u00e4ter i matsalen. Vid tillf\u00e4llen d\u00e5 de \u00e4ldre barnen \u00e4r p\u00e5 heldagsutflykt best\u00e4ller vi matl\u00e5dor och tar med oss. Vi \u00e4r ute varje dag n\u00e4r v\u00e4dret till\u00e5ter. Vid bra v\u00e4der \u00e4ter m\u00e5nga avdelningar \u00e4ven mellanm\u00e5l utomhus.<\/p>\n\n\t\t\t\t\t<\/div>\n\t\t\t\t\t\t\t<\/div>\n\n\t\t\t\t\t<\/div>\n\n\t\t <div class=\"ams-fifty__media u-ratio-square\">\n\t\t \t\t\t\t\t<img decoding=\"async\" width=\"600\" height=\"400\" src=\"https:\/\/vittra.se\/wp-content\/uploads\/sites\/17\/2025\/11\/vittraadolfsberg202404forskola4-600x400.jpg\" class=\"attachment-md size-md\" alt=\"Barn och pedagog som l\u00e4ser.\" sizes=\"(min-width: 64em) 600px, calc(100vw - 160px)\" srcset=\"https:\/\/vittra.se\/wp-content\/uploads\/sites\/17\/2025\/11\/vittraadolfsberg202404forskola4-600x400.jpg 600w, https:\/\/vittra.se\/wp-content\/uploads\/sites\/17\/2025\/11\/vittraadolfsberg202404forskola4-300x200.jpg 300w, https:\/\/vittra.se\/wp-content\/uploads\/sites\/17\/2025\/11\/vittraadolfsberg202404forskola4-400x267.jpg 400w, https:\/\/vittra.se\/wp-content\/uploads\/sites\/17\/2025\/11\/vittraadolfsberg202404forskola4-800x533.jpg 800w, https:\/\/vittra.se\/wp-content\/uploads\/sites\/17\/2025\/11\/vittraadolfsberg202404forskola4-1024x682.jpg 1024w, https:\/\/vittra.se\/wp-content\/uploads\/sites\/17\/2025\/11\/vittraadolfsberg202404forskola4-1200x800.jpg 1200w, https:\/\/vittra.se\/wp-content\/uploads\/sites\/17\/2025\/11\/vittraadolfsberg202404forskola4.jpg 2000w\" \/>\n\t\t\t\n\t\t\t\n\t\t\t\t\t<\/div>\n\t<\/div>\n\n\t\t\n\n<\/section>\n\n\n\n\t\n\t\n\t\n\n\t\n\t\n\t\t\n<section  class=\"c-block l-stacked  \" data-color-scheme=\"primar2\">\n\t<div class=\"ams-fifty ams-fifty--container ams-fifty--right ams-fifty--bottom l-container u-pt-fluid-2xl-4xl u-pb-fluid-2xl-4xl\">\n\t\t<div class=\"ams-fifty__content l-stack l-stack-xl is-left is-left@lg\">\n\t\t\t<div class=\"ams-fifty__text l-stack l-stack-lg\">\n\t\t\t\t\t\n\t<h1\n\tclass=\"c-heading u-font-title-1 \"\n\tstyle=\"\">\n\t\t\n\t\t\t\t\t\t\t\t\tEn vanlig dag \n\t\t\t\t<span class=\"c-heading__sub is-below u-font-title-3\">\n\t\t\t\t\tp\u00e5 Vittra Luma Parks f\u00f6rskola\n\t\t\t\t<\/span>\n\t\t\t\t\t\t\t\n\t<\/h1>\n\n\t\t\t\t\t\t\t\t\t<div class=\"text l-stack u-font-body\">\n\t\t\t\t\t\t<p><strong>Barnens intresse styr<\/strong><br \/>\nEn vanlig dag p\u00e5 f\u00f6rskolan \u00e4r fylld av l\u00e4rande, gemenskap och uppt\u00e4ckarlust. Vi \u00e4r mycket ute och l\u00e5ter barnen utforska sin omv\u00e4rld, och v\u00e5r undervisning utg\u00e5r fr\u00e5n deras intressen genom olika projekt och temaarbeten. M\u00e5ltiderna \u00e4r en viktig del av dagen \u2013 inte bara f\u00f6r att ge energi, utan ocks\u00e5 som en stund f\u00f6r samtal och socialt samspel. Maten som serveras \u00e4r n\u00e4ringsrik och lagad av v\u00e5r egen kock.<\/p>\n<p><strong>Spr\u00e5kets utveckling i fokus<\/strong><br \/>\nSpr\u00e5kutveckling \u00e4r en central del av v\u00e5r verksamhet. Vi arbetar dagligen med h\u00f6gl\u00e4sning, boksamtal och med Bornholmsmodellen tillsammans med alla barn f\u00f6r att skapa goda f\u00f6ruts\u00e4ttningar f\u00f6r ett rikt spr\u00e5k. H\u00f6gl\u00e4sning \u00e4r n\u00e5got vi v\u00e4rdes\u00e4tter h\u00f6gt och g\u00f6r varje dag.<\/p>\n<p><strong>Naturen tar stor plats<\/strong><br \/>\nVi \u00e4r en licensierad Skogsmullef\u00f6rskola genom Friluftsfr\u00e4mjandet, vilket genomsyrar mycket av v\u00e5r vardag. Naturen \u00e4r en sj\u00e4lvklar del av barnens l\u00e4rmilj\u00f6, och utflykter \u00e4r ett \u00e5terkommande inslag. Varje dag ger sig n\u00e5gon av grupperna ut \u2013 till skogen, en n\u00e4rliggande park eller ibland l\u00e4ngre bort f\u00f6r att uppt\u00e4cka v\u00e5r stad och bes\u00f6ka museum.<\/p>\n\n\t\t\t\t\t<\/div>\n\t\t\t\t\t\t\t<\/div>\n\n\t\t\t\t\t<\/div>\n\n\t\t <div class=\"ams-fifty__media u-ratio-square\">\n\t\t \t\t\t\t\t<img decoding=\"async\" width=\"600\" height=\"450\" src=\"https:\/\/vittra.se\/wp-content\/uploads\/sites\/17\/2025\/12\/img1360-600x450.jpg\" class=\"attachment-md size-md\" alt=\"Luma Park\" sizes=\"(min-width: 64em) 600px, calc(100vw - 160px)\" srcset=\"https:\/\/vittra.se\/wp-content\/uploads\/sites\/17\/2025\/12\/img1360-600x450.jpg 600w, https:\/\/vittra.se\/wp-content\/uploads\/sites\/17\/2025\/12\/img1360-300x225.jpg 300w, https:\/\/vittra.se\/wp-content\/uploads\/sites\/17\/2025\/12\/img1360-400x300.jpg 400w, https:\/\/vittra.se\/wp-content\/uploads\/sites\/17\/2025\/12\/img1360.jpg 640w\" \/>\n\t\t\t\n\t\t\t\n\t\t\t\t\t<\/div>\n\t<\/div>\n\n\t\t\n\n<\/section>\n\n\n\n<h2 class=\"wp-block-heading has-text-align-center\">Barnens h\u00f6jdpunkter<\/h2>\n\n\n\n<h3 class=\"wp-block-heading has-text-align-center\">Utflykter &amp; l\u00e4sning<\/h3>\n\n\n\n<p class=\"has-text-align-center\">Vad som \u00e4r h\u00f6jdpunkten varierar, eftersom vi alla \u00e4r olika. M\u00e5nga tycker om v\u00e5ra utflykter och de stunder d\u00e5 det h\u00e4nder mycket runt omkring dem. Samtidigt \u00e4r det ofta lika uppskattat att f\u00e5 krypa upp i soffan och l\u00e4sa en bra bok tillsammans. Det som f\u00f6renar barnens upplevelser \u00e4r gl\u00e4djen i att f\u00e5 vara med om sp\u00e4nnande saker tillsammans med sina kompisar, k\u00e4nna delaktighet och ha inflytande \u00f6ver sin dag.<\/p>\n\n\n\n\n<section  class=\"ams-usp c-block l-stacked\">\n\t<div class=\"l-container l-stack l-stack-fluid-2xl u-pt-fluid-2xl-4xl u-pb-fluid-3xl-6xl is-center is-center@md\">\n\t\t\t\t\t<div class=\"ams-usp__intro l-stack l-stack-lg\">\n\t\t\t\t\t\n\t<h2\n\tclass=\"c-heading u-font-title-1 \"\n\tstyle=\"\">\n\t\t\n\t\t\t\t\tDet h\u00e4r s\u00e4ger v\u00e5rdnadshavarna om v\u00e5r f\u00f6rskola\n\t\t\t\t\n\t<\/h2>\n\n\t\t\t\t\t\t\t<\/div>\n\t\t\n\t\t\t<ul class=\"ams-usp__list l-grid u-justify-center u-gap-fluid-2xl-4xl\">\n\t\t\t\t\t<li class=\"l-col-6@md l-col-4@lg\">\n\t\t\t\t<article\n\t\t\t\t\tclass=\"\n\t\t\t\t\tc-card\n\t\t\t\t\thas-media-zoom\n\t\t\t\t\t\n\t\t\t\t\t\n\t\t\t\t\t\"\n\t\t\t\t\tdata-variant=\"neutral\"\n\t\t\t\t\tdata-style=\"square\"\n\t\t\t\t\t\n\t\t\t\t\t>\n\t\t\t\t\t\n\t\t\t\t\t<div class=\"c-card__media\">\n\t\t\t\t\t\t\t\t\t\t\t\t\t<img decoding=\"async\" width=\"400\" height=\"302\" src=\"https:\/\/vittra.se\/wp-content\/uploads\/sites\/17\/2025\/06\/vittradigital-produktionenkatresultat2025luma-parkforskola5x4for-webben01-400x302.png\" class=\" u-ratio-landscape  ams_icon_size_default\" alt=\"96% av v\u00e5rdnadshavarna \u00e4r n\u00f6jda med sitt barns f\u00f6rskola\" srcset=\"https:\/\/vittra.se\/wp-content\/uploads\/sites\/17\/2025\/06\/vittradigital-produktionenkatresultat2025luma-parkforskola5x4for-webben01-400x302.png 400w, https:\/\/vittra.se\/wp-content\/uploads\/sites\/17\/2025\/06\/vittradigital-produktionenkatresultat2025luma-parkforskola5x4for-webben01-300x227.png 300w, https:\/\/vittra.se\/wp-content\/uploads\/sites\/17\/2025\/06\/vittradigital-produktionenkatresultat2025luma-parkforskola5x4for-webben01-600x453.png 600w, https:\/\/vittra.se\/wp-content\/uploads\/sites\/17\/2025\/06\/vittradigital-produktionenkatresultat2025luma-parkforskola5x4for-webben01.png 715w\" sizes=\"(max-width: 400px) 100vw, 400px\" \/>\n\t\t\t\t\t\t\t\t\t\t\t<\/div>\n\t\t\t\t<\/article>\n\t\t\t<\/li>\n\n\t\t\t\t\t<li class=\"l-col-6@md l-col-4@lg\">\n\t\t\t\t<article\n\t\t\t\t\tclass=\"\n\t\t\t\t\tc-card\n\t\t\t\t\thas-media-zoom\n\t\t\t\t\t\n\t\t\t\t\t\n\t\t\t\t\t\"\n\t\t\t\t\tdata-variant=\"neutral\"\n\t\t\t\t\tdata-style=\"square\"\n\t\t\t\t\t\n\t\t\t\t\t>\n\t\t\t\t\t\n\t\t\t\t\t<div class=\"c-card__media\">\n\t\t\t\t\t\t\t\t\t\t\t\t\t<img decoding=\"async\" width=\"400\" height=\"302\" src=\"https:\/\/vittra.se\/wp-content\/uploads\/sites\/17\/2025\/06\/vittradigital-produktionenkatresultat2025luma-parkforskola5x4for-webben-02-400x302.png\" class=\" u-ratio-landscape  ams_icon_size_default\" alt=\"95% av v\u00e5rdnadshavarna \u00e4r n\u00f6jda med sitt barns undervisning\" srcset=\"https:\/\/vittra.se\/wp-content\/uploads\/sites\/17\/2025\/06\/vittradigital-produktionenkatresultat2025luma-parkforskola5x4for-webben-02-400x302.png 400w, https:\/\/vittra.se\/wp-content\/uploads\/sites\/17\/2025\/06\/vittradigital-produktionenkatresultat2025luma-parkforskola5x4for-webben-02-300x227.png 300w, https:\/\/vittra.se\/wp-content\/uploads\/sites\/17\/2025\/06\/vittradigital-produktionenkatresultat2025luma-parkforskola5x4for-webben-02-600x453.png 600w, https:\/\/vittra.se\/wp-content\/uploads\/sites\/17\/2025\/06\/vittradigital-produktionenkatresultat2025luma-parkforskola5x4for-webben-02.png 715w\" sizes=\"(max-width: 400px) 100vw, 400px\" \/>\n\t\t\t\t\t\t\t\t\t\t\t<\/div>\n\t\t\t\t<\/article>\n\t\t\t<\/li>\n\n\t\t\t\t\t<li class=\"l-col-6@md l-col-4@lg\">\n\t\t\t\t<article\n\t\t\t\t\tclass=\"\n\t\t\t\t\tc-card\n\t\t\t\t\thas-media-zoom\n\t\t\t\t\t\n\t\t\t\t\t\n\t\t\t\t\t\"\n\t\t\t\t\tdata-variant=\"neutral\"\n\t\t\t\t\tdata-style=\"square\"\n\t\t\t\t\t\n\t\t\t\t\t>\n\t\t\t\t\t\n\t\t\t\t\t<div class=\"c-card__media\">\n\t\t\t\t\t\t\t\t\t\t\t\t\t<img decoding=\"async\" width=\"400\" height=\"302\" src=\"https:\/\/vittra.se\/wp-content\/uploads\/sites\/17\/2025\/06\/vittradigital-produktionenkatresultat2025luma-parkforskola5x4for-webben-03-400x302.png\" class=\" u-ratio-landscape  ams_icon_size_default\" alt=\"94% av v\u00e5rdnadshavarna rekommenderar Vittra Luma Parks f\u00f6rskola.\" srcset=\"https:\/\/vittra.se\/wp-content\/uploads\/sites\/17\/2025\/06\/vittradigital-produktionenkatresultat2025luma-parkforskola5x4for-webben-03-400x302.png 400w, https:\/\/vittra.se\/wp-content\/uploads\/sites\/17\/2025\/06\/vittradigital-produktionenkatresultat2025luma-parkforskola5x4for-webben-03-300x227.png 300w, https:\/\/vittra.se\/wp-content\/uploads\/sites\/17\/2025\/06\/vittradigital-produktionenkatresultat2025luma-parkforskola5x4for-webben-03-600x453.png 600w, https:\/\/vittra.se\/wp-content\/uploads\/sites\/17\/2025\/06\/vittradigital-produktionenkatresultat2025luma-parkforskola5x4for-webben-03.png 715w\" sizes=\"(max-width: 400px) 100vw, 400px\" \/>\n\t\t\t\t\t\t\t\t\t\t\t<\/div>\n\t\t\t\t<\/article>\n\t\t\t<\/li>\n\n\t\t\t<\/ul>\n\n\t\t\t<\/div>\n\n\t\t\n\n<\/section>\n\n\n\n\n<section  class=\"ams-cta ams-cta--stacked c-block l-stacked\" data-color-scheme=\"primar2\">\n\t<div class=\"l-container l-stack l-stack-fluid-2xl u-pt-fluid-3xl-6xl u-pb-fluid-3xl-6xl is-center is-center@md\">\n\t\t\t\t\t<div class=\"ams-cta__intro l-stack l-stack-lg\">\n\t\t\t\t\t\n\t<h2\n\tclass=\"c-heading u-font-title-1 \"\n\tstyle=\"\">\n\t\t\n\t\t\t\t\tVill du l\u00e4sa mer om hur vi jobbar? \n\t\t\t\t\n\t<\/h2>\n\n\t\t\t\t\t\t\t<\/div>\n\t\t\n\t\t\n\t\t\t<div class=\"ams-cta__action u-inline-items\">\n\t\t\t\t\t\t\t\n\n\n<a href=\"https:\/\/vittra.se\/luma-park\/om\/\"\n\t\n\tclass=\"c-btn \"\n\tdata-style=\"round\"\n\tdata-size=\"md\"\n\tdata-width=\"full-mobile\"\n\tdata-variant=\"default\"\n\ttarget=\"_self\">\n\t\t\t<span class=\"label\"> L\u00e4s mer om oss och v\u00e5r pedagogik<\/span>\n\t\t\t<\/a>\n\t\t\t<\/div>\n\t<\/div>\n\n\t\t\n\n<\/section>\n","protected":false},"excerpt":{"rendered":"<p>Barnens h\u00f6jdpunkter Utflykter &amp; l\u00e4sning Vad som \u00e4r h\u00f6jdpunkten varierar, eftersom vi alla \u00e4r olika. M\u00e5nga tycker om v\u00e5ra utflykter och de stunder d\u00e5 det h\u00e4nder mycket runt omkring dem. Samtidigt \u00e4r det ofta lika uppskattat att f\u00e5 krypa upp i soffan och l\u00e4sa en bra bok tillsammans. Det som f\u00f6renar barnens upplevelser \u00e4r gl\u00e4djen&#8230;<\/p>\n","protected":false},"author":1,"featured_media":0,"parent":20,"menu_order":0,"comment_status":"closed","ping_status":"closed","template":"","meta":{"footnotes":""},"yoast_head":"<!-- This site is optimized with the Yoast SEO plugin v22.0 - https:\/\/yoast.com\/wordpress\/plugins\/seo\/ -->\n<title>Vittra Luma Park | F\u00f6rskola i Hammarby Sj\u00f6stad<\/title>\n<meta name=\"description\" content=\"Vittra Luma Park \u00e4r en f\u00f6rskola i Hammarby Sj\u00f6stad. Vi har en samh\u00e4llsf\u00f6rankrad pedagogik som ger trygga och modiga individer med f\u00f6rm\u00e5ga att samarbeta.\" \/>\n<meta name=\"robots\" content=\"index, follow, max-snippet:-1, max-image-preview:large, max-video-preview:-1\" \/>\n<link rel=\"canonical\" href=\"https:\/\/vittra.se\/luma-park\/om\/forskola\/\" \/>\n<meta property=\"og:locale\" content=\"sv_SE\" \/>\n<meta property=\"og:type\" content=\"article\" \/>\n<meta property=\"og:title\" content=\"Vittra Luma Park | F\u00f6rskola i Hammarby Sj\u00f6stad\" \/>\n<meta property=\"og:description\" content=\"Vittra Luma Park \u00e4r en f\u00f6rskola i Hammarby Sj\u00f6stad. Vi har en samh\u00e4llsf\u00f6rankrad pedagogik som ger trygga och modiga individer med f\u00f6rm\u00e5ga att samarbeta.\" \/>\n<meta property=\"og:url\" content=\"https:\/\/vittra.se\/luma-park\/om\/forskola\/\" \/>\n<meta property=\"og:site_name\" content=\"Luma Park\" \/>\n<meta property=\"article:modified_time\" content=\"2026-03-12T12:59:21+00:00\" \/>\n<meta name=\"twitter:card\" content=\"summary_large_image\" \/>\n<meta name=\"twitter:title\" content=\"Vittra Luma Park | F\u00f6rskola i Hammarby Sj\u00f6stad\" \/>\n<meta name=\"twitter:description\" content=\"Vittra Luma Park \u00e4r en f\u00f6rskola i Hammarby Sj\u00f6stad. Vi har en samh\u00e4llsf\u00f6rankrad pedagogik som ger trygga och modiga individer med f\u00f6rm\u00e5ga att samarbeta.\" \/>\n<meta name=\"twitter:label1\" content=\"Ber\u00e4knad l\u00e4stid\" \/>\n\t<meta name=\"twitter:data1\" content=\"1 minut\" \/>\n<script type=\"application\/ld+json\" class=\"yoast-schema-graph\">{\"@context\":\"https:\/\/schema.org\",\"@graph\":[{\"@type\":\"WebPage\",\"@id\":\"https:\/\/vittra.se\/luma-park\/om\/forskola\/\",\"url\":\"https:\/\/vittra.se\/luma-park\/om\/forskola\/\",\"name\":\"Vittra Luma Park | F\u00f6rskola i Hammarby Sj\u00f6stad\",\"isPartOf\":{\"@id\":\"https:\/\/vittra.se\/luma-park\/#website\"},\"datePublished\":\"2020-09-01T20:06:54+00:00\",\"dateModified\":\"2026-03-12T12:59:21+00:00\",\"description\":\"Vittra Luma Park \u00e4r en f\u00f6rskola i Hammarby Sj\u00f6stad. Vi har en samh\u00e4llsf\u00f6rankrad pedagogik som ger trygga och modiga individer med f\u00f6rm\u00e5ga att samarbeta.\",\"breadcrumb\":{\"@id\":\"https:\/\/vittra.se\/luma-park\/om\/forskola\/#breadcrumb\"},\"inLanguage\":\"sv-SE\",\"potentialAction\":[{\"@type\":\"ReadAction\",\"target\":[\"https:\/\/vittra.se\/luma-park\/om\/forskola\/\"]}]},{\"@type\":\"BreadcrumbList\",\"@id\":\"https:\/\/vittra.se\/luma-park\/om\/forskola\/#breadcrumb\",\"itemListElement\":[{\"@type\":\"ListItem\",\"position\":1,\"name\":\"Start\",\"item\":\"https:\/\/vittra.se\/luma-park\/\"},{\"@type\":\"ListItem\",\"position\":2,\"name\":\"Om skolan\",\"item\":\"https:\/\/vittra.se\/luma-park\/om\/\"},{\"@type\":\"ListItem\",\"position\":3,\"name\":\"F\u00f6rskola\"}]},{\"@type\":\"WebSite\",\"@id\":\"https:\/\/vittra.se\/luma-park\/#website\",\"url\":\"https:\/\/vittra.se\/luma-park\/\",\"name\":\"Luma Park\",\"description\":\"Kunskap att f\u00f6r\u00e4ndra. Mod att p\u00e5verka.\",\"potentialAction\":[{\"@type\":\"SearchAction\",\"target\":{\"@type\":\"EntryPoint\",\"urlTemplate\":\"https:\/\/vittra.se\/luma-park\/?s={search_term_string}\"},\"query-input\":\"required name=search_term_string\"}],\"inLanguage\":\"sv-SE\"}]}<\/script>\n<!-- \/ Yoast SEO plugin. -->","yoast_head_json":{"title":"Vittra Luma Park | F\u00f6rskola i Hammarby Sj\u00f6stad","description":"Vittra Luma Park \u00e4r en f\u00f6rskola i Hammarby Sj\u00f6stad. Vi har en samh\u00e4llsf\u00f6rankrad pedagogik som ger trygga och modiga individer med f\u00f6rm\u00e5ga att samarbeta.","robots":{"index":"index","follow":"follow","max-snippet":"max-snippet:-1","max-image-preview":"max-image-preview:large","max-video-preview":"max-video-preview:-1"},"canonical":"https:\/\/vittra.se\/luma-park\/om\/forskola\/","og_locale":"sv_SE","og_type":"article","og_title":"Vittra Luma Park | F\u00f6rskola i Hammarby Sj\u00f6stad","og_description":"Vittra Luma Park \u00e4r en f\u00f6rskola i Hammarby Sj\u00f6stad. Vi har en samh\u00e4llsf\u00f6rankrad pedagogik som ger trygga och modiga individer med f\u00f6rm\u00e5ga att samarbeta.","og_url":"https:\/\/vittra.se\/luma-park\/om\/forskola\/","og_site_name":"Luma Park","article_modified_time":"2026-03-12T12:59:21+00:00","twitter_card":"summary_large_image","twitter_title":"Vittra Luma Park | F\u00f6rskola i Hammarby Sj\u00f6stad","twitter_description":"Vittra Luma Park \u00e4r en f\u00f6rskola i Hammarby Sj\u00f6stad. Vi har en samh\u00e4llsf\u00f6rankrad pedagogik som ger trygga och modiga individer med f\u00f6rm\u00e5ga att samarbeta.","twitter_misc":{"Ber\u00e4knad l\u00e4stid":"1 minut"},"schema":{"@context":"https:\/\/schema.org","@graph":[{"@type":"WebPage","@id":"https:\/\/vittra.se\/luma-park\/om\/forskola\/","url":"https:\/\/vittra.se\/luma-park\/om\/forskola\/","name":"Vittra Luma Park | F\u00f6rskola i Hammarby Sj\u00f6stad","isPartOf":{"@id":"https:\/\/vittra.se\/luma-park\/#website"},"datePublished":"2020-09-01T20:06:54+00:00","dateModified":"2026-03-12T12:59:21+00:00","description":"Vittra Luma Park \u00e4r en f\u00f6rskola i Hammarby Sj\u00f6stad. Vi har en samh\u00e4llsf\u00f6rankrad pedagogik som ger trygga och modiga individer med f\u00f6rm\u00e5ga att samarbeta.","breadcrumb":{"@id":"https:\/\/vittra.se\/luma-park\/om\/forskola\/#breadcrumb"},"inLanguage":"sv-SE","potentialAction":[{"@type":"ReadAction","target":["https:\/\/vittra.se\/luma-park\/om\/forskola\/"]}]},{"@type":"BreadcrumbList","@id":"https:\/\/vittra.se\/luma-park\/om\/forskola\/#breadcrumb","itemListElement":[{"@type":"ListItem","position":1,"name":"Start","item":"https:\/\/vittra.se\/luma-park\/"},{"@type":"ListItem","position":2,"name":"Om skolan","item":"https:\/\/vittra.se\/luma-park\/om\/"},{"@type":"ListItem","position":3,"name":"F\u00f6rskola"}]},{"@type":"WebSite","@id":"https:\/\/vittra.se\/luma-park\/#website","url":"https:\/\/vittra.se\/luma-park\/","name":"Luma Park","description":"Kunskap att f\u00f6r\u00e4ndra. Mod att p\u00e5verka.","potentialAction":[{"@type":"SearchAction","target":{"@type":"EntryPoint","urlTemplate":"https:\/\/vittra.se\/luma-park\/?s={search_term_string}"},"query-input":"required name=search_term_string"}],"inLanguage":"sv-SE"}]}},"_links":{"self":[{"href":"https:\/\/vittra.se\/luma-park\/wp-json\/wp\/v2\/pages\/23"}],"collection":[{"href":"https:\/\/vittra.se\/luma-park\/wp-json\/wp\/v2\/pages"}],"about":[{"href":"https:\/\/vittra.se\/luma-park\/wp-json\/wp\/v2\/types\/page"}],"author":[{"embeddable":true,"href":"https:\/\/vittra.se\/luma-park\/wp-json\/wp\/v2\/users\/1"}],"replies":[{"embeddable":true,"href":"https:\/\/vittra.se\/luma-park\/wp-json\/wp\/v2\/comments?post=23"}],"version-history":[{"count":9,"href":"https:\/\/vittra.se\/luma-park\/wp-json\/wp\/v2\/pages\/23\/revisions"}],"predecessor-version":[{"id":1937,"href":"https:\/\/vittra.se\/luma-park\/wp-json\/wp\/v2\/pages\/23\/revisions\/1937"}],"up":[{"embeddable":true,"href":"https:\/\/vittra.se\/luma-park\/wp-json\/wp\/v2\/pages\/20"}],"wp:attachment":[{"href":"https:\/\/vittra.se\/luma-park\/wp-json\/wp\/v2\/media?parent=23"}],"curies":[{"name":"wp","href":"https:\/\/api.w.org\/{rel}","templated":true}]}}