{"id":34,"date":"2020-09-01T22:08:40","date_gmt":"2020-09-01T20:08:40","guid":{"rendered":"https:\/\/vittra.se\/kopieringsunderlag\/?page_id=34"},"modified":"2024-03-21T09:31:41","modified_gmt":"2024-03-21T08:31:41","slug":"skolmat","status":"publish","type":"page","link":"https:\/\/vittra.se\/halmstad\/om\/skolmat\/","title":{"rendered":"V\u00e5r mat"},"content":{"rendered":"\n<div class=\"wp-block-columns is-layout-flex wp-container-core-columns-layout-1 wp-block-columns-is-layout-flex\">\n<div class=\"wp-block-column is-layout-flow wp-block-column-is-layout-flow\" style=\"flex-basis:66.66%\">\n<h1 class=\"wp-block-heading\">V\u00e5r mat<\/h1>\n\n\n\n\t<div class=\"module_wrapper ams_remote_pages_module \">\n\t\t\t\t\t\t\t<div class=\"container acf-preamble\">\n\t\t\t\t\t\t<div class=\"row\">\n\t\t\t\t\t\t\t<div class=\"col-12\">\n\t\t\t\t\t\t\t\t\n<p   class=\"site__ingress container text-left  site__text-color--dark  site__free_text--ingress p-0\">\n\tH\u00e4r kan du l\u00e4sa mer om skolmaten, vilka tider den serveras samt f\u00e5 mer information kring hur du hittar veckomatsedeln och anm\u00e4ler specialkost.<\/p>\n\n\n\t\t\t\t\t\t\t<\/div>\n\t\t\t\t\t\t<\/div>\n\t\t\t\t\t<\/div>\n\t\t\t\t\t\t\t\t\t\t<div class=\"container core-paragraph\">\n\t\t\t\t\t\t<div class=\"row\">\n\t\t\t\t\t\t\t<div class=\"col-12\">\n\t\t\t\t\t\t\t\t\n<p><\/p>\n\t\t\t\t\t\t\t<\/div>\n\t\t\t\t\t\t<\/div>\n\t\t\t\t\t<\/div>\n\t\t\t\t\t\t<\/div>\n\n\t\n\n\n<p>Maten p\u00e5 Vittra Halmstad tillagas i v\u00e5rt egna k\u00f6k av Svea Cater. <\/p>\n\n\n\n<h2 class=\"wp-block-heading\">F\u00f6rskola <\/h2>\n\n\n\n<p>Frukost serveras kl 7.30\u20138.30. Lunch serveras kl 11.00\u201312.00. <br>Mellanm\u00e5l serveras kl 14.00\u201315.00. <br>Ut\u00f6ver m\u00e5ltiderna har vi fruktstund p\u00e5 f\u00f6rmiddagen och p\u00e5 seneftermiddagen. <\/p>\n\n\n\n<h2 class=\"wp-block-heading\">Fritids och grundskola <\/h2>\n\n\n\n<p>Frukost p\u00e5 fritidshemmet serveras kl 7.30\u20138.15.<br>Lunchen i skolan serveras kl 11.00\u201312.30.<br>Mellanm\u00e5l p\u00e5 fritidshemmet serveras kl 13.30-14.30. <\/p>\n\n\n\n<h3 class=\"wp-block-heading\">Veckomatsedel <\/h3>\n\n\n\n<p>Matsedeln f\u00f6r veckan hittar du p\u00e5 <a href=\"https:\/\/sms8.schoolsoft.se\/vittra\/jsp\/Login.jsp\" target=\"_blank\" rel=\"noreferrer noopener\">Schoolsoft<\/a>.<\/p>\n\n\n\n<h3 class=\"wp-block-heading\">Specialkost <\/h3>\n\n\n\n<p>\u00c4r ditt barn i behov av specialkost eller har n\u00e5gon allergi anm\u00e4ler du detta till skolan via <a href=\"https:\/\/sms8.schoolsoft.se\/vittra\/jsp\/Login.jsp\" target=\"_blank\" rel=\"noreferrer noopener\">Schoolsoft<\/a>.<\/p>\n\n\n\n<p><meta charset=\"utf-8\"><img decoding=\"async\" class=\"wp-image-716\" style=\"width: 150px;\" src=\"https:\/\/vittra.se\/wp-content\/uploads\/sites\/23\/2021\/09\/eu-logo-skolmjolk.jpeg\" alt=\"\"><\/p>\n<\/div>\n\n\n\n<div class=\"wp-block-column is-layout-flow wp-block-column-is-layout-flow\" style=\"flex-basis:33.33%\"><div   id=\"page-relative-menu\" class=\"site__font-monospace   container_width--full_width_conIcon   d-none d-lg-block  \">\n\n\t\t\t\n<\/div>\n<\/div>\n<\/div>\n\n\n<div   id=\"page-relative-menu\" class=\"site__font-monospace   container_width--full_width_conIcon   d-lg-none  \">\n\n\t\t\t\n<\/div>\n","protected":false},"excerpt":{"rendered":"<p>V\u00e5r mat Maten p\u00e5 Vittra Halmstad tillagas i v\u00e5rt egna k\u00f6k av Svea Cater. F\u00f6rskola Frukost serveras kl 7.30\u20138.30. Lunch serveras kl 11.00\u201312.00. Mellanm\u00e5l serveras kl 14.00\u201315.00. Ut\u00f6ver m\u00e5ltiderna har vi fruktstund p\u00e5 f\u00f6rmiddagen och p\u00e5 seneftermiddagen. Fritids och grundskola Frukost p\u00e5 fritidshemmet serveras kl 7.30\u20138.15.Lunchen i skolan serveras kl 11.00\u201312.30.Mellanm\u00e5l p\u00e5 fritidshemmet serveras kl&#8230;<\/p>\n","protected":false},"author":1,"featured_media":0,"parent":20,"menu_order":0,"comment_status":"closed","ping_status":"closed","template":"","meta":{"footnotes":""},"yoast_head":"<!-- This site is optimized with the Yoast SEO plugin v22.0 - https:\/\/yoast.com\/wordpress\/plugins\/seo\/ -->\n<title>Halmstad<\/title>\n<meta name=\"description\" content=\"L\u00e4s om skolmaten h\u00e4r! Ta reda p\u00e5 serveringstider, hitta veckomatsedeln och anm\u00e4l specialkost.\" \/>\n<meta name=\"robots\" content=\"index, follow, max-snippet:-1, max-image-preview:large, max-video-preview:-1\" \/>\n<link rel=\"canonical\" href=\"https:\/\/vittra.se\/halmstad\/om\/skolmat\/\" \/>\n<meta property=\"og:locale\" content=\"sv_SE\" \/>\n<meta property=\"og:type\" content=\"article\" \/>\n<meta property=\"og:description\" content=\"L\u00e4s om skolmaten h\u00e4r! Ta reda p\u00e5 serveringstider, hitta veckomatsedeln och anm\u00e4l specialkost.\" \/>\n<meta property=\"og:url\" content=\"https:\/\/vittra.se\/halmstad\/om\/skolmat\/\" \/>\n<meta property=\"og:site_name\" content=\"Halmstad\" \/>\n<meta property=\"article:modified_time\" content=\"2024-03-21T08:31:41+00:00\" \/>\n<meta property=\"og:image\" content=\"https:\/\/vittra.se\/wp-content\/uploads\/sites\/23\/2021\/09\/eu-logo-skolmjolk.jpeg\" \/>\n<meta name=\"twitter:card\" content=\"summary_large_image\" \/>\n<meta name=\"twitter:description\" content=\"L\u00e4s om skolmaten h\u00e4r! Ta reda p\u00e5 serveringstider, hitta veckomatsedeln och anm\u00e4l specialkost.\" \/>\n<meta name=\"twitter:label1\" content=\"Ber\u00e4knad l\u00e4stid\" \/>\n\t<meta name=\"twitter:data1\" content=\"1 minut\" \/>\n<script type=\"application\/ld+json\" class=\"yoast-schema-graph\">{\"@context\":\"https:\/\/schema.org\",\"@graph\":[{\"@type\":\"WebPage\",\"@id\":\"https:\/\/vittra.se\/halmstad\/om\/skolmat\/\",\"url\":\"https:\/\/vittra.se\/halmstad\/om\/skolmat\/\",\"name\":\"V\u00e5r mat - Halmstad\",\"isPartOf\":{\"@id\":\"https:\/\/vittra.se\/halmstad\/#website\"},\"datePublished\":\"2020-09-01T20:08:40+00:00\",\"dateModified\":\"2024-03-21T08:31:41+00:00\",\"description\":\"L\u00e4s om skolmaten h\u00e4r! Ta reda p\u00e5 serveringstider, hitta veckomatsedeln och anm\u00e4l specialkost.\",\"breadcrumb\":{\"@id\":\"https:\/\/vittra.se\/halmstad\/om\/skolmat\/#breadcrumb\"},\"inLanguage\":\"sv-SE\",\"potentialAction\":[{\"@type\":\"ReadAction\",\"target\":[\"https:\/\/vittra.se\/halmstad\/om\/skolmat\/\"]}]},{\"@type\":\"BreadcrumbList\",\"@id\":\"https:\/\/vittra.se\/halmstad\/om\/skolmat\/#breadcrumb\",\"itemListElement\":[{\"@type\":\"ListItem\",\"position\":1,\"name\":\"Start\",\"item\":\"https:\/\/vittra.se\/halmstad\/\"},{\"@type\":\"ListItem\",\"position\":2,\"name\":\"Om skolan\",\"item\":\"https:\/\/vittra.se\/halmstad\/om\/\"},{\"@type\":\"ListItem\",\"position\":3,\"name\":\"V\u00e5r mat\"}]},{\"@type\":\"WebSite\",\"@id\":\"https:\/\/vittra.se\/halmstad\/#website\",\"url\":\"https:\/\/vittra.se\/halmstad\/\",\"name\":\"Halmstad\",\"description\":\"Kunskap att f\u00f6r\u00e4ndra. Mod att p\u00e5verka.\",\"potentialAction\":[{\"@type\":\"SearchAction\",\"target\":{\"@type\":\"EntryPoint\",\"urlTemplate\":\"https:\/\/vittra.se\/halmstad\/?s={search_term_string}\"},\"query-input\":\"required name=search_term_string\"}],\"inLanguage\":\"sv-SE\"}]}<\/script>\n<!-- \/ Yoast SEO plugin. -->","yoast_head_json":{"title":"Halmstad","description":"L\u00e4s om skolmaten h\u00e4r! Ta reda p\u00e5 serveringstider, hitta veckomatsedeln och anm\u00e4l specialkost.","robots":{"index":"index","follow":"follow","max-snippet":"max-snippet:-1","max-image-preview":"max-image-preview:large","max-video-preview":"max-video-preview:-1"},"canonical":"https:\/\/vittra.se\/halmstad\/om\/skolmat\/","og_locale":"sv_SE","og_type":"article","og_description":"L\u00e4s om skolmaten h\u00e4r! Ta reda p\u00e5 serveringstider, hitta veckomatsedeln och anm\u00e4l specialkost.","og_url":"https:\/\/vittra.se\/halmstad\/om\/skolmat\/","og_site_name":"Halmstad","article_modified_time":"2024-03-21T08:31:41+00:00","og_image":[{"url":"https:\/\/vittra.se\/wp-content\/uploads\/sites\/23\/2021\/09\/eu-logo-skolmjolk.jpeg"}],"twitter_card":"summary_large_image","twitter_description":"L\u00e4s om skolmaten h\u00e4r! Ta reda p\u00e5 serveringstider, hitta veckomatsedeln och anm\u00e4l specialkost.","twitter_misc":{"Ber\u00e4knad l\u00e4stid":"1 minut"},"schema":{"@context":"https:\/\/schema.org","@graph":[{"@type":"WebPage","@id":"https:\/\/vittra.se\/halmstad\/om\/skolmat\/","url":"https:\/\/vittra.se\/halmstad\/om\/skolmat\/","name":"V\u00e5r mat - Halmstad","isPartOf":{"@id":"https:\/\/vittra.se\/halmstad\/#website"},"datePublished":"2020-09-01T20:08:40+00:00","dateModified":"2024-03-21T08:31:41+00:00","description":"L\u00e4s om skolmaten h\u00e4r! Ta reda p\u00e5 serveringstider, hitta veckomatsedeln och anm\u00e4l specialkost.","breadcrumb":{"@id":"https:\/\/vittra.se\/halmstad\/om\/skolmat\/#breadcrumb"},"inLanguage":"sv-SE","potentialAction":[{"@type":"ReadAction","target":["https:\/\/vittra.se\/halmstad\/om\/skolmat\/"]}]},{"@type":"BreadcrumbList","@id":"https:\/\/vittra.se\/halmstad\/om\/skolmat\/#breadcrumb","itemListElement":[{"@type":"ListItem","position":1,"name":"Start","item":"https:\/\/vittra.se\/halmstad\/"},{"@type":"ListItem","position":2,"name":"Om skolan","item":"https:\/\/vittra.se\/halmstad\/om\/"},{"@type":"ListItem","position":3,"name":"V\u00e5r mat"}]},{"@type":"WebSite","@id":"https:\/\/vittra.se\/halmstad\/#website","url":"https:\/\/vittra.se\/halmstad\/","name":"Halmstad","description":"Kunskap att f\u00f6r\u00e4ndra. Mod att p\u00e5verka.","potentialAction":[{"@type":"SearchAction","target":{"@type":"EntryPoint","urlTemplate":"https:\/\/vittra.se\/halmstad\/?s={search_term_string}"},"query-input":"required name=search_term_string"}],"inLanguage":"sv-SE"}]}},"_links":{"self":[{"href":"https:\/\/vittra.se\/halmstad\/wp-json\/wp\/v2\/pages\/34"}],"collection":[{"href":"https:\/\/vittra.se\/halmstad\/wp-json\/wp\/v2\/pages"}],"about":[{"href":"https:\/\/vittra.se\/halmstad\/wp-json\/wp\/v2\/types\/page"}],"author":[{"embeddable":true,"href":"https:\/\/vittra.se\/halmstad\/wp-json\/wp\/v2\/users\/1"}],"replies":[{"embeddable":true,"href":"https:\/\/vittra.se\/halmstad\/wp-json\/wp\/v2\/comments?post=34"}],"version-history":[{"count":10,"href":"https:\/\/vittra.se\/halmstad\/wp-json\/wp\/v2\/pages\/34\/revisions"}],"predecessor-version":[{"id":1230,"href":"https:\/\/vittra.se\/halmstad\/wp-json\/wp\/v2\/pages\/34\/revisions\/1230"}],"up":[{"embeddable":true,"href":"https:\/\/vittra.se\/halmstad\/wp-json\/wp\/v2\/pages\/20"}],"wp:attachment":[{"href":"https:\/\/vittra.se\/halmstad\/wp-json\/wp\/v2\/media?parent=34"}],"curies":[{"name":"wp","href":"https:\/\/api.w.org\/{rel}","templated":true}]}}