{"id":28,"date":"2020-09-01T22:07:29","date_gmt":"2020-09-01T20:07:29","guid":{"rendered":"https:\/\/vittra.se\/kopieringsunderlag\/?page_id=28"},"modified":"2026-03-27T09:19:33","modified_gmt":"2026-03-27T08:19:33","slug":"fritidshem","status":"publish","type":"page","link":"https:\/\/vittra.se\/halmstad\/om\/fritidshem\/","title":{"rendered":"Fritidshem"},"content":{"rendered":"\n\t\n\t\n\t\n\n\t\n\t\n\t\t\n<section  class=\"c-block l-stacked  \" data-color-scheme=\"\">\n\t<div class=\"ams-fifty ams-fifty--container ams-fifty--right ams-fifty--bottom l-container u-pt-fluid-2xl-4xl u-pb-fluid-md-xl\">\n\t\t<div class=\"ams-fifty__content l-stack l-stack-xl is-left is-left@lg\">\n\t\t\t<div class=\"ams-fifty__text l-stack l-stack-lg\">\n\t\t\t\t\t\n\t<h2\n\tclass=\"c-heading u-font-title-1 \"\n\tstyle=\"\">\n\t\t\n\t\t\t\t\tVittras fritidshem i Halmstad\n\t\t\t\t\n\t<\/h2>\n\n\t\t\t\t\t\t\t\t\t<div class=\"text l-stack u-font-body\">\n\t\t\t\t\t\t<p>F\u00f6r oss \u00e4r det viktigt att barnen upplever att skoldagen h\u00e4nger ihop. D\u00e4rf\u00f6r \u00e4r v\u00e5r fritidsverksamhet en naturlig f\u00f6rl\u00e4ngning av skoldagen. H\u00e4r kan du l\u00e4sa mer om v\u00e5ra \u00f6ppettider och aktiviteter.<\/p>\n\n\t\t\t\t\t<\/div>\n\t\t\t\t\t\t\t<\/div>\n\n\t\t\t\t\t<\/div>\n\n\t\t <div class=\"ams-fifty__media u-ratio-widescreen\">\n\t\t \t\t\t\t\t<img decoding=\"async\" width=\"600\" height=\"400\" src=\"https:\/\/vittra.se\/wp-content\/uploads\/sites\/9\/2026\/03\/vittrasamset202506fsk97-600x400.jpg\" class=\"attachment-md size-md\" alt=\"barn h\u00e4nger i kl\u00e4tterst\u00e4llning\" sizes=\"(min-width: 64em) 600px, calc(100vw - 160px)\" srcset=\"https:\/\/vittra.se\/wp-content\/uploads\/sites\/9\/2026\/03\/vittrasamset202506fsk97-600x400.jpg 600w, https:\/\/vittra.se\/wp-content\/uploads\/sites\/9\/2026\/03\/vittrasamset202506fsk97-300x200.jpg 300w, https:\/\/vittra.se\/wp-content\/uploads\/sites\/9\/2026\/03\/vittrasamset202506fsk97-400x267.jpg 400w, https:\/\/vittra.se\/wp-content\/uploads\/sites\/9\/2026\/03\/vittrasamset202506fsk97-800x534.jpg 800w, https:\/\/vittra.se\/wp-content\/uploads\/sites\/9\/2026\/03\/vittrasamset202506fsk97.jpg 1000w\" \/>\n\t\t\t\n\t\t\t\n\t\t\t\t\t<\/div>\n\t<\/div>\n\n\t\t\n\n<\/section>\n\n\n\n\t\n\t\n\t\n\n\t\n\t\n\t\t\n<section  class=\"c-block l-stacked  \" data-color-scheme=\"\">\n\t<div class=\"ams-fifty ams-fifty--container ams-fifty--left ams-fifty--bottom l-container u-pt-fluid-md-xl u-pb-fluid-md-xl\">\n\t\t<div class=\"ams-fifty__content l-stack l-stack-xl is-left is-left@lg\">\n\t\t\t<div class=\"ams-fifty__text l-stack l-stack-lg\">\n\t\t\t\t\t\n\t<h2\n\tclass=\"c-heading u-font-title-1 \"\n\tstyle=\"\">\n\t\t\n\t\t\t\t\t\u00d6ppettider p\u00e5 fritids\n\t\t\t\t\n\t<\/h2>\n\n\t\t\t\t\t\t\t\t\t<div class=\"text l-stack u-font-body\">\n\t\t\t\t\t\t<p><strong>Morgon<br \/>\n<\/strong>Fritids har \u00f6ppet 6.00\u20138.30. D\u00e5 ger vi barnen en lugn start p\u00e5 morgonen och h\u00e5ller till i f\u00f6rskolans lokaler fram till frukost. D\u00e4refter \u00e4r vi utomhus till dess att skolan b\u00f6rjan.<\/p>\n<p><strong>Eftermiddag<br \/>\n<\/strong>Fritids har \u00f6ppet 13.00\u201318.30 och erbjuder olika aktiviteter. D\u00e5 vi alltid \u00e4r ute en stund efter mellanm\u00e5let beh\u00f6ver du se till att ditt barn har kl\u00e4der efter v\u00e4der.<strong><br \/>\n<\/strong><\/p>\n<p><strong>M\u00e5ltider p\u00e5 fritids<br \/>\n<\/strong>Frukost serveras 7.30\u20138.00.<br \/>\nMellanm\u00e5l serveras 13.30-14.30.<strong><br \/>\n<\/strong><\/p>\n\n\t\t\t\t\t<\/div>\n\t\t\t\t\t\t\t<\/div>\n\n\t\t\t\t\t<\/div>\n\n\t\t <div class=\"ams-fifty__media u-ratio-landscape\">\n\t\t \t\t\t\t\t<img decoding=\"async\" width=\"600\" height=\"338\" src=\"https:\/\/vittra.se\/wp-content\/uploads\/sites\/9\/2020\/10\/lasarstider.jpg\" class=\"attachment-md size-md\" alt=\"Staket utanf\u00f6r Vittra som \u00e4r dekorerat med siffror\" sizes=\"(min-width: 64em) 600px, calc(100vw - 160px)\" srcset=\"https:\/\/vittra.se\/wp-content\/uploads\/sites\/9\/2020\/10\/lasarstider.jpg 1920w, https:\/\/vittra.se\/wp-content\/uploads\/sites\/9\/2020\/10\/lasarstider-300x169.jpg 300w, https:\/\/vittra.se\/wp-content\/uploads\/sites\/9\/2020\/10\/lasarstider-1024x576.jpg 1024w, https:\/\/vittra.se\/wp-content\/uploads\/sites\/9\/2020\/10\/lasarstider-768x432.jpg 768w, https:\/\/vittra.se\/wp-content\/uploads\/sites\/9\/2020\/10\/lasarstider-1536x864.jpg 1536w, https:\/\/vittra.se\/wp-content\/uploads\/sites\/9\/2020\/10\/lasarstider-1100x620.jpg 1100w, https:\/\/vittra.se\/wp-content\/uploads\/sites\/9\/2020\/10\/lasarstider-1000x563.jpg 1000w\" \/>\n\t\t\t\n\t\t\t\n\t\t\t\t\t<\/div>\n\t<\/div>\n\n\t\t\n\n<\/section>\n\n\n\n\t\n\t\n\t\n\n\t\n\t\n\t\t\n<section  class=\"c-block l-stacked  \" data-color-scheme=\"transparent\">\n\t<div class=\"ams-fifty ams-fifty--container ams-fifty--right ams-fifty--bottom l-container u-pt-fluid-md-xl u-pb-fluid-3xl-6xl\">\n\t\t<div class=\"ams-fifty__content l-stack l-stack-xl is-left is-left@lg\">\n\t\t\t<div class=\"ams-fifty__text l-stack l-stack-lg\">\n\t\t\t\t\t\n\t<h2\n\tclass=\"c-heading u-font-title-1 \"\n\tstyle=\"\">\n\t\t\n\t\t\t\t\tAvgifter f\u00f6r fritidshem\n\t\t\t\t\n\t<\/h2>\n\n\t\t\t\t\t\t\t\t\t<div class=\"text l-stack u-font-body\">\n\t\t\t\t\t\t<p>N\u00e4r ditt barn har en plats p\u00e5 ett fritidshem betalar du en avgift f\u00f6r platsen en g\u00e5ng i m\u00e5naden. Avgiften baseras p\u00e5 hush\u00e5llets inkomster, vilka som bor i hush\u00e5llet och anledningen till att barnet \u00e4r p\u00e5 fritidshemmet.<\/p>\n<p>Vi f\u00f6ljer Halmstad kommuns taxa som du kan l\u00e4sa mer om p\u00e5 <a href=\"https:\/\/www.halmstad.se\/barnochutbildning\/forskolaochpedagogiskomsorg\/avgifterochbetalningforskolaochfritidshem.n1411.html#h-Fakturaochbetalning\">Halmstad kommuns hemsida<\/a>.<\/p>\n\n\t\t\t\t\t<\/div>\n\t\t\t\t\t\t\t<\/div>\n\n\t\t\t\t\t<\/div>\n\n\t\t <div class=\"ams-fifty__media u-ratio-widescreen\">\n\t\t \t\t\t\t\t<img decoding=\"async\" width=\"600\" height=\"400\" src=\"https:\/\/vittra.se\/wp-content\/uploads\/sites\/9\/2026\/03\/vittrasamset202506ak563-600x400.jpg\" class=\"attachment-md size-md\" alt=\"En elev har en annan p\u00e5 ryggen. De ler och ser in i kameran.\" sizes=\"(min-width: 64em) 600px, calc(100vw - 160px)\" srcset=\"https:\/\/vittra.se\/wp-content\/uploads\/sites\/9\/2026\/03\/vittrasamset202506ak563-600x400.jpg 600w, https:\/\/vittra.se\/wp-content\/uploads\/sites\/9\/2026\/03\/vittrasamset202506ak563-300x200.jpg 300w, https:\/\/vittra.se\/wp-content\/uploads\/sites\/9\/2026\/03\/vittrasamset202506ak563-400x267.jpg 400w, https:\/\/vittra.se\/wp-content\/uploads\/sites\/9\/2026\/03\/vittrasamset202506ak563-800x534.jpg 800w, https:\/\/vittra.se\/wp-content\/uploads\/sites\/9\/2026\/03\/vittrasamset202506ak563.jpg 1000w\" \/>\n\t\t\t\n\t\t\t\n\t\t\t\t\t<\/div>\n\t<\/div>\n\n\t\t\n\n<\/section>\n\n\n\n\n<section  class=\"ams-timeline c-block l-stacked\" data-color-scheme=\"faq-ljusbla\">\n\t<div class=\"l-container l-stack l-stack-fluid-2xl u-pt-fluid-3xl-6xl u-pb-fluid-3xl-6xl is-left is-left@md\">\n\t\t\t\t\t<div class=\"ams-timeline__intro l-stack l-stack-lg\">\n\t\t\t\t\t\n\t<h2\n\tclass=\"c-heading u-font-title-1 \"\n\tstyle=\"\">\n\t\t\n\t\t\t\t\tV\u00e4der &#038; Vind \u2013 fritidshem med utomhuspedagogik\n\t\t\t\t\n\t<\/h2>\n\n\t\t\t\t\t\t\t\t\t<div class=\"c-text l-stack u-cs-xl u-font-body\">\n\t\t\t\t\t\t<p style=\"text-align: left;\">V\u00e4der &amp; Vind \u00e4r en fritidshemsavdelning med inriktning mot utomhuspedagogik, friluftsliv och naturupplevelser. Verksamheten utg\u00e5r fr\u00e5n fritidshemmets uppdrag enligt l\u00e4roplanen och erbjuder eleverna en meningsfull, trygg och utvecklande fritid.<\/p>\n\n\t\t\t\t\t<\/div>\n\t\t\t\t\t\t\t<\/div>\n\t\t\n\t\t\t\t\t\n<ol class=\"c-steps\" data-variant=\"vertical\" data-size=\"lg\" data-columns=\"2\">\n\t\t\t<li class=\"c-steps__item\"\n\t\t\t\n\t\t>\n\t\t\t<div class=\"c-steps__circle u-radius-round\">\n\t\t\t\t\t\t\t\t\t<img decoding=\"async\" width=\"150\" height=\"150\" src=\"https:\/\/vittra.se\/wp-content\/uploads\/2026\/03\/vittraikonfriluftpetroleum-150x150.png\" class=\"\" alt=\"Ikon tr\u00e4d\" srcset=\"https:\/\/vittra.se\/wp-content\/uploads\/2026\/03\/vittraikonfriluftpetroleum-150x150.png 150w, https:\/\/vittra.se\/wp-content\/uploads\/2026\/03\/vittraikonfriluftpetroleum-300x300.png 300w, https:\/\/vittra.se\/wp-content\/uploads\/2026\/03\/vittraikonfriluftpetroleum-400x400.png 400w, https:\/\/vittra.se\/wp-content\/uploads\/2026\/03\/vittraikonfriluftpetroleum-600x600.png 600w, https:\/\/vittra.se\/wp-content\/uploads\/2026\/03\/vittraikonfriluftpetroleum-800x800.png 800w, https:\/\/vittra.se\/wp-content\/uploads\/2026\/03\/vittraikonfriluftpetroleum-1024x1024.png 1024w, https:\/\/vittra.se\/wp-content\/uploads\/2026\/03\/vittraikonfriluftpetroleum.png 1175w\" sizes=\"(max-width: 150px) 100vw, 150px\" \/>\n\t\t\t\t\t\t\t<\/div>\n\n\t\t\t\t\t\t\t<div class=\"c-steps__content l-stack-xs\">\n\t\t\t\t\t\t\t\t\t\t\t<h3 class=\"c-steps__title u-font-title-3\">\n\t\t\t\t\t\t\t\t\t\t\t\t\t\t\tFriluftsliv, lek och r\u00f6relse\n\t\t\t\t\t\t\t\t\t\t\t\t\t<\/h3>\n\t\t\t\t\t\n\t\t\t\t\t\t\t\t\t\t\t<div class=\"c-steps__text l-stack-sm u-font-body\">\n\t\t\t\t\t\t\t<p style=\"text-align: left;\" data-pm-slice=\"1 1 []\">Genom friluftsliv och utevistelse f\u00e5r eleverna m\u00f6jlighet att:<\/p>\n<ul>\n<li style=\"text-align: left;\" data-pm-slice=\"1 1 []\">leka, r\u00f6ra p\u00e5 sig och testa olika fysiska aktiviteter.<\/li>\n<li style=\"text-align: left;\" data-pm-slice=\"1 1 []\">Pr\u00f6va, utforska och l\u00f6sa problem tillsammans med andra.<\/li>\n<li style=\"text-align: left;\" data-pm-slice=\"1 1 []\">Utveckla motorik, uth\u00e5llighet och kroppsuppfattning.<\/li>\n<li style=\"text-align: left;\" data-pm-slice=\"1 1 []\">Uppleva naturen under olika \u00e5rstider.<\/li>\n<\/ul>\n\n\t\t\t\t\t\t<\/div>\n\t\t\t\t\t\t\t\t\t<\/div>\n\t\t\t\t\t<\/li>\n\t\t\t<li class=\"c-steps__item\"\n\t\t\t\n\t\t>\n\t\t\t<div class=\"c-steps__circle u-radius-round\">\n\t\t\t\t\t\t\t\t\t<img decoding=\"async\" width=\"150\" height=\"150\" src=\"https:\/\/vittra.se\/wp-content\/uploads\/2026\/03\/vittraikonallemansrattenpetroleum-150x150.png\" class=\"\" alt=\"ikon t\u00e4lt\" srcset=\"https:\/\/vittra.se\/wp-content\/uploads\/2026\/03\/vittraikonallemansrattenpetroleum-150x150.png 150w, https:\/\/vittra.se\/wp-content\/uploads\/2026\/03\/vittraikonallemansrattenpetroleum-300x300.png 300w, https:\/\/vittra.se\/wp-content\/uploads\/2026\/03\/vittraikonallemansrattenpetroleum-400x400.png 400w, https:\/\/vittra.se\/wp-content\/uploads\/2026\/03\/vittraikonallemansrattenpetroleum-600x600.png 600w, https:\/\/vittra.se\/wp-content\/uploads\/2026\/03\/vittraikonallemansrattenpetroleum-800x800.png 800w, https:\/\/vittra.se\/wp-content\/uploads\/2026\/03\/vittraikonallemansrattenpetroleum-1024x1024.png 1024w, https:\/\/vittra.se\/wp-content\/uploads\/2026\/03\/vittraikonallemansrattenpetroleum.png 1175w\" sizes=\"(max-width: 150px) 100vw, 150px\" \/>\n\t\t\t\t\t\t\t<\/div>\n\n\t\t\t\t\t\t\t<div class=\"c-steps__content l-stack-xs\">\n\t\t\t\t\t\t\t\t\t\t\t<h3 class=\"c-steps__title u-font-title-3\">\n\t\t\t\t\t\t\t\t\t\t\t\t\t\t\tAllemansr\u00e4tten, h\u00e5llbarhet och ansvar\n\t\t\t\t\t\t\t\t\t\t\t\t\t<\/h3>\n\t\t\t\t\t\n\t\t\t\t\t\t\t\t\t\t\t<div class=\"c-steps__text l-stack-sm u-font-body\">\n\t\t\t\t\t\t\t<p style=\"text-align: left;\" data-pm-slice=\"1 1 []\">En viktig del av verksamheten \u00e4r att ge eleverna kunskap om:<\/p>\n<ul>\n<li style=\"text-align: left;\">Allemansr\u00e4tten och vad den inneb\u00e4r i praktiken.<\/li>\n<li style=\"text-align: left;\">Hur man visar h\u00e4nsyn till natur, djur och medm\u00e4nniskor.<\/li>\n<li style=\"text-align: left;\">Ett h\u00e5llbart f\u00f6rh\u00e5llningss\u00e4tt till milj\u00f6 och resurser.<\/li>\n<\/ul>\n\n\t\t\t\t\t\t<\/div>\n\t\t\t\t\t\t\t\t\t<\/div>\n\t\t\t\t\t<\/li>\n\t\t\t<li class=\"c-steps__item\"\n\t\t\t\n\t\t>\n\t\t\t<div class=\"c-steps__circle u-radius-round\">\n\t\t\t\t\t\t\t\t\t<img decoding=\"async\" width=\"150\" height=\"150\" src=\"https:\/\/vittra.se\/wp-content\/uploads\/2026\/03\/vittraikonklader-efter-vaderpetroleum-150x150.png\" class=\"\" alt=\"Ikon st\u00f6vlar\" srcset=\"https:\/\/vittra.se\/wp-content\/uploads\/2026\/03\/vittraikonklader-efter-vaderpetroleum-150x150.png 150w, https:\/\/vittra.se\/wp-content\/uploads\/2026\/03\/vittraikonklader-efter-vaderpetroleum-300x300.png 300w, https:\/\/vittra.se\/wp-content\/uploads\/2026\/03\/vittraikonklader-efter-vaderpetroleum-400x400.png 400w, https:\/\/vittra.se\/wp-content\/uploads\/2026\/03\/vittraikonklader-efter-vaderpetroleum-600x599.png 600w, https:\/\/vittra.se\/wp-content\/uploads\/2026\/03\/vittraikonklader-efter-vaderpetroleum-800x799.png 800w, https:\/\/vittra.se\/wp-content\/uploads\/2026\/03\/vittraikonklader-efter-vaderpetroleum-1024x1023.png 1024w, https:\/\/vittra.se\/wp-content\/uploads\/2026\/03\/vittraikonklader-efter-vaderpetroleum.png 1175w\" sizes=\"(max-width: 150px) 100vw, 150px\" \/>\n\t\t\t\t\t\t\t<\/div>\n\n\t\t\t\t\t\t\t<div class=\"c-steps__content l-stack-xs\">\n\t\t\t\t\t\t\t\t\t\t\t<h3 class=\"c-steps__title u-font-title-3\">\n\t\t\t\t\t\t\t\t\t\t\t\t\t\t\tKl\u00e4der efter v\u00e4der\n\t\t\t\t\t\t\t\t\t\t\t\t\t<\/h3>\n\t\t\t\t\t\n\t\t\t\t\t\t\t\t\t\t\t<div class=\"c-steps__text l-stack-sm u-font-body\">\n\t\t\t\t\t\t\t<p style=\"text-align: left;\" data-pm-slice=\"1 1 []\">Eftersom stora delar av verksamheten sker utomhus \u00e4r det viktigt att eleverna har:<\/p>\n<ul>\n<li style=\"text-align: left;\">Kl\u00e4der anpassade efter v\u00e4der och \u00e5rstid.<\/li>\n<li style=\"text-align: left;\">O\u00f6mma kl\u00e4der som m\u00f6jligg\u00f6r lek och r\u00f6relse.<\/li>\n<li style=\"text-align: left;\">Extra ombyte vid behov.<\/li>\n<\/ul>\n\n\t\t\t\t\t\t<\/div>\n\t\t\t\t\t\t\t\t\t<\/div>\n\t\t\t\t\t<\/li>\n\t\t\t<li class=\"c-steps__item\"\n\t\t\t\n\t\t>\n\t\t\t<div class=\"c-steps__circle u-radius-round\">\n\t\t\t\t\t\t\t\t\t<img decoding=\"async\" width=\"150\" height=\"150\" src=\"https:\/\/vittra.se\/wp-content\/uploads\/2026\/03\/vittraikontrygghetpetroleum-150x150.png\" class=\"\" alt=\"\" srcset=\"https:\/\/vittra.se\/wp-content\/uploads\/2026\/03\/vittraikontrygghetpetroleum-150x150.png 150w, https:\/\/vittra.se\/wp-content\/uploads\/2026\/03\/vittraikontrygghetpetroleum-300x300.png 300w, https:\/\/vittra.se\/wp-content\/uploads\/2026\/03\/vittraikontrygghetpetroleum-400x400.png 400w, https:\/\/vittra.se\/wp-content\/uploads\/2026\/03\/vittraikontrygghetpetroleum-600x601.png 600w, https:\/\/vittra.se\/wp-content\/uploads\/2026\/03\/vittraikontrygghetpetroleum-800x801.png 800w, https:\/\/vittra.se\/wp-content\/uploads\/2026\/03\/vittraikontrygghetpetroleum-1024x1025.png 1024w, https:\/\/vittra.se\/wp-content\/uploads\/2026\/03\/vittraikontrygghetpetroleum.png 1174w\" sizes=\"(max-width: 150px) 100vw, 150px\" \/>\n\t\t\t\t\t\t\t<\/div>\n\n\t\t\t\t\t\t\t<div class=\"c-steps__content l-stack-xs\">\n\t\t\t\t\t\t\t\t\t\t\t<h3 class=\"c-steps__title u-font-title-3\">\n\t\t\t\t\t\t\t\t\t\t\t\t\t\t\tTrygghet, v\u00e4rdegrund och gemenskap\n\t\t\t\t\t\t\t\t\t\t\t\t\t<\/h3>\n\t\t\t\t\t\n\t\t\t\t\t\t\t\t\t\t\t<div class=\"c-steps__text l-stack-sm u-font-body\">\n\t\t\t\t\t\t\t<p data-pm-slice=\"1 1 []\">P\u00e5 V\u00e4der &amp; Vind arbetar vi aktivt med fritidshemmets v\u00e4rdegrund. Det inneb\u00e4r:<\/p>\n<ul>\n<li>Trygghet, respekt och delaktighet.<\/li>\n<li>Goda relationer mellan elever och pedagoger.<\/li>\n<li>En inkluderande milj\u00f6 d\u00e4r alla ges m\u00f6jlighet att lyckas.<\/li>\n<\/ul>\n\n\t\t\t\t\t\t<\/div>\n\t\t\t\t\t\t\t\t\t<\/div>\n\t\t\t\t\t<\/li>\n\t<\/ol>\n\t\n\t\t\t<\/div>\n\n\t\t\n\n<\/section>\n\n\n\n<section \n\t\t class=\"\n\t\t ams-contact\n\t\t \n\t\t c-block l-stacked\n\t\t \n\t\t \n\t\t js-load-more\n\t\t \"\n\t\t data-color-scheme=\"nyans1_av_cta\"\n\t\t\t\t\tdata-count=\"3\"\n\t\t\t\t\t\t\tdata-count-mobile=\"2\"\n\t\t\t\t>\n\t<div\n\t\t class=\"\n\t\t l-container\n\t\t l-stack l-stack-fluid-2xl\n\t\t u-pt-fluid-3xl-6xl\n\t\t u-pb-fluid-3xl-6xl\n\t\t is-center\n\t\t is-center@md\n\t\t \">\n\t\t\t\t\t<div class=\"ams-contact__intro l-stack l-stack-lg\">\n\t\t\t\t\t\n\t<h2\n\tclass=\"c-heading u-font-title-1 \"\n\tstyle=\"\">\n\t\t\n\t\t\t\t\tHar du fr\u00e5gor om v\u00e5rt fritidshem?\n\t\t\t\t\n\t<\/h2>\n\n\t\t\t\t\t\t\t\t\t<div class=\"c-text l-stack u-cs-xl u-font-body\">\n\t\t\t\t\t\t<p>Kontakta oss f\u00f6r att f\u00e5 personlig hj\u00e4lp och svar p\u00e5 dina fr\u00e5gor.<\/p>\n\n\t\t\t\t\t<\/div>\n\t\t\t\t\t\t\t<\/div>\n\t\t\n\t\t\n\t\t    \t\n\t\t\n\t\t<ul\n\t\t\tid=\"contact-grid-69f2089a8eb53\"\n\t\t\tclass=\"ams-contact__list l-grid u-gap-fluid-2xl-4xl u-justify-center js-results \"\n\t\t\taria-label=\"Kontakter\"\n\t\t\tdata-filter-animation=\"off\"\n\t\t\t>\n\t\t\t\t\t\t\t\t\t\t\t\n\t\t\t\t\n\t\t\t\t<li class=\"l-col-12 \" data-filter=\"5 2\">\n\t\t\t\t\t<article class=\"c-card u-justify-center\" data-variant=\"inline\">\n\t\t\t\t\t\t<div class=\"c-card__content u-flex-basis-auto u-flex-grow-0 u-text-center@mobile\">\n\t\t\t\t\t\t\t\t\t\t\t\t\t\t\t<h3 class=\"c-card__title u-font-title-3\">\n\t\t\t\t\t\t\t\t\tCaroline Falk\n\t\t\t\t\t\t\t\t<\/h3>\n\t\t\t\t\t\t\t\n\t\t\t\t\t\t\t\t\t\t\t\t\t\t\t<p class=\"position u-font-body\">Arbetslagsledare fritids<\/p>\n\t\t\t\t\t\t\t\n\t\t\t\t\t\t\t\t\t\t\t\t\t\t\t<div class=\"contact-info u-font-body\">\n\t\t\t\t\t\t\t\t\t\t\t\t\t\t\t\t\t\t\t\t\t\t\t\t\t\t\t\t\t\t<p class=\"phone\"><a\n\t\t\t\t\t\t\t\t\t\t\t\t\thref=\"tel:035161385\"\n\t\t\t\t\t\t\t\t\t\t\t\t\tclass=\"u-text-link\">035-16 13 85<\/a>\n\t\t\t\t\t\t\t\t\t\t\t<\/p>\n\t\t\t\t\t\t\t\t\t\t\t\t\t\t\t\t\t\t\t\n\t\t\t\t\t\t\t\t\t\t\t\t\t\t\t\t\t\t\t\t\t\t\t\t\t\t\t\t\t\t<p class=\"email\"><a\n\t\t\t\t\t\t\t\t\t\t\t\t\thref=\"m&#097;&#105;lto&#058;&#099;&#097;rol&#105;&#110;e&#046;&#102;&#097;&#108;k&#064;vi&#116;&#116;&#114;a.se\"\n\t\t\t\t\t\t\t\t\t\t\t\t\tclass=\"u-text-link\">ca&#114;o&#108;in&#101;.&#102;al&#107;&#064;&#118;itt&#114;&#097;&#046;se<\/a>\n\t\t\t\t\t\t\t\t\t\t\t<\/p>\n\t\t\t\t\t\t\t\t\t\t\t\t\t\t\t\t\t\t\t\t\t\t\t\t\t\t\t<\/div>\n\t\t\t\t\t\t\t\n\t\t\t\t\t\t\t\t\t\t\t\t\t<\/div>\n\t\t\t\t\t\t<div class=\"c-card__media\">\n\t\t\t\t\t\t\t\t\t\t\t\t\t\t\t\t\t\t\t\t\t\t\t\t\t\t\t\t\t\t\t\t\t\t\t\t\t\t\t\t\t\t\t\t\t\t\t\t\t<img decoding=\"async\" width=\"400\" height=\"393\" src=\"https:\/\/vittra.se\/wp-content\/uploads\/sites\/9\/2025\/01\/cf-scaled-e1776881277595-400x393.jpg\" class=\"u-radius-round u-ratio-landscape  \" alt=\"\" sizes=\"(max-width: 300px) 100vw, 300px\" srcset=\"https:\/\/vittra.se\/wp-content\/uploads\/sites\/9\/2025\/01\/cf-scaled-e1776881277595-400x393.jpg 400w, https:\/\/vittra.se\/wp-content\/uploads\/sites\/9\/2025\/01\/cf-scaled-e1776881277595-300x295.jpg 300w, https:\/\/vittra.se\/wp-content\/uploads\/sites\/9\/2025\/01\/cf-scaled-e1776881277595-600x589.jpg 600w, https:\/\/vittra.se\/wp-content\/uploads\/sites\/9\/2025\/01\/cf-scaled-e1776881277595-800x785.jpg 800w, https:\/\/vittra.se\/wp-content\/uploads\/sites\/9\/2025\/01\/cf-scaled-e1776881277595-1024x1005.jpg 1024w, https:\/\/vittra.se\/wp-content\/uploads\/sites\/9\/2025\/01\/cf-scaled-e1776881277595-1200x1178.jpg 1200w, https:\/\/vittra.se\/wp-content\/uploads\/sites\/9\/2025\/01\/cf-scaled-e1776881277595.jpg 1920w\" \/>\n\t\t\t\t\t\t<\/div>\n\t\t\t\t\t<\/article>\n\t\t\t\t<\/li>\n\t\t\t\t\t<\/ul>\n\n\t\t\n\t\t    <div class=\"ams-contact__more u-inline-items js-load-more-btn\">\n        <button href=\"#\"\n                class=\"c-btn\"\n                data-style=\"round\"\n                data-size=\"md\"\n                data-width=\"full-mobile\"\n                data-variant=\"outline\">\n        \tVisa mer\n        <\/button>\n    <\/div>\n\n\t\t\t<\/div>\n\n\t\t\n\n<\/section>\n\n\n<div   id=\"page-relative-menu\" class=\"site__font-monospace   container_width--full_width_conIcon   d-lg-none  \">\n\n\t\t\t\n<\/div>\n","protected":false},"excerpt":{"rendered":"","protected":false},"author":1,"featured_media":0,"parent":20,"menu_order":0,"comment_status":"closed","ping_status":"closed","template":"","meta":{"footnotes":""},"yoast_head":"<!-- This site is optimized with the Yoast SEO plugin v22.0 - https:\/\/yoast.com\/wordpress\/plugins\/seo\/ -->\n<title>Vittra | Fritidshem i Halmstad<\/title>\n<meta name=\"description\" content=\"Vittra \u00e4r en skola med fritidsverksamhet i Halmstad. V\u00e5rt fritidshem \u00e4r en naturlig f\u00f6rl\u00e4ngning av skoldagen med olika aktiviteter att v\u00e4lja p\u00e5.\" \/>\n<meta name=\"robots\" content=\"index, follow, max-snippet:-1, max-image-preview:large, max-video-preview:-1\" \/>\n<link rel=\"canonical\" href=\"https:\/\/vittra.se\/halmstad\/om\/fritidshem\/\" \/>\n<meta property=\"og:locale\" content=\"sv_SE\" \/>\n<meta property=\"og:type\" content=\"article\" \/>\n<meta property=\"og:title\" content=\"Vittra | Fritidshem i Halmstad\" \/>\n<meta property=\"og:description\" content=\"Vittra \u00e4r en skola med fritidsverksamhet i Halmstad. V\u00e5rt fritidshem \u00e4r en naturlig f\u00f6rl\u00e4ngning av skoldagen med olika aktiviteter att v\u00e4lja p\u00e5.\" \/>\n<meta property=\"og:url\" content=\"https:\/\/vittra.se\/halmstad\/om\/fritidshem\/\" \/>\n<meta property=\"og:site_name\" content=\"Halmstad\" \/>\n<meta property=\"article:modified_time\" content=\"2026-03-27T08:19:33+00:00\" \/>\n<meta name=\"twitter:card\" content=\"summary_large_image\" \/>\n<meta name=\"twitter:title\" content=\"Vittra | Fritidshem i Halmstad\" \/>\n<meta name=\"twitter:description\" content=\"Vittra \u00e4r en skola med fritidsverksamhet i Halmstad. V\u00e5rt fritidshem \u00e4r en naturlig f\u00f6rl\u00e4ngning av skoldagen med olika aktiviteter att v\u00e4lja p\u00e5.\" \/>\n<script type=\"application\/ld+json\" class=\"yoast-schema-graph\">{\"@context\":\"https:\/\/schema.org\",\"@graph\":[{\"@type\":\"WebPage\",\"@id\":\"https:\/\/vittra.se\/halmstad\/om\/fritidshem\/\",\"url\":\"https:\/\/vittra.se\/halmstad\/om\/fritidshem\/\",\"name\":\"Vittra | Fritidshem i Halmstad\",\"isPartOf\":{\"@id\":\"https:\/\/vittra.se\/halmstad\/#website\"},\"datePublished\":\"2020-09-01T20:07:29+00:00\",\"dateModified\":\"2026-03-27T08:19:33+00:00\",\"description\":\"Vittra \u00e4r en skola med fritidsverksamhet i Halmstad. V\u00e5rt fritidshem \u00e4r en naturlig f\u00f6rl\u00e4ngning av skoldagen med olika aktiviteter att v\u00e4lja p\u00e5.\",\"breadcrumb\":{\"@id\":\"https:\/\/vittra.se\/halmstad\/om\/fritidshem\/#breadcrumb\"},\"inLanguage\":\"sv-SE\",\"potentialAction\":[{\"@type\":\"ReadAction\",\"target\":[\"https:\/\/vittra.se\/halmstad\/om\/fritidshem\/\"]}]},{\"@type\":\"BreadcrumbList\",\"@id\":\"https:\/\/vittra.se\/halmstad\/om\/fritidshem\/#breadcrumb\",\"itemListElement\":[{\"@type\":\"ListItem\",\"position\":1,\"name\":\"Start\",\"item\":\"https:\/\/vittra.se\/halmstad\/\"},{\"@type\":\"ListItem\",\"position\":2,\"name\":\"Om skolan\",\"item\":\"https:\/\/vittra.se\/halmstad\/om\/\"},{\"@type\":\"ListItem\",\"position\":3,\"name\":\"Fritidshem\"}]},{\"@type\":\"WebSite\",\"@id\":\"https:\/\/vittra.se\/halmstad\/#website\",\"url\":\"https:\/\/vittra.se\/halmstad\/\",\"name\":\"Halmstad\",\"description\":\"Kunskap att f\u00f6r\u00e4ndra. Mod att p\u00e5verka.\",\"potentialAction\":[{\"@type\":\"SearchAction\",\"target\":{\"@type\":\"EntryPoint\",\"urlTemplate\":\"https:\/\/vittra.se\/halmstad\/?s={search_term_string}\"},\"query-input\":\"required name=search_term_string\"}],\"inLanguage\":\"sv-SE\"}]}<\/script>\n<!-- \/ Yoast SEO plugin. -->","yoast_head_json":{"title":"Vittra | Fritidshem i Halmstad","description":"Vittra \u00e4r en skola med fritidsverksamhet i Halmstad. V\u00e5rt fritidshem \u00e4r en naturlig f\u00f6rl\u00e4ngning av skoldagen med olika aktiviteter att v\u00e4lja p\u00e5.","robots":{"index":"index","follow":"follow","max-snippet":"max-snippet:-1","max-image-preview":"max-image-preview:large","max-video-preview":"max-video-preview:-1"},"canonical":"https:\/\/vittra.se\/halmstad\/om\/fritidshem\/","og_locale":"sv_SE","og_type":"article","og_title":"Vittra | Fritidshem i Halmstad","og_description":"Vittra \u00e4r en skola med fritidsverksamhet i Halmstad. V\u00e5rt fritidshem \u00e4r en naturlig f\u00f6rl\u00e4ngning av skoldagen med olika aktiviteter att v\u00e4lja p\u00e5.","og_url":"https:\/\/vittra.se\/halmstad\/om\/fritidshem\/","og_site_name":"Halmstad","article_modified_time":"2026-03-27T08:19:33+00:00","twitter_card":"summary_large_image","twitter_title":"Vittra | Fritidshem i Halmstad","twitter_description":"Vittra \u00e4r en skola med fritidsverksamhet i Halmstad. V\u00e5rt fritidshem \u00e4r en naturlig f\u00f6rl\u00e4ngning av skoldagen med olika aktiviteter att v\u00e4lja p\u00e5.","schema":{"@context":"https:\/\/schema.org","@graph":[{"@type":"WebPage","@id":"https:\/\/vittra.se\/halmstad\/om\/fritidshem\/","url":"https:\/\/vittra.se\/halmstad\/om\/fritidshem\/","name":"Vittra | Fritidshem i Halmstad","isPartOf":{"@id":"https:\/\/vittra.se\/halmstad\/#website"},"datePublished":"2020-09-01T20:07:29+00:00","dateModified":"2026-03-27T08:19:33+00:00","description":"Vittra \u00e4r en skola med fritidsverksamhet i Halmstad. V\u00e5rt fritidshem \u00e4r en naturlig f\u00f6rl\u00e4ngning av skoldagen med olika aktiviteter att v\u00e4lja p\u00e5.","breadcrumb":{"@id":"https:\/\/vittra.se\/halmstad\/om\/fritidshem\/#breadcrumb"},"inLanguage":"sv-SE","potentialAction":[{"@type":"ReadAction","target":["https:\/\/vittra.se\/halmstad\/om\/fritidshem\/"]}]},{"@type":"BreadcrumbList","@id":"https:\/\/vittra.se\/halmstad\/om\/fritidshem\/#breadcrumb","itemListElement":[{"@type":"ListItem","position":1,"name":"Start","item":"https:\/\/vittra.se\/halmstad\/"},{"@type":"ListItem","position":2,"name":"Om skolan","item":"https:\/\/vittra.se\/halmstad\/om\/"},{"@type":"ListItem","position":3,"name":"Fritidshem"}]},{"@type":"WebSite","@id":"https:\/\/vittra.se\/halmstad\/#website","url":"https:\/\/vittra.se\/halmstad\/","name":"Halmstad","description":"Kunskap att f\u00f6r\u00e4ndra. Mod att p\u00e5verka.","potentialAction":[{"@type":"SearchAction","target":{"@type":"EntryPoint","urlTemplate":"https:\/\/vittra.se\/halmstad\/?s={search_term_string}"},"query-input":"required name=search_term_string"}],"inLanguage":"sv-SE"}]}},"_links":{"self":[{"href":"https:\/\/vittra.se\/halmstad\/wp-json\/wp\/v2\/pages\/28"}],"collection":[{"href":"https:\/\/vittra.se\/halmstad\/wp-json\/wp\/v2\/pages"}],"about":[{"href":"https:\/\/vittra.se\/halmstad\/wp-json\/wp\/v2\/types\/page"}],"author":[{"embeddable":true,"href":"https:\/\/vittra.se\/halmstad\/wp-json\/wp\/v2\/users\/1"}],"replies":[{"embeddable":true,"href":"https:\/\/vittra.se\/halmstad\/wp-json\/wp\/v2\/comments?post=28"}],"version-history":[{"count":9,"href":"https:\/\/vittra.se\/halmstad\/wp-json\/wp\/v2\/pages\/28\/revisions"}],"predecessor-version":[{"id":1628,"href":"https:\/\/vittra.se\/halmstad\/wp-json\/wp\/v2\/pages\/28\/revisions\/1628"}],"up":[{"embeddable":true,"href":"https:\/\/vittra.se\/halmstad\/wp-json\/wp\/v2\/pages\/20"}],"wp:attachment":[{"href":"https:\/\/vittra.se\/halmstad\/wp-json\/wp\/v2\/media?parent=28"}],"curies":[{"name":"wp","href":"https:\/\/api.w.org\/{rel}","templated":true}]}}