{"id":76,"date":"2020-10-02T13:10:37","date_gmt":"2020-10-02T11:10:37","guid":{"rendered":"https:\/\/vittra.se\/frosunda\/?page_id=76"},"modified":"2025-08-06T19:32:54","modified_gmt":"2025-08-06T17:32:54","slug":"koanmalan","status":"publish","type":"page","link":"https:\/\/vittra.se\/frosunda\/koanmalan\/","title":{"rendered":"K\u00f6anm\u00e4lan"},"content":{"rendered":"\n\t\n\t\n\t\n\n\t\n\t\n\t\t\n<section  class=\"c-block l-stacked  \" data-color-scheme=\"transparent\">\n\t<div class=\"ams-fifty ams-fifty--container ams-fifty--right ams-fifty--bottom l-container u-pt-fluid-3xl-6xl u-pb-fluid-3xl-6xl\">\n\t\t<div class=\"ams-fifty__content l-stack l-stack-xl is-left is-left@lg\">\n\t\t\t<div class=\"ams-fifty__text l-stack l-stack-lg\">\n\t\t\t\t\t\n\t<h1\n\tclass=\"c-heading u-font-title-1 \"\n\tstyle=\"\">\n\t\t\n\t\t\t\t\tSt\u00e4ll ditt barn i k\u00f6 till Vittra Fr\u00f6sunda\n\t\t\t\t\n\t<\/h1>\n\n\t\t\t\t\t\t\t\t\t<div class=\"text l-stack u-font-body\">\n\t\t\t\t\t\t<p>Kul att du \u00e4r intresserad av Vittra Fr\u00f6sunda! Din k\u00f6plats r\u00e4knas fr\u00e5n det datum vi tar emot din ans\u00f6kan, s\u00e5 b\u00f6rja samla k\u00f6dagar redan nu. K\u00f6anm\u00e4lan \u00e4r kostnadsfri och ej bindande.<\/p>\n<h2>G\u00f6r en k\u00f6anm\u00e4lan<\/h2>\n<p>Du st\u00e4ller ditt barn i k\u00f6 till f\u00f6rskolan via kommunens hemsida. K\u00f6anm\u00e4lan till grundskolan g\u00f6rs via Schoolsoft.<\/p>\n\n\t\t\t\t\t<\/div>\n\t\t\t\t\t\t\t<\/div>\n\n\t\t\t\t<div class=\"ams-fifty__action u-inline-items\">\n\t\t\t\t\t\t\t\n\n\n<a href=\"https:\/\/www.solna.se\/barn--utbildning\/forskola\/ansok-om-plats\"\n\t\n\tclass=\"c-btn \"\n\tdata-style=\"round\"\n\tdata-size=\"md\"\n\tdata-width=\"full-mobile\"\n\tdata-variant=\"default\"\n\ttarget=\"_self\">\n\t\t\t<span class=\"label\"> K\u00f6anm\u00e4lan f\u00f6rskolan<\/span>\n\t\t\t<\/a>\n\t\t\t\t\t\t\t\n\n\n<a href=\"https:\/\/sms.schoolsoft.se\/vittra\/react\/#\/login\/queue\"\n\t\n\tclass=\"c-btn \"\n\tdata-style=\"round\"\n\tdata-size=\"md\"\n\tdata-width=\"full-mobile\"\n\tdata-variant=\"default\"\n\ttarget=\"_self\">\n\t\t\t<span class=\"label\"> K\u00f6anm\u00e4lan grundskolan<\/span>\n\t\t\t<\/a>\n\t\t\t<\/div>\n\t\t<\/div>\n\n\t\t <div class=\"ams-fifty__media u-ratio-square\">\n\t\t \t\t\t\t\t<img decoding=\"async\" width=\"600\" height=\"400\" src=\"https:\/\/vittra.se\/wp-content\/uploads\/sites\/6\/2023\/09\/vittra2022-2027.jpg\" class=\"attachment-md size-md\" alt=\"Tv\u00e5 elever kramar ett tr\u00e4d\" sizes=\"(min-width: 64em) 600px, calc(100vw - 160px)\" srcset=\"https:\/\/vittra.se\/wp-content\/uploads\/sites\/6\/2023\/09\/vittra2022-2027.jpg 2540w, https:\/\/vittra.se\/wp-content\/uploads\/sites\/6\/2023\/09\/vittra2022-2027-300x200.jpg 300w, https:\/\/vittra.se\/wp-content\/uploads\/sites\/6\/2023\/09\/vittra2022-2027-1024x683.jpg 1024w, https:\/\/vittra.se\/wp-content\/uploads\/sites\/6\/2023\/09\/vittra2022-2027-768x512.jpg 768w, https:\/\/vittra.se\/wp-content\/uploads\/sites\/6\/2023\/09\/vittra2022-2027-1536x1024.jpg 1536w, https:\/\/vittra.se\/wp-content\/uploads\/sites\/6\/2023\/09\/vittra2022-2027-2048x1366.jpg 2048w, https:\/\/vittra.se\/wp-content\/uploads\/sites\/6\/2023\/09\/vittra2022-2027-1920x1281.jpg 1920w, https:\/\/vittra.se\/wp-content\/uploads\/sites\/6\/2023\/09\/vittra2022-2027-500x333.jpg 500w, https:\/\/vittra.se\/wp-content\/uploads\/sites\/6\/2023\/09\/vittra2022-2027-340x227.jpg 340w, https:\/\/vittra.se\/wp-content\/uploads\/sites\/6\/2023\/09\/vittra2022-2027-1100x734.jpg 1100w, https:\/\/vittra.se\/wp-content\/uploads\/sites\/6\/2023\/09\/vittra2022-2027-1000x667.jpg 1000w\" \/>\n\t\t\t\n\t\t\t\n\t\t\t\t\t<\/div>\n\t<\/div>\n\n\t\t\n\n<\/section>\n\n\n\n\t\n\t\n\t\n\n\t\n\t\n\t\t\n<section  class=\"c-block l-stacked  \" data-color-scheme=\"transparent\">\n\t<div class=\"ams-fifty ams-fifty--container ams-fifty--left ams-fifty--bottom l-container u-pt-fluid-3xl-6xl u-pb-fluid-3xl-6xl\">\n\t\t<div class=\"ams-fifty__content l-stack l-stack-xl is-left is-left@lg\">\n\t\t\t<div class=\"ams-fifty__text l-stack l-stack-lg\">\n\t\t\t\t\t\n\t<h2\n\tclass=\"c-heading u-font-title-1 \"\n\tstyle=\"\">\n\t\t\n\t\t\t\t\tHur g\u00e5r antagnings&shy;processen till?\n\t\t\t\t\n\t<\/h2>\n\n\t\t\t\t\t\t\t\t\t<div class=\"text l-stack u-font-body\">\n\t\t\t\t\t\t<p>F\u00f6r att s\u00e4kerst\u00e4lla att alla barn och elever behandlas lika har vi tagit fram riktlinjer f\u00f6r k\u00f6hanteringen och sj\u00e4lva antagningen till v\u00e5ra f\u00f6r- och grundskolor. Mer om urvalsgrunderna organisatoriskt samband, syskonf\u00f6rtur och anm\u00e4lningsdatum och om sj\u00e4lva antagningsprocessen kan du l\u00e4sa <a href=\"https:\/\/vittra.se\/frosunda\/antagning\/\">h\u00e4r<\/a>.<\/p>\n<h3>N\u00e4r skickas erbjudande om plats ut?<\/h3>\n<p>Vi skickar ut platserbjudande till kommande l\u00e4s\u00e5r l\u00f6pande med start i november utifr\u00e5n turordningen i k\u00f6n. Platserbjudande till f\u00f6rskolan b\u00f6rjar skickas ut under mars.<\/p>\n\n\t\t\t\t\t<\/div>\n\t\t\t\t\t\t\t<\/div>\n\n\t\t\t\t\t<\/div>\n\n\t\t <div class=\"ams-fifty__media u-ratio-square\">\n\t\t \t\t\t\t\t<img decoding=\"async\" width=\"600\" height=\"400\" src=\"https:\/\/vittra.se\/wp-content\/uploads\/sites\/6\/2023\/09\/vittrasamset2022-2027.jpg\" class=\"attachment-md size-md\" alt=\"Fyra barn sitter i skogen och kollar in i kameran\" sizes=\"(min-width: 64em) 600px, calc(100vw - 160px)\" srcset=\"https:\/\/vittra.se\/wp-content\/uploads\/sites\/6\/2023\/09\/vittrasamset2022-2027.jpg 1980w, https:\/\/vittra.se\/wp-content\/uploads\/sites\/6\/2023\/09\/vittrasamset2022-2027-300x200.jpg 300w, https:\/\/vittra.se\/wp-content\/uploads\/sites\/6\/2023\/09\/vittrasamset2022-2027-1024x683.jpg 1024w, https:\/\/vittra.se\/wp-content\/uploads\/sites\/6\/2023\/09\/vittrasamset2022-2027-768x512.jpg 768w, https:\/\/vittra.se\/wp-content\/uploads\/sites\/6\/2023\/09\/vittrasamset2022-2027-1536x1024.jpg 1536w, https:\/\/vittra.se\/wp-content\/uploads\/sites\/6\/2023\/09\/vittrasamset2022-2027-1920x1280.jpg 1920w, https:\/\/vittra.se\/wp-content\/uploads\/sites\/6\/2023\/09\/vittrasamset2022-2027-500x333.jpg 500w, https:\/\/vittra.se\/wp-content\/uploads\/sites\/6\/2023\/09\/vittrasamset2022-2027-340x227.jpg 340w, https:\/\/vittra.se\/wp-content\/uploads\/sites\/6\/2023\/09\/vittrasamset2022-2027-1100x733.jpg 1100w, https:\/\/vittra.se\/wp-content\/uploads\/sites\/6\/2023\/09\/vittrasamset2022-2027-1000x667.jpg 1000w\" \/>\n\t\t\t\n\t\t\t\n\t\t\t\t\t<\/div>\n\t<\/div>\n\n\t\t\n\n<\/section>\n","protected":false},"excerpt":{"rendered":"","protected":false},"author":1,"featured_media":0,"parent":0,"menu_order":0,"comment_status":"closed","ping_status":"closed","template":"","meta":{"footnotes":""},"yoast_head":"<!-- This site is optimized with the Yoast SEO plugin v22.0 - https:\/\/yoast.com\/wordpress\/plugins\/seo\/ -->\n<title>K\u00f6anm\u00e4lan - Vittra Fr\u00f6sunda<\/title>\n<meta name=\"description\" content=\"H\u00e4r kan du enkelt st\u00e4lla ditt barn i k\u00f6 till v\u00e5r skola. F\u00e5 ocks\u00e5 svar p\u00e5 alla dina fr\u00e5gor om ans\u00f6kningsprocessen.\" \/>\n<meta name=\"robots\" content=\"index, follow, max-snippet:-1, max-image-preview:large, max-video-preview:-1\" \/>\n<link rel=\"canonical\" href=\"https:\/\/vittra.se\/frosunda\/koanmalan\/\" \/>\n<meta property=\"og:locale\" content=\"sv_SE\" \/>\n<meta property=\"og:type\" content=\"article\" \/>\n<meta property=\"og:title\" content=\"K\u00f6anm\u00e4lan - Vittra Fr\u00f6sunda\" \/>\n<meta property=\"og:description\" content=\"H\u00e4r kan du enkelt st\u00e4lla ditt barn i k\u00f6 till v\u00e5r skola. F\u00e5 ocks\u00e5 svar p\u00e5 alla dina fr\u00e5gor om ans\u00f6kningsprocessen.\" \/>\n<meta property=\"og:url\" content=\"https:\/\/vittra.se\/frosunda\/koanmalan\/\" \/>\n<meta property=\"og:site_name\" content=\"Fr\u00f6sunda\" \/>\n<meta property=\"article:modified_time\" content=\"2025-08-06T17:32:54+00:00\" \/>\n<meta name=\"twitter:card\" content=\"summary_large_image\" \/>\n<meta name=\"twitter:title\" content=\"K\u00f6anm\u00e4lan - Vittra Fr\u00f6sunda\" \/>\n<meta name=\"twitter:description\" content=\"H\u00e4r kan du enkelt st\u00e4lla ditt barn i k\u00f6 till v\u00e5r skola. F\u00e5 ocks\u00e5 svar p\u00e5 alla dina fr\u00e5gor om ans\u00f6kningsprocessen.\" \/>\n<script type=\"application\/ld+json\" class=\"yoast-schema-graph\">{\"@context\":\"https:\/\/schema.org\",\"@graph\":[{\"@type\":\"WebPage\",\"@id\":\"https:\/\/vittra.se\/frosunda\/koanmalan\/\",\"url\":\"https:\/\/vittra.se\/frosunda\/koanmalan\/\",\"name\":\"K\u00f6anm\u00e4lan - Vittra Fr\u00f6sunda\",\"isPartOf\":{\"@id\":\"https:\/\/vittra.se\/frosunda\/#website\"},\"datePublished\":\"2020-10-02T11:10:37+00:00\",\"dateModified\":\"2025-08-06T17:32:54+00:00\",\"description\":\"H\u00e4r kan du enkelt st\u00e4lla ditt barn i k\u00f6 till v\u00e5r skola. F\u00e5 ocks\u00e5 svar p\u00e5 alla dina fr\u00e5gor om ans\u00f6kningsprocessen.\",\"breadcrumb\":{\"@id\":\"https:\/\/vittra.se\/frosunda\/koanmalan\/#breadcrumb\"},\"inLanguage\":\"sv-SE\",\"potentialAction\":[{\"@type\":\"ReadAction\",\"target\":[\"https:\/\/vittra.se\/frosunda\/koanmalan\/\"]}]},{\"@type\":\"BreadcrumbList\",\"@id\":\"https:\/\/vittra.se\/frosunda\/koanmalan\/#breadcrumb\",\"itemListElement\":[{\"@type\":\"ListItem\",\"position\":1,\"name\":\"Start\",\"item\":\"https:\/\/vittra.se\/frosunda\/\"},{\"@type\":\"ListItem\",\"position\":2,\"name\":\"K\u00f6anm\u00e4lan\"}]},{\"@type\":\"WebSite\",\"@id\":\"https:\/\/vittra.se\/frosunda\/#website\",\"url\":\"https:\/\/vittra.se\/frosunda\/\",\"name\":\"Fr\u00f6sunda\",\"description\":\"Kunskap att f\u00f6r\u00e4ndra. Mod att p\u00e5verka.\",\"potentialAction\":[{\"@type\":\"SearchAction\",\"target\":{\"@type\":\"EntryPoint\",\"urlTemplate\":\"https:\/\/vittra.se\/frosunda\/?s={search_term_string}\"},\"query-input\":\"required name=search_term_string\"}],\"inLanguage\":\"sv-SE\"}]}<\/script>\n<!-- \/ Yoast SEO plugin. -->","yoast_head_json":{"title":"K\u00f6anm\u00e4lan - Vittra Fr\u00f6sunda","description":"H\u00e4r kan du enkelt st\u00e4lla ditt barn i k\u00f6 till v\u00e5r skola. F\u00e5 ocks\u00e5 svar p\u00e5 alla dina fr\u00e5gor om ans\u00f6kningsprocessen.","robots":{"index":"index","follow":"follow","max-snippet":"max-snippet:-1","max-image-preview":"max-image-preview:large","max-video-preview":"max-video-preview:-1"},"canonical":"https:\/\/vittra.se\/frosunda\/koanmalan\/","og_locale":"sv_SE","og_type":"article","og_title":"K\u00f6anm\u00e4lan - Vittra Fr\u00f6sunda","og_description":"H\u00e4r kan du enkelt st\u00e4lla ditt barn i k\u00f6 till v\u00e5r skola. F\u00e5 ocks\u00e5 svar p\u00e5 alla dina fr\u00e5gor om ans\u00f6kningsprocessen.","og_url":"https:\/\/vittra.se\/frosunda\/koanmalan\/","og_site_name":"Fr\u00f6sunda","article_modified_time":"2025-08-06T17:32:54+00:00","twitter_card":"summary_large_image","twitter_title":"K\u00f6anm\u00e4lan - Vittra Fr\u00f6sunda","twitter_description":"H\u00e4r kan du enkelt st\u00e4lla ditt barn i k\u00f6 till v\u00e5r skola. F\u00e5 ocks\u00e5 svar p\u00e5 alla dina fr\u00e5gor om ans\u00f6kningsprocessen.","schema":{"@context":"https:\/\/schema.org","@graph":[{"@type":"WebPage","@id":"https:\/\/vittra.se\/frosunda\/koanmalan\/","url":"https:\/\/vittra.se\/frosunda\/koanmalan\/","name":"K\u00f6anm\u00e4lan - Vittra Fr\u00f6sunda","isPartOf":{"@id":"https:\/\/vittra.se\/frosunda\/#website"},"datePublished":"2020-10-02T11:10:37+00:00","dateModified":"2025-08-06T17:32:54+00:00","description":"H\u00e4r kan du enkelt st\u00e4lla ditt barn i k\u00f6 till v\u00e5r skola. F\u00e5 ocks\u00e5 svar p\u00e5 alla dina fr\u00e5gor om ans\u00f6kningsprocessen.","breadcrumb":{"@id":"https:\/\/vittra.se\/frosunda\/koanmalan\/#breadcrumb"},"inLanguage":"sv-SE","potentialAction":[{"@type":"ReadAction","target":["https:\/\/vittra.se\/frosunda\/koanmalan\/"]}]},{"@type":"BreadcrumbList","@id":"https:\/\/vittra.se\/frosunda\/koanmalan\/#breadcrumb","itemListElement":[{"@type":"ListItem","position":1,"name":"Start","item":"https:\/\/vittra.se\/frosunda\/"},{"@type":"ListItem","position":2,"name":"K\u00f6anm\u00e4lan"}]},{"@type":"WebSite","@id":"https:\/\/vittra.se\/frosunda\/#website","url":"https:\/\/vittra.se\/frosunda\/","name":"Fr\u00f6sunda","description":"Kunskap att f\u00f6r\u00e4ndra. Mod att p\u00e5verka.","potentialAction":[{"@type":"SearchAction","target":{"@type":"EntryPoint","urlTemplate":"https:\/\/vittra.se\/frosunda\/?s={search_term_string}"},"query-input":"required name=search_term_string"}],"inLanguage":"sv-SE"}]}},"_links":{"self":[{"href":"https:\/\/vittra.se\/frosunda\/wp-json\/wp\/v2\/pages\/76"}],"collection":[{"href":"https:\/\/vittra.se\/frosunda\/wp-json\/wp\/v2\/pages"}],"about":[{"href":"https:\/\/vittra.se\/frosunda\/wp-json\/wp\/v2\/types\/page"}],"author":[{"embeddable":true,"href":"https:\/\/vittra.se\/frosunda\/wp-json\/wp\/v2\/users\/1"}],"replies":[{"embeddable":true,"href":"https:\/\/vittra.se\/frosunda\/wp-json\/wp\/v2\/comments?post=76"}],"version-history":[{"count":10,"href":"https:\/\/vittra.se\/frosunda\/wp-json\/wp\/v2\/pages\/76\/revisions"}],"predecessor-version":[{"id":1344,"href":"https:\/\/vittra.se\/frosunda\/wp-json\/wp\/v2\/pages\/76\/revisions\/1344"}],"wp:attachment":[{"href":"https:\/\/vittra.se\/frosunda\/wp-json\/wp\/v2\/media?parent=76"}],"curies":[{"name":"wp","href":"https:\/\/api.w.org\/{rel}","templated":true}]}}