{"id":25,"date":"2020-09-01T22:07:07","date_gmt":"2020-09-01T20:07:07","guid":{"rendered":"https:\/\/vittra.se\/kopieringsunderlag\/?page_id=25"},"modified":"2026-03-06T12:40:43","modified_gmt":"2026-03-06T11:40:43","slug":"grundskola","status":"publish","type":"page","link":"https:\/\/vittra.se\/forsglantan\/om\/grundskola\/","title":{"rendered":"Grundskola"},"content":{"rendered":"\n\t\n\t\n\t\n\n\t\n\t\n\t\t\n<section  class=\"c-block l-stacked  \" data-color-scheme=\"\">\n\t<div class=\"ams-fifty ams-fifty--container ams-fifty--right ams-fifty--bottom l-container u-pt-fluid-2xl-4xl u-pb-fluid-md-xl\">\n\t\t<div class=\"ams-fifty__content l-stack l-stack-xl is-left is-left@lg\">\n\t\t\t<div class=\"ams-fifty__text l-stack l-stack-lg\">\n\t\t\t\t\t\n\t<h2\n\tclass=\"c-heading u-font-title-1 \"\n\tstyle=\"\">\n\t\t\n\t\t\t\t\t\t\t\t\tVittra Forsgl\u00e4ntan, en grundskola i Kungsbacka\n\t\t\t\t<span class=\"c-heading__sub is-below u-font-title-3\">\n\t\t\t\t\tF\u00f6rskoleklass till \u00e5rskurs 9\n\t\t\t\t<\/span>\n\t\t\t\t\t\t\t\n\t<\/h2>\n\n\t\t\t\t\t\t\t\t\t<div class=\"text l-stack u-font-body\">\n\t\t\t\t\t\t<p class=\"p1\">P\u00e5 Vittra Forsgl\u00e4ntans grundskola i Kungsbacka g\u00e5r elever fr\u00e5n f\u00f6rskoleklass upp till \u00e5rskurs 9. Vi delar in v\u00e5ra \u00e5rskurser i miniorer som motsvarar l\u00e5gstadiet, juniorer som motsvarar mellanstadiet och seniorer som motsvarar h\u00f6gstadiet.<\/p>\n<p class=\"p1\">Hos oss st\u00e5r det medvetna l\u00e4randet i fokus \u2013 att eleverna f\u00f6rst blir medvetna om sig sj\u00e4lva och sin utveckling, f\u00f6r att d\u00e4refter l\u00e4ra sig om samh\u00e4llet och hur de kan p\u00e5verka det. H\u00e4r kan du l\u00e4sa mer om vad det inneb\u00e4r.<\/p>\n\n\t\t\t\t\t<\/div>\n\t\t\t\t\t\t\t<\/div>\n\n\t\t\t\t\t<\/div>\n\n\t\t <div class=\"ams-fifty__media u-ratio-landscape\">\n\t\t \t\t\t\t\t<img decoding=\"async\" width=\"600\" height=\"400\" src=\"https:\/\/vittra.se\/wp-content\/uploads\/sites\/5\/2026\/03\/vittraadolfsberg202404ak64-600x400.jpg\" class=\"attachment-md size-md\" alt=\"Elever som sitter framf\u00f6r datorer.\" sizes=\"(min-width: 64em) 600px, calc(100vw - 160px)\" srcset=\"https:\/\/vittra.se\/wp-content\/uploads\/sites\/5\/2026\/03\/vittraadolfsberg202404ak64-600x400.jpg 600w, https:\/\/vittra.se\/wp-content\/uploads\/sites\/5\/2026\/03\/vittraadolfsberg202404ak64-300x200.jpg 300w, https:\/\/vittra.se\/wp-content\/uploads\/sites\/5\/2026\/03\/vittraadolfsberg202404ak64-400x267.jpg 400w, https:\/\/vittra.se\/wp-content\/uploads\/sites\/5\/2026\/03\/vittraadolfsberg202404ak64-800x533.jpg 800w, https:\/\/vittra.se\/wp-content\/uploads\/sites\/5\/2026\/03\/vittraadolfsberg202404ak64-1024x682.jpg 1024w, https:\/\/vittra.se\/wp-content\/uploads\/sites\/5\/2026\/03\/vittraadolfsberg202404ak64-1200x800.jpg 1200w, https:\/\/vittra.se\/wp-content\/uploads\/sites\/5\/2026\/03\/vittraadolfsberg202404ak64.jpg 2000w\" \/>\n\t\t\t\n\t\t\t\n\t\t\t\t\t<\/div>\n\t<\/div>\n\n\t\t\n\n<\/section>\n\n\n\n\t\n\t\n\t\n\n\t\n\t\n\t\t\n<section  class=\"c-block l-stacked  \" data-color-scheme=\"primar2\">\n\t<div class=\"ams-fifty ams-fifty--container ams-fifty--right ams-fifty--bottom l-container u-pt-fluid-md-xl u-pb-fluid-md-xl\">\n\t\t<div class=\"ams-fifty__content l-stack l-stack-xl is-left is-left@lg\">\n\t\t\t<div class=\"ams-fifty__text l-stack l-stack-lg\">\n\t\t\t\t\t\n\t<h1\n\tclass=\"c-heading u-font-title-1 \"\n\tstyle=\"\">\n\t\t\n\t\t\t\t\t\t\t\t\tEn vanlig dag \n\t\t\t\t<span class=\"c-heading__sub is-below u-font-title-3\">\n\t\t\t\t\tP\u00e5 v\u00e5rt l\u00e5g-och mellanstadium\n\t\t\t\t<\/span>\n\t\t\t\t\t\t\t\n\t<\/h1>\n\n\t\t\t\t\t\t\t\t\t<div class=\"text l-stack u-font-body\">\n\t\t\t\t\t\t<p><!-- wp:paragraph --><\/p>\n<p><strong>Morgonsamlingen inleder dagen<\/strong><br \/>\nEn vanlig dag hos oss p\u00e5 Minior (F-3) och Junior (4-6) b\u00f6rjar alltid med morgonsamling i v\u00e5ra ansvarsgrupper. Under den stunden m\u00f6ter eleven sin grupp och ansvarspedagog f\u00f6r att starta dagen tillsammans. Alla elever har alltid en fast plats i klassrummet f\u00f6r att k\u00e4nna trygghet och studiero. Under morgonsamlingen g\u00e5r vi igenom dagen med bildst\u00f6d som anv\u00e4nds p\u00e5 gruppniv\u00e5. Eleverna anv\u00e4nder ocks\u00e5 sin Vittrabok f\u00f6r att f\u00e5 \u00f6versikt \u00f6ver dagen\/veckan.<\/p>\n<p><!-- \/wp:paragraph --> <!-- wp:paragraph --><\/p>\n<p><strong>Arbetspassen ger struktur till dagen<\/strong><br \/>\nUnder resten av dagen har eleven olika arbetspass som alla har en tydlig struktur och uppl\u00e4gg f\u00f6r att st\u00e4rka tryggheten och ge b\u00e4st f\u00f6ruts\u00e4ttningar f\u00f6r inl\u00e4rning. Vi prioriterar trygghet, respekt och omtanke. Det g\u00f6r att eleverna \u2013 stora som sm\u00e5 \u2013 v\u00e5gar ta plats och uttrycka sina \u00e5sikter.<\/p>\n<p><!-- \/wp:paragraph --> <!-- wp:paragraph --><\/p>\n<p><strong>Tid f\u00f6r b\u00e5de mat och \u00e5terh\u00e4mtning\u00a0<\/strong><br \/>\nDen goda lunchen \u00e4ts i v\u00e5r matsal och tillagas i v\u00e5rt k\u00f6k. F\u00f6rutom den varma maten erbjuds alltid en v\u00e4lfylld och tilltalande salladsbuff\u00e9 f\u00f6r elever och personal. Under rasterna och fritidstid har eleverna tillg\u00e5ng till en stor skolg\u00e5rd som erbjuder allt fr\u00e5n konstgr\u00e4splan, multiplan, gungor, basketplan, Tjing pling-bord, snurrleksaker och en inbjudande skog som utg\u00f6r en del av skolg\u00e5rden.<\/p>\n<p><!-- \/wp:paragraph --> <!-- wp:paragraph --><\/p>\n<p><strong>M\u00f6tet mellan \u00e4ldre och yngre elever uppskattas<\/strong><br \/>\nN\u00e4r vi fr\u00e5gar eleverna svarar de att det b\u00e4sta \u00e4r att m\u00f6ta alla kompisar och pedagoger. De uppskattar ocks\u00e5 n\u00e4r vi arbetar \u00e5ldersblandat under Kulturdagar d\u00e4r \u00e4ldre och yngre elever m\u00f6ts och g\u00f6r aktiviteter tillsammans f\u00f6r att st\u00e4rka kulturen och v\u00e4rdegrunden p\u00e5 skolan. Det \u00e4r n\u00e5got vi g\u00f6r \u00e4ven under vanliga arbetspass som t.ex. n\u00e4r \u00e4ldre elever bes\u00f6ker de yngre under ett matematikpass f\u00f6r att f\u00f6rklara och hj\u00e4lpa dem att rita och bygga kuber. V\u00e5ra elever uppskattar de stunderna extra mycket.<\/p>\n\n\t\t\t\t\t<\/div>\n\t\t\t\t\t\t\t<\/div>\n\n\t\t\t\t\t<\/div>\n\n\t\t <div class=\"ams-fifty__media u-ratio-square\">\n\t\t \t\t\t\t\t<img decoding=\"async\" width=\"600\" height=\"400\" src=\"https:\/\/vittra.se\/wp-content\/uploads\/sites\/5\/2026\/03\/vittraadolfsberg202404fsk35-600x400.jpg\" class=\"attachment-md size-md\" alt=\"Elever som skriver i sina b\u00f6cker.\" sizes=\"(min-width: 64em) 600px, calc(100vw - 160px)\" srcset=\"https:\/\/vittra.se\/wp-content\/uploads\/sites\/5\/2026\/03\/vittraadolfsberg202404fsk35-600x400.jpg 600w, https:\/\/vittra.se\/wp-content\/uploads\/sites\/5\/2026\/03\/vittraadolfsberg202404fsk35-300x200.jpg 300w, https:\/\/vittra.se\/wp-content\/uploads\/sites\/5\/2026\/03\/vittraadolfsberg202404fsk35-400x267.jpg 400w, https:\/\/vittra.se\/wp-content\/uploads\/sites\/5\/2026\/03\/vittraadolfsberg202404fsk35-800x533.jpg 800w, https:\/\/vittra.se\/wp-content\/uploads\/sites\/5\/2026\/03\/vittraadolfsberg202404fsk35-1024x682.jpg 1024w, https:\/\/vittra.se\/wp-content\/uploads\/sites\/5\/2026\/03\/vittraadolfsberg202404fsk35-1200x800.jpg 1200w, https:\/\/vittra.se\/wp-content\/uploads\/sites\/5\/2026\/03\/vittraadolfsberg202404fsk35.jpg 2000w\" \/>\n\t\t\t\n\t\t\t\n\t\t\t\t\t<\/div>\n\t<\/div>\n\n\t\t\n\n<\/section>\n\n\n\n\t\n\t\n\t\n\n\t\n\t\n\t\t\n<section  class=\"c-block l-stacked  \" data-color-scheme=\"primar2\">\n\t<div class=\"ams-fifty ams-fifty--container ams-fifty--left ams-fifty--top l-container u-pt-fluid-md-xl u-pb-fluid-md-xl\">\n\t\t<div class=\"ams-fifty__content l-stack l-stack-xl is-left is-left@lg\">\n\t\t\t<div class=\"ams-fifty__text l-stack l-stack-lg\">\n\t\t\t\t\t\n\t<h1\n\tclass=\"c-heading u-font-title-1 \"\n\tstyle=\"\">\n\t\t\n\t\t\t\t\t\t\t\t\tEn vanlig dag \n\t\t\t\t<span class=\"c-heading__sub is-below u-font-title-3\">\n\t\t\t\t\tP\u00e5 v\u00e5rt h\u00f6gstadium\n\t\t\t\t<\/span>\n\t\t\t\t\t\t\t\n\t<\/h1>\n\n\t\t\t\t\t\t\t\t\t<div class=\"text l-stack u-font-body\">\n\t\t\t\t\t\t<p><!-- wp:paragraph --><\/p>\n<p><strong>Dagen startar med v\u00e4rde<\/strong><br \/>\nEn vanlig dag p\u00e5 Senior (h\u00f6gstadiet) hos oss inleds med morgonsamling d\u00e4r ansvarspedagogen m\u00f6ter sin ansvarsgrupp f\u00f6r att starta dagen tillsammans. D\u00e5 samlas mobiltelefonerna in och eleverna anv\u00e4nder sin Vittrabok f\u00f6r att planera veckan som kommer. Vi diskuterar ocks\u00e5 aktuella nyheter i v\u00e4rlden och g\u00f6r v\u00e4rdeskapande aktiviteter under den stunden.<\/p>\n<p><!-- \/wp:paragraph --> <!-- wp:paragraph --><\/p>\n<p><strong>L\u00e4rande varvas med \u00e5terh\u00e4mtning<\/strong><br \/>\nEleverna har sedan tre lektioner fram till lunch med en f\u00f6rmiddagsrast i mitten. Den goda lunchen \u00e4ts i matsalen och sedan har eleverna m\u00f6jlighet att ha rast inomhus och spela pingis, spel eller bara umg\u00e5s med varandra. Utomhus har eleverna tillg\u00e5ng till fotbollsplan under rasten vilket de ofta anv\u00e4nder sig av.<\/p>\n<p><!-- \/wp:paragraph --> <!-- wp:paragraph --><\/p>\n<p><strong>Undervisningen pr\u00e4glas av samh\u00e4llsengagemang<\/strong><br \/>\nEfter lunch v\u00e4ntar ytterligare tv\u00e5 lektioner innan dagen avslutas. Vi l\u00e4gger alltid schema s\u00e5 att eleverna inte har h\u00e5ltimmar under dagen och vi arbetar generellt med samh\u00e4llsengagerad undervisning.<\/p>\n<p><!-- \/wp:paragraph --> <!-- wp:paragraph --><\/p>\n<p><strong>Gemenskap och mentorstid g\u00f6r skillnad<\/strong><br \/>\nH\u00f6jdpunkten under dagen f\u00f6r v\u00e5ra elever p\u00e5 Senior \u00e4r framf\u00f6r allt att tr\u00e4ffa och umg\u00e5s med sina kompisar. M\u00e5nga elever uppskattar ocks\u00e5 att prata med sina pedagoger och m\u00f6tet med dem \u00e4r ocks\u00e5 v\u00e4rdefullt. Eleverna lyfter fram hemkunskapen som en uppskattad lektion och mentorstiden som de har tillsammans med sin ansvarspedagog.<\/p>\n\n\t\t\t\t\t<\/div>\n\t\t\t\t\t\t\t<\/div>\n\n\t\t\t\t\t<\/div>\n\n\t\t <div class=\"ams-fifty__media u-ratio-square\">\n\t\t \t\t\t\t\t<img decoding=\"async\" width=\"600\" height=\"400\" src=\"https:\/\/vittra.se\/wp-content\/uploads\/sites\/5\/2026\/03\/vittraadolfsberg202404ak622-600x400.jpg\" class=\"attachment-md size-md\" alt=\"Elev som skriver.\" sizes=\"(min-width: 64em) 600px, calc(100vw - 160px)\" srcset=\"https:\/\/vittra.se\/wp-content\/uploads\/sites\/5\/2026\/03\/vittraadolfsberg202404ak622-600x400.jpg 600w, https:\/\/vittra.se\/wp-content\/uploads\/sites\/5\/2026\/03\/vittraadolfsberg202404ak622-300x200.jpg 300w, https:\/\/vittra.se\/wp-content\/uploads\/sites\/5\/2026\/03\/vittraadolfsberg202404ak622-400x267.jpg 400w, https:\/\/vittra.se\/wp-content\/uploads\/sites\/5\/2026\/03\/vittraadolfsberg202404ak622-800x533.jpg 800w, https:\/\/vittra.se\/wp-content\/uploads\/sites\/5\/2026\/03\/vittraadolfsberg202404ak622-1024x682.jpg 1024w, https:\/\/vittra.se\/wp-content\/uploads\/sites\/5\/2026\/03\/vittraadolfsberg202404ak622-1200x800.jpg 1200w, https:\/\/vittra.se\/wp-content\/uploads\/sites\/5\/2026\/03\/vittraadolfsberg202404ak622.jpg 2000w\" \/>\n\t\t\t\n\t\t\t\n\t\t\t\t\t<\/div>\n\t<\/div>\n\n\t\t\n\n<\/section>\n\n\n\n\n<section  class=\"ams-cta ams-cta--stacked c-block l-stacked\">\n\t<div class=\"l-container l-stack l-stack-fluid-2xl u-pt-fluid-3xl-6xl u-pb-fluid-3xl-6xl is-center is-center@md\">\n\t\t\t\t\t<div class=\"ams-cta__intro l-stack l-stack-lg\">\n\t\t\t\t\t\n\t<h2\n\tclass=\"c-heading u-font-title-1 \"\n\tstyle=\"\">\n\t\t\n\t\t\t\t\tVill du l\u00e4sa mer om hur vi jobbar?\n\t\t\t\t\n\t<\/h2>\n\n\t\t\t\t\t\t\t<\/div>\n\t\t\n\t\t\n\t\t\t<div class=\"ams-cta__action u-inline-items\">\n\t\t\t\t\t\t\t\n\n\n<a href=\"https:\/\/vittra.se\/forsglantan\/om-oss\/\"\n\t\n\tclass=\"c-btn \"\n\tdata-style=\"round\"\n\tdata-size=\"md\"\n\tdata-width=\"full-mobile\"\n\tdata-variant=\"default\"\n\ttarget=\"_self\">\n\t\t\t<span class=\"label\"> Om skolan och v\u00e5r pedagogik<\/span>\n\t\t\t<\/a>\n\t\t\t<\/div>\n\t<\/div>\n\n\t\t\n\n<\/section>\n","protected":false},"excerpt":{"rendered":"","protected":false},"author":1,"featured_media":0,"parent":20,"menu_order":0,"comment_status":"closed","ping_status":"closed","template":"","meta":{"footnotes":""},"yoast_head":"<!-- This site is optimized with the Yoast SEO plugin v22.0 - https:\/\/yoast.com\/wordpress\/plugins\/seo\/ -->\n<title>Vittra Forsgl\u00e4ntan | Grundskola i Kungsbacka<\/title>\n<meta name=\"description\" content=\"Vittra Forsgl\u00e4ntan \u00e4r en grundskola i Kungsbacka. Vi har akademisk standard med struktur och medvetet l\u00e4rande som st\u00e4rker elevens personliga utveckling.\" \/>\n<meta name=\"robots\" content=\"index, follow, max-snippet:-1, max-image-preview:large, max-video-preview:-1\" \/>\n<link rel=\"canonical\" href=\"https:\/\/vittra.se\/forsglantan\/om\/grundskola\/\" \/>\n<meta property=\"og:locale\" content=\"sv_SE\" \/>\n<meta property=\"og:type\" content=\"article\" \/>\n<meta property=\"og:title\" content=\"Vittra Forsgl\u00e4ntan | Grundskola i Kungsbacka\" \/>\n<meta property=\"og:description\" content=\"Vittra Forsgl\u00e4ntan \u00e4r en grundskola i Kungsbacka. Vi har akademisk standard med struktur och medvetet l\u00e4rande som st\u00e4rker elevens personliga utveckling.\" \/>\n<meta property=\"og:url\" content=\"https:\/\/vittra.se\/forsglantan\/om\/grundskola\/\" \/>\n<meta property=\"og:site_name\" content=\"Forsgl\u00e4ntan\" \/>\n<meta property=\"article:modified_time\" content=\"2026-03-06T11:40:43+00:00\" \/>\n<meta name=\"twitter:card\" content=\"summary_large_image\" \/>\n<meta name=\"twitter:title\" content=\"Vittra Forsgl\u00e4ntan | Grundskola i Kungsbacka\" \/>\n<meta name=\"twitter:description\" content=\"Vittra Forsgl\u00e4ntan \u00e4r en grundskola i Kungsbacka. Vi har akademisk standard med struktur och medvetet l\u00e4rande som st\u00e4rker elevens personliga utveckling.\" \/>\n<script type=\"application\/ld+json\" class=\"yoast-schema-graph\">{\"@context\":\"https:\/\/schema.org\",\"@graph\":[{\"@type\":\"WebPage\",\"@id\":\"https:\/\/vittra.se\/forsglantan\/om\/grundskola\/\",\"url\":\"https:\/\/vittra.se\/forsglantan\/om\/grundskola\/\",\"name\":\"Vittra Forsgl\u00e4ntan | Grundskola i Kungsbacka\",\"isPartOf\":{\"@id\":\"https:\/\/vittra.se\/forsglantan\/#website\"},\"datePublished\":\"2020-09-01T20:07:07+00:00\",\"dateModified\":\"2026-03-06T11:40:43+00:00\",\"description\":\"Vittra Forsgl\u00e4ntan \u00e4r en grundskola i Kungsbacka. Vi har akademisk standard med struktur och medvetet l\u00e4rande som st\u00e4rker elevens personliga utveckling.\",\"breadcrumb\":{\"@id\":\"https:\/\/vittra.se\/forsglantan\/om\/grundskola\/#breadcrumb\"},\"inLanguage\":\"sv-SE\",\"potentialAction\":[{\"@type\":\"ReadAction\",\"target\":[\"https:\/\/vittra.se\/forsglantan\/om\/grundskola\/\"]}]},{\"@type\":\"BreadcrumbList\",\"@id\":\"https:\/\/vittra.se\/forsglantan\/om\/grundskola\/#breadcrumb\",\"itemListElement\":[{\"@type\":\"ListItem\",\"position\":1,\"name\":\"Start\",\"item\":\"https:\/\/vittra.se\/forsglantan\/\"},{\"@type\":\"ListItem\",\"position\":2,\"name\":\"Om skolan\",\"item\":\"https:\/\/vittra.se\/forsglantan\/om\/\"},{\"@type\":\"ListItem\",\"position\":3,\"name\":\"Grundskola\"}]},{\"@type\":\"WebSite\",\"@id\":\"https:\/\/vittra.se\/forsglantan\/#website\",\"url\":\"https:\/\/vittra.se\/forsglantan\/\",\"name\":\"Forsgl\u00e4ntan\",\"description\":\"Kunskap att f\u00f6r\u00e4ndra. Mod att p\u00e5verka.\",\"potentialAction\":[{\"@type\":\"SearchAction\",\"target\":{\"@type\":\"EntryPoint\",\"urlTemplate\":\"https:\/\/vittra.se\/forsglantan\/?s={search_term_string}\"},\"query-input\":\"required name=search_term_string\"}],\"inLanguage\":\"sv-SE\"}]}<\/script>\n<!-- \/ Yoast SEO plugin. -->","yoast_head_json":{"title":"Vittra Forsgl\u00e4ntan | Grundskola i Kungsbacka","description":"Vittra Forsgl\u00e4ntan \u00e4r en grundskola i Kungsbacka. Vi har akademisk standard med struktur och medvetet l\u00e4rande som st\u00e4rker elevens personliga utveckling.","robots":{"index":"index","follow":"follow","max-snippet":"max-snippet:-1","max-image-preview":"max-image-preview:large","max-video-preview":"max-video-preview:-1"},"canonical":"https:\/\/vittra.se\/forsglantan\/om\/grundskola\/","og_locale":"sv_SE","og_type":"article","og_title":"Vittra Forsgl\u00e4ntan | Grundskola i Kungsbacka","og_description":"Vittra Forsgl\u00e4ntan \u00e4r en grundskola i Kungsbacka. Vi har akademisk standard med struktur och medvetet l\u00e4rande som st\u00e4rker elevens personliga utveckling.","og_url":"https:\/\/vittra.se\/forsglantan\/om\/grundskola\/","og_site_name":"Forsgl\u00e4ntan","article_modified_time":"2026-03-06T11:40:43+00:00","twitter_card":"summary_large_image","twitter_title":"Vittra Forsgl\u00e4ntan | Grundskola i Kungsbacka","twitter_description":"Vittra Forsgl\u00e4ntan \u00e4r en grundskola i Kungsbacka. Vi har akademisk standard med struktur och medvetet l\u00e4rande som st\u00e4rker elevens personliga utveckling.","schema":{"@context":"https:\/\/schema.org","@graph":[{"@type":"WebPage","@id":"https:\/\/vittra.se\/forsglantan\/om\/grundskola\/","url":"https:\/\/vittra.se\/forsglantan\/om\/grundskola\/","name":"Vittra Forsgl\u00e4ntan | Grundskola i Kungsbacka","isPartOf":{"@id":"https:\/\/vittra.se\/forsglantan\/#website"},"datePublished":"2020-09-01T20:07:07+00:00","dateModified":"2026-03-06T11:40:43+00:00","description":"Vittra Forsgl\u00e4ntan \u00e4r en grundskola i Kungsbacka. Vi har akademisk standard med struktur och medvetet l\u00e4rande som st\u00e4rker elevens personliga utveckling.","breadcrumb":{"@id":"https:\/\/vittra.se\/forsglantan\/om\/grundskola\/#breadcrumb"},"inLanguage":"sv-SE","potentialAction":[{"@type":"ReadAction","target":["https:\/\/vittra.se\/forsglantan\/om\/grundskola\/"]}]},{"@type":"BreadcrumbList","@id":"https:\/\/vittra.se\/forsglantan\/om\/grundskola\/#breadcrumb","itemListElement":[{"@type":"ListItem","position":1,"name":"Start","item":"https:\/\/vittra.se\/forsglantan\/"},{"@type":"ListItem","position":2,"name":"Om skolan","item":"https:\/\/vittra.se\/forsglantan\/om\/"},{"@type":"ListItem","position":3,"name":"Grundskola"}]},{"@type":"WebSite","@id":"https:\/\/vittra.se\/forsglantan\/#website","url":"https:\/\/vittra.se\/forsglantan\/","name":"Forsgl\u00e4ntan","description":"Kunskap att f\u00f6r\u00e4ndra. Mod att p\u00e5verka.","potentialAction":[{"@type":"SearchAction","target":{"@type":"EntryPoint","urlTemplate":"https:\/\/vittra.se\/forsglantan\/?s={search_term_string}"},"query-input":"required name=search_term_string"}],"inLanguage":"sv-SE"}]}},"_links":{"self":[{"href":"https:\/\/vittra.se\/forsglantan\/wp-json\/wp\/v2\/pages\/25"}],"collection":[{"href":"https:\/\/vittra.se\/forsglantan\/wp-json\/wp\/v2\/pages"}],"about":[{"href":"https:\/\/vittra.se\/forsglantan\/wp-json\/wp\/v2\/types\/page"}],"author":[{"embeddable":true,"href":"https:\/\/vittra.se\/forsglantan\/wp-json\/wp\/v2\/users\/1"}],"replies":[{"embeddable":true,"href":"https:\/\/vittra.se\/forsglantan\/wp-json\/wp\/v2\/comments?post=25"}],"version-history":[{"count":10,"href":"https:\/\/vittra.se\/forsglantan\/wp-json\/wp\/v2\/pages\/25\/revisions"}],"predecessor-version":[{"id":1743,"href":"https:\/\/vittra.se\/forsglantan\/wp-json\/wp\/v2\/pages\/25\/revisions\/1743"}],"up":[{"embeddable":true,"href":"https:\/\/vittra.se\/forsglantan\/wp-json\/wp\/v2\/pages\/20"}],"wp:attachment":[{"href":"https:\/\/vittra.se\/forsglantan\/wp-json\/wp\/v2\/media?parent=25"}],"curies":[{"name":"wp","href":"https:\/\/api.w.org\/{rel}","templated":true}]}}