{"id":6,"date":"2020-09-01T19:19:48","date_gmt":"2020-09-01T19:19:48","guid":{"rendered":"https:\/\/vittra.se\/distans\/?page_id=6"},"modified":"2026-04-28T11:27:01","modified_gmt":"2026-04-28T09:27:01","slug":"startsida","status":"publish","type":"page","link":"https:\/\/vittra.se\/distans\/","title":{"rendered":"Startsida"},"content":{"rendered":"\n\t\n\t\n\t\n\t\n\t\n\t\n\t\n<section  class=\"ams-hero ams-hero--fifty ams-hero--default ams-hero--full c-block l-stacked  \" data-color-scheme=\"primar2\">\n\t<div class=\"ams-hero__container media-right media-top\">\n\t\t<div class=\"ams-hero__content l-stack l-stack-xl is-left is-left@lg u-pt-fluid-2xl-4xl u-pb-fluid-2xl-4xl\">\n\t\t\t<div class=\"l-stack l-stack-lg\">\n\t\t\t\t\t\n\t<h1\n\tclass=\"c-heading u-font-large \"\n\tstyle=\"\">\n\t\t\n\t\t\t\t\t\t\t\t\tVittra Distans\n\t\t\t\t<span class=\"c-heading__sub is-below u-font-title-2\">\n\t\t\t\t\tDistansundervisning som s\u00e4rskilt st\u00f6d\n\t\t\t\t<\/span>\n\t\t\t\t\t\t\t\n\t<\/h1>\n\n\t\t\t\t\t\t\t\t\t<div class=\"text l-stack u-font-body\">\n\t\t\t\t\t\t<p><span style=\"font-weight: 400;\">Distansundervisning vid Vittra Distans \u00e4r en st\u00f6dinsats f\u00f6r elever i \u00e5rskurs 7-9 som, p\u00e5 grund av dokumenterad medicinsk, psykisk eller social problematik, inte kan delta i den ordinarie undervisningen. Syftet \u00e4r att s\u00e4kerst\u00e4lla varje elevs r\u00e4tt till utbildning och skapa f\u00f6ruts\u00e4ttningar f\u00f6r fortsatt kunskapsutveckling.<\/span><\/p>\n\n\t\t\t\t\t<\/div>\n\t\t\t\t\t\t\t<\/div>\n\n\t\t\t\t<div class=\"ams-hero__action u-inline-items\">\n\t\t\t\t\t\t\t\n\n\n<a href=\"https:\/\/journal.prorenata.se\/contactform\/academedia-gr\/ansokan-vittra-distans\/\"\n\t\n\tclass=\"c-btn \"\n\tdata-style=\"round\"\n\tdata-size=\"md\"\n\tdata-width=\"full-mobile\"\n\tdata-variant=\"default\"\n\ttarget=\"_self\">\n\t\t\t<span class=\"label\"> Ans\u00f6kan f\u00f6r dig som jobbar i skola<\/span>\n\t\t\t<\/a>\n\t\t\t<\/div>\n\t\t<\/div>\n\t\t<div class=\"ams-hero__media\">\n\n\t\t\t\t\t\t\t\t\t\t\t\t<img decoding=\"async\" width=\"1000\" height=\"667\" src=\"https:\/\/vittra.se\/wp-content\/uploads\/sites\/31\/2026\/03\/vittrasamset202506ak521.jpg\" class=\"attachment-xxl size-xxl\" alt=\"\" sizes=\"(min-width: 64em) 50vw, 100vw\" srcset=\"https:\/\/vittra.se\/wp-content\/uploads\/sites\/31\/2026\/03\/vittrasamset202506ak521.jpg 1000w, https:\/\/vittra.se\/wp-content\/uploads\/sites\/31\/2026\/03\/vittrasamset202506ak521-300x200.jpg 300w, https:\/\/vittra.se\/wp-content\/uploads\/sites\/31\/2026\/03\/vittrasamset202506ak521-400x267.jpg 400w, https:\/\/vittra.se\/wp-content\/uploads\/sites\/31\/2026\/03\/vittrasamset202506ak521-600x400.jpg 600w, https:\/\/vittra.se\/wp-content\/uploads\/sites\/31\/2026\/03\/vittrasamset202506ak521-800x534.jpg 800w\" \/>\n\t\t\t\t\t\t\t\n\t\t\t\n\t\t\t\t\t<\/div>\n\t<\/div>\n\n\t\n\t\t\t\n\t\t\t\t\t\t\t\n\t\t\t\t<div class=\"c-bg c-bg--img\" data-settings=\"{&quot;desktop_settings&quot;:{&quot;size&quot;:&quot;cover&quot;,&quot;position&quot;:&quot;middle-center&quot;},&quot;mobile_settings&quot;:{&quot;size&quot;:&quot;cover&quot;,&quot;position&quot;:&quot;middle-center&quot;}}\" data-position=\"middle-center\" data-size=\"cover\">\n\t\t\t\n\t\t<\/div>\n\t\n<\/section>\n\n\n\n\n<section  class=\"ams-usp c-block l-stacked\" data-color-scheme=\"map-rosa\">\n\t<div class=\"l-container l-stack l-stack-fluid-2xl u-pt-fluid-2xl-4xl u-pb-fluid-2xl-4xl is-center is-center@md\">\n\t\t\t\t\t<div class=\"ams-usp__intro l-stack l-stack-lg\">\n\t\t\t\t\t\n\t<h2\n\tclass=\"c-heading u-font-title-1 \"\n\tstyle=\"\">\n\t\t\n\t\t\t\t\tOm distansundervisningen\n\t\t\t\t\n\t<\/h2>\n\n\t\t\t\t\t\t\t<\/div>\n\t\t\n\t\t\t<ul class=\"ams-usp__list l-grid u-justify-center u-gap-fluid-2xl-4xl\">\n\t\t\t\t\t<li class=\"l-col-6@md l-col-4@lg\">\n\t\t\t\t<article\n\t\t\t\t\tclass=\"\n\t\t\t\t\tc-card\n\t\t\t\t\thas-media-zoom\n\t\t\t\t\t\n\t\t\t\t\t\n\t\t\t\t\t\"\n\t\t\t\t\tdata-variant=\"neutral\"\n\t\t\t\t\tdata-style=\"square\"\n\t\t\t\t\t\n\t\t\t\t\t>\n\t\t\t\t\t\t\t\t\t\t\t<div class=\"c-card__content l-stack l-stack-sm u-text-center\">\n\t\t\t\t\t\t\t\t\t\t\t\t\t\t\t<h3 class=\"c-card__title u-font-title-3\">\n\t\t\t\t\t\t\t\t\t\t\t\t\t\t\t\t\t\t\t\t\t\t\t\t\t\t\t\t\t\t\u00c5rskurs 7-9\n\t\t\t\t\t\t\t\t\t\t\t\t\t\t\t\t\t\t\t\t\t\t\t\t\t\t\t<\/h3>\n\t\t\t\t\t\t\t\n\t\t\t\t\t\t\t\t\t\t\t\t\t\t\t<div class=\"c-card__text l-stack-xs u-font-body\">\n\t\t\t\t\t\t\t\t\t<p style=\"text-align: left;\"><span style=\"font-weight: 400;\">Vittra Distans tar emot elever i \u00e5rskurs 7\u20139 fr\u00e5n b\u00e5de frist\u00e5ende och kommunala grundskolor. Undervisningen bedrivs huvudsakligen p\u00e5 distans, med m\u00f6jlighet till inslag av fj\u00e4rr- och n\u00e4rundervisning vid behov.<\/span><\/p>\n\n\t\t\t\t\t\t\t\t<\/div>\n\t\t\t\t\t\t\t\t\t\t\t\t\t<\/div>\n\t\t\t\t\t\n\t\t\t\t\t<div class=\"c-card__media\">\n\t\t\t\t\t\t\t\t\t\t\t\t\t<img decoding=\"async\" width=\"400\" height=\"433\" src=\"https:\/\/vittra.se\/wp-content\/uploads\/sites\/31\/2026\/03\/vittrasamset202506ak54-e1774864163810-400x433.jpg\" class=\" u-ratio-landscape  ams_icon_size_default\" alt=\"elev sitter vid b\u00e4nk och skriver.\" srcset=\"https:\/\/vittra.se\/wp-content\/uploads\/sites\/31\/2026\/03\/vittrasamset202506ak54-e1774864163810-400x433.jpg 400w, https:\/\/vittra.se\/wp-content\/uploads\/sites\/31\/2026\/03\/vittrasamset202506ak54-e1774864163810-300x325.jpg 300w, https:\/\/vittra.se\/wp-content\/uploads\/sites\/31\/2026\/03\/vittrasamset202506ak54-e1774864163810-600x650.jpg 600w, https:\/\/vittra.se\/wp-content\/uploads\/sites\/31\/2026\/03\/vittrasamset202506ak54-e1774864163810.jpg 615w\" sizes=\"(max-width: 400px) 100vw, 400px\" \/>\n\t\t\t\t\t\t\t\t\t\t\t<\/div>\n\t\t\t\t<\/article>\n\t\t\t<\/li>\n\n\t\t\t\t\t<li class=\"l-col-6@md l-col-4@lg\">\n\t\t\t\t<article\n\t\t\t\t\tclass=\"\n\t\t\t\t\tc-card\n\t\t\t\t\thas-media-zoom\n\t\t\t\t\t\n\t\t\t\t\t\n\t\t\t\t\t\"\n\t\t\t\t\tdata-variant=\"neutral\"\n\t\t\t\t\tdata-style=\"square\"\n\t\t\t\t\t\n\t\t\t\t\t>\n\t\t\t\t\t\t\t\t\t\t\t<div class=\"c-card__content l-stack l-stack-sm u-text-center\">\n\t\t\t\t\t\t\t\t\t\t\t\t\t\t\t<h3 class=\"c-card__title u-font-title-3\">\n\t\t\t\t\t\t\t\t\t\t\t\t\t\t\t\t\t\t\t\t\t\t\t\t\t\t\t\t\t\tFlera \u00e4mnen\n\t\t\t\t\t\t\t\t\t\t\t\t\t\t\t\t\t\t\t\t\t\t\t\t\t\t\t<\/h3>\n\t\t\t\t\t\t\t\n\t\t\t\t\t\t\t\t\t\t\t\t\t\t\t<div class=\"c-card__text l-stack-xs u-font-body\">\n\t\t\t\t\t\t\t\t\t<p style=\"text-align: left;\"><span style=\"font-weight: 400;\">Undervisning erbjuds i svenska, svenska som andraspr\u00e5k, engelska, matematik, biologi, fysik, kemi, geografi, historia, religionskunskap, samh\u00e4llskunskap samt teknik.<\/span><\/p>\n\n\t\t\t\t\t\t\t\t<\/div>\n\t\t\t\t\t\t\t\t\t\t\t\t\t<\/div>\n\t\t\t\t\t\n\t\t\t\t\t<div class=\"c-card__media\">\n\t\t\t\t\t\t\t\t\t\t\t\t\t<img decoding=\"async\" width=\"400\" height=\"600\" src=\"https:\/\/vittra.se\/wp-content\/uploads\/sites\/31\/2026\/03\/vittraadolfsberg202404ak3ovrig8-400x600.jpg\" class=\" u-ratio-landscape  ams_icon_size_default\" alt=\"elev skriver i bok\" srcset=\"https:\/\/vittra.se\/wp-content\/uploads\/sites\/31\/2026\/03\/vittraadolfsberg202404ak3ovrig8-400x600.jpg 400w, https:\/\/vittra.se\/wp-content\/uploads\/sites\/31\/2026\/03\/vittraadolfsberg202404ak3ovrig8-300x450.jpg 300w, https:\/\/vittra.se\/wp-content\/uploads\/sites\/31\/2026\/03\/vittraadolfsberg202404ak3ovrig8-600x900.jpg 600w, https:\/\/vittra.se\/wp-content\/uploads\/sites\/31\/2026\/03\/vittraadolfsberg202404ak3ovrig8-800x1200.jpg 800w, https:\/\/vittra.se\/wp-content\/uploads\/sites\/31\/2026\/03\/vittraadolfsberg202404ak3ovrig8-1024x1536.jpg 1024w, https:\/\/vittra.se\/wp-content\/uploads\/sites\/31\/2026\/03\/vittraadolfsberg202404ak3ovrig8-1200x1800.jpg 1200w, https:\/\/vittra.se\/wp-content\/uploads\/sites\/31\/2026\/03\/vittraadolfsberg202404ak3ovrig8.jpg 1333w\" sizes=\"(max-width: 400px) 100vw, 400px\" \/>\n\t\t\t\t\t\t\t\t\t\t\t<\/div>\n\t\t\t\t<\/article>\n\t\t\t<\/li>\n\n\t\t\t\t\t<li class=\"l-col-6@md l-col-4@lg\">\n\t\t\t\t<article\n\t\t\t\t\tclass=\"\n\t\t\t\t\tc-card\n\t\t\t\t\thas-media-zoom\n\t\t\t\t\t\n\t\t\t\t\t\n\t\t\t\t\t\"\n\t\t\t\t\tdata-variant=\"neutral\"\n\t\t\t\t\tdata-style=\"square\"\n\t\t\t\t\t\n\t\t\t\t\t>\n\t\t\t\t\t\t\t\t\t\t\t<div class=\"c-card__content l-stack l-stack-sm u-text-center\">\n\t\t\t\t\t\t\t\t\t\t\t\t\t\t\t<h3 class=\"c-card__title u-font-title-3\">\n\t\t\t\t\t\t\t\t\t\t\t\t\t\t\t\t\t\t\t\t\t\t\t\t\t\t\t\t\t\tIndividuellt st\u00f6d p\u00e5 distans\n\t\t\t\t\t\t\t\t\t\t\t\t\t\t\t\t\t\t\t\t\t\t\t\t\t\t\t<\/h3>\n\t\t\t\t\t\t\t\n\t\t\t\t\t\t\t\t\t\t\t\t\t\t\t<div class=\"c-card__text l-stack-xs u-font-body\">\n\t\t\t\t\t\t\t\t\t<p style=\"text-align: left;\"><span style=\"font-weight: 400;\">Distansundervisning som s\u00e4rskilt st\u00f6d \u00e4r inte en parallell l\u00f6sning, utan en strategisk investering i varje elevs framtid. Den \u00e4r inte en slutstation \u2013 utan en bro tillbaka till ordinarie skolg\u00e5ng eller vidare till n\u00e4sta skolform. Undervisningen planeras och genomf\u00f6rs utifr\u00e5n varje elevs individuella behov, med fokus p\u00e5 b\u00e5de kunskapsutveckling och v\u00e4lm\u00e5ende.<\/span><\/p>\n\n\t\t\t\t\t\t\t\t<\/div>\n\t\t\t\t\t\t\t\t\t\t\t\t\t<\/div>\n\t\t\t\t\t\n\t\t\t\t\t<div class=\"c-card__media\">\n\t\t\t\t\t\t\t\t\t\t\t\t\t<img decoding=\"async\" width=\"400\" height=\"600\" src=\"https:\/\/vittra.se\/wp-content\/uploads\/sites\/31\/2026\/03\/vittraadolfsberg202404ak618-400x600.jpg\" class=\" u-ratio-landscape  ams_icon_size_default\" alt=\"pojke ler vid datorn.\" srcset=\"https:\/\/vittra.se\/wp-content\/uploads\/sites\/31\/2026\/03\/vittraadolfsberg202404ak618-400x600.jpg 400w, https:\/\/vittra.se\/wp-content\/uploads\/sites\/31\/2026\/03\/vittraadolfsberg202404ak618-300x450.jpg 300w, https:\/\/vittra.se\/wp-content\/uploads\/sites\/31\/2026\/03\/vittraadolfsberg202404ak618-600x900.jpg 600w, https:\/\/vittra.se\/wp-content\/uploads\/sites\/31\/2026\/03\/vittraadolfsberg202404ak618-800x1200.jpg 800w, https:\/\/vittra.se\/wp-content\/uploads\/sites\/31\/2026\/03\/vittraadolfsberg202404ak618-1024x1536.jpg 1024w, https:\/\/vittra.se\/wp-content\/uploads\/sites\/31\/2026\/03\/vittraadolfsberg202404ak618-1200x1800.jpg 1200w, https:\/\/vittra.se\/wp-content\/uploads\/sites\/31\/2026\/03\/vittraadolfsberg202404ak618.jpg 1333w\" sizes=\"(max-width: 400px) 100vw, 400px\" \/>\n\t\t\t\t\t\t\t\t\t\t\t<\/div>\n\t\t\t\t<\/article>\n\t\t\t<\/li>\n\n\t\t\t<\/ul>\n\n\t\t\t<\/div>\n\n\t\t\n\n<\/section>\n","protected":false},"excerpt":{"rendered":"","protected":false},"author":1,"featured_media":0,"parent":0,"menu_order":0,"comment_status":"closed","ping_status":"closed","template":"","meta":{"footnotes":""},"yoast_head":"<!-- This site is optimized with the Yoast SEO plugin v22.0 - https:\/\/yoast.com\/wordpress\/plugins\/seo\/ -->\n<title>Distans<\/title>\n<meta name=\"description\" content=\"P\u00e5 Vittras f\u00f6r- och grundskolor ger vi eleverna verktyg att f\u00f6rst\u00e5 v\u00e4rlden \u2013 och kraft att p\u00e5verka den. St\u00e4ll ditt barn i k\u00f6 hos oss.\" \/>\n<meta name=\"robots\" content=\"index, follow, max-snippet:-1, max-image-preview:large, max-video-preview:-1\" \/>\n<link rel=\"canonical\" href=\"https:\/\/vittra.se\/distans\/\" \/>\n<meta property=\"og:locale\" content=\"sv_SE\" \/>\n<meta property=\"og:type\" content=\"article\" \/>\n<meta property=\"og:description\" content=\"P\u00e5 Vittras f\u00f6r- och grundskolor ger vi eleverna verktyg att f\u00f6rst\u00e5 v\u00e4rlden \u2013 och kraft att p\u00e5verka den. St\u00e4ll ditt barn i k\u00f6 hos oss.\" \/>\n<meta property=\"og:url\" content=\"https:\/\/vittra.se\/distans\/\" \/>\n<meta property=\"og:site_name\" content=\"Distans\" \/>\n<meta property=\"article:modified_time\" content=\"2026-04-28T09:27:01+00:00\" \/>\n<meta name=\"twitter:card\" content=\"summary_large_image\" \/>\n<meta name=\"twitter:description\" content=\"P\u00e5 Vittras f\u00f6r- och grundskolor ger vi eleverna verktyg att f\u00f6rst\u00e5 v\u00e4rlden \u2013 och kraft att p\u00e5verka den. St\u00e4ll ditt barn i k\u00f6 hos oss.\" \/>\n<script type=\"application\/ld+json\" class=\"yoast-schema-graph\">{\"@context\":\"https:\/\/schema.org\",\"@graph\":[{\"@type\":\"WebPage\",\"@id\":\"https:\/\/vittra.se\/distans\/\",\"url\":\"https:\/\/vittra.se\/distans\/\",\"name\":\"Startsida - Distans\",\"isPartOf\":{\"@id\":\"https:\/\/vittra.se\/distans\/#website\"},\"datePublished\":\"2020-09-01T19:19:48+00:00\",\"dateModified\":\"2026-04-28T09:27:01+00:00\",\"description\":\"P\u00e5 Vittras f\u00f6r- och grundskolor ger vi eleverna verktyg att f\u00f6rst\u00e5 v\u00e4rlden \u2013 och kraft att p\u00e5verka den. St\u00e4ll ditt barn i k\u00f6 hos oss.\",\"breadcrumb\":{\"@id\":\"https:\/\/vittra.se\/distans\/#breadcrumb\"},\"inLanguage\":\"sv-SE\",\"potentialAction\":[{\"@type\":\"ReadAction\",\"target\":[\"https:\/\/vittra.se\/distans\/\"]}]},{\"@type\":\"BreadcrumbList\",\"@id\":\"https:\/\/vittra.se\/distans\/#breadcrumb\",\"itemListElement\":[{\"@type\":\"ListItem\",\"position\":1,\"name\":\"Start\",\"item\":\"https:\/\/vittra.se\/distans\/\"},{\"@type\":\"ListItem\",\"position\":2,\"name\":\"Startsida\"}]},{\"@type\":\"WebSite\",\"@id\":\"https:\/\/vittra.se\/distans\/#website\",\"url\":\"https:\/\/vittra.se\/distans\/\",\"name\":\"Distans\",\"description\":\"Kunskap att f\u00f6r\u00e4ndra. Mod att p\u00e5verka.\",\"potentialAction\":[{\"@type\":\"SearchAction\",\"target\":{\"@type\":\"EntryPoint\",\"urlTemplate\":\"https:\/\/vittra.se\/distans\/?s={search_term_string}\"},\"query-input\":\"required name=search_term_string\"}],\"inLanguage\":\"sv-SE\"}]}<\/script>\n<!-- \/ Yoast SEO plugin. -->","yoast_head_json":{"title":"Distans","description":"P\u00e5 Vittras f\u00f6r- och grundskolor ger vi eleverna verktyg att f\u00f6rst\u00e5 v\u00e4rlden \u2013 och kraft att p\u00e5verka den. St\u00e4ll ditt barn i k\u00f6 hos oss.","robots":{"index":"index","follow":"follow","max-snippet":"max-snippet:-1","max-image-preview":"max-image-preview:large","max-video-preview":"max-video-preview:-1"},"canonical":"https:\/\/vittra.se\/distans\/","og_locale":"sv_SE","og_type":"article","og_description":"P\u00e5 Vittras f\u00f6r- och grundskolor ger vi eleverna verktyg att f\u00f6rst\u00e5 v\u00e4rlden \u2013 och kraft att p\u00e5verka den. St\u00e4ll ditt barn i k\u00f6 hos oss.","og_url":"https:\/\/vittra.se\/distans\/","og_site_name":"Distans","article_modified_time":"2026-04-28T09:27:01+00:00","twitter_card":"summary_large_image","twitter_description":"P\u00e5 Vittras f\u00f6r- och grundskolor ger vi eleverna verktyg att f\u00f6rst\u00e5 v\u00e4rlden \u2013 och kraft att p\u00e5verka den. St\u00e4ll ditt barn i k\u00f6 hos oss.","schema":{"@context":"https:\/\/schema.org","@graph":[{"@type":"WebPage","@id":"https:\/\/vittra.se\/distans\/","url":"https:\/\/vittra.se\/distans\/","name":"Startsida - Distans","isPartOf":{"@id":"https:\/\/vittra.se\/distans\/#website"},"datePublished":"2020-09-01T19:19:48+00:00","dateModified":"2026-04-28T09:27:01+00:00","description":"P\u00e5 Vittras f\u00f6r- och grundskolor ger vi eleverna verktyg att f\u00f6rst\u00e5 v\u00e4rlden \u2013 och kraft att p\u00e5verka den. St\u00e4ll ditt barn i k\u00f6 hos oss.","breadcrumb":{"@id":"https:\/\/vittra.se\/distans\/#breadcrumb"},"inLanguage":"sv-SE","potentialAction":[{"@type":"ReadAction","target":["https:\/\/vittra.se\/distans\/"]}]},{"@type":"BreadcrumbList","@id":"https:\/\/vittra.se\/distans\/#breadcrumb","itemListElement":[{"@type":"ListItem","position":1,"name":"Start","item":"https:\/\/vittra.se\/distans\/"},{"@type":"ListItem","position":2,"name":"Startsida"}]},{"@type":"WebSite","@id":"https:\/\/vittra.se\/distans\/#website","url":"https:\/\/vittra.se\/distans\/","name":"Distans","description":"Kunskap att f\u00f6r\u00e4ndra. Mod att p\u00e5verka.","potentialAction":[{"@type":"SearchAction","target":{"@type":"EntryPoint","urlTemplate":"https:\/\/vittra.se\/distans\/?s={search_term_string}"},"query-input":"required name=search_term_string"}],"inLanguage":"sv-SE"}]}},"_links":{"self":[{"href":"https:\/\/vittra.se\/distans\/wp-json\/wp\/v2\/pages\/6"}],"collection":[{"href":"https:\/\/vittra.se\/distans\/wp-json\/wp\/v2\/pages"}],"about":[{"href":"https:\/\/vittra.se\/distans\/wp-json\/wp\/v2\/types\/page"}],"author":[{"embeddable":true,"href":"https:\/\/vittra.se\/distans\/wp-json\/wp\/v2\/users\/1"}],"replies":[{"embeddable":true,"href":"https:\/\/vittra.se\/distans\/wp-json\/wp\/v2\/comments?post=6"}],"version-history":[{"count":9,"href":"https:\/\/vittra.se\/distans\/wp-json\/wp\/v2\/pages\/6\/revisions"}],"predecessor-version":[{"id":5558,"href":"https:\/\/vittra.se\/distans\/wp-json\/wp\/v2\/pages\/6\/revisions\/5558"}],"wp:attachment":[{"href":"https:\/\/vittra.se\/distans\/wp-json\/wp\/v2\/media?parent=6"}],"curies":[{"name":"wp","href":"https:\/\/api.w.org\/{rel}","templated":true}]}}