{"id":22,"date":"2020-09-01T19:36:34","date_gmt":"2020-09-01T19:36:34","guid":{"rendered":"https:\/\/vittra.se\/distans\/?page_id=22"},"modified":"2026-02-11T12:11:30","modified_gmt":"2026-02-11T10:11:30","slug":"synpunkter","status":"publish","type":"page","link":"https:\/\/vittra.se\/distans\/om\/kvalitet\/synpunkter\/","title":{"rendered":"Synpunkter p\u00e5 verksamheten"},"content":{"rendered":"\n<div class=\"wp-block-group is-layout-constrained wp-container-core-group-layout-1 wp-block-group-is-layout-constrained\">\n<h1 class=\"wp-block-heading\">Synpunkter p\u00e5 verksamheten<\/h1>\n\n\n\n<p   class=\"site__ingress container text-left  site__text-color--dark  site__free_text--ingress p-0\">\n\tVi str\u00e4var efter att erbjuda h\u00f6g kvalitet i alla v\u00e5ra verksamheter och vill alltid f\u00f6rb\u00e4ttra oss. D\u00e4rf\u00f6r \u00e4r din feedback v\u00e4rdefull f\u00f6r oss p\u00e5 Vittra. Har du tips p\u00e5 hur vi kan f\u00f6rb\u00e4ttra oss eller vill du framf\u00f6ra ett klagom\u00e5l? G\u00f6r s\u00e5 h\u00e4r:<\/p>\n\n\n\n\n\n<p><strong>1. B\u00f6rja med att prata med f\u00f6rskolan eller skolan<br><\/strong>I f\u00f6rsta hand b\u00f6r du som har synpunkter eller klagom\u00e5l p\u00e5 verksamheten v\u00e4nda dig till aktuell skolpersonal. Det g\u00e4ller ocks\u00e5 specialpedagog\/-l\u00e4rare och kurator. Om du inte f\u00e5r hj\u00e4lp av personal p\u00e5 skolan b\u00f6r du som n\u00e4sta steg kontakta rektorn. Synpunkter och klagom\u00e5l kan l\u00e4mnas skriftligt, muntligt eller via bes\u00f6k.<\/p>\n\n\n\n<p><strong>2. L\u00e4mna klagom\u00e5l till huvudman<\/strong><\/p>\n\n\n\n<p>Om du fortfarande inte \u00e4r n\u00f6jd kan du v\u00e4nda dig till skolans huvudman, niv\u00e5n \u00f6ver rektor. Det g\u00f6r du enklast genom att fylla i formul\u00e4ret nedan.&nbsp;<\/p>\n\n\n\n<p>N\u00e4r du l\u00e4mnat dina synpunkter skickas de direkt till huvudmannen och du f\u00e5r en bekr\u00e4ftelse p\u00e5 att de mottagits (s\u00e5vida du inte valt att vara anonym).<\/p>\n\n\n\n\n<section  class=\"ams-cta ams-cta--stacked c-block l-stacked\">\n\t<div class=\"l-container l-stack l-stack-fluid-2xl u-pt-fluid-md-xl u-pb-fluid-md-xl is-center is-center@md\">\n\t\t\t\t\t<div class=\"ams-cta__intro l-stack l-stack-lg\">\n\t\t\t\t\t\n\t<h2\n\tclass=\"c-heading u-font-title-1 \"\n\tstyle=\"\">\n\t\t\n\t\t\t\t\tL\u00e4mna synpunkter h\u00e4r\n\t\t\t\t\n\t<\/h2>\n\n\t\t\t\t\t\t\t<\/div>\n\t\t\n\t\t\n\t\t\t<div class=\"ams-cta__action u-inline-items\">\n\t\t\t\t\t\t\t\n\n\n<a href=\"https:\/\/vittra.se\/distans\/lamnasynpunkt\/\"\n\t\n\tclass=\"c-btn \"\n\tdata-style=\"round\"\n\tdata-size=\"md\"\n\tdata-width=\"full-mobile\"\n\tdata-variant=\"default\"\n\ttarget=\"_self\">\n\t\t\t\t\t<span class=\"label\"> L\u00e4mna dina synpunkter h\u00e4r<\/span>\n\t<\/a>\n\t\t\t<\/div>\n\t<\/div>\n\n\t\t\n\n<\/section>\n\n\n\n\n<section  class=\"ams-cta ams-cta--stacked c-block l-stacked\">\n\t<div class=\"l-container l-stack l-stack-fluid-2xl u-pt-fluid-md-xl u-pb-fluid-2xl-4xl is-center is-center@md\">\n\t\t\t\t\t<div class=\"ams-cta__intro l-stack l-stack-lg\">\n\t\t\t\t\t\n\t<h2\n\tclass=\"c-heading u-font-title-1 \"\n\tstyle=\"\">\n\t\t\n\t\t\t\t\tL\u00e4mna synpunkter om h\u00e4lso- och sjukv\u00e5rd\n\t\t\t\t\n\t<\/h2>\n\n\t\t\t\t\t\t\t\t\t<div class=\"c-text l-stack u-cs-xl u-font-body\">\n\t\t\t\t\t\t<p>Prata i f\u00f6rsta hand med aktuell skolsk\u00f6terska, skoll\u00e4kare eller psykolog.\u00a0Om du fortfarande inte \u00e4r n\u00f6jd kan du l\u00e4mna synpunkter om h\u00e4lso- och sjukv\u00e5rd i ett separat formul\u00e4r via knappen nedan.<\/p>\n\n\t\t\t\t\t<\/div>\n\t\t\t\t\t\t\t<\/div>\n\t\t\n\t\t\n\t\t\t<div class=\"ams-cta__action u-inline-items\">\n\t\t\t\t\t\t\t\n\n\n<a href=\"https:\/\/journal.prorenata.se\/contactform\/academedia-gr\/anmal-synpunkter-om-halso-och-sjukvard\/\"\n\t\n\tclass=\"c-btn \"\n\tdata-style=\"round\"\n\tdata-size=\"md\"\n\tdata-width=\"full-mobile\"\n\tdata-variant=\"default\"\n\ttarget=\"_self\">\n\t\t\t<span class=\"label\"> L\u00e4mna synpunkter om h\u00e4lso- och sjukv\u00e5rd<\/span>\n\t\t\t<\/a>\n\t\t\t<\/div>\n\t<\/div>\n\n\t\t\n\n<\/section>\n\n\n\n<p><\/p>\n<\/div>\n","protected":false},"excerpt":{"rendered":"<p>Synpunkter p\u00e5 verksamheten 1. B\u00f6rja med att prata med f\u00f6rskolan eller skolanI f\u00f6rsta hand b\u00f6r du som har synpunkter eller klagom\u00e5l p\u00e5 verksamheten v\u00e4nda dig till aktuell skolpersonal. Det g\u00e4ller ocks\u00e5 specialpedagog\/-l\u00e4rare och kurator. Om du inte f\u00e5r hj\u00e4lp av personal p\u00e5 skolan b\u00f6r du som n\u00e4sta steg kontakta rektorn. Synpunkter och klagom\u00e5l kan l\u00e4mnas&#8230;<\/p>\n","protected":false},"author":1,"featured_media":0,"parent":13,"menu_order":0,"comment_status":"closed","ping_status":"closed","template":"","meta":{"footnotes":""},"yoast_head":"<!-- This site is optimized with the Yoast SEO plugin v22.0 - https:\/\/yoast.com\/wordpress\/plugins\/seo\/ -->\n<title>Distans<\/title>\n<meta name=\"robots\" content=\"index, follow, max-snippet:-1, max-image-preview:large, max-video-preview:-1\" \/>\n<link rel=\"canonical\" href=\"https:\/\/vittra.se\/distans\/om\/kvalitet\/synpunkter\/\" \/>\n<meta property=\"og:locale\" content=\"sv_SE\" \/>\n<meta property=\"og:type\" content=\"article\" \/>\n<meta property=\"og:url\" content=\"https:\/\/vittra.se\/distans\/om\/kvalitet\/synpunkter\/\" \/>\n<meta property=\"og:site_name\" content=\"Distans\" \/>\n<meta property=\"article:modified_time\" content=\"2026-02-11T10:11:30+00:00\" \/>\n<meta name=\"twitter:card\" content=\"summary_large_image\" \/>\n<meta name=\"twitter:label1\" content=\"Ber\u00e4knad l\u00e4stid\" \/>\n\t<meta name=\"twitter:data1\" content=\"1 minut\" \/>\n<script type=\"application\/ld+json\" class=\"yoast-schema-graph\">{\"@context\":\"https:\/\/schema.org\",\"@graph\":[{\"@type\":\"WebPage\",\"@id\":\"https:\/\/vittra.se\/distans\/om\/kvalitet\/synpunkter\/\",\"url\":\"https:\/\/vittra.se\/distans\/om\/kvalitet\/synpunkter\/\",\"name\":\"Synpunkter p\u00e5 verksamheten - Distans\",\"isPartOf\":{\"@id\":\"https:\/\/vittra.se\/distans\/#website\"},\"datePublished\":\"2020-09-01T19:36:34+00:00\",\"dateModified\":\"2026-02-11T10:11:30+00:00\",\"breadcrumb\":{\"@id\":\"https:\/\/vittra.se\/distans\/om\/kvalitet\/synpunkter\/#breadcrumb\"},\"inLanguage\":\"sv-SE\",\"potentialAction\":[{\"@type\":\"ReadAction\",\"target\":[\"https:\/\/vittra.se\/distans\/om\/kvalitet\/synpunkter\/\"]}]},{\"@type\":\"BreadcrumbList\",\"@id\":\"https:\/\/vittra.se\/distans\/om\/kvalitet\/synpunkter\/#breadcrumb\",\"itemListElement\":[{\"@type\":\"ListItem\",\"position\":1,\"name\":\"Start\",\"item\":\"https:\/\/vittra.se\/distans\/\"},{\"@type\":\"ListItem\",\"position\":2,\"name\":\"Om Vittra Distans\",\"item\":\"https:\/\/vittra.se\/distans\/om\/\"},{\"@type\":\"ListItem\",\"position\":3,\"name\":\"Kvalitet\",\"item\":\"https:\/\/vittra.se\/distans\/om\/kvalitet\/\"},{\"@type\":\"ListItem\",\"position\":4,\"name\":\"Synpunkter p\u00e5 verksamheten\"}]},{\"@type\":\"WebSite\",\"@id\":\"https:\/\/vittra.se\/distans\/#website\",\"url\":\"https:\/\/vittra.se\/distans\/\",\"name\":\"Distans\",\"description\":\"Kunskap att f\u00f6r\u00e4ndra. Mod att p\u00e5verka.\",\"potentialAction\":[{\"@type\":\"SearchAction\",\"target\":{\"@type\":\"EntryPoint\",\"urlTemplate\":\"https:\/\/vittra.se\/distans\/?s={search_term_string}\"},\"query-input\":\"required name=search_term_string\"}],\"inLanguage\":\"sv-SE\"}]}<\/script>\n<!-- \/ Yoast SEO plugin. -->","yoast_head_json":{"title":"Distans","robots":{"index":"index","follow":"follow","max-snippet":"max-snippet:-1","max-image-preview":"max-image-preview:large","max-video-preview":"max-video-preview:-1"},"canonical":"https:\/\/vittra.se\/distans\/om\/kvalitet\/synpunkter\/","og_locale":"sv_SE","og_type":"article","og_url":"https:\/\/vittra.se\/distans\/om\/kvalitet\/synpunkter\/","og_site_name":"Distans","article_modified_time":"2026-02-11T10:11:30+00:00","twitter_card":"summary_large_image","twitter_misc":{"Ber\u00e4knad l\u00e4stid":"1 minut"},"schema":{"@context":"https:\/\/schema.org","@graph":[{"@type":"WebPage","@id":"https:\/\/vittra.se\/distans\/om\/kvalitet\/synpunkter\/","url":"https:\/\/vittra.se\/distans\/om\/kvalitet\/synpunkter\/","name":"Synpunkter p\u00e5 verksamheten - Distans","isPartOf":{"@id":"https:\/\/vittra.se\/distans\/#website"},"datePublished":"2020-09-01T19:36:34+00:00","dateModified":"2026-02-11T10:11:30+00:00","breadcrumb":{"@id":"https:\/\/vittra.se\/distans\/om\/kvalitet\/synpunkter\/#breadcrumb"},"inLanguage":"sv-SE","potentialAction":[{"@type":"ReadAction","target":["https:\/\/vittra.se\/distans\/om\/kvalitet\/synpunkter\/"]}]},{"@type":"BreadcrumbList","@id":"https:\/\/vittra.se\/distans\/om\/kvalitet\/synpunkter\/#breadcrumb","itemListElement":[{"@type":"ListItem","position":1,"name":"Start","item":"https:\/\/vittra.se\/distans\/"},{"@type":"ListItem","position":2,"name":"Om Vittra Distans","item":"https:\/\/vittra.se\/distans\/om\/"},{"@type":"ListItem","position":3,"name":"Kvalitet","item":"https:\/\/vittra.se\/distans\/om\/kvalitet\/"},{"@type":"ListItem","position":4,"name":"Synpunkter p\u00e5 verksamheten"}]},{"@type":"WebSite","@id":"https:\/\/vittra.se\/distans\/#website","url":"https:\/\/vittra.se\/distans\/","name":"Distans","description":"Kunskap att f\u00f6r\u00e4ndra. Mod att p\u00e5verka.","potentialAction":[{"@type":"SearchAction","target":{"@type":"EntryPoint","urlTemplate":"https:\/\/vittra.se\/distans\/?s={search_term_string}"},"query-input":"required name=search_term_string"}],"inLanguage":"sv-SE"}]}},"_links":{"self":[{"href":"https:\/\/vittra.se\/distans\/wp-json\/wp\/v2\/pages\/22"}],"collection":[{"href":"https:\/\/vittra.se\/distans\/wp-json\/wp\/v2\/pages"}],"about":[{"href":"https:\/\/vittra.se\/distans\/wp-json\/wp\/v2\/types\/page"}],"author":[{"embeddable":true,"href":"https:\/\/vittra.se\/distans\/wp-json\/wp\/v2\/users\/1"}],"replies":[{"embeddable":true,"href":"https:\/\/vittra.se\/distans\/wp-json\/wp\/v2\/comments?post=22"}],"version-history":[{"count":9,"href":"https:\/\/vittra.se\/distans\/wp-json\/wp\/v2\/pages\/22\/revisions"}],"predecessor-version":[{"id":5176,"href":"https:\/\/vittra.se\/distans\/wp-json\/wp\/v2\/pages\/22\/revisions\/5176"}],"up":[{"embeddable":true,"href":"https:\/\/vittra.se\/distans\/wp-json\/wp\/v2\/pages\/13"}],"wp:attachment":[{"href":"https:\/\/vittra.se\/distans\/wp-json\/wp\/v2\/media?parent=22"}],"curies":[{"name":"wp","href":"https:\/\/api.w.org\/{rel}","templated":true}]}}