{"id":16,"date":"2020-09-01T19:35:38","date_gmt":"2020-09-01T19:35:38","guid":{"rendered":"https:\/\/vittra.se\/distans\/?page_id=16"},"modified":"2026-02-10T16:23:49","modified_gmt":"2026-02-10T14:23:49","slug":"jobb","status":"publish","type":"page","link":"https:\/\/vittra.se\/distans\/om\/jobb\/","title":{"rendered":"Jobba hos oss"},"content":{"rendered":"\n<h1 class=\"wp-block-heading\">Jobba p\u00e5 Vittra<\/h1>\n\n\n\n<p>P\u00e5 Vittra vill vi visa barn och elever att de kan g\u00f6ra skillnad. Det b\u00f6rjar med att de blir medvetna om sig sj\u00e4lva och sin utveckling, f\u00f6r att sedan f\u00f6rst\u00e5 och kunna p\u00e5verka samh\u00e4llet och v\u00e4rlden omkring sig. Som pedagog hos oss \u00e4r du med och skapar detta varje dag. Ett medvetet l\u00e4rande, d\u00e4r kunskap, omtanke och mod g\u00e5r hand i hand. Vill du vara med?<\/p>\n\n\n\n<div class=\"wp-block-columns is-layout-flex wp-container-core-columns-layout-1 wp-block-columns-is-layout-flex\">\n<div class=\"wp-block-column is-layout-flow wp-block-column-is-layout-flow\">\n<h3 class=\"wp-block-heading\">S\u00e5 jobbar vi med medvetet l\u00e4rande<\/h3>\n\n\n\n<p>F\u00f6r att forma medvetna elever jobbar vi med \u00e4mnes\u00f6vergripande undervisning och med v\u00e5ra pedagogiska verktyg: <strong>Vittraf\u00f6rm\u00e5gorna, Samh\u00e4llsf\u00f6rankrad undervisning och Vittrakulturen.<\/strong><\/p>\n\n\n\n<h3 class=\"wp-block-heading\">Jobba i arbetslag med motiverade kollegor<\/h3>\n\n\n\n<p>Gemensamt f\u00f6r v\u00e5ra medarbetare \u00e4r att vi alla vill g\u00f6ra skillnad f\u00f6r barnen och eleverna och det b\u00f6rjar med modiga och karakt\u00e4rsstarka ledare. Vi \u00e4r \u00f6vertygade om att ju starkare band det finns mellan varje medarbetare, desto st\u00f6rre skillnad kan vi g\u00f6ra f\u00f6r v\u00e5ra elever. D\u00e4rf\u00f6r samarbetar v\u00e5ra pedagoger i arbetslag som planerar och utv\u00e4rderar den \u00e4mnes\u00f6vergripande undervisningen.<\/p>\n\n\n\n<p>Genom att vi st\u00e4ndigt utvecklar undervisningen ger vi v\u00e5ra elever de b\u00e4sta f\u00f6ruts\u00e4ttningarna att utvecklas.<\/p>\n<\/div>\n\n\n\n<div class=\"wp-block-column is-layout-flow wp-block-column-is-layout-flow\">\n\n<figure  class=\"ams-media l-container l-stack l-stack-2xs u-pt-fluid-md-xl u-pb-fluid-Ingen is-center is-center@md\" >\n\t\t\t\t\t<img decoding=\"async\" width=\"600\" height=\"402\" src=\"https:\/\/vittra.se\/wp-content\/uploads\/sites\/31\/2026\/02\/vittrasamset202506ak526-e1770731181280-600x402.jpg\" class=\"ams-media__image u-ratio-landscape u-radius-square\" alt=\"\" sizes=\"(max-width: 600px) 100vw, 600px\" srcset=\"https:\/\/vittra.se\/wp-content\/uploads\/sites\/31\/2026\/02\/vittrasamset202506ak526-e1770731181280-600x402.jpg 600w, https:\/\/vittra.se\/wp-content\/uploads\/sites\/31\/2026\/02\/vittrasamset202506ak526-e1770731181280-300x201.jpg 300w, https:\/\/vittra.se\/wp-content\/uploads\/sites\/31\/2026\/02\/vittrasamset202506ak526-e1770731181280-400x268.jpg 400w, https:\/\/vittra.se\/wp-content\/uploads\/sites\/31\/2026\/02\/vittrasamset202506ak526-e1770731181280-800x536.jpg 800w, https:\/\/vittra.se\/wp-content\/uploads\/sites\/31\/2026\/02\/vittrasamset202506ak526-e1770731181280.jpg 920w\" \/>\n\t\t\n\t\n\t<\/figure>\n<\/div>\n<\/div>\n\n\n\n<h2 class=\"wp-block-heading\">H\u00e4r hittar du v\u00e5ra lediga tj\u00e4nster<\/h2>\n\n\n\n<div id=\"onecruiter_container\"><\/div> <script type=\"text\/javascript\" src=\"https:\/\/academedia-vittra.onecruiter.com\/embed?container=onecruiter_container&amp;scrollOnLoad=true&amp;scrollOnRef=true\"><\/script>\n\n\n<div   id=\"page-relative-menu\" class=\"site__font-monospace   container_width--full_width_conIcon   d-lg-none  \">\n\n\t\t\t\n<\/div>\n\n\n\n<div style=\"height:50px\" aria-hidden=\"true\" class=\"wp-block-spacer\"><\/div>\n","protected":false},"excerpt":{"rendered":"<p>Jobba p\u00e5 Vittra P\u00e5 Vittra vill vi visa barn och elever att de kan g\u00f6ra skillnad. Det b\u00f6rjar med att de blir medvetna om sig sj\u00e4lva och sin utveckling, f\u00f6r att sedan f\u00f6rst\u00e5 och kunna p\u00e5verka samh\u00e4llet och v\u00e4rlden omkring sig. Som pedagog hos oss \u00e4r du med och skapar detta varje dag. Ett medvetet&#8230;<\/p>\n","protected":false},"author":1,"featured_media":0,"parent":11,"menu_order":0,"comment_status":"closed","ping_status":"closed","template":"","meta":{"footnotes":""},"yoast_head":"<!-- This site is optimized with the Yoast SEO plugin v22.0 - https:\/\/yoast.com\/wordpress\/plugins\/seo\/ -->\n<title>Distans<\/title>\n<meta name=\"description\" content=\"H\u00e4r kan du s\u00f6ka v\u00e5ra lediga jobb. Ett medvetet l\u00e4rande \u2013 det \u00e4r s\u00e5 vi vill g\u00f6ra skillnad f\u00f6r v\u00e5ra barn och elever. Vill du vara med?\" \/>\n<meta name=\"robots\" content=\"index, follow, max-snippet:-1, max-image-preview:large, max-video-preview:-1\" \/>\n<link rel=\"canonical\" href=\"https:\/\/vittra.se\/distans\/om\/jobb\/\" \/>\n<meta property=\"og:locale\" content=\"sv_SE\" \/>\n<meta property=\"og:type\" content=\"article\" \/>\n<meta property=\"og:description\" content=\"H\u00e4r kan du s\u00f6ka v\u00e5ra lediga jobb. Ett medvetet l\u00e4rande \u2013 det \u00e4r s\u00e5 vi vill g\u00f6ra skillnad f\u00f6r v\u00e5ra barn och elever. Vill du vara med?\" \/>\n<meta property=\"og:url\" content=\"https:\/\/vittra.se\/distans\/om\/jobb\/\" \/>\n<meta property=\"og:site_name\" content=\"Distans\" \/>\n<meta property=\"article:modified_time\" content=\"2026-02-10T14:23:49+00:00\" \/>\n<meta name=\"twitter:card\" content=\"summary_large_image\" \/>\n<meta name=\"twitter:description\" content=\"H\u00e4r kan du s\u00f6ka v\u00e5ra lediga jobb. Ett medvetet l\u00e4rande \u2013 det \u00e4r s\u00e5 vi vill g\u00f6ra skillnad f\u00f6r v\u00e5ra barn och elever. Vill du vara med?\" \/>\n<meta name=\"twitter:label1\" content=\"Ber\u00e4knad l\u00e4stid\" \/>\n\t<meta name=\"twitter:data1\" content=\"1 minut\" \/>\n<script type=\"application\/ld+json\" class=\"yoast-schema-graph\">{\"@context\":\"https:\/\/schema.org\",\"@graph\":[{\"@type\":\"WebPage\",\"@id\":\"https:\/\/vittra.se\/distans\/om\/jobb\/\",\"url\":\"https:\/\/vittra.se\/distans\/om\/jobb\/\",\"name\":\"Jobba hos oss - Distans\",\"isPartOf\":{\"@id\":\"https:\/\/vittra.se\/distans\/#website\"},\"datePublished\":\"2020-09-01T19:35:38+00:00\",\"dateModified\":\"2026-02-10T14:23:49+00:00\",\"description\":\"H\u00e4r kan du s\u00f6ka v\u00e5ra lediga jobb. Ett medvetet l\u00e4rande \u2013 det \u00e4r s\u00e5 vi vill g\u00f6ra skillnad f\u00f6r v\u00e5ra barn och elever. Vill du vara med?\",\"breadcrumb\":{\"@id\":\"https:\/\/vittra.se\/distans\/om\/jobb\/#breadcrumb\"},\"inLanguage\":\"sv-SE\",\"potentialAction\":[{\"@type\":\"ReadAction\",\"target\":[\"https:\/\/vittra.se\/distans\/om\/jobb\/\"]}]},{\"@type\":\"BreadcrumbList\",\"@id\":\"https:\/\/vittra.se\/distans\/om\/jobb\/#breadcrumb\",\"itemListElement\":[{\"@type\":\"ListItem\",\"position\":1,\"name\":\"Start\",\"item\":\"https:\/\/vittra.se\/distans\/\"},{\"@type\":\"ListItem\",\"position\":2,\"name\":\"Om Vittra Distans\",\"item\":\"https:\/\/vittra.se\/distans\/om\/\"},{\"@type\":\"ListItem\",\"position\":3,\"name\":\"Jobba hos oss\"}]},{\"@type\":\"WebSite\",\"@id\":\"https:\/\/vittra.se\/distans\/#website\",\"url\":\"https:\/\/vittra.se\/distans\/\",\"name\":\"Distans\",\"description\":\"Kunskap att f\u00f6r\u00e4ndra. Mod att p\u00e5verka.\",\"potentialAction\":[{\"@type\":\"SearchAction\",\"target\":{\"@type\":\"EntryPoint\",\"urlTemplate\":\"https:\/\/vittra.se\/distans\/?s={search_term_string}\"},\"query-input\":\"required name=search_term_string\"}],\"inLanguage\":\"sv-SE\"}]}<\/script>\n<!-- \/ Yoast SEO plugin. -->","yoast_head_json":{"title":"Distans","description":"H\u00e4r kan du s\u00f6ka v\u00e5ra lediga jobb. Ett medvetet l\u00e4rande \u2013 det \u00e4r s\u00e5 vi vill g\u00f6ra skillnad f\u00f6r v\u00e5ra barn och elever. Vill du vara med?","robots":{"index":"index","follow":"follow","max-snippet":"max-snippet:-1","max-image-preview":"max-image-preview:large","max-video-preview":"max-video-preview:-1"},"canonical":"https:\/\/vittra.se\/distans\/om\/jobb\/","og_locale":"sv_SE","og_type":"article","og_description":"H\u00e4r kan du s\u00f6ka v\u00e5ra lediga jobb. Ett medvetet l\u00e4rande \u2013 det \u00e4r s\u00e5 vi vill g\u00f6ra skillnad f\u00f6r v\u00e5ra barn och elever. Vill du vara med?","og_url":"https:\/\/vittra.se\/distans\/om\/jobb\/","og_site_name":"Distans","article_modified_time":"2026-02-10T14:23:49+00:00","twitter_card":"summary_large_image","twitter_description":"H\u00e4r kan du s\u00f6ka v\u00e5ra lediga jobb. Ett medvetet l\u00e4rande \u2013 det \u00e4r s\u00e5 vi vill g\u00f6ra skillnad f\u00f6r v\u00e5ra barn och elever. Vill du vara med?","twitter_misc":{"Ber\u00e4knad l\u00e4stid":"1 minut"},"schema":{"@context":"https:\/\/schema.org","@graph":[{"@type":"WebPage","@id":"https:\/\/vittra.se\/distans\/om\/jobb\/","url":"https:\/\/vittra.se\/distans\/om\/jobb\/","name":"Jobba hos oss - Distans","isPartOf":{"@id":"https:\/\/vittra.se\/distans\/#website"},"datePublished":"2020-09-01T19:35:38+00:00","dateModified":"2026-02-10T14:23:49+00:00","description":"H\u00e4r kan du s\u00f6ka v\u00e5ra lediga jobb. Ett medvetet l\u00e4rande \u2013 det \u00e4r s\u00e5 vi vill g\u00f6ra skillnad f\u00f6r v\u00e5ra barn och elever. Vill du vara med?","breadcrumb":{"@id":"https:\/\/vittra.se\/distans\/om\/jobb\/#breadcrumb"},"inLanguage":"sv-SE","potentialAction":[{"@type":"ReadAction","target":["https:\/\/vittra.se\/distans\/om\/jobb\/"]}]},{"@type":"BreadcrumbList","@id":"https:\/\/vittra.se\/distans\/om\/jobb\/#breadcrumb","itemListElement":[{"@type":"ListItem","position":1,"name":"Start","item":"https:\/\/vittra.se\/distans\/"},{"@type":"ListItem","position":2,"name":"Om Vittra Distans","item":"https:\/\/vittra.se\/distans\/om\/"},{"@type":"ListItem","position":3,"name":"Jobba hos oss"}]},{"@type":"WebSite","@id":"https:\/\/vittra.se\/distans\/#website","url":"https:\/\/vittra.se\/distans\/","name":"Distans","description":"Kunskap att f\u00f6r\u00e4ndra. Mod att p\u00e5verka.","potentialAction":[{"@type":"SearchAction","target":{"@type":"EntryPoint","urlTemplate":"https:\/\/vittra.se\/distans\/?s={search_term_string}"},"query-input":"required name=search_term_string"}],"inLanguage":"sv-SE"}]}},"_links":{"self":[{"href":"https:\/\/vittra.se\/distans\/wp-json\/wp\/v2\/pages\/16"}],"collection":[{"href":"https:\/\/vittra.se\/distans\/wp-json\/wp\/v2\/pages"}],"about":[{"href":"https:\/\/vittra.se\/distans\/wp-json\/wp\/v2\/types\/page"}],"author":[{"embeddable":true,"href":"https:\/\/vittra.se\/distans\/wp-json\/wp\/v2\/users\/1"}],"replies":[{"embeddable":true,"href":"https:\/\/vittra.se\/distans\/wp-json\/wp\/v2\/comments?post=16"}],"version-history":[{"count":10,"href":"https:\/\/vittra.se\/distans\/wp-json\/wp\/v2\/pages\/16\/revisions"}],"predecessor-version":[{"id":5120,"href":"https:\/\/vittra.se\/distans\/wp-json\/wp\/v2\/pages\/16\/revisions\/5120"}],"up":[{"embeddable":true,"href":"https:\/\/vittra.se\/distans\/wp-json\/wp\/v2\/pages\/11"}],"wp:attachment":[{"href":"https:\/\/vittra.se\/distans\/wp-json\/wp\/v2\/media?parent=16"}],"curies":[{"name":"wp","href":"https:\/\/api.w.org\/{rel}","templated":true}]}}