{"id":25,"date":"2020-09-01T22:07:07","date_gmt":"2020-09-01T20:07:07","guid":{"rendered":"https:\/\/vittra.se\/kopieringsunderlag\/?page_id=25"},"modified":"2026-03-03T12:08:11","modified_gmt":"2026-03-03T10:08:11","slug":"grundskola","status":"publish","type":"page","link":"https:\/\/vittra.se\/adolfsberg\/om-oss\/grundskola\/","title":{"rendered":"Grundskola"},"content":{"rendered":"\n\t\n\t\n\t\n\n\t\n\t\n\t\t\n<section  class=\"c-block l-stacked  \" data-color-scheme=\"\">\n\t<div class=\"ams-fifty ams-fifty--container ams-fifty--right ams-fifty--bottom l-container u-pt-fluid-2xl-4xl u-pb-fluid-md-xl\">\n\t\t<div class=\"ams-fifty__content l-stack l-stack-xl is-left is-left@lg\">\n\t\t\t<div class=\"ams-fifty__text l-stack l-stack-lg\">\n\t\t\t\t\t\n\t<h2\n\tclass=\"c-heading u-font-title-1 \"\n\tstyle=\"\">\n\t\t\n\t\t\t\t\t\t\t\t\tVittra Adolfsberg, en grundskola i \u00f6stra Helsingborg\n\t\t\t\t<span class=\"c-heading__sub is-below u-font-title-3\">\n\t\t\t\t\tF\u00f6rskoleklass till \u00e5rskurs 9\n\t\t\t\t<\/span>\n\t\t\t\t\t\t\t\n\t<\/h2>\n\n\t\t\t\t\t\t\t\t\t<div class=\"text l-stack u-font-body\">\n\t\t\t\t\t\t<p class=\"p1\">P\u00e5 Vittra Adolfsbergs grundskola i Helsingborg g\u00e5r elever fr\u00e5n f\u00f6rskoleklass upp till \u00e5rskurs 9. Vi delar in v\u00e5ra \u00e5rskurser i miniorer som motsvarar l\u00e5gstadiet, juniorer som motsvarar mellanstadiet och seniorer som motsvarar h\u00f6gstadiet.<\/p>\n<p class=\"p1\">Hos oss st\u00e5r det medvetna l\u00e4randet i fokus \u2013 att eleverna f\u00f6rst blir medvetna om sig sj\u00e4lva och sin utveckling, f\u00f6r att d\u00e4refter l\u00e4ra sig om samh\u00e4llet och hur de kan p\u00e5verka det. H\u00e4r kan du l\u00e4sa mer om vad det inneb\u00e4r.<\/p>\n\n\t\t\t\t\t<\/div>\n\t\t\t\t\t\t\t<\/div>\n\n\t\t\t\t\t<\/div>\n\n\t\t <div class=\"ams-fifty__media u-ratio-landscape\">\n\t\t \t\t\t\t\t<img decoding=\"async\" width=\"600\" height=\"400\" src=\"https:\/\/vittra.se\/wp-content\/uploads\/sites\/2\/2026\/01\/vittraadolfsberg202404ak353-600x400.jpg\" class=\"attachment-md size-md\" alt=\"Elever sitter vid skolb\u00e4nken och en av dem h\u00e5ller i en skylt d\u00e4r det st\u00e5r &quot;God utbildning f\u00f6r alla&quot;\" sizes=\"(min-width: 64em) 600px, calc(100vw - 160px)\" srcset=\"https:\/\/vittra.se\/wp-content\/uploads\/sites\/2\/2026\/01\/vittraadolfsberg202404ak353-600x400.jpg 600w, https:\/\/vittra.se\/wp-content\/uploads\/sites\/2\/2026\/01\/vittraadolfsberg202404ak353-300x200.jpg 300w, https:\/\/vittra.se\/wp-content\/uploads\/sites\/2\/2026\/01\/vittraadolfsberg202404ak353-400x267.jpg 400w, https:\/\/vittra.se\/wp-content\/uploads\/sites\/2\/2026\/01\/vittraadolfsberg202404ak353-800x533.jpg 800w, https:\/\/vittra.se\/wp-content\/uploads\/sites\/2\/2026\/01\/vittraadolfsberg202404ak353-1024x682.jpg 1024w, https:\/\/vittra.se\/wp-content\/uploads\/sites\/2\/2026\/01\/vittraadolfsberg202404ak353-1200x800.jpg 1200w, https:\/\/vittra.se\/wp-content\/uploads\/sites\/2\/2026\/01\/vittraadolfsberg202404ak353.jpg 2000w\" \/>\n\t\t\t\n\t\t\t\n\t\t\t\t\t<\/div>\n\t<\/div>\n\n\t\t\n\n<\/section>\n\n\n\n\t\n\t\n\t\n\n\t\n\t\n\t\t\n<section  class=\"c-block l-stacked  \" data-color-scheme=\"primar2\">\n\t<div class=\"ams-fifty ams-fifty--container ams-fifty--right ams-fifty--bottom l-container u-pt-fluid-2xl-4xl u-pb-fluid-2xl-4xl\">\n\t\t<div class=\"ams-fifty__content l-stack l-stack-xl is-left is-left@lg\">\n\t\t\t<div class=\"ams-fifty__text l-stack l-stack-lg\">\n\t\t\t\t\t\n\t<h1\n\tclass=\"c-heading u-font-title-1 \"\n\tstyle=\"\">\n\t\t\n\t\t\t\t\t\t\t\t\tEn vanlig dag \n\t\t\t\t<span class=\"c-heading__sub is-below u-font-title-3\">\n\t\t\t\t\tP\u00e5 v\u00e5r grundskola\n\t\t\t\t<\/span>\n\t\t\t\t\t\t\t\n\t<\/h1>\n\n\t\t\t\t\t\t\t\t\t<div class=\"text l-stack u-font-body\">\n\t\t\t\t\t\t<p><strong>Morgonsamling s\u00e4tter tonen<br \/>\n<\/strong>N\u00e4r eleverna kommer till skolan s\u00e5 m\u00f6ts de av engagerade och v\u00e4lkomnande vuxna. Varje dag, i alla v\u00e5ra grupper, b\u00f6rjar med en morgonsamling d\u00e4r alla elever f\u00e5r k\u00e4nna sig sedda och d\u00e4r man g\u00e5r igenom dagen och pratar om det som \u00e4r viktigt h\u00e4r och nu.<\/p>\n<p><strong>Tryggt och f\u00f6ruts\u00e4gbart schema<br \/>\n<\/strong>Dagen f\u00f6ljer sedan ett schema som \u00e4r tryggt och f\u00f6ruts\u00e4gbart och d\u00e4r varje lektionsstart beskriver syfte och m\u00e5l samt vad som f\u00f6rv\u00e4ntas ske.<\/p>\n<p><strong>Spr\u00e5kutveckling i fokus<br \/>\n<\/strong>Allt arbete i alla \u00e4mnen har ett spr\u00e5kutvecklande fokus d\u00e4r l\u00e4sning \u00e4r v\u00e4ldigt viktigt s\u00e5 v\u00e5ra elever utvecklar ett rikt spr\u00e5k som g\u00f6r dem redo f\u00f6r framtida studier. I de yngre \u00e5ren g\u00f6r vi det genom till exempel spr\u00e5klekar, skrivarskola och stationsarbete och i de lite \u00e4ldre \u00e5ren s\u00e5 blir det par- och grupparbeten, mer skriftlig produktion och tr\u00e4ning, med st\u00f6d av m\u00e5nga vuxna, i att ta ansvar f\u00f6r sina studier.<\/p>\n<p><strong>N\u00e5got f\u00f6r alla<br \/>\n<\/strong>V\u00e5ra l\u00e5g- och mellanstadieelever upplever olika h\u00f6jdpunkter under en vanlig skoldag. F\u00f6r n\u00e5gra \u00e4r det rasten med lek och r\u00f6relse d\u00e4r vuxna \u00e4r med som \u00e4r det roligaste. F\u00f6r n\u00e5gon annan \u00e4r det n\u00e5got av skol\u00e4mnena som \u00e4r det roligaste av allt. Eller s\u00e5 \u00e4r det l\u00e4sningen &#8211; b\u00e5de den gemensamma h\u00f6gl\u00e4sningen, s\u00e5v\u00e4l som den egna l\u00e4sningen &#8211; som \u00e4r absolut b\u00e4st.<br \/>\nMen oavsett vad du r\u00e5kar tycka om s\u00e5 har vi gott om vuxna, och barn, som utmanar och st\u00f6ttar varandra att hitta fler h\u00f6jdpunkter.<\/p>\n<p><strong>Trygghet som ger mod<br \/>\n<\/strong>F\u00f6r de \u00e4ldre eleverna p\u00e5 h\u00f6gstadiet s\u00e5 \u00e4r h\u00f6jdpunkterna &#8211; f\u00f6rutom att f\u00e5 vistas i en trygg milj\u00f6 med gott om v\u00e4nner &#8211; det som sker i undervisningen som f\u00e5r dem att f\u00f6rst\u00e5, och att inse att de kan och \u00e4r redo att ta n\u00e4sta steg i sin utveckling s\u00e5 de kan forts\u00e4tta att vara stolta \u00f6ver sig sj\u00e4lva. N\u00e4r eleverna vet att de blir sedda, lyssnade p\u00e5 och m\u00f6ts av struktur och omtanke &#8211; d\u00e5 blir skoldagen trygg och bra.<\/p>\n\n\t\t\t\t\t<\/div>\n\t\t\t\t\t\t\t<\/div>\n\n\t\t\t\t\t<\/div>\n\n\t\t <div class=\"ams-fifty__media u-ratio-square\">\n\t\t \t\t\t\t\t<img decoding=\"async\" width=\"600\" height=\"303\" src=\"https:\/\/vittra.se\/wp-content\/uploads\/sites\/2\/2025\/12\/skola-600x303.jpg\" class=\"attachment-md size-md\" alt=\"bild p\u00e5 utsidan av en skolbyggnad\" sizes=\"(min-width: 64em) 600px, calc(100vw - 160px)\" srcset=\"https:\/\/vittra.se\/wp-content\/uploads\/sites\/2\/2025\/12\/skola-600x303.jpg 600w, https:\/\/vittra.se\/wp-content\/uploads\/sites\/2\/2025\/12\/skola-300x152.jpg 300w, https:\/\/vittra.se\/wp-content\/uploads\/sites\/2\/2025\/12\/skola-400x202.jpg 400w, https:\/\/vittra.se\/wp-content\/uploads\/sites\/2\/2025\/12\/skola-800x404.jpg 800w, https:\/\/vittra.se\/wp-content\/uploads\/sites\/2\/2025\/12\/skola-1024x518.jpg 1024w, https:\/\/vittra.se\/wp-content\/uploads\/sites\/2\/2025\/12\/skola-1200x607.jpg 1200w, https:\/\/vittra.se\/wp-content\/uploads\/sites\/2\/2025\/12\/skola.jpg 1280w\" \/>\n\t\t\t\n\t\t\t\n\t\t\t\t\t<\/div>\n\t<\/div>\n\n\t\t\n\n<\/section>\n\n\n\n\n<section  class=\"ams-cta ams-cta--stacked c-block l-stacked\">\n\t<div class=\"l-container l-stack l-stack-fluid-2xl u-pt-fluid-3xl-6xl u-pb-fluid-3xl-6xl is-center is-center@md\">\n\t\t\t\t\t<div class=\"ams-cta__intro l-stack l-stack-lg\">\n\t\t\t\t\t\n\t<h2\n\tclass=\"c-heading u-font-title-1 \"\n\tstyle=\"\">\n\t\t\n\t\t\t\t\tVill du l\u00e4sa mer om hur vi jobbar?\n\t\t\t\t\n\t<\/h2>\n\n\t\t\t\t\t\t\t<\/div>\n\t\t\n\t\t\n\t\t\t<div class=\"ams-cta__action u-inline-items\">\n\t\t\t\t\t\t\t\n\n\n<a href=\"https:\/\/vittra.se\/adolfsberg\/om-oss\/\"\n\t\n\tclass=\"c-btn \"\n\tdata-style=\"round\"\n\tdata-size=\"md\"\n\tdata-width=\"full-mobile\"\n\tdata-variant=\"default\"\n\ttarget=\"_self\">\n\t\t\t<span class=\"label\"> Om skolan och v\u00e5r pedagogik<\/span>\n\t\t\t<\/a>\n\t\t\t<\/div>\n\t<\/div>\n\n\t\t\n\n<\/section>\n","protected":false},"excerpt":{"rendered":"","protected":false},"author":1,"featured_media":0,"parent":20,"menu_order":0,"comment_status":"closed","ping_status":"closed","template":"","meta":{"footnotes":""},"yoast_head":"<!-- This site is optimized with the Yoast SEO plugin v22.0 - https:\/\/yoast.com\/wordpress\/plugins\/seo\/ -->\n<title>Vittra Adolfsberg | Grundskola i Helsingborg<\/title>\n<meta name=\"description\" content=\"Vittra Adolfsberg \u00e4r en grundskola i Helsingborg. Vi har akademisk standard med struktur och medvetet l\u00e4rande som st\u00e4rker elevens personliga utveckling.\" \/>\n<meta name=\"robots\" content=\"index, follow, max-snippet:-1, max-image-preview:large, max-video-preview:-1\" \/>\n<link rel=\"canonical\" href=\"https:\/\/vittra.se\/adolfsberg\/om-oss\/grundskola\/\" \/>\n<meta property=\"og:locale\" content=\"sv_SE\" \/>\n<meta property=\"og:type\" content=\"article\" \/>\n<meta property=\"og:title\" content=\"Vittra Adolfsberg | Grundskola i Helsingborg\" \/>\n<meta property=\"og:description\" content=\"Vittra Adolfsberg \u00e4r en grundskola i Helsingborg. Vi har akademisk standard med struktur och medvetet l\u00e4rande som st\u00e4rker elevens personliga utveckling.\" \/>\n<meta property=\"og:url\" content=\"https:\/\/vittra.se\/adolfsberg\/om-oss\/grundskola\/\" \/>\n<meta property=\"og:site_name\" content=\"Adolfsberg\" \/>\n<meta property=\"article:modified_time\" content=\"2026-03-03T10:08:11+00:00\" \/>\n<meta name=\"twitter:card\" content=\"summary_large_image\" \/>\n<meta name=\"twitter:title\" content=\"Vittra Adolfsberg | Grundskola i Helsingborg\" \/>\n<meta name=\"twitter:description\" content=\"Vittra Adolfsberg \u00e4r en grundskola i Helsingborg. Vi har akademisk standard med struktur och medvetet l\u00e4rande som st\u00e4rker elevens personliga utveckling.\" \/>\n<script type=\"application\/ld+json\" class=\"yoast-schema-graph\">{\"@context\":\"https:\/\/schema.org\",\"@graph\":[{\"@type\":\"WebPage\",\"@id\":\"https:\/\/vittra.se\/adolfsberg\/om-oss\/grundskola\/\",\"url\":\"https:\/\/vittra.se\/adolfsberg\/om-oss\/grundskola\/\",\"name\":\"Vittra Adolfsberg | Grundskola i Helsingborg\",\"isPartOf\":{\"@id\":\"https:\/\/vittra.se\/adolfsberg\/#website\"},\"datePublished\":\"2020-09-01T20:07:07+00:00\",\"dateModified\":\"2026-03-03T10:08:11+00:00\",\"description\":\"Vittra Adolfsberg \u00e4r en grundskola i Helsingborg. Vi har akademisk standard med struktur och medvetet l\u00e4rande som st\u00e4rker elevens personliga utveckling.\",\"breadcrumb\":{\"@id\":\"https:\/\/vittra.se\/adolfsberg\/om-oss\/grundskola\/#breadcrumb\"},\"inLanguage\":\"sv-SE\",\"potentialAction\":[{\"@type\":\"ReadAction\",\"target\":[\"https:\/\/vittra.se\/adolfsberg\/om-oss\/grundskola\/\"]}]},{\"@type\":\"BreadcrumbList\",\"@id\":\"https:\/\/vittra.se\/adolfsberg\/om-oss\/grundskola\/#breadcrumb\",\"itemListElement\":[{\"@type\":\"ListItem\",\"position\":1,\"name\":\"Start\",\"item\":\"https:\/\/vittra.se\/adolfsberg\/\"},{\"@type\":\"ListItem\",\"position\":2,\"name\":\"Om skolan\",\"item\":\"https:\/\/vittra.se\/adolfsberg\/om-oss\/\"},{\"@type\":\"ListItem\",\"position\":3,\"name\":\"Grundskola\"}]},{\"@type\":\"WebSite\",\"@id\":\"https:\/\/vittra.se\/adolfsberg\/#website\",\"url\":\"https:\/\/vittra.se\/adolfsberg\/\",\"name\":\"Adolfsberg\",\"description\":\"Kunskap att f\u00f6r\u00e4ndra. Mod att p\u00e5verka.\",\"potentialAction\":[{\"@type\":\"SearchAction\",\"target\":{\"@type\":\"EntryPoint\",\"urlTemplate\":\"https:\/\/vittra.se\/adolfsberg\/?s={search_term_string}\"},\"query-input\":\"required name=search_term_string\"}],\"inLanguage\":\"sv-SE\"}]}<\/script>\n<!-- \/ Yoast SEO plugin. -->","yoast_head_json":{"title":"Vittra Adolfsberg | Grundskola i Helsingborg","description":"Vittra Adolfsberg \u00e4r en grundskola i Helsingborg. Vi har akademisk standard med struktur och medvetet l\u00e4rande som st\u00e4rker elevens personliga utveckling.","robots":{"index":"index","follow":"follow","max-snippet":"max-snippet:-1","max-image-preview":"max-image-preview:large","max-video-preview":"max-video-preview:-1"},"canonical":"https:\/\/vittra.se\/adolfsberg\/om-oss\/grundskola\/","og_locale":"sv_SE","og_type":"article","og_title":"Vittra Adolfsberg | Grundskola i Helsingborg","og_description":"Vittra Adolfsberg \u00e4r en grundskola i Helsingborg. Vi har akademisk standard med struktur och medvetet l\u00e4rande som st\u00e4rker elevens personliga utveckling.","og_url":"https:\/\/vittra.se\/adolfsberg\/om-oss\/grundskola\/","og_site_name":"Adolfsberg","article_modified_time":"2026-03-03T10:08:11+00:00","twitter_card":"summary_large_image","twitter_title":"Vittra Adolfsberg | Grundskola i Helsingborg","twitter_description":"Vittra Adolfsberg \u00e4r en grundskola i Helsingborg. Vi har akademisk standard med struktur och medvetet l\u00e4rande som st\u00e4rker elevens personliga utveckling.","schema":{"@context":"https:\/\/schema.org","@graph":[{"@type":"WebPage","@id":"https:\/\/vittra.se\/adolfsberg\/om-oss\/grundskola\/","url":"https:\/\/vittra.se\/adolfsberg\/om-oss\/grundskola\/","name":"Vittra Adolfsberg | Grundskola i Helsingborg","isPartOf":{"@id":"https:\/\/vittra.se\/adolfsberg\/#website"},"datePublished":"2020-09-01T20:07:07+00:00","dateModified":"2026-03-03T10:08:11+00:00","description":"Vittra Adolfsberg \u00e4r en grundskola i Helsingborg. Vi har akademisk standard med struktur och medvetet l\u00e4rande som st\u00e4rker elevens personliga utveckling.","breadcrumb":{"@id":"https:\/\/vittra.se\/adolfsberg\/om-oss\/grundskola\/#breadcrumb"},"inLanguage":"sv-SE","potentialAction":[{"@type":"ReadAction","target":["https:\/\/vittra.se\/adolfsberg\/om-oss\/grundskola\/"]}]},{"@type":"BreadcrumbList","@id":"https:\/\/vittra.se\/adolfsberg\/om-oss\/grundskola\/#breadcrumb","itemListElement":[{"@type":"ListItem","position":1,"name":"Start","item":"https:\/\/vittra.se\/adolfsberg\/"},{"@type":"ListItem","position":2,"name":"Om skolan","item":"https:\/\/vittra.se\/adolfsberg\/om-oss\/"},{"@type":"ListItem","position":3,"name":"Grundskola"}]},{"@type":"WebSite","@id":"https:\/\/vittra.se\/adolfsberg\/#website","url":"https:\/\/vittra.se\/adolfsberg\/","name":"Adolfsberg","description":"Kunskap att f\u00f6r\u00e4ndra. Mod att p\u00e5verka.","potentialAction":[{"@type":"SearchAction","target":{"@type":"EntryPoint","urlTemplate":"https:\/\/vittra.se\/adolfsberg\/?s={search_term_string}"},"query-input":"required name=search_term_string"}],"inLanguage":"sv-SE"}]}},"_links":{"self":[{"href":"https:\/\/vittra.se\/adolfsberg\/wp-json\/wp\/v2\/pages\/25"}],"collection":[{"href":"https:\/\/vittra.se\/adolfsberg\/wp-json\/wp\/v2\/pages"}],"about":[{"href":"https:\/\/vittra.se\/adolfsberg\/wp-json\/wp\/v2\/types\/page"}],"author":[{"embeddable":true,"href":"https:\/\/vittra.se\/adolfsberg\/wp-json\/wp\/v2\/users\/1"}],"replies":[{"embeddable":true,"href":"https:\/\/vittra.se\/adolfsberg\/wp-json\/wp\/v2\/comments?post=25"}],"version-history":[{"count":11,"href":"https:\/\/vittra.se\/adolfsberg\/wp-json\/wp\/v2\/pages\/25\/revisions"}],"predecessor-version":[{"id":2464,"href":"https:\/\/vittra.se\/adolfsberg\/wp-json\/wp\/v2\/pages\/25\/revisions\/2464"}],"up":[{"embeddable":true,"href":"https:\/\/vittra.se\/adolfsberg\/wp-json\/wp\/v2\/pages\/20"}],"wp:attachment":[{"href":"https:\/\/vittra.se\/adolfsberg\/wp-json\/wp\/v2\/media?parent=25"}],"curies":[{"name":"wp","href":"https:\/\/api.w.org\/{rel}","templated":true}]}}