{"id":2009,"date":"2024-03-28T13:22:28","date_gmt":"2024-03-28T12:22:28","guid":{"rendered":"https:\/\/vittra.se\/adolfsberg\/?page_id=2009"},"modified":"2024-03-28T13:22:31","modified_gmt":"2024-03-28T12:22:31","slug":"redaktionen","status":"publish","type":"page","link":"https:\/\/vittra.se\/adolfsberg\/pedagogiska-verktyg\/redaktionen\/","title":{"rendered":"Redaktionen"},"content":{"rendered":"\n\t<div class=\"module_wrapper ams_remote_pages_module \">\n\t\t\n\t\n\t\n\t\n\n\t\n\t\n\t\t\n<section  class=\"c-block l-stacked  \" data-color-scheme=\"transparent\">\n\t<div class=\"ams-fifty ams-fifty--container ams-fifty--right ams-fifty--bottom l-container u-pt-fluid-3xl-6xl u-pb-fluid-3xl-6xl\">\n\t\t<div class=\"ams-fifty__content l-stack l-stack-xl is-left is-left@lg\">\n\t\t\t<div class=\"ams-fifty__text l-stack l-stack-lg\">\n\t\t\t\t\t\n\t<h1\n\tclass=\"c-heading u-font-title-1 \"\n\tstyle=\"\">\n\t\t\n\t\t\t\t\tRedaktionen\n\t\t\t\t\n\t<\/h1>\n\n\t\t\t\t\t\t\t\t\t<div class=\"text l-stack u-font-body\">\n\t\t\t\t\t\t<p>Redaktionen p\u00e5 Vittra \u00e4r elevernas egna hub f\u00f6r omv\u00e4rldsbevakning. Det \u00e4r ett s\u00e4tt att engagera v\u00e5ra barn och elever att tidigt ta del av, analysera och bidra till omv\u00e4rlden samt att kritiskt granska media och k\u00e4llor. H\u00e4r kan eleverna att bland annat genomf\u00f6ra research, spela in poddar, skriva reportage eller s\u00e4nda live.<\/p>\n<p>Det kan vara b\u00e5de en fysisk och en digital plats beroende p\u00e5 varje skolas f\u00f6ruts\u00e4ttningar. Arbetet med redaktionen ser d\u00e4rf\u00f6r olika ut p\u00e5 v\u00e5ra skolor och anpassas ocks\u00e5 efter de olika \u00e5rskurserna.<\/p>\n<p>Redaktionen \u00e4r ett verktyg f\u00f6r v\u00e5ra projekt och ger eleverna m\u00f6jlighet att sammanst\u00e4lla och presentera sina arbeten p\u00e5 olika s\u00e4tt.<\/p>\n\n\t\t\t\t\t<\/div>\n\t\t\t\t\t\t\t<\/div>\n\n\t\t\t\t\t<\/div>\n\n\t\t <div class=\"ams-fifty__media u-ratio-widescreen\">\n\t\t \t\n\t\t\t\n\t\t\t\t\t\t\t<lite-youtube videoid=\"91h-F2J6mOE\" style=\"background-image: url('https:\/\/i.ytimg.com\/vi\/91h-F2J6mOE\/hqdefault.jpg');\">\n\t\t\t\t\t\t<button href=\"https:\/\/youtube.com\/watch?v=91h-F2J6mOE\" class=\"lty-playbtn\" title=\"Play Video\">\n\t\t\t\t\t\t\t<span class=\"lyt-visually-hidden\">Play Video<\/span>\n\t\t\t\t\t\t<\/button>\n\t\t\t\t\t<\/lite-youtube>\n\t\t\t\t\t<\/div>\n\t<\/div>\n\n\t\t\n\n<\/section>\n\n\n<section  class=\"ams-usp c-block l-stacked\" data-color-scheme=\"nyans1_av_p2\">\n\t<div class=\"l-container l-stack l-stack-fluid-2xl u-pt-fluid-3xl-6xl u-pb-fluid-3xl-6xl is-center is-center@md\">\n\t\t\t\t\t<div class=\"ams-usp__intro l-stack l-stack-lg\">\n\t\t\t\t\t\n\t<h2\n\tclass=\"c-heading u-font-title-1 \"\n\tstyle=\"\">\n\t\t\n\t\t\t\t\tS\u00e5 jobbar vi med Redaktionen i skolan\n\t\t\t\t\n\t<\/h2>\n\n\t\t\t\t\t\t\t<\/div>\n\t\t\n\t\t\t<ul class=\"ams-usp__list l-grid u-justify-center u-gap-fluid-2xl-4xl\">\n\t\t\t\t\t<li class=\"l-col-6@md l-col-4@lg\">\n\t\t\t\t<article\n\t\t\t\t\tclass=\"\n\t\t\t\t\tc-card\n\t\t\t\t\thas-media-zoom\n\t\t\t\t\t\n\t\t\t\t\t\n\t\t\t\t\t\"\n\t\t\t\t\tdata-variant=\"neutral\"\n\t\t\t\t\tdata-style=\"square\"\n\t\t\t\t\t\n\t\t\t\t\t>\n\t\t\t\t\t\t\t\t\t\t\t<div class=\"c-card__content l-stack l-stack-sm u-text-center\">\n\t\t\t\t\t\t\t\t\t\t\t\t\t\t\t<h3 class=\"c-card__title u-font-title-3\">\n\t\t\t\t\t\t\t\t\t\t\t\t\t\t\t\t\t\t\t\t\t\t\t\t\t\t\t\t\t\tEn hubb f\u00f6r omv\u00e4rldsbevakning\n\t\t\t\t\t\t\t\t\t\t\t\t\t\t\t\t\t\t\t\t\t\t\t\t\t\t\t<\/h3>\n\t\t\t\t\t\t\t\n\t\t\t\t\t\t\t\t\t\t\t\t\t\t\t<div class=\"c-card__text l-stack-xs u-font-body\">\n\t\t\t\t\t\t\t\t\t<p>Genom redaktionen kan v\u00e5ra elever skapa skoltidningar, poddar och filmer.<\/p>\n\n\t\t\t\t\t\t\t\t<\/div>\n\t\t\t\t\t\t\t\t\t\t\t\t\t<\/div>\n\t\t\t\t\t\n\t\t\t\t\t<div class=\"c-card__media\">\n\t\t\t\t\t\t\t\t\t\t\t\t\t<img decoding=\"async\" width=\"400\" height=\"400\" src=\"https:\/\/vittra.se\/wp-content\/uploads\/2024\/03\/vittraikon500x500redaktionen1-400x400.png\" class=\"u-radius-round u-ratio-landscape  ams_icon_size_usp-big\" alt=\"\" srcset=\"https:\/\/vittra.se\/wp-content\/uploads\/2024\/03\/vittraikon500x500redaktionen1-400x400.png 400w, https:\/\/vittra.se\/wp-content\/uploads\/2024\/03\/vittraikon500x500redaktionen1-150x150.png 150w, https:\/\/vittra.se\/wp-content\/uploads\/2024\/03\/vittraikon500x500redaktionen1-300x300.png 300w, https:\/\/vittra.se\/wp-content\/uploads\/2024\/03\/vittraikon500x500redaktionen1.png 500w\" sizes=\"(max-width: 400px) 100vw, 400px\" \/>\n\t\t\t\t\t\t\t\t\t\t\t<\/div>\n\t\t\t\t<\/article>\n\t\t\t<\/li>\n\n\t\t\t\t\t<li class=\"l-col-6@md l-col-4@lg\">\n\t\t\t\t<article\n\t\t\t\t\tclass=\"\n\t\t\t\t\tc-card\n\t\t\t\t\thas-media-zoom\n\t\t\t\t\t\n\t\t\t\t\t\n\t\t\t\t\t\"\n\t\t\t\t\tdata-variant=\"neutral\"\n\t\t\t\t\tdata-style=\"square\"\n\t\t\t\t\t\n\t\t\t\t\t>\n\t\t\t\t\t\t\t\t\t\t\t<div class=\"c-card__content l-stack l-stack-sm u-text-center\">\n\t\t\t\t\t\t\t\t\t\t\t\t\t\t\t<h3 class=\"c-card__title u-font-title-3\">\n\t\t\t\t\t\t\t\t\t\t\t\t\t\t\t\t\t\t\t\t\t\t\t\t\t\t\t\t\t\tEn milj\u00f6 f\u00f6r skapande\n\t\t\t\t\t\t\t\t\t\t\t\t\t\t\t\t\t\t\t\t\t\t\t\t\t\t\t<\/h3>\n\t\t\t\t\t\t\t\n\t\t\t\t\t\t\t\t\t\t\t\t\t\t\t<div class=\"c-card__text l-stack-xs u-font-body\">\n\t\t\t\t\t\t\t\t\t<p>Genom redaktionen f\u00e5r eleverna vara kreativa, nyfikna och utforskande.<\/p>\n\n\t\t\t\t\t\t\t\t<\/div>\n\t\t\t\t\t\t\t\t\t\t\t\t\t<\/div>\n\t\t\t\t\t\n\t\t\t\t\t<div class=\"c-card__media\">\n\t\t\t\t\t\t\t\t\t\t\t\t\t<img decoding=\"async\" width=\"400\" height=\"400\" src=\"https:\/\/vittra.se\/wp-content\/uploads\/2024\/03\/vittraikon500x500redaktionen2-400x400.png\" class=\"u-radius-round u-ratio-landscape  ams_icon_size_usp-big\" alt=\"\" srcset=\"https:\/\/vittra.se\/wp-content\/uploads\/2024\/03\/vittraikon500x500redaktionen2-400x400.png 400w, https:\/\/vittra.se\/wp-content\/uploads\/2024\/03\/vittraikon500x500redaktionen2-150x150.png 150w, https:\/\/vittra.se\/wp-content\/uploads\/2024\/03\/vittraikon500x500redaktionen2-300x300.png 300w, https:\/\/vittra.se\/wp-content\/uploads\/2024\/03\/vittraikon500x500redaktionen2.png 500w\" sizes=\"(max-width: 400px) 100vw, 400px\" \/>\n\t\t\t\t\t\t\t\t\t\t\t<\/div>\n\t\t\t\t<\/article>\n\t\t\t<\/li>\n\n\t\t\t\t\t<li class=\"l-col-6@md l-col-4@lg\">\n\t\t\t\t<article\n\t\t\t\t\tclass=\"\n\t\t\t\t\tc-card\n\t\t\t\t\thas-media-zoom\n\t\t\t\t\t\n\t\t\t\t\t\n\t\t\t\t\t\"\n\t\t\t\t\tdata-variant=\"neutral\"\n\t\t\t\t\tdata-style=\"square\"\n\t\t\t\t\t\n\t\t\t\t\t>\n\t\t\t\t\t\t\t\t\t\t\t<div class=\"c-card__content l-stack l-stack-sm u-text-center\">\n\t\t\t\t\t\t\t\t\t\t\t\t\t\t\t<h3 class=\"c-card__title u-font-title-3\">\n\t\t\t\t\t\t\t\t\t\t\t\t\t\t\t\t\t\t\t\t\t\t\t\t\t\t\t\t\t\tNya verktyg f\u00f6r redovisning\n\t\t\t\t\t\t\t\t\t\t\t\t\t\t\t\t\t\t\t\t\t\t\t\t\t\t\t<\/h3>\n\t\t\t\t\t\t\t\n\t\t\t\t\t\t\t\t\t\t\t\t\t\t\t<div class=\"c-card__text l-stack-xs u-font-body\">\n\t\t\t\t\t\t\t\t\t<p>Redaktionen kan anv\u00e4ndas som ett modernt verktyg f\u00f6r redovisningar av skolarbeten.<\/p>\n\n\t\t\t\t\t\t\t\t<\/div>\n\t\t\t\t\t\t\t\t\t\t\t\t\t<\/div>\n\t\t\t\t\t\n\t\t\t\t\t<div class=\"c-card__media\">\n\t\t\t\t\t\t\t\t\t\t\t\t\t<img decoding=\"async\" width=\"400\" height=\"400\" src=\"https:\/\/vittra.se\/wp-content\/uploads\/2024\/03\/vittraikon500x500redaktionen3-400x400.png\" class=\"u-radius-round u-ratio-landscape  ams_icon_size_usp-big\" alt=\"\" srcset=\"https:\/\/vittra.se\/wp-content\/uploads\/2024\/03\/vittraikon500x500redaktionen3-400x400.png 400w, https:\/\/vittra.se\/wp-content\/uploads\/2024\/03\/vittraikon500x500redaktionen3-150x150.png 150w, https:\/\/vittra.se\/wp-content\/uploads\/2024\/03\/vittraikon500x500redaktionen3-300x300.png 300w, https:\/\/vittra.se\/wp-content\/uploads\/2024\/03\/vittraikon500x500redaktionen3.png 500w\" sizes=\"(max-width: 400px) 100vw, 400px\" \/>\n\t\t\t\t\t\t\t\t\t\t\t<\/div>\n\t\t\t\t<\/article>\n\t\t\t<\/li>\n\n\t\t\t<\/ul>\n\n\t\t\t<\/div>\n\n\t\t\n\n<\/section>\n\t<\/div>\n\n\t\n\n\n\t<div class=\"module_wrapper ams_remote_pages_module \">\n\t\t\n\n<section  class=\"ams-cta ams-cta--stacked c-block l-stacked\" data-color-scheme=\"nyans1_av_cta\">\n\t<div class=\"l-container l-stack l-stack-fluid-2xl u-pt-fluid-3xl-6xl u-pb-fluid-3xl-6xl is-center is-center@md\">\n\t\t\t\t\t<div class=\"ams-cta__intro l-stack l-stack-lg\">\n\t\t\t\t\t\n\t<h2\n\tclass=\"c-heading u-font-title-1 \"\n\tstyle=\"\">\n\t\t\n\t\t\t\t\tVill du l\u00e4sa om v\u00e5ra andra verktyg?\n\t\t\t\t\n\t<\/h2>\n\n\t\t\t\t\t\t\t\t\t<div class=\"c-text l-stack u-cs-xl u-font-body\">\n\t\t\t\t\t\t<p>Med hj\u00e4lp av v\u00e5ra pedagogiska verktyg skapar vi en tydlig struktur, en modig kultur och ett medvetet l\u00e4rande.<\/p>\n\n\t\t\t\t\t<\/div>\n\t\t\t\t\t\t\t<\/div>\n\t\t\n\t\t\n\t\t\t<div class=\"ams-cta__action u-inline-items\">\n\t\t\t\t\t\t\t\n\n\n<a href=\"https:\/\/vittra.se\/adolfsberg\/pedagogiska-verktyg\/\"\n\t\n\tclass=\"c-btn \"\n\tdata-style=\"round\"\n\tdata-size=\"md\"\n\tdata-width=\"full-mobile\"\n\tdata-variant=\"default\"\n\ttarget=\"_self\">\n\t\t\t<span class=\"label\"> Till alla verktyg<\/span>\n\t\t\t<\/a>\n\t\t\t<\/div>\n\t<\/div>\n\n\t\t\n\n<\/section>\n\t<\/div>\n\n\t","protected":false},"excerpt":{"rendered":"","protected":false},"author":58,"featured_media":0,"parent":1429,"menu_order":0,"comment_status":"closed","ping_status":"closed","template":"","meta":{"footnotes":""},"yoast_head":"<!-- This site is optimized with the Yoast SEO plugin v22.0 - https:\/\/yoast.com\/wordpress\/plugins\/seo\/ -->\n<title>Adolfsberg<\/title>\n<meta name=\"robots\" content=\"index, follow, max-snippet:-1, max-image-preview:large, max-video-preview:-1\" \/>\n<link rel=\"canonical\" href=\"https:\/\/vittra.se\/adolfsberg\/pedagogiska-verktyg\/redaktionen\/\" \/>\n<meta property=\"og:locale\" content=\"sv_SE\" \/>\n<meta property=\"og:type\" content=\"article\" \/>\n<meta property=\"og:url\" content=\"https:\/\/vittra.se\/adolfsberg\/pedagogiska-verktyg\/redaktionen\/\" \/>\n<meta property=\"og:site_name\" content=\"Adolfsberg\" \/>\n<meta property=\"article:modified_time\" content=\"2024-03-28T12:22:31+00:00\" \/>\n<meta name=\"twitter:card\" content=\"summary_large_image\" \/>\n<script type=\"application\/ld+json\" class=\"yoast-schema-graph\">{\"@context\":\"https:\/\/schema.org\",\"@graph\":[{\"@type\":\"WebPage\",\"@id\":\"https:\/\/vittra.se\/adolfsberg\/pedagogiska-verktyg\/redaktionen\/\",\"url\":\"https:\/\/vittra.se\/adolfsberg\/pedagogiska-verktyg\/redaktionen\/\",\"name\":\"Redaktionen - Adolfsberg\",\"isPartOf\":{\"@id\":\"https:\/\/vittra.se\/adolfsberg\/#website\"},\"datePublished\":\"2024-03-28T12:22:28+00:00\",\"dateModified\":\"2024-03-28T12:22:31+00:00\",\"breadcrumb\":{\"@id\":\"https:\/\/vittra.se\/adolfsberg\/pedagogiska-verktyg\/redaktionen\/#breadcrumb\"},\"inLanguage\":\"sv-SE\",\"potentialAction\":[{\"@type\":\"ReadAction\",\"target\":[\"https:\/\/vittra.se\/adolfsberg\/pedagogiska-verktyg\/redaktionen\/\"]}]},{\"@type\":\"BreadcrumbList\",\"@id\":\"https:\/\/vittra.se\/adolfsberg\/pedagogiska-verktyg\/redaktionen\/#breadcrumb\",\"itemListElement\":[{\"@type\":\"ListItem\",\"position\":1,\"name\":\"Start\",\"item\":\"https:\/\/vittra.se\/adolfsberg\/\"},{\"@type\":\"ListItem\",\"position\":2,\"name\":\"V\u00e5r pedagogik\",\"item\":\"https:\/\/vittra.se\/adolfsberg\/pedagogiska-verktyg\/\"},{\"@type\":\"ListItem\",\"position\":3,\"name\":\"Redaktionen\"}]},{\"@type\":\"WebSite\",\"@id\":\"https:\/\/vittra.se\/adolfsberg\/#website\",\"url\":\"https:\/\/vittra.se\/adolfsberg\/\",\"name\":\"Adolfsberg\",\"description\":\"Kunskap att f\u00f6r\u00e4ndra. Mod att p\u00e5verka.\",\"potentialAction\":[{\"@type\":\"SearchAction\",\"target\":{\"@type\":\"EntryPoint\",\"urlTemplate\":\"https:\/\/vittra.se\/adolfsberg\/?s={search_term_string}\"},\"query-input\":\"required name=search_term_string\"}],\"inLanguage\":\"sv-SE\"}]}<\/script>\n<!-- \/ Yoast SEO plugin. -->","yoast_head_json":{"title":"Adolfsberg","robots":{"index":"index","follow":"follow","max-snippet":"max-snippet:-1","max-image-preview":"max-image-preview:large","max-video-preview":"max-video-preview:-1"},"canonical":"https:\/\/vittra.se\/adolfsberg\/pedagogiska-verktyg\/redaktionen\/","og_locale":"sv_SE","og_type":"article","og_url":"https:\/\/vittra.se\/adolfsberg\/pedagogiska-verktyg\/redaktionen\/","og_site_name":"Adolfsberg","article_modified_time":"2024-03-28T12:22:31+00:00","twitter_card":"summary_large_image","schema":{"@context":"https:\/\/schema.org","@graph":[{"@type":"WebPage","@id":"https:\/\/vittra.se\/adolfsberg\/pedagogiska-verktyg\/redaktionen\/","url":"https:\/\/vittra.se\/adolfsberg\/pedagogiska-verktyg\/redaktionen\/","name":"Redaktionen - Adolfsberg","isPartOf":{"@id":"https:\/\/vittra.se\/adolfsberg\/#website"},"datePublished":"2024-03-28T12:22:28+00:00","dateModified":"2024-03-28T12:22:31+00:00","breadcrumb":{"@id":"https:\/\/vittra.se\/adolfsberg\/pedagogiska-verktyg\/redaktionen\/#breadcrumb"},"inLanguage":"sv-SE","potentialAction":[{"@type":"ReadAction","target":["https:\/\/vittra.se\/adolfsberg\/pedagogiska-verktyg\/redaktionen\/"]}]},{"@type":"BreadcrumbList","@id":"https:\/\/vittra.se\/adolfsberg\/pedagogiska-verktyg\/redaktionen\/#breadcrumb","itemListElement":[{"@type":"ListItem","position":1,"name":"Start","item":"https:\/\/vittra.se\/adolfsberg\/"},{"@type":"ListItem","position":2,"name":"V\u00e5r pedagogik","item":"https:\/\/vittra.se\/adolfsberg\/pedagogiska-verktyg\/"},{"@type":"ListItem","position":3,"name":"Redaktionen"}]},{"@type":"WebSite","@id":"https:\/\/vittra.se\/adolfsberg\/#website","url":"https:\/\/vittra.se\/adolfsberg\/","name":"Adolfsberg","description":"Kunskap att f\u00f6r\u00e4ndra. Mod att p\u00e5verka.","potentialAction":[{"@type":"SearchAction","target":{"@type":"EntryPoint","urlTemplate":"https:\/\/vittra.se\/adolfsberg\/?s={search_term_string}"},"query-input":"required name=search_term_string"}],"inLanguage":"sv-SE"}]}},"_links":{"self":[{"href":"https:\/\/vittra.se\/adolfsberg\/wp-json\/wp\/v2\/pages\/2009"}],"collection":[{"href":"https:\/\/vittra.se\/adolfsberg\/wp-json\/wp\/v2\/pages"}],"about":[{"href":"https:\/\/vittra.se\/adolfsberg\/wp-json\/wp\/v2\/types\/page"}],"author":[{"embeddable":true,"href":"https:\/\/vittra.se\/adolfsberg\/wp-json\/wp\/v2\/users\/58"}],"replies":[{"embeddable":true,"href":"https:\/\/vittra.se\/adolfsberg\/wp-json\/wp\/v2\/comments?post=2009"}],"version-history":[{"count":2,"href":"https:\/\/vittra.se\/adolfsberg\/wp-json\/wp\/v2\/pages\/2009\/revisions"}],"predecessor-version":[{"id":2017,"href":"https:\/\/vittra.se\/adolfsberg\/wp-json\/wp\/v2\/pages\/2009\/revisions\/2017"}],"up":[{"embeddable":true,"href":"https:\/\/vittra.se\/adolfsberg\/wp-json\/wp\/v2\/pages\/1429"}],"wp:attachment":[{"href":"https:\/\/vittra.se\/adolfsberg\/wp-json\/wp\/v2\/media?parent=2009"}],"curies":[{"name":"wp","href":"https:\/\/api.w.org\/{rel}","templated":true}]}}